{"id":44415,"date":"2020-05-18T01:17:38","date_gmt":"2020-05-17T23:17:38","guid":{"rendered":"https:\/\/www.justiceinfo.net\/?page_id=44415"},"modified":"2026-04-28T11:31:30","modified_gmt":"2026-04-28T09:31:30","slug":"a-news-and-information-website-on-justice-and-reconciliation-processes","status":"publish","type":"page","link":"https:\/\/www.justiceinfo.net\/en","title":{"rendered":"News and information on international justice and international law"},"content":{"rendered":"<p>[vc_row el_class=\"container-fluid container-xl p-0\"][vc_column][vc_row_inner disable_element=\"yes\"][vc_column_inner][vc_message style=\"square\" message_box_color=\"black\" css=\".vc_custom_1766397155633{background-color: #000000 !important;}\"]Justice Info is taking a break. We will be back on January 5.[\/vc_message][\/vc_column_inner][\/vc_row_inner][vc_row_inner][vc_column_inner]<a href=\"https:\/\/www.justiceinfo.net\/en\/158536-today-beginning-first-transitional-justice-trial-syria.html\" class=\"articleLink articleLink--featured articleLink--textInImage articleLink--withImage articleLink--textTop\" style=\"background-image:url(https:\/\/www.justiceinfo.net\/wp-content\/uploads\/Syria_Atif-Najib-trial-transitional-justice_big_@Karam-Amer-Justice-Info-730x482.jpg)\">\r\n\t\t\t\t\t\r\n\t\t\t<ul class=\"postTags\"><li class=\"postTagItem\"><span href=\"https:\/\/www.justiceinfo.net\/en\/regions\/syria\" class=\"postTagItem-link postTag--location\">Syria<\/span><\/li><li class=\"postTagItem\"><span href=\"https:\/\/www.justiceinfo.net\/en\/reportages\" class=\"postTagItem-link postTag--type\">Report<\/span><\/li><\/ul>\r\n\t\t\t<span href=\"https:\/\/www.justiceinfo.net\/en\/158536-today-beginning-first-transitional-justice-trial-syria.html\" class=\"articleLinkTitle articleLinkTitle--default\">\r\n\t\t\t\u201cToday marks the beginning of the first transitional justice trial in Syria\u201d\r\n\t\t<\/span>\r\n\t\t\t<div class=\"articleLinkAuthors\">By Karam Amer<\/div>\r\n\t\t\t<div class=\"articleLinkContent\">\r\n\t\t\t\t<span class=\"articleLinkExcerpt\" href=\"https:\/\/www.justiceinfo.net\/en\/158536-today-beginning-first-transitional-justice-trial-syria.html\">On April 27 Major General Atef Najib, the former Head of a Political Security Branch under the Assad regime, appeared for the first time before his judges in Damascus. The moment felt historical, and loaded with anger and uncertainty.<\/span>\r\n\t\t\t\t\r\n\t\t\t<\/div>\r\n\t\t\t\r\n\t\t\r\n\t\t\t\t<\/a>[\/vc_column_inner][\/vc_row_inner][vc_row_inner disable_element=\"yes\"][vc_column_inner width=\"2\/3\"][\/vc_column_inner][vc_column_inner width=\"1\/3\"]<div class=\"articleLink articleLink--default articleLink--withImage articleLink--textBottom\" style=\"\">\r\n\t\t\t\t\t\r\n\t\t\t<a href=\"https:\/\/www.justiceinfo.net\/en\/158551-dead-men-walking-episode-2-international-law.html\" class=\"articleLinkImageContainer \"><img loading=\"lazy\" decoding=\"async\" width=\"540\" height=\"360\" src=\"https:\/\/www.justiceinfo.net\/wp-content\/uploads\/Dead-men-walking_podcast-ep2-international-law_@IFIT-Justice-Info-540x360.jpg\" class=\"articleLinkImage backgroundImageTag w-100 wp-post-image\" alt=\"&quot;Dead Men Walking&quot; podcast (episode 2) by IFIT and Justice Info.\" srcset=\"https:\/\/www.justiceinfo.net\/wp-content\/uploads\/Dead-men-walking_podcast-ep2-international-law_@IFIT-Justice-Info-540x360.jpg 540w, https:\/\/www.justiceinfo.net\/wp-content\/uploads\/Dead-men-walking_podcast-ep2-international-law_@IFIT-Justice-Info-1000x667.jpg 1000w, https:\/\/www.justiceinfo.net\/wp-content\/uploads\/Dead-men-walking_podcast-ep2-international-law_@IFIT-Justice-Info-1110x740.jpg 1110w, https:\/\/www.justiceinfo.net\/wp-content\/uploads\/Dead-men-walking_podcast-ep2-international-law_@IFIT-Justice-Info.jpg 1200w\" sizes=\"auto, (max-width: 540px) 100vw, 540px\" \/><\/a>\r\n\t\t\t<ul class=\"postTags\"><li class=\"postTagItem\"><a href=\"https:\/\/www.justiceinfo.net\/en\/regions\/international\" class=\"postTagItem-link postTag--location\">International<\/a><\/li><li class=\"postTagItem\"><a href=\"https:\/\/www.justiceinfo.net\/en\/justiceinfo-comment-and-debate\/podcast\" class=\"postTagItem-link postTag--type\">Podcast<\/a><\/li><\/ul>\r\n\t\t\t<a href=\"https:\/\/www.justiceinfo.net\/en\/158551-dead-men-walking-episode-2-international-law.html\" class=\"articleLinkTitle articleLinkTitle--default\">\r\n\t\t\tDead Men Walking - Episode 2: International Law\r\n\t\t<\/a>\r\n\t\t\t<div class=\"articleLinkAuthors\">By Institute for Integrated Transitions (IFIT)<\/div>\r\n\t\t\t<a class=\"articleLinkExcerpt\" href=\"https:\/\/www.justiceinfo.net\/en\/158551-dead-men-walking-episode-2-international-law.html\">In this second episode of our new podcast, \"Dead Men Walking\", produced by the Institute for Integrated Transitions (IFIT) in collaboration with Justice Info, we turn our attention to international law.<\/a>\r\n\t\t\t\r\n\t\t\r\n\t\t\t\t<\/div>[\/vc_column_inner][\/vc_row_inner][vc_row_inner][vc_column_inner width=\"1\/3\"]<div class=\"articleLink articleLink--default articleLink--withImage articleLink--textTop\" style=\"\">\r\n\t\t\t\t\t\r\n\t\t\t<a href=\"https:\/\/www.justiceinfo.net\/en\/158475-ai-international-law-minab-test.html\" class=\"articleLinkImageContainer \"><img loading=\"lazy\" decoding=\"async\" width=\"540\" height=\"360\" src=\"https:\/\/www.justiceinfo.net\/wp-content\/uploads\/Iran_airstrike-victims-memorial-destruction_@AFP-540x360.jpg\" class=\"articleLinkImage backgroundImageTag w-100 wp-post-image\" alt=\"In Iran, portraits of victims believed to have been killed in a US-Israeli airstrike on a residential building in Tehran are on display in the street in front of the destroyed building. Flowers have also been placed on the ground.\" srcset=\"https:\/\/www.justiceinfo.net\/wp-content\/uploads\/Iran_airstrike-victims-memorial-destruction_@AFP-540x360.jpg 540w, https:\/\/www.justiceinfo.net\/wp-content\/uploads\/Iran_airstrike-victims-memorial-destruction_@AFP-1000x667.jpg 1000w, https:\/\/www.justiceinfo.net\/wp-content\/uploads\/Iran_airstrike-victims-memorial-destruction_@AFP-1110x740.jpg 1110w, https:\/\/www.justiceinfo.net\/wp-content\/uploads\/Iran_airstrike-victims-memorial-destruction_@AFP.jpg 1200w\" sizes=\"auto, (max-width: 540px) 100vw, 540px\" \/><\/a>\r\n\t\t\t<ul class=\"postTags\"><li class=\"postTagItem\"><a href=\"https:\/\/www.justiceinfo.net\/en\/regions\/iran\" class=\"postTagItem-link postTag--location\">Iran<\/a><\/li><li class=\"postTagItem\"><a href=\"https:\/\/www.justiceinfo.net\/en\/justiceinfo-comment-and-debate\/opinion\" class=\"postTagItem-link postTag--type\">Opinion<\/a><\/li><\/ul>\r\n\t\t\t<a href=\"https:\/\/www.justiceinfo.net\/en\/158475-ai-international-law-minab-test.html\" class=\"articleLinkTitle articleLinkTitle--default\">\r\n\t\t\tAI, international law, and the Minab test\r\n\t\t<\/a>\r\n\t\t\t<div class=\"articleLinkAuthors\">By Louis Perez<\/div>\r\n\t\t\t<a class=\"articleLinkExcerpt\" href=\"https:\/\/www.justiceinfo.net\/en\/158475-ai-international-law-minab-test.html\">The war in Iran highlights the U.S. and Israeli militaries\u2019 reliance on military artificial intelligence. Yet the bombing of a school in Minab, which killed 170 civilians, did not set off any alarms.<\/a>\r\n\t\t\t\r\n\t\t\r\n\t\t\t\t<\/div>[\/vc_column_inner][vc_column_inner width=\"1\/3\"]<div class=\"articleLink articleLink--default articleLink--withImage articleLink--textTop\" style=\"\">\r\n\t\t\t\t\t\r\n\t\t\t<a href=\"https:\/\/www.justiceinfo.net\/en\/158387-iranians-between-a-rock-and-hard-place.html\" class=\"articleLinkImageContainer \"><img loading=\"lazy\" decoding=\"async\" width=\"540\" height=\"360\" src=\"https:\/\/www.justiceinfo.net\/wp-content\/uploads\/Iran_Minab-school-memory_@AFP-540x360.jpg\" class=\"articleLinkImage backgroundImageTag w-100 wp-post-image\" alt=\"In Iran, the population is both a victim of US-Israeli aggression and a victim of repression by the Iranian regime. What hope is there for justice? Photo: Two Iranians walk past a mural commemorating schoolchildren from Minab who are believed to have been killed by a missile. School desks and benches are laid out on the pavement.\" srcset=\"https:\/\/www.justiceinfo.net\/wp-content\/uploads\/Iran_Minab-school-memory_@AFP-540x360.jpg 540w, https:\/\/www.justiceinfo.net\/wp-content\/uploads\/Iran_Minab-school-memory_@AFP-1000x667.jpg 1000w, https:\/\/www.justiceinfo.net\/wp-content\/uploads\/Iran_Minab-school-memory_@AFP-1110x740.jpg 1110w, https:\/\/www.justiceinfo.net\/wp-content\/uploads\/Iran_Minab-school-memory_@AFP.jpg 1200w\" sizes=\"auto, (max-width: 540px) 100vw, 540px\" \/><\/a>\r\n\t\t\t<ul class=\"postTags\"><li class=\"postTagItem\"><a href=\"https:\/\/www.justiceinfo.net\/en\/regions\/iran\" class=\"postTagItem-link postTag--location\">Iran<\/a><\/li><\/ul>\r\n\t\t\t<a href=\"https:\/\/www.justiceinfo.net\/en\/158387-iranians-between-a-rock-and-hard-place.html\" class=\"articleLinkTitle articleLinkTitle--default\">\r\n\t\t\tIranians between a rock and hard place\r\n\t\t<\/a>\r\n\t\t\t<div class=\"articleLinkAuthors\">By Julia Crawford<\/div>\r\n\t\t\t<a class=\"articleLinkExcerpt\" href=\"https:\/\/www.justiceinfo.net\/en\/158387-iranians-between-a-rock-and-hard-place.html\">Since February 28, 2026, Iranians have found themselves targeted by two opposing forces: US-Israeli airstrikes and aggression; and their own government, which has stepped up repression. What hopes for justice?<\/a>\r\n\t\t\t\r\n\t\t\r\n\t\t\t\t<\/div>[\/vc_column_inner][vc_column_inner width=\"1\/3\"]<div class=\"articleLink articleLink--default articleLink--withImage articleLink--textTop\" style=\"\">\r\n\t\t\t\t\t\r\n\t\t\t<a href=\"https:\/\/www.justiceinfo.net\/en\/158318-belgian-waffling-on-universal-jurisdiction.html\" class=\"articleLinkImageContainer \"><img loading=\"lazy\" decoding=\"async\" width=\"540\" height=\"360\" src=\"https:\/\/www.justiceinfo.net\/wp-content\/uploads\/Belgique_palais-justice-Bruxelles_@Adam-Zoltan-Shutterstock-540x360.jpg\" class=\"articleLinkImage backgroundImageTag w-100 wp-post-image\" alt=\"Brussels Courthouse in Belgium.\" srcset=\"https:\/\/www.justiceinfo.net\/wp-content\/uploads\/Belgique_palais-justice-Bruxelles_@Adam-Zoltan-Shutterstock-540x360.jpg 540w, https:\/\/www.justiceinfo.net\/wp-content\/uploads\/Belgique_palais-justice-Bruxelles_@Adam-Zoltan-Shutterstock-1000x667.jpg 1000w, https:\/\/www.justiceinfo.net\/wp-content\/uploads\/Belgique_palais-justice-Bruxelles_@Adam-Zoltan-Shutterstock-1110x740.jpg 1110w, https:\/\/www.justiceinfo.net\/wp-content\/uploads\/Belgique_palais-justice-Bruxelles_@Adam-Zoltan-Shutterstock.jpg 1200w\" sizes=\"auto, (max-width: 540px) 100vw, 540px\" \/><\/a>\r\n\t\t\t<ul class=\"postTags\"><li class=\"postTagItem\"><a href=\"https:\/\/www.justiceinfo.net\/en\/regions\/belgium\" class=\"postTagItem-link postTag--location\">Belgium<\/a><\/li><li class=\"postTagItem\"><a href=\"https:\/\/www.justiceinfo.net\/en\/justiceinfo-comment-and-debate\/podcast\" class=\"postTagItem-link postTag--type\">Podcast<\/a><\/li><\/ul>\r\n\t\t\t<a href=\"https:\/\/www.justiceinfo.net\/en\/158318-belgian-waffling-on-universal-jurisdiction.html\" class=\"articleLinkTitle articleLinkTitle--default\">\r\n\t\t\tBelgian Waffling on Universal Jurisdiction\r\n\t\t<\/a>\r\n\t\t\t<div class=\"articleLinkAuthors\">By Asymmetrical Haircuts<\/div>\r\n\t\t\t<a class=\"articleLinkExcerpt\" href=\"https:\/\/www.justiceinfo.net\/en\/158318-belgian-waffling-on-universal-jurisdiction.html\">In 2003, Belgium went from one of the great hopes for all accountability campaigners into a relatively minor player in the field. Why? Our partners at Asymmetrical Haircuts talk to lawyer and scholar Mathias Holvoet.<\/a>\r\n\t\t\t\r\n\t\t\r\n\t\t\t\t<\/div>[\/vc_column_inner][\/vc_row_inner][vc_row_inner][vc_column_inner][vc_empty_space height=\"30px\"][\/vc_column_inner][\/vc_row_inner][vc_row_inner][vc_column_inner width=\"2\/3\"]<div class=\"articleLink articleLink--inline articleLink--withImage articleLink--textTop\" style=\"\">\r\n\t\t\t\t\t\r\n\t\t\t<a class=\"articleLinkImageLink\" href=\"https:\/\/www.justiceinfo.net\/en\/justice-in-ukraine\"><div class=\"articleLinkImageContainer \"><img decoding=\"async\" alt=\"War in Ukraine\" loading=\"lazy\" class=\"articleLinkImage lazyload backgroundImageTag\" src=\"https:\/\/www.justiceinfo.net\/wp-content\/uploads\/Ukraine_lawfare_1200x800px_@JusticeInfo-1-540x360.jpg\" data-src=\"https:\/\/www.justiceinfo.net\/wp-content\/uploads\/Ukraine_lawfare_1200x800px_@JusticeInfo-1-540x360.jpg\" \/><\/div><\/a>\r\n\t\t\t<div class=\"articleLinkContent\">\r\n\t\t\t\t<a href=\"https:\/\/www.justiceinfo.net\/en\/justice-in-ukraine\" class=\"articleLinkTitle articleLinkTitle--default\">\r\n\t\t\tWar in Ukraine\r\n\t\t<\/a>\r\n\t\t\t\t<div class=\"articleLinkSubTitle\">Justice moves into action<\/div>\r\n\t\t\t\t<a class=\"articleLinkExcerpt\" href=\"https:\/\/www.justiceinfo.net\/en\/justice-in-ukraine\">All our articles<\/a>\r\n\t\t\t<\/div>\r\n\t\t\r\n\t\t\t\t<\/div><div class=\"articleLink articleLink--inline articleLink--withImage articleLink--textTop\" style=\"\">\r\n\t\t\t\t\t\r\n\t\t\t<a class=\"articleLinkImageLink\" href=\"https:\/\/www.justiceinfo.net\/en\/141723-putin-netanyahu-and-others-ten-wanted-heads-of-state.html\"><div class=\"articleLinkImageContainer \"><img decoding=\"async\" alt=\"Ten heads of state wanted for international crimes\" loading=\"lazy\" class=\"articleLinkImage lazyload backgroundImageTag\" src=\"https:\/\/www.justiceinfo.net\/wp-content\/uploads\/Wanted_wanted-heads-of-state_en_@Justice-Info-540x360.jpg\" data-src=\"https:\/\/www.justiceinfo.net\/wp-content\/uploads\/Wanted_wanted-heads-of-state_en_@Justice-Info-540x360.jpg\" \/><\/div><\/a>\r\n\t\t\t<div class=\"articleLinkContent\">\r\n\t\t\t\t<a href=\"https:\/\/www.justiceinfo.net\/en\/141723-putin-netanyahu-and-others-ten-wanted-heads-of-state.html\" class=\"articleLinkTitle articleLinkTitle--default\">\r\n\t\t\tTen heads of state wanted for international crimes\r\n\t\t<\/a>\r\n\t\t\t\t<div class=\"articleLinkSubTitle\">Putin, Netanyahu and the others<\/div>\r\n\t\t\t\t<a class=\"articleLinkExcerpt\" href=\"https:\/\/www.justiceinfo.net\/en\/141723-putin-netanyahu-and-others-ten-wanted-heads-of-state.html\">Our World map<\/a>\r\n\t\t\t<\/div>\r\n\t\t\r\n\t\t\t\t<\/div><div class=\"articleLink articleLink--inline articleLink--withImage articleLink--textTop\" style=\"\">\r\n\t\t\t\t\t\r\n\t\t\t<a class=\"articleLinkImageLink\" href=\"https:\/\/www.justiceinfo.net\/en\/transitional-justice\"><div class=\"articleLinkImageContainer \"><img decoding=\"async\" alt=\"Transitional Justice\" loading=\"lazy\" class=\"articleLinkImage lazyload backgroundImageTag\" src=\"https:\/\/www.justiceinfo.net\/wp-content\/uploads\/South-Africa_nelson-mandela-desmond-tutu-truth-reconciliation-540x360.jpg\" data-src=\"https:\/\/www.justiceinfo.net\/wp-content\/uploads\/South-Africa_nelson-mandela-desmond-tutu-truth-reconciliation-540x360.jpg\" \/><\/div><\/a>\r\n\t\t\t<div class=\"articleLinkContent\">\r\n\t\t\t\t<a href=\"https:\/\/www.justiceinfo.net\/en\/transitional-justice\" class=\"articleLinkTitle articleLinkTitle--default\">\r\n\t\t\tTransitional Justice\r\n\t\t<\/a>\r\n\t\t\t\t<div class=\"articleLinkSubTitle\">Understanding how it works and analysing its impact<\/div>\r\n\t\t\t\t<a class=\"articleLinkExcerpt\" href=\"https:\/\/www.justiceinfo.net\/en\/transitional-justice\">Our explanations<\/a>\r\n\t\t\t<\/div>\r\n\t\t\r\n\t\t\t\t<\/div>[\/vc_column_inner][vc_column_inner width=\"1\/3\"]<div class=\"articleLink articleLink--title articleLink--textTop\" style=\"\">\r\n\t\t\t\t\t<ul class=\"postTags\"><li class=\"postTagItem\"><a href=\"https:\/\/www.justiceinfo.net\/en\/justiceinfo-comment-and-debate\/in-depth-interviews\" class=\"postTagItem-link postTag--type\">In-Depth Interview<\/a><\/li><\/ul><a href=\"https:\/\/www.justiceinfo.net\/en\/156582-what-has-changed-is-who-the-u-s-consider-to-be-friends-or-foe.html\" class=\"articleLinkTitle articleLinkTitle--default\">\r\n\t\t\t\u201cWhat has changed is who the U.S. consider to be friends or foe\u201d\r\n\t\t<\/a>\r\n\t\t\t\t<\/div><div class=\"articleLink articleLink--title articleLink--textTop\" style=\"\">\r\n\t\t\t\t\t<ul class=\"postTags\"><li class=\"postTagItem\"><a href=\"https:\/\/www.justiceinfo.net\/en\/justiceinfo-comment-and-debate\/opinion\" class=\"postTagItem-link postTag--type\">Opinion<\/a><\/li><\/ul><a href=\"https:\/\/www.justiceinfo.net\/en\/157671-lafarge-trial-a-step-beyond-nuremberg.html\" class=\"articleLinkTitle articleLinkTitle--default\">\r\n\t\t\tLafarge trial: A step beyond Nuremberg?\u00a0\r\n\t\t<\/a>\r\n\t\t\t\t<\/div><div class=\"articleLink articleLink--title articleLink--textTop\" style=\"\">\r\n\t\t\t\t\t<ul class=\"postTags\"><li class=\"postTagItem\"><a href=\"https:\/\/www.justiceinfo.net\/en\/justiceinfo-comment-and-debate\/podcast\" class=\"postTagItem-link postTag--type\">Podcast<\/a><\/li><\/ul><a href=\"https:\/\/www.justiceinfo.net\/en\/156717-dead-men-walking-episode-1-the-international-criminal-court.html\" class=\"articleLinkTitle articleLinkTitle--default\">\r\n\t\t\tDead Men Walking - Episode 1: The International Criminal Court\r\n\t\t<\/a>\r\n\t\t\t\t<\/div><div class=\"articleLink articleLink--title articleLink--textTop\" style=\"\">\r\n\t\t\t\t\t<ul class=\"postTags\"><li class=\"postTagItem\"><a href=\"https:\/\/www.justiceinfo.net\/en\/reportages\" class=\"postTagItem-link postTag--type\">Report<\/a><\/li><\/ul><a href=\"https:\/\/www.justiceinfo.net\/en\/155397-a-ukrainian-painter-the-creation-of-nova-kakhovka-and-a-looted-gallery.html\" class=\"articleLinkTitle articleLinkTitle--default\">\r\n\t\t\tA Ukrainian painter, the creation of Nova Kakhovka, and a looted gallery\r\n\t\t<\/a>\r\n\t\t\t\t<\/div>[\/vc_column_inner][\/vc_row_inner][vc_row_inner][vc_column_inner][vc_empty_space height=\"30px\"][\/vc_column_inner][\/vc_row_inner][\/vc_column][\/vc_row][vc_row el_class=\"container-fluid\"][vc_column]<div id=\"newsletterBanner\" class=\"\">\r\n\t\t\t<div class=\"newsletterBannerTitle\">Newsletter<\/div>\r\n\t\t\t<div class=\"newsletterBannerText\">All Justice Info publications delivered to your inbox every week<\/div>\r\n\t\t\t<a href=\"\/en\/newsletter\" class=\"newsletterBannerButton\">I register for free<\/a>\r\n\t\t<\/div>[\/vc_column][\/vc_row][vc_row el_class=\"container-fluid container-xl p-0 mt-5\"][vc_column]<div class=\"seriesOfArticles\">\r\n\t\t\t<div class=\"seriesOfArticles-top\">\r\n\t\t\t\t<div class=\"seriesOfArticles-titleContainer\">\r\n\t\t\t\t\t<a href=\"https:\/\/www.justiceinfo.net\/en\/156599-life-under-sanctions.html\" class=\"seriesOfArticles-title\">Life under sanctions<\/a>\r\n\t\t\t\t\t<span class=\"seriesOfArticles-tag\">Special focus<\/span>\r\n\t\t\t\t\t<span class=\"seriesOfArticles-publicationNumber\">6 publications<\/span>\r\n\t\t\t\t<\/div>\r\n\t\t\t\t<a href=\"https:\/\/www.justiceinfo.net\/en\/156599-life-under-sanctions.html\" class=\"seriesOfArticles-linkPlus plus-picto\">+<\/a>\r\n\t\t\t<\/div>\r\n\t\t\t<div class=\"seriesOfArticles-content\" style=\"background-color:#f8f9fa\">\r\n\t\t\t\t<a href=\"https:\/\/www.justiceinfo.net\/en\/156599-life-under-sanctions.html\" class=\"seriesOfArticles-imageContainer backgroundImageTagContainer\"><img decoding=\"async\" src=\"https:\/\/www.justiceinfo.net\/wp-content\/uploads\/ICC-sanctions_special-focus-dossier-special_@Matthieu-Ossona-de-Mendez-Justice-Info-540x360.jpg\" class=\"seriesOfArticles-image backgroundImageTag\" alt=\"\" \/><\/a>\r\n\t\t\t\t<div class=\"seriesOfArticles-items\">\r\n\t\t\t\t\t<div class=\"seriesOfArticles-item\"><div class=\"seriesOfArticles-itemImageContainer backgroundImageTagContainer\">\r\n\t\t\t\t\t\t<img decoding=\"async\" alt=\"\" loading=\"lazy\" class=\"seriesOfArticles-itemImage lazyload backgroundImageTag\" src=\"https:\/\/www.justiceinfo.net\/wp-content\/uploads\/ICC_Beti-Hohler_@Ministry-of-Foreign-and-European-Affairs-Slovenia-540x360.jpg\" data-src=\"https:\/\/www.justiceinfo.net\/wp-content\/uploads\/ICC_Beti-Hohler_@Ministry-of-Foreign-and-European-Affairs-Slovenia-540x360.jpg\" \/>\r\n\t\t\t\t\t<\/div>\r\n\t\t\t\t<div class=\"seriesOfArticles-itemContent\">\r\n\t\t\t\t\t<a class=\"seriesOfArticles-itemTitle\" href=\"https:\/\/www.justiceinfo.net\/en\/156847-living-with-us-sanctions-means-living-in-constant-uncertainty.html\">\u201cLiving with US sanctions means living in constant uncertainty\u201d<\/a>\r\n\t\t\t\t\t<a class=\"seriesOfArticles-itemText\" href=\"https:\/\/www.justiceinfo.net\/en\/156847-living-with-us-sanctions-means-living-in-constant-uncertainty.html\">A total of 11 judges and prosecutors at the International Criminal Court have been sanctioned by the US government. Some have come public about how it's deeply affected their daily life. And it\u2019s unclear what protection they may enjoy.<\/a>\r\n\t\t\t\t<\/div><\/div><div class=\"seriesOfArticles-item\"><a class=\"seriesOfArticles-itemTitle\" href=\"https:\/\/www.justiceinfo.net\/en\/156738-we-are-like-outcasts.html\">\u201cWe are like outcasts\u201d<\/a><\/div><div class=\"seriesOfArticles-item\"><a class=\"seriesOfArticles-itemTitle\" href=\"https:\/\/www.justiceinfo.net\/en\/156691-how-sanctions-can-weaponize-us-tech-against-the-icc.html\">How sanctions can weaponize US tech against the ICC<\/a><\/div>\r\n\t\t\t\t<\/div>\r\n\t\t\t<\/div>\r\n\t\t<\/div><div class=\"articleList-titleContainer\"><div class=\"articleListTitle\">All our special focus<\/div><a href=\"\/en\/special-focus\" class=\"seriesOfArticles-linkPlus plus-picto\">+<\/a><\/div><div class=\"articleList articleList--carousel js-articleList-carousel\" data-slidestoshow=\"5\" id=\"articlelisthorizontal69f0dfd6286a7\"><div class=\"col-sm-6 col-md-12\"><div class=\"articleLink articleLink--condensed articleLink--textInImage articleLink--textTop\" style=\"\">\r\n\t\t\t\t\t\r\n\t\t\t<a href=\"https:\/\/www.justiceinfo.net\/en\/151989-war-and-business-lafarge-in-the-dock.html\" class=\"articleLinkImageContainer backgroundImageTagContainer\"><img loading=\"lazy\" decoding=\"async\" width=\"540\" height=\"360\" src=\"https:\/\/www.justiceinfo.net\/wp-content\/uploads\/Syrie-France_proces-Lafarge_dossier-special_@Al-Mata-Justice-Info-540x360.jpg\" class=\"articleLinkImage backgroundImageTag w-100 wp-post-image\" alt=\"Illustration showing a concrete mixer truck (with the Lafarge logo printed on it) stopped at a checkpoint manned by several figures dressed in black, armed and wearing balaclavas. A long arm extends from the truck, holding a suitcase filled with banknotes bearing the image of Bashar al-Assad. On the side is an ISIS flag.\" srcset=\"https:\/\/www.justiceinfo.net\/wp-content\/uploads\/Syrie-France_proces-Lafarge_dossier-special_@Al-Mata-Justice-Info-540x360.jpg 540w, https:\/\/www.justiceinfo.net\/wp-content\/uploads\/Syrie-France_proces-Lafarge_dossier-special_@Al-Mata-Justice-Info-1000x667.jpg 1000w, https:\/\/www.justiceinfo.net\/wp-content\/uploads\/Syrie-France_proces-Lafarge_dossier-special_@Al-Mata-Justice-Info-1110x740.jpg 1110w, https:\/\/www.justiceinfo.net\/wp-content\/uploads\/Syrie-France_proces-Lafarge_dossier-special_@Al-Mata-Justice-Info.jpg 1500w\" sizes=\"auto, (max-width: 540px) 100vw, 540px\" \/><\/a>\r\n\t\t\t<a href=\"https:\/\/www.justiceinfo.net\/en\/151989-war-and-business-lafarge-in-the-dock.html\" class=\"articleLinkTitle articleLinkTitle--default\">\r\n\t\t\tWar and business: Lafarge in the dock\r\n\t\t<\/a>\r\n\t\t\t<div class=\"articleLinkPublicationNumber\">16 publications<\/div>\r\n\t\t\r\n\t\t\t\t<\/div><\/div><div class=\"col-sm-6 col-md-12\"><div class=\"articleLink articleLink--condensed articleLink--textInImage articleLink--textTop\" style=\"\">\r\n\t\t\t\t\t\r\n\t\t\t<a href=\"https:\/\/www.justiceinfo.net\/en\/145679-war-and-oil-lundin-in-the-dock.html\" class=\"articleLinkImageContainer backgroundImageTagContainer\"><img loading=\"lazy\" decoding=\"async\" width=\"540\" height=\"360\" src=\"https:\/\/www.justiceinfo.net\/wp-content\/uploads\/Sudan-Sweden_Lundin-trial-special-focus_@Gaspard-Njock-540x360.jpg\" class=\"articleLinkImage backgroundImageTag w-100 wp-post-image\" alt=\"At the Lundin trial in Sweden, two former executives of the oil company are on trial for alleged complicity in war crimes committed in Sudan. Illustration: Ian Lundin and Alexandre Schneiter are drowned in a pool of oil. Conflict rages in the background.\" srcset=\"https:\/\/www.justiceinfo.net\/wp-content\/uploads\/Sudan-Sweden_Lundin-trial-special-focus_@Gaspard-Njock-540x360.jpg 540w, https:\/\/www.justiceinfo.net\/wp-content\/uploads\/Sudan-Sweden_Lundin-trial-special-focus_@Gaspard-Njock-1000x667.jpg 1000w, https:\/\/www.justiceinfo.net\/wp-content\/uploads\/Sudan-Sweden_Lundin-trial-special-focus_@Gaspard-Njock-1110x740.jpg 1110w, https:\/\/www.justiceinfo.net\/wp-content\/uploads\/Sudan-Sweden_Lundin-trial-special-focus_@Gaspard-Njock.jpg 1500w\" sizes=\"auto, (max-width: 540px) 100vw, 540px\" \/><\/a>\r\n\t\t\t<a href=\"https:\/\/www.justiceinfo.net\/en\/145679-war-and-oil-lundin-in-the-dock.html\" class=\"articleLinkTitle articleLinkTitle--default\">\r\n\t\t\tWar and oil: Lundin in the dock\r\n\t\t<\/a>\r\n\t\t\t<div class=\"articleLinkPublicationNumber\">22 publications<\/div>\r\n\t\t\r\n\t\t\t\t<\/div><\/div><div class=\"col-sm-6 col-md-12\"><div class=\"articleLink articleLink--condensed articleLink--textInImage articleLink--textTop\" style=\"\">\r\n\t\t\t\t\t\r\n\t\t\t<a href=\"https:\/\/www.justiceinfo.net\/en\/135981-fight-against-gender-based-crimes.html\" class=\"articleLinkImageContainer backgroundImageTagContainer\"><img loading=\"lazy\" decoding=\"async\" width=\"540\" height=\"360\" src=\"https:\/\/www.justiceinfo.net\/wp-content\/uploads\/gender-crimes-genre_gay-lgbtq-flag_@Maran-Hrachyan-540x360.jpg\" class=\"articleLinkImage backgroundImageTag w-100 wp-post-image\" alt=\"Fighting gender-based crimes - Illustration: a crime scene (police banner and numbered exhibits) where the silhouette of a character marked on the ground is filled in with the colors of the LGBTQ+ community&#039;s rainbow flag.\" srcset=\"https:\/\/www.justiceinfo.net\/wp-content\/uploads\/gender-crimes-genre_gay-lgbtq-flag_@Maran-Hrachyan-540x360.jpg 540w, https:\/\/www.justiceinfo.net\/wp-content\/uploads\/gender-crimes-genre_gay-lgbtq-flag_@Maran-Hrachyan-1000x667.jpg 1000w, https:\/\/www.justiceinfo.net\/wp-content\/uploads\/gender-crimes-genre_gay-lgbtq-flag_@Maran-Hrachyan-1110x740.jpg 1110w, https:\/\/www.justiceinfo.net\/wp-content\/uploads\/gender-crimes-genre_gay-lgbtq-flag_@Maran-Hrachyan.jpg 1500w\" sizes=\"auto, (max-width: 540px) 100vw, 540px\" \/><\/a>\r\n\t\t\t<a href=\"https:\/\/www.justiceinfo.net\/en\/135981-fight-against-gender-based-crimes.html\" class=\"articleLinkTitle articleLinkTitle--default\">\r\n\t\t\tThe Fight Against Gender Crimes\r\n\t\t<\/a>\r\n\t\t\t<div class=\"articleLinkPublicationNumber\">9 publications<\/div>\r\n\t\t\r\n\t\t\t\t<\/div><\/div><div class=\"col-sm-6 col-md-12\"><div class=\"articleLink articleLink--condensed articleLink--textInImage articleLink--textTop\" style=\"\">\r\n\t\t\t\t\t\r\n\t\t\t<a href=\"https:\/\/www.justiceinfo.net\/en\/121448-the-disappeared-who-will-never-be-forgotten.html\" class=\"articleLinkImageContainer backgroundImageTagContainer\"><img loading=\"lazy\" decoding=\"async\" width=\"540\" height=\"360\" src=\"https:\/\/www.justiceinfo.net\/wp-content\/uploads\/enforced-disappearances_special-focus_@Marina-Margarina-Justice-Info-540x360.jpg\" class=\"articleLinkImage backgroundImageTag w-100 wp-post-image\" alt=\"What justice for enforced disappearances around the world? \u00a9 Marina Margarina \/ Justice Info\" srcset=\"\" sizes=\"auto, (max-width: 540px) 100vw, 540px\" \/><\/a>\r\n\t\t\t<a href=\"https:\/\/www.justiceinfo.net\/en\/121448-the-disappeared-who-will-never-be-forgotten.html\" class=\"articleLinkTitle articleLinkTitle--default\">\r\n\t\t\tThe disappeared who will never be forgotten\r\n\t\t<\/a>\r\n\t\t\t<div class=\"articleLinkPublicationNumber\">25 publications<\/div>\r\n\t\t\r\n\t\t\t\t<\/div><\/div><div class=\"col-sm-6 col-md-12\"><div class=\"articleLink articleLink--condensed articleLink--textInImage articleLink--textTop\" style=\"\">\r\n\t\t\t\t\t\r\n\t\t\t<a href=\"https:\/\/www.justiceinfo.net\/en\/109522-felicien-kabuga-the-last-judgment.html\" class=\"articleLinkImageContainer backgroundImageTagContainer\"><img loading=\"lazy\" decoding=\"async\" width=\"540\" height=\"360\" src=\"https:\/\/www.justiceinfo.net\/wp-content\/uploads\/Rwanda_Felicien-Kabuga_dossier-special_@JusticeInfo-540x360.jpg\" class=\"articleLinkImage backgroundImageTag w-100 wp-post-image\" alt=\"F\u00e9licien Kabuga, in a wheelchair, seems to be running away from a huge blood-red &quot;RTLM&quot; radio set, tuned to the &quot;1994&quot; station. This radio is embedded in the ground and creates a crack that extends to Kabuga. Skulls fill a hole in the depths of this crack and banknotes fly everywhere.\" srcset=\"https:\/\/www.justiceinfo.net\/wp-content\/uploads\/Rwanda_Felicien-Kabuga_dossier-special_@JusticeInfo-540x360.jpg 540w, https:\/\/www.justiceinfo.net\/wp-content\/uploads\/Rwanda_Felicien-Kabuga_dossier-special_@JusticeInfo-730x487.jpg 730w, https:\/\/www.justiceinfo.net\/wp-content\/uploads\/Rwanda_Felicien-Kabuga_dossier-special_@JusticeInfo-1110x740.jpg 1110w, https:\/\/www.justiceinfo.net\/wp-content\/uploads\/Rwanda_Felicien-Kabuga_dossier-special_@JusticeInfo.jpg 1500w\" sizes=\"auto, (max-width: 540px) 100vw, 540px\" \/><\/a>\r\n\t\t\t<a href=\"https:\/\/www.justiceinfo.net\/en\/109522-felicien-kabuga-the-last-judgment.html\" class=\"articleLinkTitle articleLinkTitle--default\">\r\n\t\t\tF\u00e9licien Kabuga, the last judgment\r\n\t\t<\/a>\r\n\t\t\t<div class=\"articleLinkPublicationNumber\">16 publications<\/div>\r\n\t\t\r\n\t\t\t\t<\/div><\/div><div class=\"col-sm-6 col-md-12\"><div class=\"articleLink articleLink--condensed articleLink--textInImage articleLink--textTop\" style=\"\">\r\n\t\t\t\t\t\r\n\t\t\t<a href=\"https:\/\/www.justiceinfo.net\/en\/102125-corporations-face-rising-tide-justice.html\" class=\"articleLinkImageContainer backgroundImageTagContainer\"><img loading=\"lazy\" decoding=\"async\" width=\"540\" height=\"360\" src=\"https:\/\/www.justiceinfo.net\/wp-content\/uploads\/corporate-responsibility_business-ocean-justice_@Claire-Braud-JusticeInfo-540x360.jpg\" class=\"articleLinkImage backgroundImageTag w-100 wp-post-image\" alt=\"Illustration mettant en sc\u00e8ne des hommes et femmes d&#039;affaire flottant sur un oc\u00e9an d\u00e9cha\u00een\u00e9. Certains semblent confiants et d&#039;autres paniquent. Au fond, un radeau flotte transportant un magistrat en robe (mat symolisant la balance de la justice).\" srcset=\"https:\/\/www.justiceinfo.net\/wp-content\/uploads\/corporate-responsibility_business-ocean-justice_@Claire-Braud-JusticeInfo-540x360.jpg 540w, https:\/\/www.justiceinfo.net\/wp-content\/uploads\/corporate-responsibility_business-ocean-justice_@Claire-Braud-JusticeInfo-730x487.jpg 730w, https:\/\/www.justiceinfo.net\/wp-content\/uploads\/corporate-responsibility_business-ocean-justice_@Claire-Braud-JusticeInfo-1110x740.jpg 1110w, https:\/\/www.justiceinfo.net\/wp-content\/uploads\/corporate-responsibility_business-ocean-justice_@Claire-Braud-JusticeInfo.jpg 1200w\" sizes=\"auto, (max-width: 540px) 100vw, 540px\" \/><\/a>\r\n\t\t\t<a href=\"https:\/\/www.justiceinfo.net\/en\/102125-corporations-face-rising-tide-justice.html\" class=\"articleLinkTitle articleLinkTitle--default\">\r\n\t\t\tCorporations face the rising tide of justice\r\n\t\t<\/a>\r\n\t\t\t<div class=\"articleLinkPublicationNumber\">50 publications<\/div>\r\n\t\t\r\n\t\t\t\t<\/div><\/div><div class=\"col-sm-6 col-md-12\"><div class=\"articleLink articleLink--condensed articleLink--textInImage articleLink--textTop\" style=\"\">\r\n\t\t\t\t\t\r\n\t\t\t<a href=\"https:\/\/www.justiceinfo.net\/en\/82800-church-sexual-crimes.html\" class=\"articleLinkImageContainer backgroundImageTagContainer\"><img loading=\"lazy\" decoding=\"async\" width=\"540\" height=\"360\" src=\"https:\/\/www.justiceinfo.net\/wp-content\/uploads\/church-eglise_justice-sexual-crimes-crimes-sexuels_@Thomas-Azuelos-Justice-Info-540x360.jpg\" class=\"articleLinkImage backgroundImageTag w-100 wp-post-image\" alt=\"Religious people (in small format) are lined up to confess in turn to the ear of a church member (in large format) who hides one eye while listening with one ear.\" srcset=\"https:\/\/www.justiceinfo.net\/wp-content\/uploads\/church-eglise_justice-sexual-crimes-crimes-sexuels_@Thomas-Azuelos-Justice-Info-540x360.jpg 540w, https:\/\/www.justiceinfo.net\/wp-content\/uploads\/church-eglise_justice-sexual-crimes-crimes-sexuels_@Thomas-Azuelos-Justice-Info-730x487.jpg 730w, https:\/\/www.justiceinfo.net\/wp-content\/uploads\/church-eglise_justice-sexual-crimes-crimes-sexuels_@Thomas-Azuelos-Justice-Info-1110x740.jpg 1110w, https:\/\/www.justiceinfo.net\/wp-content\/uploads\/church-eglise_justice-sexual-crimes-crimes-sexuels_@Thomas-Azuelos-Justice-Info.jpg 1500w\" sizes=\"auto, (max-width: 540px) 100vw, 540px\" \/><\/a>\r\n\t\t\t<a href=\"https:\/\/www.justiceinfo.net\/en\/82800-church-sexual-crimes.html\" class=\"articleLinkTitle articleLinkTitle--default\">\r\n\t\t\tThe Church and its sexual crimes\r\n\t\t<\/a>\r\n\t\t\t<div class=\"articleLinkPublicationNumber\">18 publications<\/div>\r\n\t\t\r\n\t\t\t\t<\/div><\/div><div class=\"col-sm-6 col-md-12\"><div class=\"articleLink articleLink--condensed articleLink--textInImage articleLink--textTop\" style=\"\">\r\n\t\t\t\t\t\r\n\t\t\t<a href=\"https:\/\/www.justiceinfo.net\/en\/78778-hour-of-reckoning-for-colonial-crimes.html\" class=\"articleLinkImageContainer backgroundImageTagContainer\"><img loading=\"lazy\" decoding=\"async\" width=\"540\" height=\"360\" src=\"https:\/\/www.justiceinfo.net\/wp-content\/uploads\/Colonial-crimes-crimes-coloniaux_special-focus-dossier-special_@Lea-Djeziri-JusticeInfo-540x360.jpg\" class=\"articleLinkImage backgroundImageTag w-100 wp-post-image\" alt=\"Colonial crimes: a chess game to negotiate reparations, restitution, truth and the duty to remember\" srcset=\"\" sizes=\"auto, (max-width: 540px) 100vw, 540px\" \/><\/a>\r\n\t\t\t<a href=\"https:\/\/www.justiceinfo.net\/en\/78778-hour-of-reckoning-for-colonial-crimes.html\" class=\"articleLinkTitle articleLinkTitle--default\">\r\n\t\t\tHour of reckoning for colonial crimes\r\n\t\t<\/a>\r\n\t\t\t<div class=\"articleLinkPublicationNumber\">49 publications<\/div>\r\n\t\t\r\n\t\t\t\t<\/div><\/div><div class=\"col-sm-6 col-md-12\"><div class=\"articleLink articleLink--condensed articleLink--textInImage articleLink--textTop\" style=\"\">\r\n\t\t\t\t\t\r\n\t\t\t<a href=\"https:\/\/www.justiceinfo.net\/en\/76206-massaquoi-affair-finnish-model-test.html\" class=\"articleLinkImageContainer backgroundImageTagContainer\"><img loading=\"lazy\" decoding=\"async\" width=\"540\" height=\"360\" src=\"https:\/\/www.justiceinfo.net\/wp-content\/uploads\/Liberia_Gibril-Massaquoi-trial_special-focus_@Leslie-Lummeh-540x360.jpg\" class=\"articleLinkImage backgroundImageTag w-100 wp-post-image\" alt=\"Massaquoi trial in Liberia\" srcset=\"\" sizes=\"auto, (max-width: 540px) 100vw, 540px\" \/><\/a>\r\n\t\t\t<a href=\"https:\/\/www.justiceinfo.net\/en\/76206-massaquoi-affair-finnish-model-test.html\" class=\"articleLinkTitle articleLinkTitle--default\">\r\n\t\t\tThe Massaquoi Affair: the Finnish model put to the test\r\n\t\t<\/a>\r\n\t\t\t<div class=\"articleLinkPublicationNumber\">21 publications<\/div>\r\n\t\t\r\n\t\t\t\t<\/div><\/div><div class=\"col-sm-6 col-md-12\"><div class=\"articleLink articleLink--condensed articleLink--textInImage articleLink--textTop\" style=\"\">\r\n\t\t\t\t\t\r\n\t\t\t<a href=\"https:\/\/www.justiceinfo.net\/en\/68637-failure-icc-victims-fund.html\" class=\"articleLinkImageContainer backgroundImageTagContainer\"><img loading=\"lazy\" decoding=\"async\" width=\"540\" height=\"360\" src=\"https:\/\/www.justiceinfo.net\/wp-content\/uploads\/ICC-CPI_Trust-Fund-Victims-TFV_@Pascal-Bruandet-540x360.jpg\" class=\"articleLinkImage backgroundImageTag w-100 wp-post-image\" alt=\"ICC&#039;s Trust Fund for Victims (TFV): a failure\" srcset=\"https:\/\/www.justiceinfo.net\/wp-content\/uploads\/ICC-CPI_Trust-Fund-Victims-TFV_@Pascal-Bruandet-540x360.jpg 540w, https:\/\/www.justiceinfo.net\/wp-content\/uploads\/ICC-CPI_Trust-Fund-Victims-TFV_@Pascal-Bruandet-730x487.jpg 730w, https:\/\/www.justiceinfo.net\/wp-content\/uploads\/ICC-CPI_Trust-Fund-Victims-TFV_@Pascal-Bruandet-1110x740.jpg 1110w, https:\/\/www.justiceinfo.net\/wp-content\/uploads\/ICC-CPI_Trust-Fund-Victims-TFV_@Pascal-Bruandet.jpg 1500w\" sizes=\"auto, (max-width: 540px) 100vw, 540px\" \/><\/a>\r\n\t\t\t<a href=\"https:\/\/www.justiceinfo.net\/en\/68637-failure-icc-victims-fund.html\" class=\"articleLinkTitle articleLinkTitle--default\">\r\n\t\t\tThe failure of the ICC Victims Fund\r\n\t\t<\/a>\r\n\t\t\t<div class=\"articleLinkPublicationNumber\">7 publications<\/div>\r\n\t\t\r\n\t\t\t\t<\/div><\/div><div class=\"col-sm-6 col-md-12\"><div class=\"articleLink articleLink--condensed articleLink--textInImage articleLink--textTop\" style=\"\">\r\n\t\t\t\t\t\r\n\t\t\t<a href=\"https:\/\/www.justiceinfo.net\/en\/46169-icc-desperately-seeking-prosecutor.html\" class=\"articleLinkImageContainer backgroundImageTagContainer\"><img loading=\"lazy\" decoding=\"async\" width=\"540\" height=\"360\" src=\"https:\/\/www.justiceinfo.net\/wp-content\/uploads\/e42dfce17b4f77cc04698451afba0e63-540x360.jpg\" class=\"articleLinkImage backgroundImageTag w-100 wp-post-image\" alt=\"\" srcset=\"\" sizes=\"auto, (max-width: 540px) 100vw, 540px\" \/><\/a>\r\n\t\t\t<a href=\"https:\/\/www.justiceinfo.net\/en\/46169-icc-desperately-seeking-prosecutor.html\" class=\"articleLinkTitle articleLinkTitle--default\">\r\n\t\t\tICC desperately seeking prosecutor\r\n\t\t<\/a>\r\n\t\t\t<div class=\"articleLinkPublicationNumber\">7 publications<\/div>\r\n\t\t\r\n\t\t\t\t<\/div><\/div><div class=\"col-sm-6 col-md-12\"><div class=\"articleLink articleLink--condensed articleLink--textInImage articleLink--textTop\" style=\"\">\r\n\t\t\t\t\t\r\n\t\t\t<a href=\"https:\/\/www.justiceinfo.net\/en\/44105-transitional-justice-the-fascinating-colombian-challenge.html\" class=\"articleLinkImageContainer backgroundImageTagContainer\"><img loading=\"lazy\" decoding=\"async\" width=\"540\" height=\"360\" src=\"https:\/\/www.justiceinfo.net\/wp-content\/uploads\/6bf89786aabef152d8d65a2ebaa69079-540x360.jpg\" class=\"articleLinkImage backgroundImageTag w-100 wp-post-image\" alt=\"\" srcset=\"\" sizes=\"auto, (max-width: 540px) 100vw, 540px\" \/><\/a>\r\n\t\t\t<a href=\"https:\/\/www.justiceinfo.net\/en\/44105-transitional-justice-the-fascinating-colombian-challenge.html\" class=\"articleLinkTitle articleLinkTitle--default\">\r\n\t\t\tTransitional Justice: The great Colombian challenge\r\n\t\t<\/a>\r\n\t\t\t<div class=\"articleLinkPublicationNumber\">83 publications<\/div>\r\n\t\t\r\n\t\t\t\t<\/div><\/div><div class=\"col-sm-6 col-md-12\"><div class=\"articleLink articleLink--condensed articleLink--textInImage articleLink--textTop\" style=\"\">\r\n\t\t\t\t\t\r\n\t\t\t<a href=\"https:\/\/www.justiceinfo.net\/en\/41754-time-for-the-truth-in-gambia.html\" class=\"articleLinkImageContainer backgroundImageTagContainer\"><img loading=\"lazy\" decoding=\"async\" width=\"540\" height=\"360\" src=\"https:\/\/www.justiceinfo.net\/wp-content\/uploads\/da9a0fbe9c3e5664492a39789b1a8df2-540x360.jpg\" class=\"articleLinkImage backgroundImageTag w-100 wp-post-image\" alt=\"\" srcset=\"\" sizes=\"auto, (max-width: 540px) 100vw, 540px\" \/><\/a>\r\n\t\t\t<a href=\"https:\/\/www.justiceinfo.net\/en\/41754-time-for-the-truth-in-gambia.html\" class=\"articleLinkTitle articleLinkTitle--default\">\r\n\t\t\tTime for the truth in Gambia\r\n\t\t<\/a>\r\n\t\t\t<div class=\"articleLinkPublicationNumber\">77 publications<\/div>\r\n\t\t\r\n\t\t\t\t<\/div><\/div><div class=\"col-sm-6 col-md-12\"><div class=\"articleLink articleLink--condensed articleLink--textInImage articleLink--textTop\" style=\"\">\r\n\t\t\t\t\t\r\n\t\t\t<a href=\"https:\/\/www.justiceinfo.net\/en\/40613-rwanda-25-years-after-the-genocide.html\" class=\"articleLinkImageContainer backgroundImageTagContainer\"><img loading=\"lazy\" decoding=\"async\" width=\"540\" height=\"360\" src=\"https:\/\/www.justiceinfo.net\/wp-content\/uploads\/fd734b1099cb5bfa3694622f6f569448-540x360.jpg\" class=\"articleLinkImage backgroundImageTag w-100 wp-post-image\" alt=\"\" srcset=\"\" sizes=\"auto, (max-width: 540px) 100vw, 540px\" \/><\/a>\r\n\t\t\t<a href=\"https:\/\/www.justiceinfo.net\/en\/40613-rwanda-25-years-after-the-genocide.html\" class=\"articleLinkTitle articleLinkTitle--default\">\r\n\t\t\tRwanda, 25 years after the genocide\r\n\t\t<\/a>\r\n\t\t\t<div class=\"articleLinkPublicationNumber\">8 publications<\/div>\r\n\t\t\r\n\t\t\t\t<\/div><\/div><\/div><div class=\"articleLink articleLink--focusImageRight articleLink--textInImage articleLink--textTop articleLink--focusImage\" style=\"\">\r\n\t\t\t\t\t\r\n\t\t\t<a href=\"https:\/\/www.justiceinfo.net\/en\/155609-ukraine-has-done-itself-and-international-law-a-service.html\" class=\"articleLinkImageContainer backgroundImageTagContainer\"><img loading=\"lazy\" decoding=\"async\" width=\"540\" height=\"360\" src=\"https:\/\/www.justiceinfo.net\/wp-content\/uploads\/Ukraine_Frederic-Megret_Grand-entretien_portrait_@Benoit-Peyrucq-Justice-Info-540x360.jpg\" class=\"articleLinkImage backgroundImageTag w-100 wp-post-image\" alt=\"Portrait (drawing) of Fr\u00e9d\u00e9ric M\u00e9gret (lawyer specialising in international law), who answers questions from Justice Info on Ukraine, the United States and international law more broadly.\" srcset=\"https:\/\/www.justiceinfo.net\/wp-content\/uploads\/Ukraine_Frederic-Megret_Grand-entretien_portrait_@Benoit-Peyrucq-Justice-Info-540x360.jpg 540w, https:\/\/www.justiceinfo.net\/wp-content\/uploads\/Ukraine_Frederic-Megret_Grand-entretien_portrait_@Benoit-Peyrucq-Justice-Info-1000x667.jpg 1000w, https:\/\/www.justiceinfo.net\/wp-content\/uploads\/Ukraine_Frederic-Megret_Grand-entretien_portrait_@Benoit-Peyrucq-Justice-Info-1110x740.jpg 1110w, https:\/\/www.justiceinfo.net\/wp-content\/uploads\/Ukraine_Frederic-Megret_Grand-entretien_portrait_@Benoit-Peyrucq-Justice-Info.jpg 1200w\" sizes=\"auto, (max-width: 540px) 100vw, 540px\" \/><\/a>\r\n\t\t\t<div class=\"articleLinkContent\">\r\n\t\t\t\t<ul class=\"postTags\"><li class=\"postTagItem\"><a href=\"https:\/\/www.justiceinfo.net\/en\/regions\/ukraine\" class=\"postTagItem-link postTag--location\">Ukraine<\/a><\/li><li class=\"postTagItem\"><a href=\"https:\/\/www.justiceinfo.net\/en\/justiceinfo-comment-and-debate\/in-depth-interviews\" class=\"postTagItem-link postTag--type\">In-Depth Interview<\/a><\/li><\/ul>\r\n\t\t\t\t<a href=\"https:\/\/www.justiceinfo.net\/en\/155609-ukraine-has-done-itself-and-international-law-a-service.html\" class=\"articleLinkTitle articleLinkTitle--default\">\r\n\t\t\t\u201cUkraine has done itself and international law a service\u201d\r\n\t\t<\/a>\r\n\t\t\t\t<div class=\"articleLinkMetas\">\r\n\t\t\t\t\t<span class=\"articleLinkDate\">23 February 2026<\/span>\r\n\t\t\t\t\t<span class=\"articleLinkAuthors\">by Franck Petit<\/span>\r\n\t\t\t\t<\/div>\r\n\t\t\t\t<a class=\"articleLinkExcerpt\" href=\"https:\/\/www.justiceinfo.net\/en\/155609-ukraine-has-done-itself-and-international-law-a-service.html\">After four years of war in Ukraine and a year since Donald Trump returned to power, international law seems more threatened than ever, and its role in peace negotiations is being challenged. But the example of Ukraine, which is establishing a \u201cregional\u201d tribunal for the crime of aggression created by the Council of Europe, shows us \u201ca space for the extension and survival of international law even at the worst moment of its crisis,\u201d according to Fr\u00e9d\u00e9ric M\u00e9gret.<\/a>\r\n\t\t\t\t\r\n\t\t\t<\/div>\r\n\t\t\r\n\t\t\t\t<\/div><div class=\"articleLink articleLink--focusImageLeft articleLink--textInImage articleLink--textTop articleLink--focusImage\" style=\"\">\r\n\t\t\t\t\t\r\n\t\t\t<a href=\"https:\/\/www.justiceinfo.net\/en\/153370-justice-for-syria-who-is-doing-what.html\" class=\"articleLinkImageContainer backgroundImageTagContainer\"><img loading=\"lazy\" decoding=\"async\" width=\"540\" height=\"360\" src=\"https:\/\/www.justiceinfo.net\/wp-content\/uploads\/Justice-for-Syria_1920x1280_@AFP-Justice-Info-540x360.jpg\" class=\"articleLinkImage backgroundImageTag w-100 wp-post-image\" alt=\"Justice for Syria: what are the various initiatives for justice for Syria around the world, at the national level (in Syria or elsewhere, under universal jurisdiction) or at the international level (via the ICJ and UN bodies)? Image: world map with a photo of Sednaya prison (Syria) seen from the air and a portrait of Bashar al-Assad superimposed on it.\" srcset=\"https:\/\/www.justiceinfo.net\/wp-content\/uploads\/Justice-for-Syria_1920x1280_@AFP-Justice-Info-540x360.jpg 540w, https:\/\/www.justiceinfo.net\/wp-content\/uploads\/Justice-for-Syria_1920x1280_@AFP-Justice-Info-1536x1024.jpg 1536w, https:\/\/www.justiceinfo.net\/wp-content\/uploads\/Justice-for-Syria_1920x1280_@AFP-Justice-Info-1000x667.jpg 1000w, https:\/\/www.justiceinfo.net\/wp-content\/uploads\/Justice-for-Syria_1920x1280_@AFP-Justice-Info-1110x740.jpg 1110w, https:\/\/www.justiceinfo.net\/wp-content\/uploads\/Justice-for-Syria_1920x1280_@AFP-Justice-Info.jpg 1920w\" sizes=\"auto, (max-width: 540px) 100vw, 540px\" \/><\/a>\r\n\t\t\t<div class=\"articleLinkContent\">\r\n\t\t\t\t<ul class=\"postTags\"><li class=\"postTagItem\"><a href=\"https:\/\/www.justiceinfo.net\/en\/regions\/syria\" class=\"postTagItem-link postTag--location\">Syria<\/a><\/li><li class=\"postTagItem\"><a href=\"https:\/\/www.justiceinfo.net\/en\/infographics\" class=\"postTagItem-link postTag--type\">Infographic<\/a><\/li><\/ul>\r\n\t\t\t\t<a href=\"https:\/\/www.justiceinfo.net\/en\/153370-justice-for-syria-who-is-doing-what.html\" class=\"articleLinkTitle articleLinkTitle--default\">\r\n\t\t\tJustice for Syria: who is doing what?\r\n\t\t<\/a>\r\n\t\t\t\t<div class=\"articleLinkMetas\">\r\n\t\t\t\t\t<span class=\"articleLinkDate\">8 December 2025<\/span>\r\n\t\t\t\t\t<span class=\"articleLinkAuthors\">by Hannah El-Hitami<\/span>\r\n\t\t\t\t<\/div>\r\n\t\t\t\t<a class=\"articleLinkExcerpt\" href=\"https:\/\/www.justiceinfo.net\/en\/153370-justice-for-syria-who-is-doing-what.html\">One year after the fall of Bashar al-Assad, on 7 December 2024, the landscape of justice for grave violations of international law in Syria has transformed. Some transitional justice institutions have been established in Syria. And there have never been so many active Syrian cases under universal jurisdiction.\u00a0<\/a>\r\n\t\t\t\t\r\n\t\t\t<\/div>\r\n\t\t\r\n\t\t\t\t<\/div><div class=\"articleLink articleLink--focusImageRight articleLink--textInImage articleLink--textTop articleLink--focusImage\" style=\"\">\r\n\t\t\t\t\t\r\n\t\t\t<a href=\"https:\/\/www.justiceinfo.net\/en\/151753-justice-for-gaza-who-is-doing-what.html\" class=\"articleLinkImageContainer backgroundImageTagContainer\"><img loading=\"lazy\" decoding=\"async\" width=\"540\" height=\"360\" src=\"https:\/\/www.justiceinfo.net\/wp-content\/uploads\/Palestine_Justice-for-Gaza_1920x1280_@AFP-Justice-Info-540x360.jpg\" class=\"articleLinkImage backgroundImageTag w-100 wp-post-image\" alt=\"Justice for Gaza: what are the various initiatives for justice for Gaza around the world, at the national and international levels (via the ICC, the ICJ, and the UN)? Image: world map with a photo of a completely destroyed street in Gaza, seen from the sky, superimposed on it.\" srcset=\"https:\/\/www.justiceinfo.net\/wp-content\/uploads\/Palestine_Justice-for-Gaza_1920x1280_@AFP-Justice-Info-540x360.jpg 540w, https:\/\/www.justiceinfo.net\/wp-content\/uploads\/Palestine_Justice-for-Gaza_1920x1280_@AFP-Justice-Info-1536x1024.jpg 1536w, https:\/\/www.justiceinfo.net\/wp-content\/uploads\/Palestine_Justice-for-Gaza_1920x1280_@AFP-Justice-Info-1000x667.jpg 1000w, https:\/\/www.justiceinfo.net\/wp-content\/uploads\/Palestine_Justice-for-Gaza_1920x1280_@AFP-Justice-Info-1110x740.jpg 1110w, https:\/\/www.justiceinfo.net\/wp-content\/uploads\/Palestine_Justice-for-Gaza_1920x1280_@AFP-Justice-Info.jpg 1920w\" sizes=\"auto, (max-width: 540px) 100vw, 540px\" \/><\/a>\r\n\t\t\t<div class=\"articleLinkContent\">\r\n\t\t\t\t<ul class=\"postTags\"><li class=\"postTagItem\"><a href=\"https:\/\/www.justiceinfo.net\/en\/regions\/palestine\" class=\"postTagItem-link postTag--location\">Palestine<\/a><\/li><li class=\"postTagItem\"><a href=\"https:\/\/www.justiceinfo.net\/en\/infographics\" class=\"postTagItem-link postTag--type\">Infographic<\/a><\/li><\/ul>\r\n\t\t\t\t<a href=\"https:\/\/www.justiceinfo.net\/en\/151753-justice-for-gaza-who-is-doing-what.html\" class=\"articleLinkTitle articleLinkTitle--default\">\r\n\t\t\tJustice for Gaza: who is doing what?\r\n\t\t<\/a>\r\n\t\t\t\t<div class=\"articleLinkMetas\">\r\n\t\t\t\t\t<span class=\"articleLinkDate\">4 November 2025<\/span>\r\n\t\t\t\t\t<span class=\"articleLinkAuthors\">by Golnouche K. Barzegar<\/span>\r\n\t\t\t\t<\/div>\r\n\t\t\t\t<a class=\"articleLinkExcerpt\" href=\"https:\/\/www.justiceinfo.net\/en\/151753-justice-for-gaza-who-is-doing-what.html\">It\u2019s a battle outside the battlefield, and it is worrying the State of Israel: in January 2025, the Israeli army&nbsp;warned&nbsp;its soldiers about possible arrests when they travel abroad. Since the start of the offensive in Gaza launched after the attack on October 7, 2023, two international courts have been seized: the International Criminal Court, which has issued arrest warrants, and the International Court of Justice, whose decisions have been supported by resolutions of the UN General Assembly. At the same time, the Human Rights Council has set up a commission, which has concluded that a \u201cgenocide\u201d is taking place. Finally, complaints have been filed in dozens of national courts, and universal jurisdiction proceedings have been opened around the world.<\/a>\r\n\t\t\t\t\r\n\t\t\t<\/div>\r\n\t\t\r\n\t\t\t\t<\/div><div class=\"articleLink articleLink--focusImageLeft articleLink--textInImage articleLink--textTop articleLink--focusImage\" style=\"\">\r\n\t\t\t\t\t\r\n\t\t\t<a href=\"https:\/\/www.justiceinfo.net\/en\/152244-wiping-the-slate-meant-erasing-everything-our-property-our-people.html\" class=\"articleLinkImageContainer backgroundImageTagContainer\"><img loading=\"lazy\" decoding=\"async\" width=\"540\" height=\"360\" src=\"https:\/\/www.justiceinfo.net\/wp-content\/uploads\/RDCongo_foret-Ituri-chemin_@Alexis-Huguet-AFP-540x360.jpg\" class=\"articleLinkImage backgroundImageTag w-100 wp-post-image\" alt=\"In the footsteps of Roger Lumbala, on trial in France for crimes committed in the Democratic Republic of Congo (DRC). Photo: Path under the trees in the heart of the equatorial forest in Ituri. People walk or ride motorcycles in a mystical, luminous atmosphere.\" srcset=\"https:\/\/www.justiceinfo.net\/wp-content\/uploads\/RDCongo_foret-Ituri-chemin_@Alexis-Huguet-AFP-540x360.jpg 540w, https:\/\/www.justiceinfo.net\/wp-content\/uploads\/RDCongo_foret-Ituri-chemin_@Alexis-Huguet-AFP-1000x667.jpg 1000w, https:\/\/www.justiceinfo.net\/wp-content\/uploads\/RDCongo_foret-Ituri-chemin_@Alexis-Huguet-AFP-1110x740.jpg 1110w, https:\/\/www.justiceinfo.net\/wp-content\/uploads\/RDCongo_foret-Ituri-chemin_@Alexis-Huguet-AFP.jpg 1200w\" sizes=\"auto, (max-width: 540px) 100vw, 540px\" \/><\/a>\r\n\t\t\t<div class=\"articleLinkContent\">\r\n\t\t\t\t<ul class=\"postTags\"><li class=\"postTagItem\"><a href=\"https:\/\/www.justiceinfo.net\/en\/regions\/democratic-republic-of-congo\" class=\"postTagItem-link postTag--location\">Dem. Rep. Of Congo<\/a><\/li><li class=\"postTagItem\"><a href=\"https:\/\/www.justiceinfo.net\/en\/reportages\" class=\"postTagItem-link postTag--type\">Report<\/a><\/li><\/ul>\r\n\t\t\t\t<a href=\"https:\/\/www.justiceinfo.net\/en\/152244-wiping-the-slate-meant-erasing-everything-our-property-our-people.html\" class=\"articleLinkTitle articleLinkTitle--default\">\r\n\t\t\t\u201cWiping the slate meant erasing everything: our property, our people\u201d\r\n\t\t<\/a>\r\n\t\t\t\t<div class=\"articleLinkMetas\">\r\n\t\t\t\t\t<span class=\"articleLinkDate\">14 November 2025<\/span>\r\n\t\t\t\t\t<span class=\"articleLinkAuthors\">by Claude Sengenya<\/span>\r\n\t\t\t\t<\/div>\r\n\t\t\t\t<a class=\"articleLinkExcerpt\" href=\"https:\/\/www.justiceinfo.net\/en\/152244-wiping-the-slate-meant-erasing-everything-our-property-our-people.html\">In Mambasa, deep in Democratic Republic of Congo equatorial forest, we trace crimes that are being tried 6,000 kilometres away in Paris, in Roger Lumbala\u2019s trial that opened on November 12.<\/a>\r\n\t\t\t\t\r\n\t\t\t<\/div>\r\n\t\t\r\n\t\t\t\t<\/div>[\/vc_column][\/vc_row][vc_row equal_height=\"yes\" el_class=\"container-fluid container-xl p-0 focusList\"][vc_column width=\"1\/2\"]<div class=\"articleLink articleLink--focusCountry articleLink--textInImage articleLink--textTop\" style=\"\">\r\n\t\t\t\t\t\r\n\t\t\t<div class=\"articleLinkLocationAndDate\">\r\n\t\t\t\t<a href=\"https:\/\/www.justiceinfo.net\/en\/regions\/syria\" class=\"articleLinkLocation\">Syria<\/a>\r\n\t\t\t\t<div class=\"articleLinkDate\">14 April 2026<\/div>\r\n\t\t\t<\/div>\r\n\t\t\t<a href=\"https:\/\/www.justiceinfo.net\/en\/157907-tough-verdict-cement-group-lafarge.html\" class=\"articleLinkTitle articleLinkTitle--default\">\r\n\t\t\tTough verdict against cement group Lafarge\r\n\t\t<\/a>\r\n\t\t\r\n\t\t\t\t<\/div>[\/vc_column][vc_column width=\"1\/2\"]<div class=\"articleLink articleLink--focusCountry articleLink--textInImage articleLink--textTop\" style=\"\">\r\n\t\t\t\t\t\r\n\t\t\t<div class=\"articleLinkLocationAndDate\">\r\n\t\t\t\t<a href=\"https:\/\/www.justiceinfo.net\/en\/regions\/palestine\" class=\"articleLinkLocation\">Palestine<\/a>\r\n\t\t\t\t<div class=\"articleLinkDate\">20 March 2026<\/div>\r\n\t\t\t<\/div>\r\n\t\t\t<a href=\"https:\/\/www.justiceinfo.net\/en\/156738-we-are-like-outcasts.html\" class=\"articleLinkTitle articleLinkTitle--default\">\r\n\t\t\t\u201cWe are like outcasts\u201d\r\n\t\t<\/a>\r\n\t\t\r\n\t\t\t\t<\/div>[\/vc_column][\/vc_row][vc_row equal_height=\"yes\" el_class=\"container-fluid container-xl p-0 focusList\"][vc_column width=\"1\/2\"]<div class=\"articleLink articleLink--focusCountry articleLink--textInImage articleLink--textTop\" style=\"\">\r\n\t\t\t\t\t\r\n\t\t\t<div class=\"articleLinkLocationAndDate\">\r\n\t\t\t\t<a href=\"https:\/\/www.justiceinfo.net\/en\/regions\/philippines\" class=\"articleLinkLocation\">Philippines<\/a>\r\n\t\t\t\t<div class=\"articleLinkDate\">2 March 2026<\/div>\r\n\t\t\t<\/div>\r\n\t\t\t<a href=\"https:\/\/www.justiceinfo.net\/en\/155870-targeted-charges-against-duterte-at-the-icc.html\" class=\"articleLinkTitle articleLinkTitle--default\">\r\n\t\t\tTargeted charges against Duterte at the ICC\r\n\t\t<\/a>\r\n\t\t\r\n\t\t\t\t<\/div>[\/vc_column][vc_column width=\"1\/2\"]<div class=\"articleLink articleLink--focusCountry articleLink--textInImage articleLink--textTop\" style=\"\">\r\n\t\t\t\t\t\r\n\t\t\t<div class=\"articleLinkLocationAndDate\">\r\n\t\t\t\t<a href=\"https:\/\/www.justiceinfo.net\/en\/regions\/democratic-republic-of-congo\" class=\"articleLinkLocation\">Dem. Rep. Of Congo<\/a>\r\n\t\t\t\t<div class=\"articleLinkDate\">19 January 2026<\/div>\r\n\t\t\t<\/div>\r\n\t\t\t<a href=\"https:\/\/www.justiceinfo.net\/en\/154432-universal-jurisdiction-as-justice-the-lumbala-trial-in-question.html\" class=\"articleLinkTitle articleLinkTitle--default\">\r\n\t\t\tUniversal Jurisdiction as Justice: the Lumbala trial in question\r\n\t\t<\/a>\r\n\t\t\r\n\t\t\t\t<\/div>[\/vc_column][\/vc_row][vc_row equal_height=\"yes\" el_class=\"container-fluid container-xl p-0 focusList\"][vc_column width=\"1\/2\"]<div class=\"articleLink articleLink--focusCountry articleLink--textInImage articleLink--textTop\" style=\"\">\r\n\t\t\t\t\t\r\n\t\t\t<div class=\"articleLinkLocationAndDate\">\r\n\t\t\t\t<a href=\"https:\/\/www.justiceinfo.net\/en\/regions\/colombia\" class=\"articleLinkLocation\">Colombia<\/a>\r\n\t\t\t\t<div class=\"articleLinkDate\">24 March 2026<\/div>\r\n\t\t\t<\/div>\r\n\t\t\t<a href=\"https:\/\/www.justiceinfo.net\/en\/156921-a-tale-of-one-crime-and-two-different-justice-systems.html\" class=\"articleLinkTitle articleLinkTitle--default\">\r\n\t\t\tA tale of one crime and two different justice systems\r\n\t\t<\/a>\r\n\t\t\r\n\t\t\t\t<\/div>[\/vc_column][vc_column width=\"1\/2\"]<div class=\"articleLink articleLink--focusCountry articleLink--textInImage articleLink--textTop\" style=\"\">\r\n\t\t\t\t\t\r\n\t\t\t<div class=\"articleLinkLocationAndDate\">\r\n\t\t\t\t<a href=\"https:\/\/www.justiceinfo.net\/en\/regions\/central-african-republic\" class=\"articleLinkLocation\">Central African Republic<\/a>\r\n\t\t\t\t<div class=\"articleLinkDate\">17 April 2026<\/div>\r\n\t\t\t<\/div>\r\n\t\t\t<a href=\"https:\/\/www.justiceinfo.net\/en\/158091-cps-the-other-headless-court.html\" class=\"articleLinkTitle articleLinkTitle--default\">\r\n\t\t\tCPS, the other \u201cheadless\u201d court\r\n\t\t<\/a>\r\n\t\t\r\n\t\t\t\t<\/div>[\/vc_column][\/vc_row][vc_row el_class=\"container-fluid container-xl p-0\"][vc_column][vc_raw_html el_id=\"allJiBar\" el_class=\"mb-md-5 mt-md-4\"]JTNDYSUyMGhyZWYlM0QlMjJodHRwcyUzQSUyRiUyRnd3dy5qdXN0aWNlaW5mby5uZXQlMkZlbiUyRm5ld3MlMjIlMjBjbGFzcyUzRCUyMmFsbEppQmFyLWxpbmslMjBkLWZsZXglMjBwLTMlMjBiZy1saWdodCUyMGp1c3RpZnktY29udGVudC1iZXR3ZWVuJTIwYWxpZ24taXRlbXMtY2VudGVyJTIwZmxleC13cmFwJTIwZmxleC1tZC1ub3dyYXAlMjIlM0UlM0NoMiUyMGNsYXNzJTNEJTIyYWxsSmlCYXItdGl0bGUlMjBmbGV4LWdyb3ctMSUyMiUzRUFsbCUyMEp1c3RpY2UlMjBJbmZvJTNDJTJGaDIlM0UlM0NzcGFuJTIwY2xhc3MlM0QlMjJvcmRlci0zJTIwb3JkZXItbWQtMiUyMG10LTIlMjBtdC1tZC0wJTIyJTNFQWxsJTIwb3VyJTIwb3JpZ2luYWwlMjBwdWJsaWNhdGlvbnMlMjBsaXN0ZWQlMjBpbiUyMGNocm9ub2xvZ2ljYWwlMjBvcmRlciUzQyUyRnNwYW4lM0UlM0NzcGFuJTIwY2xhc3MlM0QlMjJhbGxKaUJhci1wbHVzJTIwcGx1cy1waWN0byUyMG9yZGVyLTIlMjBvcmRlci1tZC0zJTIwbXMtbWQtNCUyMiUzRSUyQiUzQyUyRnNwYW4lM0UlM0MlMkZhJTNF[\/vc_raw_html][\/vc_column][\/vc_row][vc_row equal_height=\"yes\" el_class=\"container-fluid container-xl p-0\"][vc_column width=\"2\/3\"]<div class=\"articleList articleList--afp\">\r\n\t\t\t\t\t\t<h2 class=\"articleListTitle\">International justice news, according to AFP<\/h2>\r\n\t\t\t\t\t\t<div class=\"articleList-items\"><a href=\"https:\/\/www.justiceinfo.net\/en\/158554-icc-orders-8-5mn-compensation-for-victims-of-malian-war-criminal.html\" class=\"articleLink articleLink--news articleLink--textInImage articleLink--textTop\" style=\"\">\r\n\t\t\t\t\t\r\n\t\t\t<span class=\"articleLinkDate\">28 April 2026<\/span>\r\n\t\t\t<span class=\"articleLinkTitle\">ICC orders $8.5mn compensation for victims of Malian war criminal<\/span>\r\n\t\t\r\n\t\t\t\t<\/a><a href=\"https:\/\/www.justiceinfo.net\/en\/158482-21-killed-in-deadliest-colombia-bombing-in-decades.html\" class=\"articleLink articleLink--news articleLink--textInImage articleLink--textTop\" style=\"\">\r\n\t\t\t\t\t\r\n\t\t\t<span class=\"articleLinkDate\">27 April 2026<\/span>\r\n\t\t\t<span class=\"articleLinkTitle\">21 killed in deadliest Colombia bombing in decades<\/span>\r\n\t\t\r\n\t\t\t\t<\/a><a href=\"https:\/\/www.justiceinfo.net\/en\/158433-east-jerusalem-residents-anguished-as-homes-demolished-to-make-way-for-biblical-park.html\" class=\"articleLink articleLink--news articleLink--textInImage articleLink--textTop\" style=\"\">\r\n\t\t\t\t\t\r\n\t\t\t<span class=\"articleLinkDate\">26 April 2026<\/span>\r\n\t\t\t<span class=\"articleLinkTitle\">East Jerusalem residents anguished as homes demolished to make way for biblical park<\/span>\r\n\t\t\r\n\t\t\t\t<\/a><a href=\"https:\/\/www.justiceinfo.net\/en\/158408-press-release-from-business-wire-aop-orphan-pharmaceuticals-gmbh.html\" class=\"articleLink articleLink--news articleLink--textInImage articleLink--textTop\" style=\"\">\r\n\t\t\t\t\t\r\n\t\t\t<span class=\"articleLinkDate\">24 April 2026<\/span>\r\n\t\t\t<span class=\"articleLinkTitle\">Press Release from Business Wire: AOP Orphan Pharmaceuticals GmbH<\/span>\r\n\t\t\r\n\t\t\t\t<\/a><a href=\"https:\/\/www.justiceinfo.net\/en\/158401-serb-separatists-jailed-over-deadly-kosovo-attack.html\" class=\"articleLink articleLink--news articleLink--textInImage articleLink--textTop\" style=\"\">\r\n\t\t\t\t\t\r\n\t\t\t<span class=\"articleLinkDate\">24 April 2026<\/span>\r\n\t\t\t<span class=\"articleLinkTitle\">Serb separatists jailed over deadly Kosovo attack<\/span>\r\n\t\t\r\n\t\t\t\t<\/a><a href=\"https:\/\/www.justiceinfo.net\/en\/158375-stuffed-toys-in-us-capital-symbolize-displaced-ukrainian-children.html\" class=\"articleLink articleLink--news articleLink--textInImage articleLink--textTop\" style=\"\">\r\n\t\t\t\t\t\r\n\t\t\t<span class=\"articleLinkDate\">23 April 2026<\/span>\r\n\t\t\t<span class=\"articleLinkTitle\">Stuffed toys in US capital symbolize displaced Ukrainian children<\/span>\r\n\t\t\r\n\t\t\t\t<\/a><a href=\"https:\/\/www.justiceinfo.net\/en\/158373-us-invites-putin-to-g20-summit-but-trump-doubts-hell-come.html\" class=\"articleLink articleLink--news articleLink--textInImage articleLink--textTop\" style=\"\">\r\n\t\t\t\t\t\r\n\t\t\t<span class=\"articleLinkDate\">23 April 2026<\/span>\r\n\t\t\t<span class=\"articleLinkTitle\">US invites Putin to G20 summit but Trump doubts he'll come<\/span>\r\n\t\t\r\n\t\t\t\t<\/a><a href=\"https:\/\/www.justiceinfo.net\/en\/158369-g20-summit-invites-to-include-russia-us-official.html\" class=\"articleLink articleLink--news articleLink--textInImage articleLink--textTop\" style=\"\">\r\n\t\t\t\t\t\r\n\t\t\t<span class=\"articleLinkDate\">23 April 2026<\/span>\r\n\t\t\t<span class=\"articleLinkTitle\">G20 summit invites to include Russia: US official<\/span>\r\n\t\t\r\n\t\t\t\t<\/a><a href=\"https:\/\/www.justiceinfo.net\/en\/158323-lebanon-leaders-accuse-israel-of-war-crime-after-journalist-killed.html\" class=\"articleLink articleLink--news articleLink--textInImage articleLink--textTop\" style=\"\">\r\n\t\t\t\t\t\r\n\t\t\t<span class=\"articleLinkDate\">23 April 2026<\/span>\r\n\t\t\t<span class=\"articleLinkTitle\">Lebanon leaders accuse Israel of war crime after journalist killed<\/span>\r\n\t\t\r\n\t\t\t\t<\/a><a href=\"https:\/\/www.justiceinfo.net\/en\/156470-war-in-the-middle-east-latest-developments.html\" class=\"articleLink articleLink--news articleLink--textInImage articleLink--textTop\" style=\"\">\r\n\t\t\t\t\t\r\n\t\t\t<span class=\"articleLinkDate\">23 April 2026<\/span>\r\n\t\t\t<span class=\"articleLinkTitle\">War in the Middle East: latest developments<\/span>\r\n\t\t\r\n\t\t\t\t<\/a><\/div>\r\n\t\t\t\t\t\t<a href=\"\/en\/live-feed\" class=\"articleList-footer\">\r\n\t\t\t\t\t\t\t<span class=\"articleList-footerPlus plus-picto\">+<\/span>\r\n\t\t\t\t\t\t\tAll AFP dispatches\r\n\t\t\t\t\t\t<\/a>\r\n\t\t\t\t\t<\/div>[\/vc_column][vc_column width=\"1\/3\" el_class=\"fullHeight\"][vc_single_image image=\"143240\" img_size=\"full\" onclick=\"custom_link\" el_class=\"fullwidthYellowImage mt-4 mt-md-0\" link=\"\/en\/support-us\"][\/vc_column][\/vc_row]<\/p>\n","protected":false},"excerpt":{"rendered":"<p>[vc_row el_class=\"container-fluid container-xl p-0\"][vc_column][vc_row_inner disable_element=\"yes\"][vc_column_inner][vc_message style=\"square\" message_box_color=\"black\" css=\".vc_custom_1766397155633{background-color: #000000 !important;}\"]Justice Info is taking a break. We will be back on January 5.[\/vc_message][\/vc_column_inner][\/vc_row_inner][vc_row_inner][vc_column_inner][\/vc_column_inner][\/vc_row_inner][vc_row_inner disable_element=\"yes\"][vc_column_inner width=\"2\/3\"][\/vc_column_inner][vc_column_inner width=\"1\/3\"][\/vc_column_inner][\/vc_row_inner][vc_row_inner][vc_column_inner width=\"1\/3\"][\/vc_column_inner][vc_column_inner width=\"1\/3\"][\/vc_column_inner][vc_column_inner width=\"1\/3\"][\/vc_column_inner][\/vc_row_inner][vc_row_inner][vc_column_inner][vc_empty_space height=\"30px\"][\/vc_column_inner][\/vc_row_inner][vc_row_inner][vc_column_inner width=\"2\/3\"][\/vc_column_inner][vc_column_inner width=\"1\/3\"][\/vc_column_inner][\/vc_row_inner][vc_row_inner][vc_column_inner][vc_empty_space height=\"30px\"][\/vc_column_inner][\/vc_row_inner][\/vc_column][\/vc_row][vc_row el_class=\"container-fluid\"][vc_column][\/vc_column][\/vc_row][vc_row el_class=\"container-fluid container-xl p-0 mt-5\"][vc_column][\/vc_column][\/vc_row][vc_row equal_height=\"yes\" el_class=\"container-fluid container-xl p-0 focusList\"][vc_column width=\"1\/2\"][\/vc_column][vc_column width=\"1\/2\"][\/vc_column][\/vc_row][vc_row equal_height=\"yes\" el_class=\"container-fluid container-xl p-0 focusList\"][vc_column width=\"1\/2\"][\/vc_column][vc_column width=\"1\/2\"][\/vc_column][\/vc_row][vc_row equal_height=\"yes\" el_class=\"container-fluid container-xl p-0 [&hellip;]<\/p>\n","protected":false},"author":166,"featured_media":113678,"parent":0,"menu_order":0,"comment_status":"closed","ping_status":"closed","template":"","meta":{"_acf_changed":false,"footnotes":""},"class_list":["post-44415","page","type-page","status-publish","has-post-thumbnail","hentry"],"acf":[],"yoast_head":"<!-- This site is optimized with the Yoast SEO Premium plugin v25.3.1 (Yoast SEO v25.3.1) - https:\/\/yoast.com\/wordpress\/plugins\/seo\/ -->\n<title>International justice and international law: all the latest news<\/title>\n<meta name=\"description\" content=\"Justice Info is the leading news website on international justice and international law providing expert analysis, opinion pieces, and podcasts.\" \/>\n<meta name=\"robots\" content=\"index, follow, max-snippet:-1, max-image-preview:large, max-video-preview:-1\" \/>\n<link rel=\"canonical\" href=\"https:\/\/www.justiceinfo.net\/en\" \/>\n<meta property=\"og:locale\" content=\"en_US\" \/>\n<meta property=\"og:type\" content=\"article\" \/>\n<meta property=\"og:title\" content=\"International justice and international law: all the latest news\" \/>\n<meta property=\"og:description\" content=\"Justice Info is the leading news website on international justice and international law providing expert analysis, opinion pieces, and podcasts.\" \/>\n<meta property=\"og:url\" content=\"https:\/\/www.justiceinfo.net\/en\" \/>\n<meta property=\"og:site_name\" content=\"JusticeInfo.net\" \/>\n<meta property=\"article:publisher\" content=\"https:\/\/www.facebook.com\/JusticeInfo\/\" \/>\n<meta property=\"article:modified_time\" content=\"2026-04-28T09:31:30+00:00\" \/>\n<meta property=\"og:image\" content=\"https:\/\/www.justiceinfo.net\/wp-content\/uploads\/Justice-Info_justice-internationale.jpg\" \/>\n\t<meta property=\"og:image:width\" content=\"628\" \/>\n\t<meta property=\"og:image:height\" content=\"628\" \/>\n\t<meta property=\"og:image:type\" content=\"image\/jpeg\" \/>\n<meta name=\"twitter:card\" content=\"summary_large_image\" \/>\n<meta name=\"twitter:title\" content=\"News and information on international justice and international law\" \/>\n<meta name=\"twitter:image\" content=\"https:\/\/www.justiceinfo.net\/wp-content\/uploads\/JusticeInfoNet_logo_1200x630px.jpg\" \/>\n<meta name=\"twitter:site\" content=\"@justiceinfonet\" \/>\n<meta name=\"twitter:label1\" content=\"Est. reading time\" \/>\n\t<meta name=\"twitter:data1\" content=\"4 minutes\" \/>\n<script type=\"application\/ld+json\" class=\"yoast-schema-graph\">{\"@context\":\"https:\/\/schema.org\",\"@graph\":[{\"@type\":\"WebPage\",\"@id\":\"https:\/\/www.justiceinfo.net\/en\",\"url\":\"https:\/\/www.justiceinfo.net\/en\",\"name\":\"International justice and international law: all the latest news\",\"isPartOf\":{\"@id\":\"https:\/\/www.justiceinfo.net\/en\/#website\"},\"primaryImageOfPage\":{\"@id\":\"https:\/\/www.justiceinfo.net\/en#primaryimage\"},\"image\":{\"@id\":\"https:\/\/www.justiceinfo.net\/en#primaryimage\"},\"thumbnailUrl\":\"https:\/\/www.justiceinfo.net\/wp-content\/uploads\/Justice-Info_justice-internationale.jpg\",\"datePublished\":\"2020-05-17T23:17:38+00:00\",\"dateModified\":\"2026-04-28T09:31:30+00:00\",\"description\":\"Justice Info is the leading news website on international justice and international law providing expert analysis, opinion pieces, and podcasts.\",\"breadcrumb\":{\"@id\":\"https:\/\/www.justiceinfo.net\/en#breadcrumb\"},\"inLanguage\":\"en-US\",\"potentialAction\":[{\"@type\":\"ReadAction\",\"target\":[\"https:\/\/www.justiceinfo.net\/en\"]}]},{\"@type\":\"ImageObject\",\"inLanguage\":\"en-US\",\"@id\":\"https:\/\/www.justiceinfo.net\/en#primaryimage\",\"url\":\"https:\/\/www.justiceinfo.net\/wp-content\/uploads\/Justice-Info_justice-internationale.jpg\",\"contentUrl\":\"https:\/\/www.justiceinfo.net\/wp-content\/uploads\/Justice-Info_justice-internationale.jpg\",\"width\":628,\"height\":628,\"caption\":\"International justice and international law: all the latest news is on Justice Info\"},{\"@type\":\"BreadcrumbList\",\"@id\":\"https:\/\/www.justiceinfo.net\/en#breadcrumb\",\"itemListElement\":[{\"@type\":\"ListItem\",\"position\":1,\"name\":\"Home\",\"item\":\"https:\/\/www.justiceinfo.net\/en\"},{\"@type\":\"ListItem\",\"position\":2,\"name\":\"News and information on international justice and international law\"}]},{\"@type\":\"WebSite\",\"@id\":\"https:\/\/www.justiceinfo.net\/en\/#website\",\"url\":\"https:\/\/www.justiceinfo.net\/en\/\",\"name\":\"JusticeInfo.net\",\"description\":\"For justice to be done, it must be seen\",\"publisher\":{\"@id\":\"https:\/\/www.justiceinfo.net\/en\/#organization\"},\"potentialAction\":[{\"@type\":\"SearchAction\",\"target\":{\"@type\":\"EntryPoint\",\"urlTemplate\":\"https:\/\/www.justiceinfo.net\/en\/?s={search_term_string}\"},\"query-input\":{\"@type\":\"PropertyValueSpecification\",\"valueRequired\":true,\"valueName\":\"search_term_string\"}}],\"inLanguage\":\"en-US\"},{\"@type\":\"Organization\",\"@id\":\"https:\/\/www.justiceinfo.net\/en\/#organization\",\"name\":\"Justice Info\",\"url\":\"https:\/\/www.justiceinfo.net\/en\/\",\"logo\":{\"@type\":\"ImageObject\",\"inLanguage\":\"en-US\",\"@id\":\"https:\/\/www.justiceinfo.net\/en\/#\/schema\/logo\/image\/\",\"url\":\"https:\/\/www.justiceinfo.net\/wp-content\/uploads\/justiceinfo_logo-trans_1200x1200px.png\",\"contentUrl\":\"https:\/\/www.justiceinfo.net\/wp-content\/uploads\/justiceinfo_logo-trans_1200x1200px.png\",\"width\":1199,\"height\":1200,\"caption\":\"Justice Info\"},\"image\":{\"@id\":\"https:\/\/www.justiceinfo.net\/en\/#\/schema\/logo\/image\/\"},\"sameAs\":[\"https:\/\/www.facebook.com\/JusticeInfo\/\",\"https:\/\/x.com\/justiceinfonet\",\"https:\/\/www.linkedin.com\/company\/justice-info\",\"https:\/\/www.youtube.com\/channel\/UCyCEsARodyuWtkWyhn-e7pA\"]}]}<\/script>\n<!-- \/ Yoast SEO Premium plugin. -->","yoast_head_json":{"title":"International justice and international law: all the latest news","description":"Justice Info is the leading news website on international justice and international law providing expert analysis, opinion pieces, and podcasts.","robots":{"index":"index","follow":"follow","max-snippet":"max-snippet:-1","max-image-preview":"max-image-preview:large","max-video-preview":"max-video-preview:-1"},"canonical":"https:\/\/www.justiceinfo.net\/en","og_locale":"en_US","og_type":"article","og_title":"International justice and international law: all the latest news","og_description":"Justice Info is the leading news website on international justice and international law providing expert analysis, opinion pieces, and podcasts.","og_url":"https:\/\/www.justiceinfo.net\/en","og_site_name":"JusticeInfo.net","article_publisher":"https:\/\/www.facebook.com\/JusticeInfo\/","article_modified_time":"2026-04-28T09:31:30+00:00","og_image":[{"width":628,"height":628,"url":"https:\/\/www.justiceinfo.net\/wp-content\/uploads\/Justice-Info_justice-internationale.jpg","type":"image\/jpeg"}],"twitter_card":"summary_large_image","twitter_title":"News and information on international justice and international law","twitter_image":"https:\/\/www.justiceinfo.net\/wp-content\/uploads\/JusticeInfoNet_logo_1200x630px.jpg","twitter_site":"@justiceinfonet","twitter_misc":{"Est. reading time":"4 minutes"},"schema":{"@context":"https:\/\/schema.org","@graph":[{"@type":"WebPage","@id":"https:\/\/www.justiceinfo.net\/en","url":"https:\/\/www.justiceinfo.net\/en","name":"International justice and international law: all the latest news","isPartOf":{"@id":"https:\/\/www.justiceinfo.net\/en\/#website"},"primaryImageOfPage":{"@id":"https:\/\/www.justiceinfo.net\/en#primaryimage"},"image":{"@id":"https:\/\/www.justiceinfo.net\/en#primaryimage"},"thumbnailUrl":"https:\/\/www.justiceinfo.net\/wp-content\/uploads\/Justice-Info_justice-internationale.jpg","datePublished":"2020-05-17T23:17:38+00:00","dateModified":"2026-04-28T09:31:30+00:00","description":"Justice Info is the leading news website on international justice and international law providing expert analysis, opinion pieces, and podcasts.","breadcrumb":{"@id":"https:\/\/www.justiceinfo.net\/en#breadcrumb"},"inLanguage":"en-US","potentialAction":[{"@type":"ReadAction","target":["https:\/\/www.justiceinfo.net\/en"]}]},{"@type":"ImageObject","inLanguage":"en-US","@id":"https:\/\/www.justiceinfo.net\/en#primaryimage","url":"https:\/\/www.justiceinfo.net\/wp-content\/uploads\/Justice-Info_justice-internationale.jpg","contentUrl":"https:\/\/www.justiceinfo.net\/wp-content\/uploads\/Justice-Info_justice-internationale.jpg","width":628,"height":628,"caption":"International justice and international law: all the latest news is on Justice Info"},{"@type":"BreadcrumbList","@id":"https:\/\/www.justiceinfo.net\/en#breadcrumb","itemListElement":[{"@type":"ListItem","position":1,"name":"Home","item":"https:\/\/www.justiceinfo.net\/en"},{"@type":"ListItem","position":2,"name":"News and information on international justice and international law"}]},{"@type":"WebSite","@id":"https:\/\/www.justiceinfo.net\/en\/#website","url":"https:\/\/www.justiceinfo.net\/en\/","name":"JusticeInfo.net","description":"For justice to be done, it must be seen","publisher":{"@id":"https:\/\/www.justiceinfo.net\/en\/#organization"},"potentialAction":[{"@type":"SearchAction","target":{"@type":"EntryPoint","urlTemplate":"https:\/\/www.justiceinfo.net\/en\/?s={search_term_string}"},"query-input":{"@type":"PropertyValueSpecification","valueRequired":true,"valueName":"search_term_string"}}],"inLanguage":"en-US"},{"@type":"Organization","@id":"https:\/\/www.justiceinfo.net\/en\/#organization","name":"Justice Info","url":"https:\/\/www.justiceinfo.net\/en\/","logo":{"@type":"ImageObject","inLanguage":"en-US","@id":"https:\/\/www.justiceinfo.net\/en\/#\/schema\/logo\/image\/","url":"https:\/\/www.justiceinfo.net\/wp-content\/uploads\/justiceinfo_logo-trans_1200x1200px.png","contentUrl":"https:\/\/www.justiceinfo.net\/wp-content\/uploads\/justiceinfo_logo-trans_1200x1200px.png","width":1199,"height":1200,"caption":"Justice Info"},"image":{"@id":"https:\/\/www.justiceinfo.net\/en\/#\/schema\/logo\/image\/"},"sameAs":["https:\/\/www.facebook.com\/JusticeInfo\/","https:\/\/x.com\/justiceinfonet","https:\/\/www.linkedin.com\/company\/justice-info","https:\/\/www.youtube.com\/channel\/UCyCEsARodyuWtkWyhn-e7pA"]}]}},"_links":{"self":[{"href":"https:\/\/www.justiceinfo.net\/en\/wp-json\/wp\/v2\/pages\/44415","targetHints":{"allow":["GET"]}}],"collection":[{"href":"https:\/\/www.justiceinfo.net\/en\/wp-json\/wp\/v2\/pages"}],"about":[{"href":"https:\/\/www.justiceinfo.net\/en\/wp-json\/wp\/v2\/types\/page"}],"author":[{"embeddable":true,"href":"https:\/\/www.justiceinfo.net\/en\/wp-json\/wp\/v2\/users\/166"}],"replies":[{"embeddable":true,"href":"https:\/\/www.justiceinfo.net\/en\/wp-json\/wp\/v2\/comments?post=44415"}],"version-history":[{"count":215,"href":"https:\/\/www.justiceinfo.net\/en\/wp-json\/wp\/v2\/pages\/44415\/revisions"}],"predecessor-version":[{"id":158550,"href":"https:\/\/www.justiceinfo.net\/en\/wp-json\/wp\/v2\/pages\/44415\/revisions\/158550"}],"wp:featuredmedia":[{"embeddable":true,"href":"https:\/\/www.justiceinfo.net\/en\/wp-json\/wp\/v2\/media\/113678"}],"wp:attachment":[{"href":"https:\/\/www.justiceinfo.net\/en\/wp-json\/wp\/v2\/media?parent=44415"}],"curies":[{"name":"wp","href":"https:\/\/api.w.org\/{rel}","templated":true}]}}