{"id":61148,"date":"2021-01-12T10:46:04","date_gmt":"2021-01-12T09:46:04","guid":{"rendered":"https:\/\/www.justiceinfo.net\/?page_id=61148"},"modified":"2024-06-24T13:11:18","modified_gmt":"2024-06-24T11:11:18","slug":"news","status":"publish","type":"page","link":"https:\/\/www.justiceinfo.net\/en\/news","title":{"rendered":"news"},"content":{"rendered":"\n<h2 class=\"wp-block-heading\" id=\"h-all-justice-info-articles-since-2015\">All Justice Info articles since 2015<\/h2>\n\n\n\n<p><em>All articles published on Justice Info (original and republications) are displayed on this page in chronological order. Only our <a href=\"https:\/\/www.justiceinfo.net\/en\/hirondellenews\"><u>Hirondelle News<\/u><\/a> archives and the <a href=\"https:\/\/www.justiceinfo.net\/en\/live-feed\"><u>AFP news feed<\/u><\/a> (except for dispatches edited by us<\/em>) <em>are excluded from this list.<\/em><\/p>\n\n\n\n<div style=\"height:15px\" aria-hidden=\"true\" class=\"wp-block-spacer\"><\/div>\n\n\n<\/div><div class=\"articleList\"><div class=\"container-fluid container-xl mt-5\"><div class=\"row\"><div class=\"col-sm-12\"><div class=\"articleLink articleLink--listLarge articleLink--textInImage articleLink--textTop\" style=\"\">\r\n\t\t\t\t\t<div class=\"row\">\r\n\t\t\t\t<div class=\"col-md-8\">\r\n\t\t\t\t\t<a href=\"https:\/\/www.justiceinfo.net\/en\/164507-how-south-african-judges-sent-shell-to-hell-with-panache.html\" class=\"articleLinkImageContainer \"><img loading=\"lazy\" decoding=\"async\" width=\"540\" height=\"360\" src=\"https:\/\/www.justiceinfo.net\/wp-content\/uploads\/AFP-9U23G7_South-Africa_shell-environment-protest_@Rodger-Bosch-AFP-540x360.jpg\" class=\"articleLinkImage backgroundImageTag w-100 wp-post-image\" alt=\"Protest against Shell in South Africa. A placard bears the slogan \u2018To hell with Shell\u2019.\" srcset=\"https:\/\/www.justiceinfo.net\/wp-content\/uploads\/AFP-9U23G7_South-Africa_shell-environment-protest_@Rodger-Bosch-AFP-540x360.jpg 540w, https:\/\/www.justiceinfo.net\/wp-content\/uploads\/AFP-9U23G7_South-Africa_shell-environment-protest_@Rodger-Bosch-AFP-1000x667.jpg 1000w, https:\/\/www.justiceinfo.net\/wp-content\/uploads\/AFP-9U23G7_South-Africa_shell-environment-protest_@Rodger-Bosch-AFP-1110x740.jpg 1110w, https:\/\/www.justiceinfo.net\/wp-content\/uploads\/AFP-9U23G7_South-Africa_shell-environment-protest_@Rodger-Bosch-AFP.jpg 1200w\" sizes=\"auto, (max-width: 540px) 100vw, 540px\" \/><\/a>\r\n\t\t\t\t<\/div>\r\n\t\t\t\t<div class=\"col-md-4\">\r\n\t\t\t\t\t<ul class=\"postTags\"><li class=\"postTagItem\"><a href=\"https:\/\/www.justiceinfo.net\/en\/regions\/south-africa\" class=\"postTagItem-link postTag--location\">South Africa<\/a><\/li><li class=\"postTagItem\"><a href=\"https:\/\/www.justiceinfo.net\/en\/justiceinfo-comment-and-debate\/opinion\" class=\"postTagItem-link postTag--type\">Opinion<\/a><\/li><\/ul>\r\n\t\t\t\t\t<a href=\"https:\/\/www.justiceinfo.net\/en\/164507-how-south-african-judges-sent-shell-to-hell-with-panache.html\" class=\"articleLinkTitle articleLinkTitle--default\">\r\n\t\t\tHow South African judges sent Shell to hell, with panache\r\n\t\t<\/a>\r\n\t\t\t\t\t<div class=\"articleLinkMetas\">\r\n\t\t\t\t\t\t<span class=\"articleLinkDate\">3 September 2026<\/span>\r\n\t\t\t\t\t\t<span class=\"articleLinkAuthors\">by Angela van der Berg<\/span>\r\n\t\t\t\t\t<\/div>\r\n\t\t\t\t\t<a class=\"articleLinkExcerpt\" href=\"https:\/\/www.justiceinfo.net\/en\/164507-how-south-african-judges-sent-shell-to-hell-with-panache.html\">Mid-August, South African judges delivered a magistral lesson in environmental justice and sent Shell oil plans in the Wild Coast packing. Their judgment is a milestone, argue the author, that puts climate change at \u201cthe centre of legal accountability\u201d.<\/a>\r\n\t\t\t\t<\/div>\r\n\t\t\t<\/div>\r\n\t\t\t\r\n\t\t\t\t<\/div><\/div><div class=\"col-12 col-md-4\"><div class=\"articleLink articleLink--list articleLink--textInImage articleLink--textTop\" style=\"\">\r\n\t\t\t\t\t\r\n\t\t\t<a href=\"https:\/\/www.justiceinfo.net\/en\/164337-war-compensations-for-ukrainians-a-slow-but-ongoing-process.html\" class=\"articleLinkImageContainer \"><img loading=\"lazy\" decoding=\"async\" width=\"540\" height=\"360\" src=\"https:\/\/www.justiceinfo.net\/wp-content\/uploads\/Ukraine_building-destruction-victims_@Yuriy-Dyachyshyn-AFP-540x360.jpg\" class=\"articleLinkImage backgroundImageTag w-100 wp-post-image\" alt=\"Damage caused by the war in Ukraine: what compensation is available for the victims? Photo: two people embracing, looking up at the sky, at the foot of a block of flats destroyed by a Russian missile.\" srcset=\"https:\/\/www.justiceinfo.net\/wp-content\/uploads\/Ukraine_building-destruction-victims_@Yuriy-Dyachyshyn-AFP-540x360.jpg 540w, https:\/\/www.justiceinfo.net\/wp-content\/uploads\/Ukraine_building-destruction-victims_@Yuriy-Dyachyshyn-AFP-1000x667.jpg 1000w, https:\/\/www.justiceinfo.net\/wp-content\/uploads\/Ukraine_building-destruction-victims_@Yuriy-Dyachyshyn-AFP-1110x740.jpg 1110w, https:\/\/www.justiceinfo.net\/wp-content\/uploads\/Ukraine_building-destruction-victims_@Yuriy-Dyachyshyn-AFP.jpg 1200w\" sizes=\"auto, (max-width: 540px) 100vw, 540px\" \/><\/a>\r\n\t\t\t<ul class=\"postTags\"><li class=\"postTagItem\"><a href=\"https:\/\/www.justiceinfo.net\/en\/regions\/ukraine\" class=\"postTagItem-link postTag--location\">Ukraine<\/a><\/li><\/ul>\r\n\t\t\t<a href=\"https:\/\/www.justiceinfo.net\/en\/164337-war-compensations-for-ukrainians-a-slow-but-ongoing-process.html\" class=\"articleLinkTitle articleLinkTitle--default\">\r\n\t\t\tWar compensations for Ukrainians: a slow but ongoing process\r\n\t\t<\/a>\r\n\t\t\t<div class=\"articleLinkMetas\">\r\n\t\t\t\t<span class=\"articleLinkDate\">1 September 2026<\/span>\r\n\t\t\t\t<span class=\"articleLinkAuthors\">by Natalia Naiduk<\/span>\r\n\t\t\t<\/div>\r\n\t\t\t<a class=\"articleLinkExcerpt\" href=\"https:\/\/www.justiceinfo.net\/en\/164337-war-compensations-for-ukrainians-a-slow-but-ongoing-process.html\">After more than four years of conflict, Ukrainians affected by the war have not received any compensation yet. But a reparations mechanism is slowly getting into place with the Register of damage, while some victims are also trying civil actions.<\/a>\r\n\t\t\r\n\t\t\t\t<\/div><\/div><div class=\"col-12 col-md-4\"><div class=\"articleLink articleLink--list articleLink--textInImage articleLink--textTop\" style=\"\">\r\n\t\t\t\t\t\r\n\t\t\t<a href=\"https:\/\/www.justiceinfo.net\/en\/164293-special-criminal-court-guen-trial-resumes-with-closing-arguments.html\" class=\"articleLinkImageContainer \"><img loading=\"lazy\" decoding=\"async\" width=\"540\" height=\"360\" src=\"https:\/\/www.justiceinfo.net\/wp-content\/uploads\/Centrafrique_proces-Guen-1_@Cour-Penale-Speciale-540x360.jpg\" class=\"articleLinkImage backgroundImageTag w-100 wp-post-image\" alt=\"Four defendants are on trial for war crimes and crimes against humanity in the Central African Republic. They are appearing before the Special Criminal Court (CPS) of the Central African Republic.\" srcset=\"\" sizes=\"auto, (max-width: 540px) 100vw, 540px\" \/><\/a>\r\n\t\t\t<ul class=\"postTags\"><li class=\"postTagItem\"><a href=\"https:\/\/www.justiceinfo.net\/en\/regions\/central-african-republic\" class=\"postTagItem-link postTag--location\">Central African Republic<\/a><\/li><\/ul>\r\n\t\t\t<a href=\"https:\/\/www.justiceinfo.net\/en\/164293-special-criminal-court-guen-trial-resumes-with-closing-arguments.html\" class=\"articleLinkTitle articleLinkTitle--default\">\r\n\t\t\tSpecial Criminal Court: Guen trial resumes with closing arguments\r\n\t\t<\/a>\r\n\t\t\t<div class=\"articleLinkMetas\">\r\n\t\t\t\t<span class=\"articleLinkDate\">31 August 2026<\/span>\r\n\t\t\t\t<span class=\"articleLinkAuthors\">by Andy Avila Bissayo<\/span>\r\n\t\t\t<\/div>\r\n\t\t\t<a class=\"articleLinkExcerpt\" href=\"https:\/\/www.justiceinfo.net\/en\/164293-special-criminal-court-guen-trial-resumes-with-closing-arguments.html\">The fourth trial at the Special Criminal Court begins its closing arguments on Monday August 31. Before the conclusion of hearings on June 11, Edmond Beina and Dieudonn\u00e9 Gomitoua traded accusations over the massacre of some 40 Muslims.<\/a>\r\n\t\t\r\n\t\t\t\t<\/div><\/div><div class=\"col-12 col-md-4\"><div class=\"articleLink articleLink--list articleLink--textInImage articleLink--textTop\" style=\"\">\r\n\t\t\t\t\t\r\n\t\t\t<a href=\"https:\/\/www.justiceinfo.net\/en\/164177-when-migrants-are-weaponized-what-can-international-law-do.html\" class=\"articleLinkImageContainer \"><img loading=\"lazy\" decoding=\"async\" width=\"540\" height=\"360\" src=\"https:\/\/www.justiceinfo.net\/wp-content\/uploads\/Lithuania-Poland-Belarus_border_@Petras-Malukas-AFP-540x360.jpg\" class=\"articleLinkImage backgroundImageTag w-100 wp-post-image\" alt=\"Soldiers on the Lithuanian border\" srcset=\"\" sizes=\"auto, (max-width: 540px) 100vw, 540px\" \/><\/a>\r\n\t\t\t<ul class=\"postTags\"><li class=\"postTagItem\"><a href=\"https:\/\/www.justiceinfo.net\/en\/regions\/belarus\" class=\"postTagItem-link postTag--location\">Belarus<\/a><\/li><li class=\"postTagItem\"><a href=\"https:\/\/www.justiceinfo.net\/en\/justiceinfo-comment-and-debate\/opinion\" class=\"postTagItem-link postTag--type\">Opinion<\/a><\/li><\/ul>\r\n\t\t\t<a href=\"https:\/\/www.justiceinfo.net\/en\/164177-when-migrants-are-weaponized-what-can-international-law-do.html\" class=\"articleLinkTitle articleLinkTitle--default\">\r\n\t\t\tWhen migrants are weaponized, what can international law do\r\n\t\t<\/a>\r\n\t\t\t<div class=\"articleLinkMetas\">\r\n\t\t\t\t<span class=\"articleLinkDate\">28 August 2026<\/span>\r\n\t\t\t\t<span class=\"articleLinkAuthors\">by Aleh Baradzin<\/span>\r\n\t\t\t<\/div>\r\n\t\t\t<a class=\"articleLinkExcerpt\" href=\"https:\/\/www.justiceinfo.net\/en\/164177-when-migrants-are-weaponized-what-can-international-law-do.html\">According to Lithuania, Lukashenko\u2019s regime facilitates the smuggling of migrants from Belarus. The International Court of Justice has yet to rule on these allegations, but this case highlights several other political bargaining spots along Europe\u2019s borders, the author explains.<\/a>\r\n\t\t\r\n\t\t\t\t<\/div><\/div><\/div><\/div><div class=\"mt-3 mb-5\"><div id=\"newsletterBanner\" class=\"\">\r\n\t\t\t<div class=\"newsletterBannerTitle\">Newsletter<\/div>\r\n\t\t\t<div class=\"newsletterBannerText\">All Justice Info publications delivered to your inbox every week<\/div>\r\n\t\t\t<a href=\"\/en\/newsletter\" class=\"newsletterBannerButton\">I register for free<\/a>\r\n\t\t<\/div><\/div><div class=\"container-fluid container-xl mt-5\"><div class=\"row\"><div class=\"col-12 col-md-12\"><div class=\"articleLink articleLink--listInline articleLink--textInImage articleLink--textTop\" style=\"\">\r\n\t\t\t\t\t\r\n\t\t\t<a class=\"articleLinkImageLink\" href=\"https:\/\/www.justiceinfo.net\/en\/164054-ratko-mladic-has-died.html\"><div class=\"articleLinkImageContainer \"><img loading=\"lazy\" decoding=\"async\" width=\"540\" height=\"360\" src=\"https:\/\/www.justiceinfo.net\/wp-content\/uploads\/Bosnia_Ratko-Mladic_@Martin-Meissner-Pool-AFP-540x360.jpg\" class=\"articleLinkImage backgroundImageTag w-100 wp-post-image\" alt=\"Ratko Mladic\" srcset=\"\" sizes=\"auto, (max-width: 540px) 100vw, 540px\" \/><\/div><\/a>\r\n\t\t\t<div class=\"articleLinkContent\">\r\n\t\t\t\t<ul class=\"postTags\"><li class=\"postTagItem\"><a href=\"https:\/\/www.justiceinfo.net\/en\/regions\/bosnia-herzegovina\" class=\"postTagItem-link postTag--location\">Bosnia &amp; Herzegovina<\/a><\/li><li class=\"postTagItem\"><a href=\"https:\/\/www.justiceinfo.net\/en\/live-feed\" class=\"postTagItem-link postTag--type\">AFP<\/a><\/li><\/ul>\r\n\t\t\t\t<div class=\"articleLinkMetas\">\r\n\t\t\t\t\t<span class=\"articleLinkDate\">27 August 2026<\/span>\r\n\t\t\t\t\t<span class=\"articleLinkAuthors\">by AFP<\/span>\r\n\t\t\t\t<\/div>\r\n\t\t\t\t<a href=\"https:\/\/www.justiceinfo.net\/en\/164054-ratko-mladic-has-died.html\" class=\"articleLinkTitle articleLinkTitle--default\">\r\n\t\t\tRatko Mladic has died\r\n\t\t<\/a>\r\n\t\t\t\t<a class=\"articleLinkExcerpt\" href=\"https:\/\/www.justiceinfo.net\/en\/164054-ratko-mladic-has-died.html\">Ratko Mladi\u0107, the former commander of the Republika Srpska army, died on Thursday in The Hague, aged 84. After 16 years on the run, the International Criminal Tribunal for the former Yugoslavia sentenced him to life imprisonment in 2017, in particular for the Srebrenica genocide during the Bosnian War.<\/a>\r\n\t\t\t<\/div>\r\n\t\t\r\n\t\t\t\t<\/div><\/div><div class=\"col-12 col-md-12\"><div class=\"articleLink articleLink--listInline articleLink--textInImage articleLink--textTop\" style=\"\">\r\n\t\t\t\t\t\r\n\t\t\t<a class=\"articleLinkImageLink\" href=\"https:\/\/www.justiceinfo.net\/en\/164004-kenya-money-can-only-wipe-away-tears.html\"><div class=\"articleLinkImageContainer \"><img loading=\"lazy\" decoding=\"async\" width=\"540\" height=\"360\" src=\"https:\/\/www.justiceinfo.net\/wp-content\/uploads\/Kenya_protest-riot-police_@Martina-Jebet-540x360.jpg\" class=\"articleLinkImage backgroundImageTag w-100 wp-post-image\" alt=\"Protest suppressed by the police in Kenya\" srcset=\"https:\/\/www.justiceinfo.net\/wp-content\/uploads\/Kenya_protest-riot-police_@Martina-Jebet-540x360.jpg 540w, https:\/\/www.justiceinfo.net\/wp-content\/uploads\/Kenya_protest-riot-police_@Martina-Jebet-1000x667.jpg 1000w, https:\/\/www.justiceinfo.net\/wp-content\/uploads\/Kenya_protest-riot-police_@Martina-Jebet-1110x740.jpg 1110w, https:\/\/www.justiceinfo.net\/wp-content\/uploads\/Kenya_protest-riot-police_@Martina-Jebet.jpg 1200w\" sizes=\"auto, (max-width: 540px) 100vw, 540px\" \/><\/div><\/a>\r\n\t\t\t<div class=\"articleLinkContent\">\r\n\t\t\t\t<ul class=\"postTags\"><li class=\"postTagItem\"><a href=\"https:\/\/www.justiceinfo.net\/en\/regions\/kenya\" class=\"postTagItem-link postTag--location\">Kenya<\/a><\/li><\/ul>\r\n\t\t\t\t<div class=\"articleLinkMetas\">\r\n\t\t\t\t\t<span class=\"articleLinkDate\">27 August 2026<\/span>\r\n\t\t\t\t\t<span class=\"articleLinkAuthors\">by Martina Jebet <\/span>\r\n\t\t\t\t<\/div>\r\n\t\t\t\t<a href=\"https:\/\/www.justiceinfo.net\/en\/164004-kenya-money-can-only-wipe-away-tears.html\" class=\"articleLinkTitle articleLinkTitle--default\">\r\n\t\t\tKenya: \u201cMoney can only wipe away tears\u201d\r\n\t\t<\/a>\r\n\t\t\t\t<a class=\"articleLinkExcerpt\" href=\"https:\/\/www.justiceinfo.net\/en\/164004-kenya-money-can-only-wipe-away-tears.html\">In June, Kenya has started a 13 million euro programme to compensate the victims of police brutality during political unrest that took place between 2017 and 2025. But families of the victims are calling for trials.<\/a>\r\n\t\t\t<\/div>\r\n\t\t\r\n\t\t\t\t<\/div><\/div><div class=\"col-12 col-md-12\"><div class=\"articleLink articleLink--listInline articleLink--textInImage articleLink--textTop\" style=\"\">\r\n\t\t\t\t\t\r\n\t\t\t<a class=\"articleLinkImageLink\" href=\"https:\/\/www.justiceinfo.net\/en\/163967-the-scandal-of-victims-funds-in-drc.html\"><div class=\"articleLinkImageContainer \"><img loading=\"lazy\" decoding=\"async\" width=\"540\" height=\"360\" src=\"https:\/\/www.justiceinfo.net\/wp-content\/uploads\/RDCongo_scandale-fonds-victimes_dossier-special_@Edizon-Musavuli-Justice-Info-540x360.jpg\" class=\"articleLinkImage backgroundImageTag w-100 wp-post-image\" alt=\"A scandal is raging in the Democratic Republic of the Congo (DRC). The two \u2018reparations\u2019 funds set up for victims of mass crimes, Frivao and Fonarev, are accused of corruption and embezzlement. Illustration: a large pipe dispensing banknotes into hands held aloft is torn open by a businessman who collects the notes spilling out of the hole.\" srcset=\"\" sizes=\"auto, (max-width: 540px) 100vw, 540px\" \/><\/div><\/a>\r\n\t\t\t<div class=\"articleLinkContent\">\r\n\t\t\t\t<ul class=\"postTags\"><li class=\"postTagItem\"><a href=\"https:\/\/www.justiceinfo.net\/en\/regions\/democratic-republic-of-congo\" class=\"postTagItem-link postTag--location\">Dem. Rep. Of Congo<\/a><\/li><li class=\"postTagItem\"><span class=\"postTagItem-link postTag--type\">Special focus<\/span><\/li><\/ul>\r\n\t\t\t\t<div class=\"articleLinkMetas\">\r\n\t\t\t\t\t<span class=\"articleLinkDate\">26 August 2026<\/span>\r\n\t\t\t\t\t<span class=\"articleLinkAuthors\">by Justice Info<\/span>\r\n\t\t\t\t<\/div>\r\n\t\t\t\t<a href=\"https:\/\/www.justiceinfo.net\/en\/163967-the-scandal-of-victims-funds-in-drc.html\" class=\"articleLinkTitle articleLinkTitle--default\">\r\n\t\t\tThe scandal of victims\u2019 funds in DRC\r\n\t\t<\/a>\r\n\t\t\t\t<a class=\"articleLinkExcerpt\" href=\"https:\/\/www.justiceinfo.net\/en\/163967-the-scandal-of-victims-funds-in-drc.html\">Two victim\u2019s funds were established in 2022 in the DRC. The Frivao, funded by reparations payments from Uganda, as ordered by the International Court of Justice. The Fonarev, funded on mining royalties. Both have been accused of mismanagement \u2013 and, in the case of Frivao, of massive embezzlement.<\/a>\r\n\t\t\t<\/div>\r\n\t\t\r\n\t\t\t\t<\/div><\/div><div class=\"col-12 col-md-12\"><div class=\"articleLink articleLink--listInline articleLink--textInImage articleLink--textTop\" style=\"\">\r\n\t\t\t\t\t\r\n\t\t\t<a class=\"articleLinkImageLink\" href=\"https:\/\/www.justiceinfo.net\/en\/163883-kasai-fonarev-under-fire.html\"><div class=\"articleLinkImageContainer \"><img loading=\"lazy\" decoding=\"async\" width=\"540\" height=\"360\" src=\"https:\/\/www.justiceinfo.net\/wp-content\/uploads\/RDCongo_Kinshasa-rue-Genocost_@Caleb-Kazadi-540x360.jpg\" class=\"articleLinkImage backgroundImageTag w-100 wp-post-image\" alt=\"On a street in Kinshasa, in the Democratic Republic of the Congo (DRC), a large advertising hoarding displays a message about \u2018Genocost\u2019, announcing a \u2018national commemoration on 2 August 2026\u2019.\" srcset=\"\" sizes=\"auto, (max-width: 540px) 100vw, 540px\" \/><\/div><\/a>\r\n\t\t\t<div class=\"articleLinkContent\">\r\n\t\t\t\t<ul class=\"postTags\"><li class=\"postTagItem\"><a href=\"https:\/\/www.justiceinfo.net\/en\/regions\/democratic-republic-of-congo\" class=\"postTagItem-link postTag--location\">Dem. Rep. Of Congo<\/a><\/li><li class=\"postTagItem\"><a href=\"https:\/\/www.justiceinfo.net\/en\/reportages\" class=\"postTagItem-link postTag--type\">Reportage<\/a><\/li><\/ul>\r\n\t\t\t\t<div class=\"articleLinkMetas\">\r\n\t\t\t\t\t<span class=\"articleLinkDate\">25 August 2026<\/span>\r\n\t\t\t\t\t<span class=\"articleLinkAuthors\">by Caleb Kazadi<\/span>\r\n\t\t\t\t<\/div>\r\n\t\t\t\t<a href=\"https:\/\/www.justiceinfo.net\/en\/163883-kasai-fonarev-under-fire.html\" class=\"articleLinkTitle articleLinkTitle--default\">\r\n\t\t\tKasai: FONAREV under fire\r\n\t\t<\/a>\r\n\t\t\t\t<a class=\"articleLinkExcerpt\" href=\"https:\/\/www.justiceinfo.net\/en\/163883-kasai-fonarev-under-fire.html\">The Kamuina Nsapu armed conflict in the Democratic Republic of Congo took place ten years ago. But in Kasai FONAREV, the public body in charge of reparations for victims, is coming increasingly under fire.<\/a>\r\n\t\t\t<\/div>\r\n\t\t\r\n\t\t\t\t<\/div><\/div><div class=\"col-12 col-md-12\"><div class=\"articleLink articleLink--listInline articleLink--textInImage articleLink--textTop\" style=\"\">\r\n\t\t\t\t\t\r\n\t\t\t<a class=\"articleLinkImageLink\" href=\"https:\/\/www.justiceinfo.net\/en\/163808-kasai-central-truth-and-reconciliation-commission-abandoned-by-the-state.html\"><div class=\"articleLinkImageContainer \"><img loading=\"lazy\" decoding=\"async\" width=\"540\" height=\"360\" src=\"https:\/\/www.justiceinfo.net\/wp-content\/uploads\/RDCongo_CPVJR-audition-victime_@Caleb-Kazadi-540x360.jpg\" class=\"articleLinkImage backgroundImageTag w-100 wp-post-image\" alt=\"Seated on a school bench, a woman is seen from behind, facing two people (seated in the teacher\u2019s chair) who appear to be listening to her, during the victims\u2019 hearings before the Kasai Truth Commission in the Democratic Republic of the Congo (CVPJR).\" srcset=\"\" sizes=\"auto, (max-width: 540px) 100vw, 540px\" \/><\/div><\/a>\r\n\t\t\t<div class=\"articleLinkContent\">\r\n\t\t\t\t<ul class=\"postTags\"><li class=\"postTagItem\"><a href=\"https:\/\/www.justiceinfo.net\/en\/regions\/democratic-republic-of-congo\" class=\"postTagItem-link postTag--location\">Dem. Rep. Of Congo<\/a><\/li><li class=\"postTagItem\"><a href=\"https:\/\/www.justiceinfo.net\/en\/reportages\" class=\"postTagItem-link postTag--type\">Reportage<\/a><\/li><\/ul>\r\n\t\t\t\t<div class=\"articleLinkMetas\">\r\n\t\t\t\t\t<span class=\"articleLinkDate\">24 August 2026<\/span>\r\n\t\t\t\t\t<span class=\"articleLinkAuthors\">by Caleb Kazadi<\/span>\r\n\t\t\t\t<\/div>\r\n\t\t\t\t<a href=\"https:\/\/www.justiceinfo.net\/en\/163808-kasai-central-truth-and-reconciliation-commission-abandoned-by-the-state.html\" class=\"articleLinkTitle articleLinkTitle--default\">\r\n\t\t\tKasai Central: Truth and Reconciliation Commission abandoned by the state\r\n\t\t<\/a>\r\n\t\t\t\t<a class=\"articleLinkExcerpt\" href=\"https:\/\/www.justiceinfo.net\/en\/163808-kasai-central-truth-and-reconciliation-commission-abandoned-by-the-state.html\">Five years on, the Kasai Central Truth Commission (CPVJR) is still only at the start of its operational phase. It lacks funding, and the Congolese state is absent.<\/a>\r\n\t\t\t<\/div>\r\n\t\t\r\n\t\t\t\t<\/div><\/div><div class=\"col-12 col-md-12\"><div class=\"articleLink articleLink--listInline articleLink--textInImage articleLink--textTop\" style=\"\">\r\n\t\t\t\t\t\r\n\t\t\t<a class=\"articleLinkImageLink\" href=\"https:\/\/www.justiceinfo.net\/en\/162603-radical-shift-colombias-new-presidents-stance-transitional-justice.html\"><div class=\"articleLinkImageContainer \"><img loading=\"lazy\" decoding=\"async\" width=\"540\" height=\"360\" src=\"https:\/\/www.justiceinfo.net\/wp-content\/uploads\/WhatsApp-Image-2026-07-29-at-17.27.53-540x360.jpeg\" class=\"articleLinkImage backgroundImageTag w-100 wp-post-image\" alt=\"Front and back cover of Abelardo de la Espriella&#039;s 2015 book &quot;La salida jur\u00eddica del proceso de negociaci\u00f3n con las FARC,&quot; set against a Colombian flag; showing his portrait, his biography and a highlighted excerpt about punishment and imprisonment.\" srcset=\"\" sizes=\"auto, (max-width: 540px) 100vw, 540px\" \/><\/div><\/a>\r\n\t\t\t<div class=\"articleLinkContent\">\r\n\t\t\t\t<ul class=\"postTags\"><li class=\"postTagItem\"><a href=\"https:\/\/www.justiceinfo.net\/en\/regions\/colombia\" class=\"postTagItem-link postTag--location\">Colombia<\/a><\/li><\/ul>\r\n\t\t\t\t<div class=\"articleLinkMetas\">\r\n\t\t\t\t\t<span class=\"articleLinkDate\">31 July 2026<\/span>\r\n\t\t\t\t\t<span class=\"articleLinkAuthors\">by Andr\u00e9s Berm\u00fadez Li\u00e9vano<\/span>\r\n\t\t\t\t<\/div>\r\n\t\t\t\t<a href=\"https:\/\/www.justiceinfo.net\/en\/162603-radical-shift-colombias-new-presidents-stance-transitional-justice.html\" class=\"articleLinkTitle articleLinkTitle--default\">\r\n\t\t\tThe radical shift in Colombia\u2019s new president\u2019s stance on transitional justice\r\n\t\t<\/a>\r\n\t\t\t\t<a class=\"articleLinkExcerpt\" href=\"https:\/\/www.justiceinfo.net\/en\/162603-radical-shift-colombias-new-presidents-stance-transitional-justice.html\">In 2015, Abelardo de la Espriella had a strong vision about peace and justice in Colombia. He wrote a self-published book about it. We found a copy. And what the new president said then is sharply different than what he says now. For instance, he wants prison for FARC members, but ten years ago defended liberty for them.<\/a>\r\n\t\t\t<\/div>\r\n\t\t\r\n\t\t\t\t<\/div><\/div><div class=\"col-12 col-md-12\"><div class=\"articleLink articleLink--listInline articleLink--textInImage articleLink--textTop\" style=\"\">\r\n\t\t\t\t\t\r\n\t\t\t<a class=\"articleLinkImageLink\" href=\"https:\/\/www.justiceinfo.net\/en\/162539-dead-men-walking-episode-4_comprehensive_peace_agreements.html\"><div class=\"articleLinkImageContainer \"><img loading=\"lazy\" decoding=\"async\" width=\"540\" height=\"360\" src=\"https:\/\/www.justiceinfo.net\/wp-content\/uploads\/Dead-men-walking_podcast-ep4-international-aid_@IFIT-Justice-Info-540x360.jpg\" class=\"articleLinkImage backgroundImageTag w-100 wp-post-image\" alt=\"\" srcset=\"https:\/\/www.justiceinfo.net\/wp-content\/uploads\/Dead-men-walking_podcast-ep4-international-aid_@IFIT-Justice-Info-540x360.jpg 540w, https:\/\/www.justiceinfo.net\/wp-content\/uploads\/Dead-men-walking_podcast-ep4-international-aid_@IFIT-Justice-Info-1000x667.jpg 1000w, https:\/\/www.justiceinfo.net\/wp-content\/uploads\/Dead-men-walking_podcast-ep4-international-aid_@IFIT-Justice-Info-1110x740.jpg 1110w, https:\/\/www.justiceinfo.net\/wp-content\/uploads\/Dead-men-walking_podcast-ep4-international-aid_@IFIT-Justice-Info.jpg 1200w\" sizes=\"auto, (max-width: 540px) 100vw, 540px\" \/><\/div><\/a>\r\n\t\t\t<div class=\"articleLinkContent\">\r\n\t\t\t\t<ul class=\"postTags\"><li class=\"postTagItem\"><a href=\"https:\/\/www.justiceinfo.net\/en\/regions\/international\" class=\"postTagItem-link postTag--location\">International<\/a><\/li><li class=\"postTagItem\"><a href=\"https:\/\/www.justiceinfo.net\/en\/justiceinfo-comment-and-debate\/podcast\" class=\"postTagItem-link postTag--type\">Podcast<\/a><\/li><\/ul>\r\n\t\t\t\t<div class=\"articleLinkMetas\">\r\n\t\t\t\t\t<span class=\"articleLinkDate\">30 July 2026<\/span>\r\n\t\t\t\t\t<span class=\"articleLinkAuthors\">by Institute for Integrated Transitions (IFIT)<\/span>\r\n\t\t\t\t<\/div>\r\n\t\t\t\t<a href=\"https:\/\/www.justiceinfo.net\/en\/162539-dead-men-walking-episode-4_comprehensive_peace_agreements.html\" class=\"articleLinkTitle articleLinkTitle--default\">\r\n\t\t\tDead Men Walking - Episode 4: Comprehensive Peace Agreements\r\n\t\t<\/a>\r\n\t\t\t\t<a class=\"articleLinkExcerpt\" href=\"https:\/\/www.justiceinfo.net\/en\/162539-dead-men-walking-episode-4_comprehensive_peace_agreements.html\">In this fourth episode of \"Dead Men Walking\", we turn our gaze to the topic of peacemaking, and in particular the ideal of comprehensive peace agreements. In today\u2019s world, can we hope for more than \u201cnegative peace\u201d?<\/a>\r\n\t\t\t<\/div>\r\n\t\t\r\n\t\t\t\t<\/div><\/div><div class=\"col-12 col-md-12\"><div class=\"articleLink articleLink--listInline articleLink--textInImage articleLink--textTop\" style=\"\">\r\n\t\t\t\t\t\r\n\t\t\t<a class=\"articleLinkImageLink\" href=\"https:\/\/www.justiceinfo.net\/en\/162534-frivao_is_collective_compensation_used_embezzlement.html\"><div class=\"articleLinkImageContainer \"><img loading=\"lazy\" decoding=\"async\" width=\"540\" height=\"360\" src=\"https:\/\/www.justiceinfo.net\/wp-content\/uploads\/Blaise-Monduka-1200-x-900-px-540x360.jpg\" class=\"articleLinkImage backgroundImageTag w-100 wp-post-image\" alt=\"\" srcset=\"\" sizes=\"auto, (max-width: 540px) 100vw, 540px\" \/><\/div><\/a>\r\n\t\t\t<div class=\"articleLinkContent\">\r\n\t\t\t\t<ul class=\"postTags\"><li class=\"postTagItem\"><a href=\"https:\/\/www.justiceinfo.net\/en\/regions\/democratic-republic-of-congo\" class=\"postTagItem-link postTag--location\">Dem. Rep. Of Congo<\/a><\/li><li class=\"postTagItem\"><a href=\"https:\/\/www.justiceinfo.net\/en\/reportages\" class=\"postTagItem-link postTag--type\">Reportage<\/a><\/li><\/ul>\r\n\t\t\t\t<div class=\"articleLinkMetas\">\r\n\t\t\t\t\t<span class=\"articleLinkDate\">30 July 2026<\/span>\r\n\t\t\t\t\t<span class=\"articleLinkAuthors\">by Claude Sengenya<\/span>\r\n\t\t\t\t<\/div>\r\n\t\t\t\t<a href=\"https:\/\/www.justiceinfo.net\/en\/162534-frivao_is_collective_compensation_used_embezzlement.html\" class=\"articleLinkTitle articleLinkTitle--default\">\r\n\t\t\tFRIVAO: Is collective compensation being used for embezzlement?\r\n\t\t<\/a>\r\n\t\t\t\t<a class=\"articleLinkExcerpt\" href=\"https:\/\/www.justiceinfo.net\/en\/162534-frivao_is_collective_compensation_used_embezzlement.html\">The FRIVAO fund for victims is also meant to provide collective reparations. But in Kisangani, there are questions about the use of these funds, which are sometimes misappropriated or have no real impact on the ground.<\/a>\r\n\t\t\t<\/div>\r\n\t\t\r\n\t\t\t\t<\/div><\/div><div class=\"col-12 col-md-12\"><div class=\"articleLink articleLink--listInline articleLink--textInImage articleLink--textTop\" style=\"\">\r\n\t\t\t\t\t\r\n\t\t\t<a class=\"articleLinkImageLink\" href=\"https:\/\/www.justiceinfo.net\/en\/162501-chaos_corruption-investigating_frivao_fund_kisangani.html\"><div class=\"articleLinkImageContainer \"><img loading=\"lazy\" decoding=\"async\" width=\"540\" height=\"360\" src=\"https:\/\/www.justiceinfo.net\/wp-content\/uploads\/Jean-Kalegamire-Bienda-OK-1200-x-905-px-540x360.jpg\" class=\"articleLinkImage backgroundImageTag w-100 wp-post-image\" alt=\"Jean Kalegamire Bienda, wearing a beige jacket and pink shirt, sitting at his desk and going through a stack of victims&#039; case files; behind him, piles of documents and a calendar open to June 2026.\" srcset=\"\" sizes=\"auto, (max-width: 540px) 100vw, 540px\" \/><\/div><\/a>\r\n\t\t\t<div class=\"articleLinkContent\">\r\n\t\t\t\t<ul class=\"postTags\"><li class=\"postTagItem\"><a href=\"https:\/\/www.justiceinfo.net\/en\/regions\/democratic-republic-of-congo\" class=\"postTagItem-link postTag--location\">Dem. Rep. Of Congo<\/a><\/li><li class=\"postTagItem\"><a href=\"https:\/\/www.justiceinfo.net\/en\/reportages\" class=\"postTagItem-link postTag--type\">Reportage<\/a><\/li><\/ul>\r\n\t\t\t\t<div class=\"articleLinkMetas\">\r\n\t\t\t\t\t<span class=\"articleLinkDate\">29 July 2026<\/span>\r\n\t\t\t\t\t<span class=\"articleLinkAuthors\">by Claude Sengenya<\/span>\r\n\t\t\t\t<\/div>\r\n\t\t\t\t<a href=\"https:\/\/www.justiceinfo.net\/en\/162501-chaos_corruption-investigating_frivao_fund_kisangani.html\" class=\"articleLinkTitle articleLinkTitle--default\">\r\n\t\t\tChaos and corruption: investigating the FRIVAO fund in Kisangani\r\n\t\t<\/a>\r\n\t\t\t\t<a class=\"articleLinkExcerpt\" href=\"https:\/\/www.justiceinfo.net\/en\/162501-chaos_corruption-investigating_frivao_fund_kisangani.html\">In Kisangani, witnesses describe the chaos and controversy surrounding FRIVAO, with disputed numbers of victims and amounts of compensation amid political interference. Millions of dollars are alleged to have been embezzled from this victims\u2019 fund.<\/a>\r\n\t\t\t<\/div>\r\n\t\t\r\n\t\t\t\t<\/div><\/div><div class=\"col-12 col-md-12\"><div class=\"articleLink articleLink--listInline articleLink--textInImage articleLink--textTop\" style=\"\">\r\n\t\t\t\t\t\r\n\t\t\t<a class=\"articleLinkImageLink\" href=\"https:\/\/www.justiceinfo.net\/en\/162412-icc-karim-khan-removed-what-next.html\"><div class=\"articleLinkImageContainer \"><img loading=\"lazy\" decoding=\"async\" width=\"540\" height=\"360\" src=\"https:\/\/www.justiceinfo.net\/wp-content\/uploads\/2026-07-24-ASP-session-215711-540x360.jpg\" class=\"articleLinkImage backgroundImageTag w-100 wp-post-image\" alt=\"Special session of the Assembly of States Parties to the ICC, 24 July 2026, at UN Headquarters in New York.\" srcset=\"\" sizes=\"auto, (max-width: 540px) 100vw, 540px\" \/><\/div><\/a>\r\n\t\t\t<div class=\"articleLinkContent\">\r\n\t\t\t\t<ul class=\"postTags\"><li class=\"postTagItem\"><a href=\"https:\/\/www.justiceinfo.net\/en\/regions\/international\" class=\"postTagItem-link postTag--location\">International<\/a><\/li><\/ul>\r\n\t\t\t\t<div class=\"articleLinkMetas\">\r\n\t\t\t\t\t<span class=\"articleLinkDate\">27 July 2026<\/span>\r\n\t\t\t\t\t<span class=\"articleLinkAuthors\">by Janet H. Anderson<\/span>\r\n\t\t\t\t<\/div>\r\n\t\t\t\t<a href=\"https:\/\/www.justiceinfo.net\/en\/162412-icc-karim-khan-removed-what-next.html\" class=\"articleLinkTitle articleLinkTitle--default\">\r\n\t\t\tICC: Karim Khan removed \u2013 what next?\u00a0\r\n\t\t<\/a>\r\n\t\t\t\t<a class=\"articleLinkExcerpt\" href=\"https:\/\/www.justiceinfo.net\/en\/162412-icc-karim-khan-removed-what-next.html\">The removal of Karim Khan as prosecutor of the International Criminal Court was both the end of a long saga that played out against intense US pressure, and the beginning of a new and tricky stage in the court\u2019s life.<\/a>\r\n\t\t\t<\/div>\r\n\t\t\r\n\t\t\t\t<\/div><\/div><div class=\"col-12 col-md-12\"><div class=\"articleLink articleLink--listInline articleLink--textInImage articleLink--textTop\" style=\"\">\r\n\t\t\t\t\t\r\n\t\t\t<a class=\"articleLinkImageLink\" href=\"https:\/\/www.justiceinfo.net\/en\/162345-icc-prosecutor-karim-khan-removed-over-serious-misconduct.html\"><div class=\"articleLinkImageContainer \"><img loading=\"lazy\" decoding=\"async\" width=\"540\" height=\"360\" src=\"https:\/\/www.justiceinfo.net\/wp-content\/uploads\/International-Criminal-Court_Karim-Khan-ICC-prosecutor_@Peter-De-Jong-AFP-540x360.jpg\" class=\"articleLinkImage backgroundImageTag w-100 wp-post-image\" alt=\"Karim Khan (ICC prosecutor)\" srcset=\"https:\/\/www.justiceinfo.net\/wp-content\/uploads\/International-Criminal-Court_Karim-Khan-ICC-prosecutor_@Peter-De-Jong-AFP-540x360.jpg 540w, https:\/\/www.justiceinfo.net\/wp-content\/uploads\/International-Criminal-Court_Karim-Khan-ICC-prosecutor_@Peter-De-Jong-AFP-1000x667.jpg 1000w, https:\/\/www.justiceinfo.net\/wp-content\/uploads\/International-Criminal-Court_Karim-Khan-ICC-prosecutor_@Peter-De-Jong-AFP-1110x740.jpg 1110w, https:\/\/www.justiceinfo.net\/wp-content\/uploads\/International-Criminal-Court_Karim-Khan-ICC-prosecutor_@Peter-De-Jong-AFP.jpg 1200w\" sizes=\"auto, (max-width: 540px) 100vw, 540px\" \/><\/div><\/a>\r\n\t\t\t<div class=\"articleLinkContent\">\r\n\t\t\t\t<ul class=\"postTags\"><li class=\"postTagItem\"><a href=\"https:\/\/www.justiceinfo.net\/en\/regions\/international\" class=\"postTagItem-link postTag--location\">International<\/a><\/li><li class=\"postTagItem\"><a href=\"https:\/\/www.justiceinfo.net\/en\/live-feed\" class=\"postTagItem-link postTag--type\">AFP<\/a><\/li><\/ul>\r\n\t\t\t\t<div class=\"articleLinkMetas\">\r\n\t\t\t\t\t<span class=\"articleLinkDate\">24 July 2026<\/span>\r\n\t\t\t\t\t<span class=\"articleLinkAuthors\">by AFP<\/span>\r\n\t\t\t\t<\/div>\r\n\t\t\t\t<a href=\"https:\/\/www.justiceinfo.net\/en\/162345-icc-prosecutor-karim-khan-removed-over-serious-misconduct.html\" class=\"articleLinkTitle articleLinkTitle--default\">\r\n\t\t\tICC removes its prosecutor\r\n\t\t<\/a>\r\n\t\t\t\t<a class=\"articleLinkExcerpt\" href=\"https:\/\/www.justiceinfo.net\/en\/162345-icc-prosecutor-karim-khan-removed-over-serious-misconduct.html\">On July 24 in New York, 82 member states of the International Criminal Court voted to remove Prosecutor Karim Khan. Only 13 voted against the motion. The Court emerges greatly weakened from a case that took it two years to resolve.<\/a>\r\n\t\t\t<\/div>\r\n\t\t\r\n\t\t\t\t<\/div><\/div><div class=\"col-12 col-md-12\"><div class=\"articleLink articleLink--listInline articleLink--textInImage articleLink--textTop\" style=\"\">\r\n\t\t\t\t\t\r\n\t\t\t<a class=\"articleLinkImageLink\" href=\"https:\/\/www.justiceinfo.net\/en\/162311-bangladesh-a-new-flawed-justice-system-part-2.html\"><div class=\"articleLinkImageContainer \"><img loading=\"lazy\" decoding=\"async\" width=\"540\" height=\"360\" src=\"https:\/\/www.justiceinfo.net\/wp-content\/uploads\/Bangladesh_International-Crimes-Tribunal_ep2_@Munir-Uz-Zaman-AFP-Justice-Info-540x360.jpg\" class=\"articleLinkImage backgroundImageTag w-100 wp-post-image\" alt=\"Bangladesh\u2019s International Crimes Tribunal (ICT). Part 1 of our series in 2 episodes. Is this new form of justice fully developed? Photo: the ICT prosecutor speaks on the steps of the tribunal during a press conference attended by numerous journalists.\" srcset=\"\" sizes=\"auto, (max-width: 540px) 100vw, 540px\" \/><\/div><\/a>\r\n\t\t\t<div class=\"articleLinkContent\">\r\n\t\t\t\t<ul class=\"postTags\"><li class=\"postTagItem\"><a href=\"https:\/\/www.justiceinfo.net\/en\/regions\/bangladesh\" class=\"postTagItem-link postTag--location\">Bangladesh<\/a><\/li><\/ul>\r\n\t\t\t\t<div class=\"articleLinkMetas\">\r\n\t\t\t\t\t<span class=\"articleLinkDate\">24 July 2026<\/span>\r\n\t\t\t\t\t<span class=\"articleLinkAuthors\">by David Bergman<\/span>\r\n\t\t\t\t<\/div>\r\n\t\t\t\t<a href=\"https:\/\/www.justiceinfo.net\/en\/162311-bangladesh-a-new-flawed-justice-system-part-2.html\" class=\"articleLinkTitle articleLinkTitle--default\">\r\n\t\t\tBangladesh: a new flawed justice system? (Part 2)\r\n\t\t<\/a>\r\n\t\t\t\t<a class=\"articleLinkExcerpt\" href=\"https:\/\/www.justiceinfo.net\/en\/162311-bangladesh-a-new-flawed-justice-system-part-2.html\">Despite several reforms to adapt Bangladesh\u2019s justice system to international standards, the country\u2019s International Crimes Tribunal is using the same flawed laws, sometimes even worse, than those applied under the previous regime. Here are the concerns on the way trials are run.<\/a>\r\n\t\t\t<\/div>\r\n\t\t\r\n\t\t\t\t<\/div><\/div><div class=\"col-12 col-md-12\"><div class=\"articleLink articleLink--listInline articleLink--textInImage articleLink--textTop\" style=\"\">\r\n\t\t\t\t\t\r\n\t\t\t<a class=\"articleLinkImageLink\" href=\"https:\/\/www.justiceinfo.net\/en\/162247-bangladesh-a-new-flawed-justice-system-part-1.html\"><div class=\"articleLinkImageContainer \"><img loading=\"lazy\" decoding=\"async\" width=\"540\" height=\"360\" src=\"https:\/\/www.justiceinfo.net\/wp-content\/uploads\/Bangladesh_International-Crimes-Tribunal_ep1_@Munir-Uz-Zaman-AFP-Justice-Info-540x360.jpg\" class=\"articleLinkImage backgroundImageTag w-100 wp-post-image\" alt=\"Bangladesh\u2019s International Crimes Tribunal (ICT). Is this new form of justice fully developed? Photo: the ICT prosecutor speaks on the steps of the tribunal during a press conference attended by numerous journalists.\" srcset=\"\" sizes=\"auto, (max-width: 540px) 100vw, 540px\" \/><\/div><\/a>\r\n\t\t\t<div class=\"articleLinkContent\">\r\n\t\t\t\t<ul class=\"postTags\"><li class=\"postTagItem\"><a href=\"https:\/\/www.justiceinfo.net\/en\/regions\/bangladesh\" class=\"postTagItem-link postTag--location\">Bangladesh<\/a><\/li><\/ul>\r\n\t\t\t\t<div class=\"articleLinkMetas\">\r\n\t\t\t\t\t<span class=\"articleLinkDate\">23 July 2026<\/span>\r\n\t\t\t\t\t<span class=\"articleLinkAuthors\">by David Bergman<\/span>\r\n\t\t\t\t<\/div>\r\n\t\t\t\t<a href=\"https:\/\/www.justiceinfo.net\/en\/162247-bangladesh-a-new-flawed-justice-system-part-1.html\" class=\"articleLinkTitle articleLinkTitle--default\">\r\n\t\t\tBangladesh: a new flawed justice system? (Part 1)\r\n\t\t<\/a>\r\n\t\t\t\t<a class=\"articleLinkExcerpt\" href=\"https:\/\/www.justiceinfo.net\/en\/162247-bangladesh-a-new-flawed-justice-system-part-1.html\">Despite several reforms to adapt Bangladesh\u2019s justice system to international standards, the country\u2019s International Crimes Tribunal is using the same flawed laws, sometimes even worse, than those applied under the previous regime.<\/a>\r\n\t\t\t<\/div>\r\n\t\t\r\n\t\t\t\t<\/div><\/div><div class=\"col-12 col-md-12\"><div class=\"articleLink articleLink--listInline articleLink--textInImage articleLink--textTop\" style=\"\">\r\n\t\t\t\t\t\r\n\t\t\t<a class=\"articleLinkImageLink\" href=\"https:\/\/www.justiceinfo.net\/en\/162163-whats-wrong-with-icc-prosecutors.html\"><div class=\"articleLinkImageContainer \"><img loading=\"lazy\" decoding=\"async\" width=\"540\" height=\"360\" src=\"https:\/\/www.justiceinfo.net\/wp-content\/uploads\/ICC-CPI_3-prosecutors-Ocampo-Bensouda-Khan-540x360.jpg\" class=\"articleLinkImage backgroundImageTag w-100 wp-post-image\" alt=\"International Criminal Court (ICC): a photo montage combining portraits of the ICC\u2019s three successive prosecutors: Luis Moreno Ocampo, Fatou Bensouda and Karim Khan.\" srcset=\"https:\/\/www.justiceinfo.net\/wp-content\/uploads\/ICC-CPI_3-prosecutors-Ocampo-Bensouda-Khan-540x360.jpg 540w, https:\/\/www.justiceinfo.net\/wp-content\/uploads\/ICC-CPI_3-prosecutors-Ocampo-Bensouda-Khan-1000x667.jpg 1000w, https:\/\/www.justiceinfo.net\/wp-content\/uploads\/ICC-CPI_3-prosecutors-Ocampo-Bensouda-Khan-1110x740.jpg 1110w, https:\/\/www.justiceinfo.net\/wp-content\/uploads\/ICC-CPI_3-prosecutors-Ocampo-Bensouda-Khan.jpg 1200w\" sizes=\"auto, (max-width: 540px) 100vw, 540px\" \/><\/div><\/a>\r\n\t\t\t<div class=\"articleLinkContent\">\r\n\t\t\t\t<ul class=\"postTags\"><li class=\"postTagItem\"><a href=\"https:\/\/www.justiceinfo.net\/en\/regions\/international\" class=\"postTagItem-link postTag--location\">International<\/a><\/li><li class=\"postTagItem\"><a href=\"https:\/\/www.justiceinfo.net\/en\/justiceinfo-comment-and-debate\/opinion\" class=\"postTagItem-link postTag--type\">Opinion<\/a><\/li><\/ul>\r\n\t\t\t\t<div class=\"articleLinkMetas\">\r\n\t\t\t\t\t<span class=\"articleLinkDate\">21 July 2026<\/span>\r\n\t\t\t\t\t<span class=\"articleLinkAuthors\">by Lucy Gaynor<\/span>\r\n\t\t\t\t<\/div>\r\n\t\t\t\t<a href=\"https:\/\/www.justiceinfo.net\/en\/162163-whats-wrong-with-icc-prosecutors.html\" class=\"articleLinkTitle articleLinkTitle--default\">\r\n\t\t\tWhat\u2019s wrong with ICC prosecutors?\r\n\t\t<\/a>\r\n\t\t\t\t<a class=\"articleLinkExcerpt\" href=\"https:\/\/www.justiceinfo.net\/en\/162163-whats-wrong-with-icc-prosecutors.html\">The first three prosecutors of the International Criminal Court have failed to be of high moral character. On July 24, the ICC Assembly of State Parties is meant to decide on the fate of Karim Khan. And it raises more questions than answers.<\/a>\r\n\t\t\t<\/div>\r\n\t\t\r\n\t\t\t\t<\/div><\/div><div class=\"col-12 col-md-12\"><div class=\"articleLink articleLink--listInline articleLink--textInImage articleLink--textTop\" style=\"\">\r\n\t\t\t\t\t\r\n\t\t\t<a class=\"articleLinkImageLink\" href=\"https:\/\/www.justiceinfo.net\/en\/162112-sudan-bringing-to-justice-those-who-make-the-war-possible.html\"><div class=\"articleLinkImageContainer \"><img loading=\"lazy\" decoding=\"async\" width=\"540\" height=\"360\" src=\"https:\/\/www.justiceinfo.net\/wp-content\/uploads\/UAE_defence-show-drone_@Ryan-Lim-AFP-540x360.jpg\" class=\"articleLinkImage backgroundImageTag w-100 wp-post-image\" alt=\"Presentation of a military drone manufactured in the United Arab Emirates\" srcset=\"https:\/\/www.justiceinfo.net\/wp-content\/uploads\/UAE_defence-show-drone_@Ryan-Lim-AFP-540x360.jpg 540w, https:\/\/www.justiceinfo.net\/wp-content\/uploads\/UAE_defence-show-drone_@Ryan-Lim-AFP-1000x667.jpg 1000w, https:\/\/www.justiceinfo.net\/wp-content\/uploads\/UAE_defence-show-drone_@Ryan-Lim-AFP-1110x740.jpg 1110w, https:\/\/www.justiceinfo.net\/wp-content\/uploads\/UAE_defence-show-drone_@Ryan-Lim-AFP.jpg 1200w\" sizes=\"auto, (max-width: 540px) 100vw, 540px\" \/><\/div><\/a>\r\n\t\t\t<div class=\"articleLinkContent\">\r\n\t\t\t\t<ul class=\"postTags\"><li class=\"postTagItem\"><a href=\"https:\/\/www.justiceinfo.net\/en\/regions\/sudan\" class=\"postTagItem-link postTag--location\">Sudan<\/a><\/li><\/ul>\r\n\t\t\t\t<div class=\"articleLinkMetas\">\r\n\t\t\t\t\t<span class=\"articleLinkDate\">20 July 2026<\/span>\r\n\t\t\t\t\t<span class=\"articleLinkAuthors\">by Margherita Capacci + Chlo\u00e9 Dubois<\/span>\r\n\t\t\t\t<\/div>\r\n\t\t\t\t<a href=\"https:\/\/www.justiceinfo.net\/en\/162112-sudan-bringing-to-justice-those-who-make-the-war-possible.html\" class=\"articleLinkTitle articleLinkTitle--default\">\r\n\t\t\tSudan: bringing to justice those who make the war possible\r\n\t\t<\/a>\r\n\t\t\t\t<a class=\"articleLinkExcerpt\" href=\"https:\/\/www.justiceinfo.net\/en\/162112-sudan-bringing-to-justice-those-who-make-the-war-possible.html\">With Sudan\u2019s war now in its fourth year, not a single person has been prosecuted for crimes committed since April 2023. Three recent initiatives are seeking to fill that gap by tracing the chain of responsibility back to foreign actors.<\/a>\r\n\t\t\t<\/div>\r\n\t\t\r\n\t\t\t\t<\/div><\/div><\/div><\/div><\/div><div class=\"container-fluid container-xl\">\r\n\t<nav class=\"pagination pagination--comments\" role=\"navigation\">\r\n\t\t<div class=\"pagination__items\"><span aria-current=\"page\" class=\"page-numbers current\">1<\/span>\n<a class=\"page-numbers\" href=\"https:\/\/www.justiceinfo.net\/en\/wp-json\/wp\/v2\/pages\/61148\/page\/2\">2<\/a>\n<span class=\"page-numbers dots\">&hellip;<\/span>\n<a class=\"page-numbers\" href=\"https:\/\/www.justiceinfo.net\/en\/wp-json\/wp\/v2\/pages\/61148\/page\/156\">156<\/a>\n<a class=\"next page-numbers\" href=\"https:\/\/www.justiceinfo.net\/en\/wp-json\/wp\/v2\/pages\/61148\/page\/2\"><span class=\"screen-reader-text\">Next<\/span><\/a><\/div>\r\n\t<\/nav>\n","protected":false},"excerpt":{"rendered":"<p>All Justice Info articles since 2015 All articles published on Justice Info (original and republications) are displayed on this page in chronological order. Only our Hirondelle News archives and the AFP news feed (except for dispatches edited by us) are excluded from this list.<\/p>\n","protected":false},"author":166,"featured_media":0,"parent":0,"menu_order":0,"comment_status":"closed","ping_status":"closed","template":"","meta":{"_acf_changed":false,"footnotes":""},"class_list":["post-61148","page","type-page","status-publish","hentry"],"acf":[],"yoast_head":"<!-- This site is optimized with the Yoast SEO Premium plugin v25.3.1 (Yoast SEO v25.3.1) - https:\/\/yoast.com\/wordpress\/plugins\/seo\/ -->\n<title>International justice news - Our latest articles<\/title>\n<meta name=\"description\" content=\"All the latest international justice and transitional justice news can be found on Justice Info. The complete list of our articles.\" \/>\n<meta name=\"robots\" content=\"index, follow, max-snippet:-1, max-image-preview:large, max-video-preview:-1\" \/>\n<link rel=\"canonical\" href=\"https:\/\/www.justiceinfo.net\/en\/news\" \/>\n<meta property=\"og:locale\" content=\"en_US\" \/>\n<meta property=\"og:type\" content=\"article\" \/>\n<meta property=\"og:title\" content=\"news\" \/>\n<meta property=\"og:description\" content=\"All the latest international justice and transitional justice news can be found on Justice Info. The complete list of our articles.\" \/>\n<meta property=\"og:url\" content=\"https:\/\/www.justiceinfo.net\/en\/news\" \/>\n<meta property=\"og:site_name\" content=\"JusticeInfo.net\" \/>\n<meta property=\"article:publisher\" content=\"https:\/\/www.facebook.com\/JusticeInfo\/\" \/>\n<meta property=\"article:modified_time\" content=\"2024-06-24T11:11:18+00:00\" \/>\n<meta property=\"og:image\" content=\"https:\/\/www.justiceinfo.net\/wp-content\/uploads\/JusticeInfoNet_logo_1200x630px.jpg\" \/>\n\t<meta property=\"og:image:width\" content=\"1200\" \/>\n\t<meta property=\"og:image:height\" content=\"630\" \/>\n\t<meta property=\"og:image:type\" content=\"image\/jpeg\" \/>\n<meta name=\"twitter:card\" content=\"summary_large_image\" \/>\n<meta name=\"twitter:site\" content=\"@justiceinfonet\" \/>\n<meta name=\"twitter:label1\" content=\"Est. reading time\" \/>\n\t<meta name=\"twitter:data1\" content=\"1 minute\" \/>\n<script type=\"application\/ld+json\" class=\"yoast-schema-graph\">{\"@context\":\"https:\/\/schema.org\",\"@graph\":[{\"@type\":\"WebPage\",\"@id\":\"https:\/\/www.justiceinfo.net\/en\/news\",\"url\":\"https:\/\/www.justiceinfo.net\/en\/news\",\"name\":\"International justice news - Our latest articles\",\"isPartOf\":{\"@id\":\"https:\/\/www.justiceinfo.net\/en\/#website\"},\"datePublished\":\"2021-01-12T09:46:04+00:00\",\"dateModified\":\"2024-06-24T11:11:18+00:00\",\"description\":\"All the latest international justice and transitional justice news can be found on Justice Info. The complete list of our articles.\",\"breadcrumb\":{\"@id\":\"https:\/\/www.justiceinfo.net\/en\/news#breadcrumb\"},\"inLanguage\":\"en-US\",\"potentialAction\":[{\"@type\":\"ReadAction\",\"target\":[\"https:\/\/www.justiceinfo.net\/en\/news\"]}]},{\"@type\":\"BreadcrumbList\",\"@id\":\"https:\/\/www.justiceinfo.net\/en\/news#breadcrumb\",\"itemListElement\":[{\"@type\":\"ListItem\",\"position\":1,\"name\":\"Home\",\"item\":\"https:\/\/www.justiceinfo.net\/en\"},{\"@type\":\"ListItem\",\"position\":2,\"name\":\"news\"}]},{\"@type\":\"WebSite\",\"@id\":\"https:\/\/www.justiceinfo.net\/en\/#website\",\"url\":\"https:\/\/www.justiceinfo.net\/en\/\",\"name\":\"JusticeInfo.net\",\"description\":\"For justice to be done, it must be seen\",\"publisher\":{\"@id\":\"https:\/\/www.justiceinfo.net\/en\/#organization\"},\"potentialAction\":[{\"@type\":\"SearchAction\",\"target\":{\"@type\":\"EntryPoint\",\"urlTemplate\":\"https:\/\/www.justiceinfo.net\/en\/?s={search_term_string}\"},\"query-input\":{\"@type\":\"PropertyValueSpecification\",\"valueRequired\":true,\"valueName\":\"search_term_string\"}}],\"inLanguage\":\"en-US\"},{\"@type\":\"Organization\",\"@id\":\"https:\/\/www.justiceinfo.net\/en\/#organization\",\"name\":\"Justice Info\",\"url\":\"https:\/\/www.justiceinfo.net\/en\/\",\"logo\":{\"@type\":\"ImageObject\",\"inLanguage\":\"en-US\",\"@id\":\"https:\/\/www.justiceinfo.net\/en\/#\/schema\/logo\/image\/\",\"url\":\"https:\/\/www.justiceinfo.net\/wp-content\/uploads\/justiceinfo_logo-trans_1200x1200px.png\",\"contentUrl\":\"https:\/\/www.justiceinfo.net\/wp-content\/uploads\/justiceinfo_logo-trans_1200x1200px.png\",\"width\":1199,\"height\":1200,\"caption\":\"Justice Info\"},\"image\":{\"@id\":\"https:\/\/www.justiceinfo.net\/en\/#\/schema\/logo\/image\/\"},\"sameAs\":[\"https:\/\/www.facebook.com\/JusticeInfo\/\",\"https:\/\/x.com\/justiceinfonet\",\"https:\/\/www.linkedin.com\/company\/justice-info\",\"https:\/\/www.youtube.com\/channel\/UCyCEsARodyuWtkWyhn-e7pA\"]}]}<\/script>\n<!-- \/ Yoast SEO Premium plugin. -->","yoast_head_json":{"title":"International justice news - Our latest articles","description":"All the latest international justice and transitional justice news can be found on Justice Info. The complete list of our articles.","robots":{"index":"index","follow":"follow","max-snippet":"max-snippet:-1","max-image-preview":"max-image-preview:large","max-video-preview":"max-video-preview:-1"},"canonical":"https:\/\/www.justiceinfo.net\/en\/news","og_locale":"en_US","og_type":"article","og_title":"news","og_description":"All the latest international justice and transitional justice news can be found on Justice Info. The complete list of our articles.","og_url":"https:\/\/www.justiceinfo.net\/en\/news","og_site_name":"JusticeInfo.net","article_publisher":"https:\/\/www.facebook.com\/JusticeInfo\/","article_modified_time":"2024-06-24T11:11:18+00:00","og_image":[{"width":1200,"height":630,"url":"https:\/\/www.justiceinfo.net\/wp-content\/uploads\/JusticeInfoNet_logo_1200x630px.jpg","type":"image\/jpeg"}],"twitter_card":"summary_large_image","twitter_site":"@justiceinfonet","twitter_misc":{"Est. reading time":"1 minute"},"schema":{"@context":"https:\/\/schema.org","@graph":[{"@type":"WebPage","@id":"https:\/\/www.justiceinfo.net\/en\/news","url":"https:\/\/www.justiceinfo.net\/en\/news","name":"International justice news - Our latest articles","isPartOf":{"@id":"https:\/\/www.justiceinfo.net\/en\/#website"},"datePublished":"2021-01-12T09:46:04+00:00","dateModified":"2024-06-24T11:11:18+00:00","description":"All the latest international justice and transitional justice news can be found on Justice Info. The complete list of our articles.","breadcrumb":{"@id":"https:\/\/www.justiceinfo.net\/en\/news#breadcrumb"},"inLanguage":"en-US","potentialAction":[{"@type":"ReadAction","target":["https:\/\/www.justiceinfo.net\/en\/news"]}]},{"@type":"BreadcrumbList","@id":"https:\/\/www.justiceinfo.net\/en\/news#breadcrumb","itemListElement":[{"@type":"ListItem","position":1,"name":"Home","item":"https:\/\/www.justiceinfo.net\/en"},{"@type":"ListItem","position":2,"name":"news"}]},{"@type":"WebSite","@id":"https:\/\/www.justiceinfo.net\/en\/#website","url":"https:\/\/www.justiceinfo.net\/en\/","name":"JusticeInfo.net","description":"For justice to be done, it must be seen","publisher":{"@id":"https:\/\/www.justiceinfo.net\/en\/#organization"},"potentialAction":[{"@type":"SearchAction","target":{"@type":"EntryPoint","urlTemplate":"https:\/\/www.justiceinfo.net\/en\/?s={search_term_string}"},"query-input":{"@type":"PropertyValueSpecification","valueRequired":true,"valueName":"search_term_string"}}],"inLanguage":"en-US"},{"@type":"Organization","@id":"https:\/\/www.justiceinfo.net\/en\/#organization","name":"Justice Info","url":"https:\/\/www.justiceinfo.net\/en\/","logo":{"@type":"ImageObject","inLanguage":"en-US","@id":"https:\/\/www.justiceinfo.net\/en\/#\/schema\/logo\/image\/","url":"https:\/\/www.justiceinfo.net\/wp-content\/uploads\/justiceinfo_logo-trans_1200x1200px.png","contentUrl":"https:\/\/www.justiceinfo.net\/wp-content\/uploads\/justiceinfo_logo-trans_1200x1200px.png","width":1199,"height":1200,"caption":"Justice Info"},"image":{"@id":"https:\/\/www.justiceinfo.net\/en\/#\/schema\/logo\/image\/"},"sameAs":["https:\/\/www.facebook.com\/JusticeInfo\/","https:\/\/x.com\/justiceinfonet","https:\/\/www.linkedin.com\/company\/justice-info","https:\/\/www.youtube.com\/channel\/UCyCEsARodyuWtkWyhn-e7pA"]}]}},"_links":{"self":[{"href":"https:\/\/www.justiceinfo.net\/en\/wp-json\/wp\/v2\/pages\/61148","targetHints":{"allow":["GET"]}}],"collection":[{"href":"https:\/\/www.justiceinfo.net\/en\/wp-json\/wp\/v2\/pages"}],"about":[{"href":"https:\/\/www.justiceinfo.net\/en\/wp-json\/wp\/v2\/types\/page"}],"author":[{"embeddable":true,"href":"https:\/\/www.justiceinfo.net\/en\/wp-json\/wp\/v2\/users\/166"}],"replies":[{"embeddable":true,"href":"https:\/\/www.justiceinfo.net\/en\/wp-json\/wp\/v2\/comments?post=61148"}],"version-history":[{"count":16,"href":"https:\/\/www.justiceinfo.net\/en\/wp-json\/wp\/v2\/pages\/61148\/revisions"}],"predecessor-version":[{"id":133536,"href":"https:\/\/www.justiceinfo.net\/en\/wp-json\/wp\/v2\/pages\/61148\/revisions\/133536"}],"wp:attachment":[{"href":"https:\/\/www.justiceinfo.net\/en\/wp-json\/wp\/v2\/media?parent=61148"}],"curies":[{"name":"wp","href":"https:\/\/api.w.org\/{rel}","templated":true}]}}