{"version":"1.0","provider_name":"JusticeInfo.net","provider_url":"https:\/\/www.justiceinfo.net\/es","title":"Los ind\u00edgenas aw\u00e1 en Colombia, m\u00e1s cerca de la justicia pero azotados por la violencia","type":"rich","width":600,"height":338,"html":"<blockquote class=\"wp-embedded-content\" data-secret=\"pLUZ5ryLzD\"><a href=\"https:\/\/www.justiceinfo.net\/es\/127254-indigenas-awa-colombia-justicia-violencia.html\">Los ind\u00edgenas aw\u00e1 en Colombia, m\u00e1s cerca de la justicia pero azotados por la violencia<\/a><\/blockquote><iframe sandbox=\"allow-scripts\" security=\"restricted\" src=\"https:\/\/www.justiceinfo.net\/es\/127254-indigenas-awa-colombia-justicia-violencia.html\/embed#?secret=pLUZ5ryLzD\" width=\"600\" height=\"338\" title=\"\u00abLos ind\u00edgenas aw\u00e1 en Colombia, m\u00e1s cerca de la justicia pero azotados por la violencia\u00bb \u2014 JusticeInfo.net\" data-secret=\"pLUZ5ryLzD\" frameborder=\"0\" marginwidth=\"0\" marginheight=\"0\" scrolling=\"no\" class=\"wp-embedded-content\"><\/iframe><script type=\"text\/javascript\">\n\/* <![CDATA[ *\/\n\/*! This file is auto-generated *\/\n!function(d,l){\"use strict\";l.querySelector&&d.addEventListener&&\"undefined\"!=typeof URL&&(d.wp=d.wp||{},d.wp.receiveEmbedMessage||(d.wp.receiveEmbedMessage=function(e){var t=e.data;if((t||t.secret||t.message||t.value)&&!\/[^a-zA-Z0-9]\/.test(t.secret)){for(var s,r,n,a=l.querySelectorAll('iframe[data-secret=\"'+t.secret+'\"]'),o=l.querySelectorAll('blockquote[data-secret=\"'+t.secret+'\"]'),c=new RegExp(\"^https?:$\",\"i\"),i=0;i<o.length;i++)o[i].style.display=\"none\";for(i=0;i<a.length;i++)s=a[i],e.source===s.contentWindow&&(s.removeAttribute(\"style\"),\"height\"===t.message?(1e3<(r=parseInt(t.value,10))?r=1e3:~~r<200&&(r=200),s.height=r):\"link\"===t.message&&(r=new URL(s.getAttribute(\"src\")),n=new URL(t.value),c.test(n.protocol))&&n.host===r.host&&l.activeElement===s&&(d.top.location.href=t.value))}},d.addEventListener(\"message\",d.wp.receiveEmbedMessage,!1),l.addEventListener(\"DOMContentLoaded\",function(){for(var e,t,s=l.querySelectorAll(\"iframe.wp-embedded-content\"),r=0;r<s.length;r++)(t=(e=s[r]).getAttribute(\"data-secret\"))||(t=Math.random().toString(36).substring(2,12),e.src+=\"#?secret=\"+t,e.setAttribute(\"data-secret\",t)),e.contentWindow.postMessage({message:\"ready\",secret:t},\"*\")},!1)))}(window,document);\n\/* ]]> *\/\n<\/script>\n","thumbnail_url":"https:\/\/www.justiceinfo.net\/wp-content\/uploads\/Colombia_Belkis-Izquierdo-Rider-Pai-Awa_@JEP.jpg","thumbnail_width":1200,"thumbnail_height":800,"description":"En 2023, la Jurisdicci\u00f3n Especial para la Paz (JEP) emiti\u00f3 unas conclusiones pioneras sobre los cr\u00edmenes contra los pueblos ind\u00edgenas en Colombia, especialmente los aw\u00e1. Pero una reciente ola de violencia ha puesto de manifiesto los l\u00edmites de la justicia transicional."}