{"version":"1.0","provider_name":"JusticeInfo.net","provider_url":"https:\/\/www.justiceinfo.net\/fr","title":"Le proc\u00e8s Kabuga face au conflit de la d\u00e9fense","type":"rich","width":600,"height":338,"html":"<blockquote class=\"wp-embedded-content\" data-secret=\"73inSjqvzJ\"><a href=\"https:\/\/www.justiceinfo.net\/fr\/106985-proces-kabuga-face-conflit-defense.html\">Le proc\u00e8s Kabuga face au conflit de la d\u00e9fense<\/a><\/blockquote><iframe sandbox=\"allow-scripts\" security=\"restricted\" src=\"https:\/\/www.justiceinfo.net\/fr\/106985-proces-kabuga-face-conflit-defense.html\/embed#?secret=73inSjqvzJ\" width=\"600\" height=\"338\" title=\"\u00ab\u00a0Le proc\u00e8s Kabuga face au conflit de la d\u00e9fense\u00a0\u00bb &#8212; JusticeInfo.net\" data-secret=\"73inSjqvzJ\" frameborder=\"0\" marginwidth=\"0\" marginheight=\"0\" scrolling=\"no\" class=\"wp-embedded-content\"><\/iframe><script type=\"text\/javascript\">\n\/* <![CDATA[ *\/\n\/*! This file is auto-generated *\/\n!function(d,l){\"use strict\";l.querySelector&&d.addEventListener&&\"undefined\"!=typeof URL&&(d.wp=d.wp||{},d.wp.receiveEmbedMessage||(d.wp.receiveEmbedMessage=function(e){var t=e.data;if((t||t.secret||t.message||t.value)&&!\/[^a-zA-Z0-9]\/.test(t.secret)){for(var s,r,n,a=l.querySelectorAll('iframe[data-secret=\"'+t.secret+'\"]'),o=l.querySelectorAll('blockquote[data-secret=\"'+t.secret+'\"]'),c=new RegExp(\"^https?:$\",\"i\"),i=0;i<o.length;i++)o[i].style.display=\"none\";for(i=0;i<a.length;i++)s=a[i],e.source===s.contentWindow&&(s.removeAttribute(\"style\"),\"height\"===t.message?(1e3<(r=parseInt(t.value,10))?r=1e3:~~r<200&&(r=200),s.height=r):\"link\"===t.message&&(r=new URL(s.getAttribute(\"src\")),n=new URL(t.value),c.test(n.protocol))&&n.host===r.host&&l.activeElement===s&&(d.top.location.href=t.value))}},d.addEventListener(\"message\",d.wp.receiveEmbedMessage,!1),l.addEventListener(\"DOMContentLoaded\",function(){for(var e,t,s=l.querySelectorAll(\"iframe.wp-embedded-content\"),r=0;r<s.length;r++)(t=(e=s[r]).getAttribute(\"data-secret\"))||(t=Math.random().toString(36).substring(2,12),e.src+=\"#?secret=\"+t,e.setAttribute(\"data-secret\",t)),e.contentWindow.postMessage({message:\"ready\",secret:t},\"*\")},!1)))}(window,document);\n\/* ]]> *\/\n<\/script>\n","thumbnail_url":"https:\/\/www.justiceinfo.net\/wp-content\/uploads\/avocats-robes_@DR.jpg","thumbnail_width":1422,"thumbnail_height":800,"description":"Le proc\u00e8s tant attendu du pr\u00e9sum\u00e9 argentier du g\u00e9nocide en 1994 au Rwanda, F\u00e9licien Kabuga, est annonc\u00e9 pour le 29 septembre \u00e0 La Haye. Mais l\u2019accus\u00e9 s\u2019y pr\u00e9sente avec un avocat qu\u2019il rejette depuis bient\u00f4t deux ans. Alors que ce proc\u00e8s est menac\u00e9 par la fragile sant\u00e9 de l\u2019accus\u00e9 \u2013 \u00e2g\u00e9 de 89 ans et malade \u2013 le tribunal para\u00eet emp\u00eatr\u00e9 dans les m\u00eames impasses que son pr\u00e9d\u00e9cesseur, le Tribunal p\u00e9nal international pour le Rwanda, il y a 25 ans."}