{"version":"1.0","provider_name":"JusticeInfo.net","provider_url":"https:\/\/www.justiceinfo.net\/fr","title":"Justice climatique\u00a0: l\u2019\u00e9tau se resserre sur les producteurs d\u2019\u00e9nergies fossiles","type":"rich","width":600,"height":338,"html":"<blockquote class=\"wp-embedded-content\" data-secret=\"0wnQkH5rYB\"><a href=\"https:\/\/www.justiceinfo.net\/fr\/109242-justice-climatique-producteurs-energies-fossiles.html\">Justice climatique\u00a0: l\u2019\u00e9tau se resserre sur les producteurs d\u2019\u00e9nergies fossiles<\/a><\/blockquote><iframe sandbox=\"allow-scripts\" security=\"restricted\" src=\"https:\/\/www.justiceinfo.net\/fr\/109242-justice-climatique-producteurs-energies-fossiles.html\/embed#?secret=0wnQkH5rYB\" width=\"600\" height=\"338\" title=\"\u00ab\u00a0Justice climatique\u00a0: l\u2019\u00e9tau se resserre sur les producteurs d\u2019\u00e9nergies fossiles\u00a0\u00bb &#8212; JusticeInfo.net\" data-secret=\"0wnQkH5rYB\" frameborder=\"0\" marginwidth=\"0\" marginheight=\"0\" scrolling=\"no\" class=\"wp-embedded-content\"><\/iframe><script type=\"text\/javascript\">\n\/* <![CDATA[ *\/\n\/*! This file is auto-generated *\/\n!function(d,l){\"use strict\";l.querySelector&&d.addEventListener&&\"undefined\"!=typeof URL&&(d.wp=d.wp||{},d.wp.receiveEmbedMessage||(d.wp.receiveEmbedMessage=function(e){var t=e.data;if((t||t.secret||t.message||t.value)&&!\/[^a-zA-Z0-9]\/.test(t.secret)){for(var s,r,n,a=l.querySelectorAll('iframe[data-secret=\"'+t.secret+'\"]'),o=l.querySelectorAll('blockquote[data-secret=\"'+t.secret+'\"]'),c=new RegExp(\"^https?:$\",\"i\"),i=0;i<o.length;i++)o[i].style.display=\"none\";for(i=0;i<a.length;i++)s=a[i],e.source===s.contentWindow&&(s.removeAttribute(\"style\"),\"height\"===t.message?(1e3<(r=parseInt(t.value,10))?r=1e3:~~r<200&&(r=200),s.height=r):\"link\"===t.message&&(r=new URL(s.getAttribute(\"src\")),n=new URL(t.value),c.test(n.protocol))&&n.host===r.host&&l.activeElement===s&&(d.top.location.href=t.value))}},d.addEventListener(\"message\",d.wp.receiveEmbedMessage,!1),l.addEventListener(\"DOMContentLoaded\",function(){for(var e,t,s=l.querySelectorAll(\"iframe.wp-embedded-content\"),r=0;r<s.length;r++)(t=(e=s[r]).getAttribute(\"data-secret\"))||(t=Math.random().toString(36).substring(2,12),e.src+=\"#?secret=\"+t,e.setAttribute(\"data-secret\",t)),e.contentWindow.postMessage({message:\"ready\",secret:t},\"*\")},!1)))}(window,document);\n\/* ]]> *\/\n<\/script>\n","thumbnail_url":"https:\/\/www.justiceinfo.net\/wp-content\/uploads\/oil-production-plane_@Yamil-Lage-AFP.jpg","thumbnail_width":1200,"thumbnail_height":815,"description":"Malgr\u00e9 le silence sur ce sujet \u00e0 la COP27, cl\u00f4tur\u00e9e le 20 novembre \u00e0 Charm-el-Cheikh en \u00c9gypte, les recours climat contre les Etats ont ouvert une r\u00e9flexion en cascade sur les responsabilit\u00e9s juridiques, qui m\u00e8nent en aval vers les entreprises productrices d\u2019\u00e9nergies fossiles, sur lesquelles l\u2019\u00e9tau se resserre, constate le journaliste sp\u00e9cialis\u00e9 Benjamin Bibas."}