{"version":"1.0","provider_name":"JusticeInfo.net","provider_url":"https:\/\/www.justiceinfo.net\/fr","title":"Comment des victimes sceptiques changent d\u2019avis sur la JEP de Colombie","type":"rich","width":600,"height":338,"html":"<blockquote class=\"wp-embedded-content\" data-secret=\"A7SKGDo0EG\"><a href=\"https:\/\/www.justiceinfo.net\/fr\/111095-comment-victimes-sceptiques-changent-avis-jep-colombie.html\">Comment des victimes sceptiques changent d\u2019avis sur la JEP de Colombie<\/a><\/blockquote><iframe sandbox=\"allow-scripts\" security=\"restricted\" src=\"https:\/\/www.justiceinfo.net\/fr\/111095-comment-victimes-sceptiques-changent-avis-jep-colombie.html\/embed#?secret=A7SKGDo0EG\" width=\"600\" height=\"338\" title=\"\u00ab\u00a0Comment des victimes sceptiques changent d\u2019avis sur la JEP de Colombie\u00a0\u00bb &#8212; JusticeInfo.net\" data-secret=\"A7SKGDo0EG\" frameborder=\"0\" marginwidth=\"0\" marginheight=\"0\" scrolling=\"no\" class=\"wp-embedded-content\"><\/iframe><script type=\"text\/javascript\">\n\/* <![CDATA[ *\/\n\/*! This file is auto-generated *\/\n!function(d,l){\"use strict\";l.querySelector&&d.addEventListener&&\"undefined\"!=typeof URL&&(d.wp=d.wp||{},d.wp.receiveEmbedMessage||(d.wp.receiveEmbedMessage=function(e){var t=e.data;if((t||t.secret||t.message||t.value)&&!\/[^a-zA-Z0-9]\/.test(t.secret)){for(var s,r,n,a=l.querySelectorAll('iframe[data-secret=\"'+t.secret+'\"]'),o=l.querySelectorAll('blockquote[data-secret=\"'+t.secret+'\"]'),c=new RegExp(\"^https?:$\",\"i\"),i=0;i<o.length;i++)o[i].style.display=\"none\";for(i=0;i<a.length;i++)s=a[i],e.source===s.contentWindow&&(s.removeAttribute(\"style\"),\"height\"===t.message?(1e3<(r=parseInt(t.value,10))?r=1e3:~~r<200&&(r=200),s.height=r):\"link\"===t.message&&(r=new URL(s.getAttribute(\"src\")),n=new URL(t.value),c.test(n.protocol))&&n.host===r.host&&l.activeElement===s&&(d.top.location.href=t.value))}},d.addEventListener(\"message\",d.wp.receiveEmbedMessage,!1),l.addEventListener(\"DOMContentLoaded\",function(){for(var e,t,s=l.querySelectorAll(\"iframe.wp-embedded-content\"),r=0;r<s.length;r++)(t=(e=s[r]).getAttribute(\"data-secret\"))||(t=Math.random().toString(36).substring(2,12),e.src+=\"#?secret=\"+t,e.setAttribute(\"data-secret\",t)),e.contentWindow.postMessage({message:\"ready\",secret:t},\"*\")},!1)))}(window,document);\n\/* ]]> *\/\n<\/script>\n","thumbnail_url":"https:\/\/www.justiceinfo.net\/wp-content\/uploads\/Colombia_Domingo-Navarro-victim-Jurisdiccion-Especial-para-la-Paz_@JEP.jpg","thumbnail_width":1024,"thumbnail_height":576,"description":"Dans un pays o\u00f9 beaucoup, notamment dans l'ar\u00e8ne politique, consid\u00e8rent que la soci\u00e9t\u00e9 colombienne est divis\u00e9e en deux camps irr\u00e9conciliables, les perceptions des victimes \u00e9voluent - loin des projecteurs \u2013 et illustrent une r\u00e9alit\u00e9 plus complexe. Sans mettre de c\u00f4t\u00e9 leurs convictions et leurs critiques de l'accord de paix, certaines victimes reconnaissent d\u00e9sormais les acquis de la justice transitionnelle et contribuent activement \u00e0 leur r\u00e9alisation. Justice Info s'est entretenu avec deux d'entre elles."}