{"version":"1.0","provider_name":"JusticeInfo.net","provider_url":"https:\/\/www.justiceinfo.net\/fr","title":"Ouverture anticip\u00e9e des archives du proc\u00e8s Touvier","type":"rich","width":600,"height":338,"html":"<blockquote class=\"wp-embedded-content\" data-secret=\"5AKuvDePfd\"><a href=\"https:\/\/www.justiceinfo.net\/fr\/131080-ouverture-anticipee-des-archives-du-proces-touvier.html\">Ouverture anticip\u00e9e des archives du proc\u00e8s Touvier<\/a><\/blockquote><iframe sandbox=\"allow-scripts\" security=\"restricted\" src=\"https:\/\/www.justiceinfo.net\/fr\/131080-ouverture-anticipee-des-archives-du-proces-touvier.html\/embed#?secret=5AKuvDePfd\" width=\"600\" height=\"338\" title=\"\u00ab\u00a0Ouverture anticip\u00e9e des archives du proc\u00e8s Touvier\u00a0\u00bb &#8212; JusticeInfo.net\" data-secret=\"5AKuvDePfd\" frameborder=\"0\" marginwidth=\"0\" marginheight=\"0\" scrolling=\"no\" class=\"wp-embedded-content\"><\/iframe><script type=\"text\/javascript\">\n\/* <![CDATA[ *\/\n\/*! This file is auto-generated *\/\n!function(d,l){\"use strict\";l.querySelector&&d.addEventListener&&\"undefined\"!=typeof URL&&(d.wp=d.wp||{},d.wp.receiveEmbedMessage||(d.wp.receiveEmbedMessage=function(e){var t=e.data;if((t||t.secret||t.message||t.value)&&!\/[^a-zA-Z0-9]\/.test(t.secret)){for(var s,r,n,a=l.querySelectorAll('iframe[data-secret=\"'+t.secret+'\"]'),o=l.querySelectorAll('blockquote[data-secret=\"'+t.secret+'\"]'),c=new RegExp(\"^https?:$\",\"i\"),i=0;i<o.length;i++)o[i].style.display=\"none\";for(i=0;i<a.length;i++)s=a[i],e.source===s.contentWindow&&(s.removeAttribute(\"style\"),\"height\"===t.message?(1e3<(r=parseInt(t.value,10))?r=1e3:~~r<200&&(r=200),s.height=r):\"link\"===t.message&&(r=new URL(s.getAttribute(\"src\")),n=new URL(t.value),c.test(n.protocol))&&n.host===r.host&&l.activeElement===s&&(d.top.location.href=t.value))}},d.addEventListener(\"message\",d.wp.receiveEmbedMessage,!1),l.addEventListener(\"DOMContentLoaded\",function(){for(var e,t,s=l.querySelectorAll(\"iframe.wp-embedded-content\"),r=0;r<s.length;r++)(t=(e=s[r]).getAttribute(\"data-secret\"))||(t=Math.random().toString(36).substring(2,12),e.src+=\"#?secret=\"+t,e.setAttribute(\"data-secret\",t)),e.contentWindow.postMessage({message:\"ready\",secret:t},\"*\")},!1)))}(window,document);\n\/* ]]> *\/\n<\/script>\n","description":"Les archives du proc\u00e8s de Paul Touvier, chef de la Milice \u00e0 Lyon pendant l'Occupation et condamn\u00e9 pour crimes contre l'humanit\u00e9 en 1994, sont d\u00e9sormais accessibles au public, de fa\u00e7on \"anticip\u00e9e\", pour oeuvrer au \"travail de m\u00e9moire\", ont annonc\u00e9 vendredi deux minist\u00e8res. Le 20 avril 1994, \u00e0 l'issue d'un mois de proc\u00e8s devant la cour [&hellip;]","thumbnail_url":"https:\/\/www.justiceinfo.net\/wp-content\/uploads\/JusticeInfoNet_logo_1200x630px.jpg","thumbnail_width":1200,"thumbnail_height":630}