{"version":"1.0","provider_name":"JusticeInfo.net","provider_url":"https:\/\/www.justiceinfo.net\/fr","title":"Rwamucyo condamn\u00e9 pour complicit\u00e9 de g\u00e9nocide","type":"rich","width":600,"height":338,"html":"<blockquote class=\"wp-embedded-content\" data-secret=\"FQdDCcpEwF\"><a href=\"https:\/\/www.justiceinfo.net\/fr\/137762-rwamucyo-condamne-pour-complicite-de-genocide.html\">Rwamucyo condamn\u00e9 pour complicit\u00e9 de g\u00e9nocide<\/a><\/blockquote><iframe sandbox=\"allow-scripts\" security=\"restricted\" src=\"https:\/\/www.justiceinfo.net\/fr\/137762-rwamucyo-condamne-pour-complicite-de-genocide.html\/embed#?secret=FQdDCcpEwF\" width=\"600\" height=\"338\" title=\"\u00ab\u00a0Rwamucyo condamn\u00e9 pour complicit\u00e9 de g\u00e9nocide\u00a0\u00bb &#8212; JusticeInfo.net\" data-secret=\"FQdDCcpEwF\" frameborder=\"0\" marginwidth=\"0\" marginheight=\"0\" scrolling=\"no\" class=\"wp-embedded-content\"><\/iframe><script type=\"text\/javascript\">\n\/* <![CDATA[ *\/\n\/*! This file is auto-generated *\/\n!function(d,l){\"use strict\";l.querySelector&&d.addEventListener&&\"undefined\"!=typeof URL&&(d.wp=d.wp||{},d.wp.receiveEmbedMessage||(d.wp.receiveEmbedMessage=function(e){var t=e.data;if((t||t.secret||t.message||t.value)&&!\/[^a-zA-Z0-9]\/.test(t.secret)){for(var s,r,n,a=l.querySelectorAll('iframe[data-secret=\"'+t.secret+'\"]'),o=l.querySelectorAll('blockquote[data-secret=\"'+t.secret+'\"]'),c=new RegExp(\"^https?:$\",\"i\"),i=0;i<o.length;i++)o[i].style.display=\"none\";for(i=0;i<a.length;i++)s=a[i],e.source===s.contentWindow&&(s.removeAttribute(\"style\"),\"height\"===t.message?(1e3<(r=parseInt(t.value,10))?r=1e3:~~r<200&&(r=200),s.height=r):\"link\"===t.message&&(r=new URL(s.getAttribute(\"src\")),n=new URL(t.value),c.test(n.protocol))&&n.host===r.host&&l.activeElement===s&&(d.top.location.href=t.value))}},d.addEventListener(\"message\",d.wp.receiveEmbedMessage,!1),l.addEventListener(\"DOMContentLoaded\",function(){for(var e,t,s=l.querySelectorAll(\"iframe.wp-embedded-content\"),r=0;r<s.length;r++)(t=(e=s[r]).getAttribute(\"data-secret\"))||(t=Math.random().toString(36).substring(2,12),e.src+=\"#?secret=\"+t,e.setAttribute(\"data-secret\",t)),e.contentWindow.postMessage({message:\"ready\",secret:t},\"*\")},!1)))}(window,document);\n\/* ]]> *\/\n<\/script>\n","thumbnail_url":"https:\/\/www.justiceinfo.net\/wp-content\/uploads\/Rwanda-France_Eugene-Rwamucyo-proces-trial_@Stephane-de-Sakutin-AFP.jpg","thumbnail_width":1200,"thumbnail_height":800,"description":"Lors d'un proc\u00e8s en France, le m\u00e9decin rwandais Eug\u00e8ne Rwamucyo a \u00e9t\u00e9 condamn\u00e9 \u00e0 27 ans de prison pour complicit\u00e9 de g\u00e9nocide et de crimes contre l\u2019humanit\u00e9. Il est le huiti\u00e8me Rwandais jug\u00e9 en France pour le g\u00e9nocide des Tutsi au Rwanda, en 1994."}