{"version":"1.0","provider_name":"JusticeInfo.net","provider_url":"https:\/\/www.justiceinfo.net\/fr","title":"Libye:toll\u00e9 international apr\u00e8s la condamnation du fils Kadhafi","type":"rich","width":600,"height":338,"html":"<blockquote class=\"wp-embedded-content\" data-secret=\"3nUW29bh1X\"><a href=\"https:\/\/www.justiceinfo.net\/fr\/1392-libye.html\">Libye:toll\u00e9 international apr\u00e8s la condamnation du fils Kadhafi<\/a><\/blockquote><iframe sandbox=\"allow-scripts\" security=\"restricted\" src=\"https:\/\/www.justiceinfo.net\/fr\/1392-libye.html\/embed#?secret=3nUW29bh1X\" width=\"600\" height=\"338\" title=\"\u00ab\u00a0Libye:toll\u00e9 international apr\u00e8s la condamnation du fils Kadhafi\u00a0\u00bb &#8212; JusticeInfo.net\" data-secret=\"3nUW29bh1X\" frameborder=\"0\" marginwidth=\"0\" marginheight=\"0\" scrolling=\"no\" class=\"wp-embedded-content\"><\/iframe><script type=\"text\/javascript\">\n\/* <![CDATA[ *\/\n\/*! This file is auto-generated *\/\n!function(d,l){\"use strict\";l.querySelector&&d.addEventListener&&\"undefined\"!=typeof URL&&(d.wp=d.wp||{},d.wp.receiveEmbedMessage||(d.wp.receiveEmbedMessage=function(e){var t=e.data;if((t||t.secret||t.message||t.value)&&!\/[^a-zA-Z0-9]\/.test(t.secret)){for(var s,r,n,a=l.querySelectorAll('iframe[data-secret=\"'+t.secret+'\"]'),o=l.querySelectorAll('blockquote[data-secret=\"'+t.secret+'\"]'),c=new RegExp(\"^https?:$\",\"i\"),i=0;i<o.length;i++)o[i].style.display=\"none\";for(i=0;i<a.length;i++)s=a[i],e.source===s.contentWindow&&(s.removeAttribute(\"style\"),\"height\"===t.message?(1e3<(r=parseInt(t.value,10))?r=1e3:~~r<200&&(r=200),s.height=r):\"link\"===t.message&&(r=new URL(s.getAttribute(\"src\")),n=new URL(t.value),c.test(n.protocol))&&n.host===r.host&&l.activeElement===s&&(d.top.location.href=t.value))}},d.addEventListener(\"message\",d.wp.receiveEmbedMessage,!1),l.addEventListener(\"DOMContentLoaded\",function(){for(var e,t,s=l.querySelectorAll(\"iframe.wp-embedded-content\"),r=0;r<s.length;r++)(t=(e=s[r]).getAttribute(\"data-secret\"))||(t=Math.random().toString(36).substring(2,12),e.src+=\"#?secret=\"+t,e.setAttribute(\"data-secret\",t)),e.contentWindow.postMessage({message:\"ready\",secret:t},\"*\")},!1)))}(window,document);\n\/* ]]> *\/\n<\/script>\n","thumbnail_url":"https:\/\/www.justiceinfo.net\/wp-content\/uploads\/f8a5e5152a56b7390e83035856d02f41-scaled.jpg","thumbnail_width":2560,"thumbnail_height":1741,"description":"\u00a0Seif al-Islam Kadhafi, le fils le plus en vue du d\u00e9funt dictateur libyen, et huit proches de ce dernier ont \u00e9t\u00e9 condamn\u00e9s \u00e0 mort mardi \u00e0 Tripoli, un verdict condamn\u00e9 par l'ONU, le Conseil de l'Europe et plusieurs ONG. Apr\u00e8s un proc\u00e8s de 16 mois \u00e9clips\u00e9 par les violences et les divisions politiques qui ravagent [&hellip;]"}