{"version":"1.0","provider_name":"JusticeInfo.net","provider_url":"https:\/\/www.justiceinfo.net\/fr","title":"\u00ab J\u2019esp\u00e8re que Gaza ne sera pas le cimeti\u00e8re du droit international \u00bb","type":"rich","width":600,"height":338,"html":"<blockquote class=\"wp-embedded-content\" data-secret=\"vV0MtflIhV\"><a href=\"https:\/\/www.justiceinfo.net\/fr\/141560-jespere-gaza-pas-cimetiere-droit-international.html\">\u00ab J\u2019esp\u00e8re que Gaza ne sera pas le cimeti\u00e8re du droit international \u00bb<\/a><\/blockquote><iframe sandbox=\"allow-scripts\" security=\"restricted\" src=\"https:\/\/www.justiceinfo.net\/fr\/141560-jespere-gaza-pas-cimetiere-droit-international.html\/embed#?secret=vV0MtflIhV\" width=\"600\" height=\"338\" title=\"\u00ab\u00a0\u00ab J\u2019esp\u00e8re que Gaza ne sera pas le cimeti\u00e8re du droit international \u00bb\u00a0\u00bb &#8212; JusticeInfo.net\" data-secret=\"vV0MtflIhV\" frameborder=\"0\" marginwidth=\"0\" marginheight=\"0\" scrolling=\"no\" class=\"wp-embedded-content\"><\/iframe><script type=\"text\/javascript\">\n\/* <![CDATA[ *\/\n\/*! This file is auto-generated *\/\n!function(d,l){\"use strict\";l.querySelector&&d.addEventListener&&\"undefined\"!=typeof URL&&(d.wp=d.wp||{},d.wp.receiveEmbedMessage||(d.wp.receiveEmbedMessage=function(e){var t=e.data;if((t||t.secret||t.message||t.value)&&!\/[^a-zA-Z0-9]\/.test(t.secret)){for(var s,r,n,a=l.querySelectorAll('iframe[data-secret=\"'+t.secret+'\"]'),o=l.querySelectorAll('blockquote[data-secret=\"'+t.secret+'\"]'),c=new RegExp(\"^https?:$\",\"i\"),i=0;i<o.length;i++)o[i].style.display=\"none\";for(i=0;i<a.length;i++)s=a[i],e.source===s.contentWindow&&(s.removeAttribute(\"style\"),\"height\"===t.message?(1e3<(r=parseInt(t.value,10))?r=1e3:~~r<200&&(r=200),s.height=r):\"link\"===t.message&&(r=new URL(s.getAttribute(\"src\")),n=new URL(t.value),c.test(n.protocol))&&n.host===r.host&&l.activeElement===s&&(d.top.location.href=t.value))}},d.addEventListener(\"message\",d.wp.receiveEmbedMessage,!1),l.addEventListener(\"DOMContentLoaded\",function(){for(var e,t,s=l.querySelectorAll(\"iframe.wp-embedded-content\"),r=0;r<s.length;r++)(t=(e=s[r]).getAttribute(\"data-secret\"))||(t=Math.random().toString(36).substring(2,12),e.src+=\"#?secret=\"+t,e.setAttribute(\"data-secret\",t)),e.contentWindow.postMessage({message:\"ready\",secret:t},\"*\")},!1)))}(window,document);\n\/* ]]> *\/\n<\/script>\n","thumbnail_url":"https:\/\/www.justiceinfo.net\/wp-content\/uploads\/Palestine_Raji-Sourani-human-rights-lawyer_@Mohammed-Abed-AFP.jpg","thumbnail_width":1200,"thumbnail_height":800,"description":"Entretien avec l\u2019avocat palestinien Raji Sourani (d\u00e9fenseur des droits humains) qui r\u00e9agit aux d\u00e9clarations de Donald Trump sur Gaza et \u00e0 la menace de Benjamin N\u00e9tanyahou de reprendre les combats si le Hamas ne lib\u00e8re pas les otages isra\u00e9liens d\u2019ici samedi 15 f\u00e9vrier."}