{"version":"1.0","provider_name":"JusticeInfo.net","provider_url":"https:\/\/www.justiceinfo.net\/fr","title":"En Colombie, au plus pr\u00e8s des victimes d\u2019enl\u00e8vements","type":"rich","width":600,"height":338,"html":"<blockquote class=\"wp-embedded-content\" data-secret=\"O3ZJjkE0uL\"><a href=\"https:\/\/www.justiceinfo.net\/fr\/147804-colombie-pres-victimes-enlevements.html\">En Colombie, au plus pr\u00e8s des victimes d\u2019enl\u00e8vements<\/a><\/blockquote><iframe sandbox=\"allow-scripts\" security=\"restricted\" src=\"https:\/\/www.justiceinfo.net\/fr\/147804-colombie-pres-victimes-enlevements.html\/embed#?secret=O3ZJjkE0uL\" width=\"600\" height=\"338\" title=\"\u00ab\u00a0En Colombie, au plus pr\u00e8s des victimes d\u2019enl\u00e8vements\u00a0\u00bb &#8212; JusticeInfo.net\" data-secret=\"O3ZJjkE0uL\" frameborder=\"0\" marginwidth=\"0\" marginheight=\"0\" scrolling=\"no\" class=\"wp-embedded-content\"><\/iframe><script type=\"text\/javascript\">\n\/* <![CDATA[ *\/\n\/*! This file is auto-generated *\/\n!function(d,l){\"use strict\";l.querySelector&&d.addEventListener&&\"undefined\"!=typeof URL&&(d.wp=d.wp||{},d.wp.receiveEmbedMessage||(d.wp.receiveEmbedMessage=function(e){var t=e.data;if((t||t.secret||t.message||t.value)&&!\/[^a-zA-Z0-9]\/.test(t.secret)){for(var s,r,n,a=l.querySelectorAll('iframe[data-secret=\"'+t.secret+'\"]'),o=l.querySelectorAll('blockquote[data-secret=\"'+t.secret+'\"]'),c=new RegExp(\"^https?:$\",\"i\"),i=0;i<o.length;i++)o[i].style.display=\"none\";for(i=0;i<a.length;i++)s=a[i],e.source===s.contentWindow&&(s.removeAttribute(\"style\"),\"height\"===t.message?(1e3<(r=parseInt(t.value,10))?r=1e3:~~r<200&&(r=200),s.height=r):\"link\"===t.message&&(r=new URL(s.getAttribute(\"src\")),n=new URL(t.value),c.test(n.protocol))&&n.host===r.host&&l.activeElement===s&&(d.top.location.href=t.value))}},d.addEventListener(\"message\",d.wp.receiveEmbedMessage,!1),l.addEventListener(\"DOMContentLoaded\",function(){for(var e,t,s=l.querySelectorAll(\"iframe.wp-embedded-content\"),r=0;r<s.length;r++)(t=(e=s[r]).getAttribute(\"data-secret\"))||(t=Math.random().toString(36).substring(2,12),e.src+=\"#?secret=\"+t,e.setAttribute(\"data-secret\",t)),e.contentWindow.postMessage({message:\"ready\",secret:t},\"*\")},!1)))}(window,document);\n\/* ]]> *\/\n<\/script>\n","thumbnail_url":"https:\/\/www.justiceinfo.net\/wp-content\/uploads\/Colombia_7-FARC-commanders_@JEP-.jpg","thumbnail_width":1200,"thumbnail_height":676,"description":"Lors d\u2019une audience publique dans le village montagneux de Caicedo, puis \u00e0 Medell\u00edn, sept anciens commandants r\u00e9gionaux des FARC ont commenc\u00e9 \u00e0 r\u00e9v\u00e9ler \u00e0 leurs victimes locales des fragments de v\u00e9rit\u00e9s tant attendues."}