{"version":"1.0","provider_name":"JusticeInfo.net","provider_url":"https:\/\/www.justiceinfo.net\/fr","title":"Hiss\u00e8ne Habr\u00e9 : le procureur demande la perp\u00e9tuit\u00e9","type":"rich","width":600,"height":338,"html":"<blockquote class=\"wp-embedded-content\" data-secret=\"yS9OCzHYLe\"><a href=\"https:\/\/www.justiceinfo.net\/fr\/25956-hissene-habre.html\">Hiss\u00e8ne Habr\u00e9 : le procureur demande la perp\u00e9tuit\u00e9<\/a><\/blockquote><iframe sandbox=\"allow-scripts\" security=\"restricted\" src=\"https:\/\/www.justiceinfo.net\/fr\/25956-hissene-habre.html\/embed#?secret=yS9OCzHYLe\" width=\"600\" height=\"338\" title=\"\u00ab\u00a0Hiss\u00e8ne Habr\u00e9 : le procureur demande la perp\u00e9tuit\u00e9\u00a0\u00bb &#8212; JusticeInfo.net\" data-secret=\"yS9OCzHYLe\" frameborder=\"0\" marginwidth=\"0\" marginheight=\"0\" scrolling=\"no\" class=\"wp-embedded-content\"><\/iframe><script type=\"text\/javascript\">\n\/* <![CDATA[ *\/\n\/*! This file is auto-generated *\/\n!function(d,l){\"use strict\";l.querySelector&&d.addEventListener&&\"undefined\"!=typeof URL&&(d.wp=d.wp||{},d.wp.receiveEmbedMessage||(d.wp.receiveEmbedMessage=function(e){var t=e.data;if((t||t.secret||t.message||t.value)&&!\/[^a-zA-Z0-9]\/.test(t.secret)){for(var s,r,n,a=l.querySelectorAll('iframe[data-secret=\"'+t.secret+'\"]'),o=l.querySelectorAll('blockquote[data-secret=\"'+t.secret+'\"]'),c=new RegExp(\"^https?:$\",\"i\"),i=0;i<o.length;i++)o[i].style.display=\"none\";for(i=0;i<a.length;i++)s=a[i],e.source===s.contentWindow&&(s.removeAttribute(\"style\"),\"height\"===t.message?(1e3<(r=parseInt(t.value,10))?r=1e3:~~r<200&&(r=200),s.height=r):\"link\"===t.message&&(r=new URL(s.getAttribute(\"src\")),n=new URL(t.value),c.test(n.protocol))&&n.host===r.host&&l.activeElement===s&&(d.top.location.href=t.value))}},d.addEventListener(\"message\",d.wp.receiveEmbedMessage,!1),l.addEventListener(\"DOMContentLoaded\",function(){for(var e,t,s=l.querySelectorAll(\"iframe.wp-embedded-content\"),r=0;r<s.length;r++)(t=(e=s[r]).getAttribute(\"data-secret\"))||(t=Math.random().toString(36).substring(2,12),e.src+=\"#?secret=\"+t,e.setAttribute(\"data-secret\",t)),e.contentWindow.postMessage({message:\"ready\",secret:t},\"*\")},!1)))}(window,document);\n\/* ]]> *\/\n<\/script>\n","thumbnail_url":"https:\/\/www.justiceinfo.net\/wp-content\/uploads\/27512200baf9a6d2d41cdcae6a61bbbc-scaled.jpg","thumbnail_width":2560,"thumbnail_height":1709,"description":"Le procureur pr\u00e8s les Chambres africaines extraordinaires(CAE), Mback\u00e9 Fall, a requis mercredi, au troisi\u00e8me jour des plaidoiries dans le proc\u00e8s de Hiss\u00e8ne Habr\u00e9, une peine de prison \u00e0 perp\u00e9tuit\u00e9 et la confiscation de ses biens contre l'ancien chef de l'Etat tchadien jug\u00e9 \u00e0 Dakar pour crimes de guerre, tortures et crimes contre l'humanit\u00e9 perp\u00e9tr\u00e9s durant [&hellip;]"}