{"version":"1.0","provider_name":"JusticeInfo.net","provider_url":"https:\/\/www.justiceinfo.net\/fr","title":"Amnesty critique l'Europe pour sa r\u00e9action \"honteuse\" envers les migrants","type":"rich","width":600,"height":338,"html":"<blockquote class=\"wp-embedded-content\" data-secret=\"2QXZ3mx2q9\"><a href=\"https:\/\/www.justiceinfo.net\/fr\/26141-amnesty.html\">Amnesty critique l'Europe pour sa r\u00e9action \"honteuse\" envers les migrants<\/a><\/blockquote><iframe sandbox=\"allow-scripts\" security=\"restricted\" src=\"https:\/\/www.justiceinfo.net\/fr\/26141-amnesty.html\/embed#?secret=2QXZ3mx2q9\" width=\"600\" height=\"338\" title=\"\u00ab\u00a0Amnesty critique l&#039;Europe pour sa r\u00e9action &quot;honteuse&quot; envers les migrants\u00a0\u00bb &#8212; JusticeInfo.net\" data-secret=\"2QXZ3mx2q9\" frameborder=\"0\" marginwidth=\"0\" marginheight=\"0\" scrolling=\"no\" class=\"wp-embedded-content\"><\/iframe><script type=\"text\/javascript\">\n\/* <![CDATA[ *\/\n\/*! This file is auto-generated *\/\n!function(d,l){\"use strict\";l.querySelector&&d.addEventListener&&\"undefined\"!=typeof URL&&(d.wp=d.wp||{},d.wp.receiveEmbedMessage||(d.wp.receiveEmbedMessage=function(e){var t=e.data;if((t||t.secret||t.message||t.value)&&!\/[^a-zA-Z0-9]\/.test(t.secret)){for(var s,r,n,a=l.querySelectorAll('iframe[data-secret=\"'+t.secret+'\"]'),o=l.querySelectorAll('blockquote[data-secret=\"'+t.secret+'\"]'),c=new RegExp(\"^https?:$\",\"i\"),i=0;i<o.length;i++)o[i].style.display=\"none\";for(i=0;i<a.length;i++)s=a[i],e.source===s.contentWindow&&(s.removeAttribute(\"style\"),\"height\"===t.message?(1e3<(r=parseInt(t.value,10))?r=1e3:~~r<200&&(r=200),s.height=r):\"link\"===t.message&&(r=new URL(s.getAttribute(\"src\")),n=new URL(t.value),c.test(n.protocol))&&n.host===r.host&&l.activeElement===s&&(d.top.location.href=t.value))}},d.addEventListener(\"message\",d.wp.receiveEmbedMessage,!1),l.addEventListener(\"DOMContentLoaded\",function(){for(var e,t,s=l.querySelectorAll(\"iframe.wp-embedded-content\"),r=0;r<s.length;r++)(t=(e=s[r]).getAttribute(\"data-secret\"))||(t=Math.random().toString(36).substring(2,12),e.src+=\"#?secret=\"+t,e.setAttribute(\"data-secret\",t)),e.contentWindow.postMessage({message:\"ready\",secret:t},\"*\")},!1)))}(window,document);\n\/* ]]> *\/\n<\/script>\n","description":"Amnesty International a \u00e9pingl\u00e9 mercredi la r\u00e9action \"honteuse\" des pays europ\u00e9ens \u00e0 la crise des migrants ainsi que la r\u00e9ponse \"liberticide\" de la France aux attentats terroristes de 2015 dans son rapport annuel sur la situation des droits de l'Homme dans le monde. Plut\u00f4t habitu\u00e9e \u00e0 fustiger les dictatures pour leurs abus, l'organisation cible cette [&hellip;]","thumbnail_url":"https:\/\/www.justiceinfo.net\/wp-content\/uploads\/JusticeInfoNet_logo_1200x630px.jpg","thumbnail_width":1200,"thumbnail_height":630}