{"version":"1.0","provider_name":"JusticeInfo.net","provider_url":"https:\/\/www.justiceinfo.net\/fr","title":"la semaine de la justice transitionnelle : la soci\u00e9t\u00e9 civile en Tunisie, le \"nettoyage culturel\" au Mali","type":"rich","width":600,"height":338,"html":"<blockquote class=\"wp-embedded-content\" data-secret=\"KFeaSytQhv\"><a href=\"https:\/\/www.justiceinfo.net\/fr\/27902-justice-transitionnelle.html\">la semaine de la justice transitionnelle :  la soci\u00e9t\u00e9 civile en Tunisie, le  \"nettoyage culturel\" au Mali<\/a><\/blockquote><iframe sandbox=\"allow-scripts\" security=\"restricted\" src=\"https:\/\/www.justiceinfo.net\/fr\/27902-justice-transitionnelle.html\/embed#?secret=KFeaSytQhv\" width=\"600\" height=\"338\" title=\"\u00ab\u00a0la semaine de la justice transitionnelle :  la soci\u00e9t\u00e9 civile en Tunisie, le  &quot;nettoyage culturel&quot; au Mali\u00a0\u00bb &#8212; JusticeInfo.net\" data-secret=\"KFeaSytQhv\" frameborder=\"0\" marginwidth=\"0\" marginheight=\"0\" scrolling=\"no\" class=\"wp-embedded-content\"><\/iframe><script type=\"text\/javascript\">\n\/* <![CDATA[ *\/\n\/*! This file is auto-generated *\/\n!function(d,l){\"use strict\";l.querySelector&&d.addEventListener&&\"undefined\"!=typeof URL&&(d.wp=d.wp||{},d.wp.receiveEmbedMessage||(d.wp.receiveEmbedMessage=function(e){var t=e.data;if((t||t.secret||t.message||t.value)&&!\/[^a-zA-Z0-9]\/.test(t.secret)){for(var s,r,n,a=l.querySelectorAll('iframe[data-secret=\"'+t.secret+'\"]'),o=l.querySelectorAll('blockquote[data-secret=\"'+t.secret+'\"]'),c=new RegExp(\"^https?:$\",\"i\"),i=0;i<o.length;i++)o[i].style.display=\"none\";for(i=0;i<a.length;i++)s=a[i],e.source===s.contentWindow&&(s.removeAttribute(\"style\"),\"height\"===t.message?(1e3<(r=parseInt(t.value,10))?r=1e3:~~r<200&&(r=200),s.height=r):\"link\"===t.message&&(r=new URL(s.getAttribute(\"src\")),n=new URL(t.value),c.test(n.protocol))&&n.host===r.host&&l.activeElement===s&&(d.top.location.href=t.value))}},d.addEventListener(\"message\",d.wp.receiveEmbedMessage,!1),l.addEventListener(\"DOMContentLoaded\",function(){for(var e,t,s=l.querySelectorAll(\"iframe.wp-embedded-content\"),r=0;r<s.length;r++)(t=(e=s[r]).getAttribute(\"data-secret\"))||(t=Math.random().toString(36).substring(2,12),e.src+=\"#?secret=\"+t,e.setAttribute(\"data-secret\",t)),e.contentWindow.postMessage({message:\"ready\",secret:t},\"*\")},!1)))}(window,document);\n\/* ]]> *\/\n<\/script>\n","thumbnail_url":"https:\/\/www.justiceinfo.net\/wp-content\/uploads\/eb938726fcf6af0f476cc4161f897b6f.jpg","thumbnail_width":720,"thumbnail_height":480,"description":"La soci\u00e9t\u00e9 civile peut aussi s\u2019approprier la justice transitionnelle. Ainsi en Tunisie, o\u00f9 le mouvement Manich Msamah, litt\u00e9ralement \u00ab\u00a0Je ne pardonnerai pas\u00a0\u00bb\u00a0s\u2019oppose au projet de loi sur la r\u00e9conciliation \u00e9conomique qui de fait absout les responsables \u00e9conomiques corrompus et affairistes de l\u2019ancien r\u00e9gime. Leur espace d\u2019intervention\u00a0: la rue. Leurs armes\u00a0: les r\u00e9seaux sociaux. Olfa Belhassine, [&hellip;]"}