{"version":"1.0","provider_name":"JusticeInfo.net","provider_url":"https:\/\/www.justiceinfo.net\/fr","title":"Un verdict test tr\u00e8s attendu pour l'ancien chef militaire des Serbes de Bosnie","type":"rich","width":600,"height":338,"html":"<blockquote class=\"wp-embedded-content\" data-secret=\"WoGEs9PBrj\"><a href=\"https:\/\/www.justiceinfo.net\/fr\/35334-mladic.html\">Un verdict test tr\u00e8s attendu pour l'ancien chef militaire des Serbes de Bosnie<\/a><\/blockquote><iframe sandbox=\"allow-scripts\" security=\"restricted\" src=\"https:\/\/www.justiceinfo.net\/fr\/35334-mladic.html\/embed#?secret=WoGEs9PBrj\" width=\"600\" height=\"338\" title=\"\u00ab\u00a0Un verdict test tr\u00e8s attendu pour l&#039;ancien chef militaire des Serbes de Bosnie\u00a0\u00bb &#8212; JusticeInfo.net\" data-secret=\"WoGEs9PBrj\" frameborder=\"0\" marginwidth=\"0\" marginheight=\"0\" scrolling=\"no\" class=\"wp-embedded-content\"><\/iframe><script type=\"text\/javascript\">\n\/* <![CDATA[ *\/\n\/*! This file is auto-generated *\/\n!function(d,l){\"use strict\";l.querySelector&&d.addEventListener&&\"undefined\"!=typeof URL&&(d.wp=d.wp||{},d.wp.receiveEmbedMessage||(d.wp.receiveEmbedMessage=function(e){var t=e.data;if((t||t.secret||t.message||t.value)&&!\/[^a-zA-Z0-9]\/.test(t.secret)){for(var s,r,n,a=l.querySelectorAll('iframe[data-secret=\"'+t.secret+'\"]'),o=l.querySelectorAll('blockquote[data-secret=\"'+t.secret+'\"]'),c=new RegExp(\"^https?:$\",\"i\"),i=0;i<o.length;i++)o[i].style.display=\"none\";for(i=0;i<a.length;i++)s=a[i],e.source===s.contentWindow&&(s.removeAttribute(\"style\"),\"height\"===t.message?(1e3<(r=parseInt(t.value,10))?r=1e3:~~r<200&&(r=200),s.height=r):\"link\"===t.message&&(r=new URL(s.getAttribute(\"src\")),n=new URL(t.value),c.test(n.protocol))&&n.host===r.host&&l.activeElement===s&&(d.top.location.href=t.value))}},d.addEventListener(\"message\",d.wp.receiveEmbedMessage,!1),l.addEventListener(\"DOMContentLoaded\",function(){for(var e,t,s=l.querySelectorAll(\"iframe.wp-embedded-content\"),r=0;r<s.length;r++)(t=(e=s[r]).getAttribute(\"data-secret\"))||(t=Math.random().toString(36).substring(2,12),e.src+=\"#?secret=\"+t,e.setAttribute(\"data-secret\",t)),e.contentWindow.postMessage({message:\"ready\",secret:t},\"*\")},!1)))}(window,document);\n\/* ]]> *\/\n<\/script>\n","thumbnail_url":"https:\/\/www.justiceinfo.net\/wp-content\/uploads\/9501381e2c0caba367a0428819c6d5d3-scaled.jpg","thumbnail_width":2560,"thumbnail_height":1687,"description":"Le Tribunal p\u00e9nal international pour l\u2019ex-Yougoslavie (TPIY) s\u2019appr\u00eate \u00e0 prononcer son verdict dans l\u2019affaire Mladic, le 22 novembre. L\u2019ancien chef militaire des Serbes de Bosnie est poursuivi pour g\u00e9nocide, crimes contre l\u2019humanit\u00e9 et violations des lois de la guerre. Apr\u00e8s presque 25 ans de proc\u00e8s, qui ont vu notamment la condamnation de ses principaux associ\u00e9s [&hellip;]"}