{"version":"1.0","provider_name":"JusticeInfo.net","provider_url":"https:\/\/www.justiceinfo.net\/fr","title":"Comment le TPIY a chang\u00e9 notre monde","type":"rich","width":600,"height":338,"html":"<blockquote class=\"wp-embedded-content\" data-secret=\"CG0KBWLKAc\"><a href=\"https:\/\/www.justiceinfo.net\/fr\/36023-comment-le-tpiy-a-change-notre-monde.html\">Comment le TPIY a chang\u00e9 notre monde<\/a><\/blockquote><iframe sandbox=\"allow-scripts\" security=\"restricted\" src=\"https:\/\/www.justiceinfo.net\/fr\/36023-comment-le-tpiy-a-change-notre-monde.html\/embed#?secret=CG0KBWLKAc\" width=\"600\" height=\"338\" title=\"\u00ab\u00a0Comment le TPIY a chang\u00e9 notre monde\u00a0\u00bb &#8212; JusticeInfo.net\" data-secret=\"CG0KBWLKAc\" frameborder=\"0\" marginwidth=\"0\" marginheight=\"0\" scrolling=\"no\" class=\"wp-embedded-content\"><\/iframe><script type=\"text\/javascript\">\n\/* <![CDATA[ *\/\n\/*! This file is auto-generated *\/\n!function(d,l){\"use strict\";l.querySelector&&d.addEventListener&&\"undefined\"!=typeof URL&&(d.wp=d.wp||{},d.wp.receiveEmbedMessage||(d.wp.receiveEmbedMessage=function(e){var t=e.data;if((t||t.secret||t.message||t.value)&&!\/[^a-zA-Z0-9]\/.test(t.secret)){for(var s,r,n,a=l.querySelectorAll('iframe[data-secret=\"'+t.secret+'\"]'),o=l.querySelectorAll('blockquote[data-secret=\"'+t.secret+'\"]'),c=new RegExp(\"^https?:$\",\"i\"),i=0;i<o.length;i++)o[i].style.display=\"none\";for(i=0;i<a.length;i++)s=a[i],e.source===s.contentWindow&&(s.removeAttribute(\"style\"),\"height\"===t.message?(1e3<(r=parseInt(t.value,10))?r=1e3:~~r<200&&(r=200),s.height=r):\"link\"===t.message&&(r=new URL(s.getAttribute(\"src\")),n=new URL(t.value),c.test(n.protocol))&&n.host===r.host&&l.activeElement===s&&(d.top.location.href=t.value))}},d.addEventListener(\"message\",d.wp.receiveEmbedMessage,!1),l.addEventListener(\"DOMContentLoaded\",function(){for(var e,t,s=l.querySelectorAll(\"iframe.wp-embedded-content\"),r=0;r<s.length;r++)(t=(e=s[r]).getAttribute(\"data-secret\"))||(t=Math.random().toString(36).substring(2,12),e.src+=\"#?secret=\"+t,e.setAttribute(\"data-secret\",t)),e.contentWindow.postMessage({message:\"ready\",secret:t},\"*\")},!1)))}(window,document);\n\/* ]]> *\/\n<\/script>\n","thumbnail_url":"https:\/\/www.justiceinfo.net\/wp-content\/uploads\/60b2f8a3f151cd0a3b79a2d30b9530d5.jpg","thumbnail_width":640,"thumbnail_height":427,"description":"\u00a0 \u00a0Apr\u00e8s 24 ans de service, apr\u00e8s avoir proc\u00e9d\u00e9 \u00e0 161 inculpations et presque autant de jugements, \u00e9cout\u00e9 quatre mille six cent t\u00e9moins pendant 10800 jours de proc\u00e8s, produit des millions de pages et co\u00fbt\u00e9 quelques deux milliards de dollars, le Tribunal p\u00e9nal international pour l\u2019ex-Yougoslavie va fermer ses portes le 31 d\u00e9cembre 2017. A [&hellip;]"}