{"version":"1.0","provider_name":"JusticeInfo.net","provider_url":"https:\/\/www.justiceinfo.net\/fr","title":"Zimbabwe: l'opposition d\u00e9nonce une r\u00e9pression g\u00e9n\u00e9ralis\u00e9e","type":"rich","width":600,"height":338,"html":"<blockquote class=\"wp-embedded-content\" data-secret=\"DyiV6OPsOn\"><a href=\"https:\/\/www.justiceinfo.net\/fr\/38314-zimbabwe-l-opposition-denonce-une-repression-generalisee.html\">Zimbabwe: l'opposition d\u00e9nonce une r\u00e9pression g\u00e9n\u00e9ralis\u00e9e<\/a><\/blockquote><iframe sandbox=\"allow-scripts\" security=\"restricted\" src=\"https:\/\/www.justiceinfo.net\/fr\/38314-zimbabwe-l-opposition-denonce-une-repression-generalisee.html\/embed#?secret=DyiV6OPsOn\" width=\"600\" height=\"338\" title=\"\u00ab\u00a0Zimbabwe: l&#039;opposition d\u00e9nonce une r\u00e9pression g\u00e9n\u00e9ralis\u00e9e\u00a0\u00bb &#8212; JusticeInfo.net\" data-secret=\"DyiV6OPsOn\" frameborder=\"0\" marginwidth=\"0\" marginheight=\"0\" scrolling=\"no\" class=\"wp-embedded-content\"><\/iframe><script type=\"text\/javascript\">\n\/* <![CDATA[ *\/\n\/*! This file is auto-generated *\/\n!function(d,l){\"use strict\";l.querySelector&&d.addEventListener&&\"undefined\"!=typeof URL&&(d.wp=d.wp||{},d.wp.receiveEmbedMessage||(d.wp.receiveEmbedMessage=function(e){var t=e.data;if((t||t.secret||t.message||t.value)&&!\/[^a-zA-Z0-9]\/.test(t.secret)){for(var s,r,n,a=l.querySelectorAll('iframe[data-secret=\"'+t.secret+'\"]'),o=l.querySelectorAll('blockquote[data-secret=\"'+t.secret+'\"]'),c=new RegExp(\"^https?:$\",\"i\"),i=0;i<o.length;i++)o[i].style.display=\"none\";for(i=0;i<a.length;i++)s=a[i],e.source===s.contentWindow&&(s.removeAttribute(\"style\"),\"height\"===t.message?(1e3<(r=parseInt(t.value,10))?r=1e3:~~r<200&&(r=200),s.height=r):\"link\"===t.message&&(r=new URL(s.getAttribute(\"src\")),n=new URL(t.value),c.test(n.protocol))&&n.host===r.host&&l.activeElement===s&&(d.top.location.href=t.value))}},d.addEventListener(\"message\",d.wp.receiveEmbedMessage,!1),l.addEventListener(\"DOMContentLoaded\",function(){for(var e,t,s=l.querySelectorAll(\"iframe.wp-embedded-content\"),r=0;r<s.length;r++)(t=(e=s[r]).getAttribute(\"data-secret\"))||(t=Math.random().toString(36).substring(2,12),e.src+=\"#?secret=\"+t,e.setAttribute(\"data-secret\",t)),e.contentWindow.postMessage({message:\"ready\",secret:t},\"*\")},!1)))}(window,document);\n\/* ]]> *\/\n<\/script>\n","description":"L'opposition zimbabw\u00e9enne a accus\u00e9 lundi le pouvoir d'une r\u00e9pression tous azimuts pour emp\u00eacher la contestation de la pr\u00e9sidentielle du 30 juillet, remport\u00e9e par le sortant Emmerson Mnangagwa, tandis que 27 militants arr\u00eat\u00e9s la semaine derni\u00e8re passeront une nouvelle nuit en prison. M. Mnangagwa, qui avait pris le pouvoir en novembre \u00e0 la faveur d'un coup [&hellip;]","thumbnail_url":"https:\/\/www.justiceinfo.net\/wp-content\/uploads\/JusticeInfoNet_logo_1200x630px.jpg","thumbnail_width":1200,"thumbnail_height":630}