{"version":"1.0","provider_name":"JusticeInfo.net","provider_url":"https:\/\/www.justiceinfo.net\/fr","title":"Quel mod\u00e8le pour la Commission v\u00e9rit\u00e9 gambienne ?","type":"rich","width":600,"height":338,"html":"<blockquote class=\"wp-embedded-content\" data-secret=\"miJzusYjdp\"><a href=\"https:\/\/www.justiceinfo.net\/fr\/39235-quel-modele-pour-la-commission-verite-gambienne.html\">Quel mod\u00e8le pour la Commission v\u00e9rit\u00e9 gambienne ?<\/a><\/blockquote><iframe sandbox=\"allow-scripts\" security=\"restricted\" src=\"https:\/\/www.justiceinfo.net\/fr\/39235-quel-modele-pour-la-commission-verite-gambienne.html\/embed#?secret=miJzusYjdp\" width=\"600\" height=\"338\" title=\"\u00ab\u00a0Quel mod\u00e8le pour la Commission v\u00e9rit\u00e9 gambienne ?\u00a0\u00bb &#8212; JusticeInfo.net\" data-secret=\"miJzusYjdp\" frameborder=\"0\" marginwidth=\"0\" marginheight=\"0\" scrolling=\"no\" class=\"wp-embedded-content\"><\/iframe><script type=\"text\/javascript\">\n\/* <![CDATA[ *\/\n\/*! This file is auto-generated *\/\n!function(d,l){\"use strict\";l.querySelector&&d.addEventListener&&\"undefined\"!=typeof URL&&(d.wp=d.wp||{},d.wp.receiveEmbedMessage||(d.wp.receiveEmbedMessage=function(e){var t=e.data;if((t||t.secret||t.message||t.value)&&!\/[^a-zA-Z0-9]\/.test(t.secret)){for(var s,r,n,a=l.querySelectorAll('iframe[data-secret=\"'+t.secret+'\"]'),o=l.querySelectorAll('blockquote[data-secret=\"'+t.secret+'\"]'),c=new RegExp(\"^https?:$\",\"i\"),i=0;i<o.length;i++)o[i].style.display=\"none\";for(i=0;i<a.length;i++)s=a[i],e.source===s.contentWindow&&(s.removeAttribute(\"style\"),\"height\"===t.message?(1e3<(r=parseInt(t.value,10))?r=1e3:~~r<200&&(r=200),s.height=r):\"link\"===t.message&&(r=new URL(s.getAttribute(\"src\")),n=new URL(t.value),c.test(n.protocol))&&n.host===r.host&&l.activeElement===s&&(d.top.location.href=t.value))}},d.addEventListener(\"message\",d.wp.receiveEmbedMessage,!1),l.addEventListener(\"DOMContentLoaded\",function(){for(var e,t,s=l.querySelectorAll(\"iframe.wp-embedded-content\"),r=0;r<s.length;r++)(t=(e=s[r]).getAttribute(\"data-secret\"))||(t=Math.random().toString(36).substring(2,12),e.src+=\"#?secret=\"+t,e.setAttribute(\"data-secret\",t)),e.contentWindow.postMessage({message:\"ready\",secret:t},\"*\")},!1)))}(window,document);\n\/* ]]> *\/\n<\/script>\n","thumbnail_url":"https:\/\/www.justiceinfo.net\/wp-content\/uploads\/ae09065ee05c8d979d8265a2e572bc05.jpg","thumbnail_width":900,"thumbnail_height":623,"description":"Ce 15 octobre, la Gambie inaugure officiellement sa Commission v\u00e9rit\u00e9, r\u00e9conciliation et r\u00e9parations (CVRR). Il s\u2019agit d\u2019un des engagements phares du pr\u00e9sident Adama Barrow, apr\u00e8s sa victoire \u00e9lectorale contre Yahya Jammeh, en d\u00e9cembre 2016. L\u2019institution devra faire la lumi\u00e8re sur les exactions commises lors des vingt-deux ann\u00e9es de r\u00e8gne de l\u2019ancien leader \u00e0 la t\u00eate [&hellip;]"}