{"version":"1.0","provider_name":"JusticeInfo.net","provider_url":"https:\/\/www.justiceinfo.net\/fr","title":"Tunisie : Pol\u00e9mique autour des r\u00e9parations","type":"rich","width":600,"height":338,"html":"<blockquote class=\"wp-embedded-content\" data-secret=\"IAR3chW5mZ\"><a href=\"https:\/\/www.justiceinfo.net\/fr\/39539-tunisie-polemique-autour-des-reparations.html\">Tunisie : Pol\u00e9mique autour des r\u00e9parations<\/a><\/blockquote><iframe sandbox=\"allow-scripts\" security=\"restricted\" src=\"https:\/\/www.justiceinfo.net\/fr\/39539-tunisie-polemique-autour-des-reparations.html\/embed#?secret=IAR3chW5mZ\" width=\"600\" height=\"338\" title=\"\u00ab\u00a0Tunisie : Pol\u00e9mique autour des r\u00e9parations\u00a0\u00bb &#8212; JusticeInfo.net\" data-secret=\"IAR3chW5mZ\" frameborder=\"0\" marginwidth=\"0\" marginheight=\"0\" scrolling=\"no\" class=\"wp-embedded-content\"><\/iframe><script type=\"text\/javascript\">\n\/* <![CDATA[ *\/\n\/*! This file is auto-generated *\/\n!function(d,l){\"use strict\";l.querySelector&&d.addEventListener&&\"undefined\"!=typeof URL&&(d.wp=d.wp||{},d.wp.receiveEmbedMessage||(d.wp.receiveEmbedMessage=function(e){var t=e.data;if((t||t.secret||t.message||t.value)&&!\/[^a-zA-Z0-9]\/.test(t.secret)){for(var s,r,n,a=l.querySelectorAll('iframe[data-secret=\"'+t.secret+'\"]'),o=l.querySelectorAll('blockquote[data-secret=\"'+t.secret+'\"]'),c=new RegExp(\"^https?:$\",\"i\"),i=0;i<o.length;i++)o[i].style.display=\"none\";for(i=0;i<a.length;i++)s=a[i],e.source===s.contentWindow&&(s.removeAttribute(\"style\"),\"height\"===t.message?(1e3<(r=parseInt(t.value,10))?r=1e3:~~r<200&&(r=200),s.height=r):\"link\"===t.message&&(r=new URL(s.getAttribute(\"src\")),n=new URL(t.value),c.test(n.protocol))&&n.host===r.host&&l.activeElement===s&&(d.top.location.href=t.value))}},d.addEventListener(\"message\",d.wp.receiveEmbedMessage,!1),l.addEventListener(\"DOMContentLoaded\",function(){for(var e,t,s=l.querySelectorAll(\"iframe.wp-embedded-content\"),r=0;r<s.length;r++)(t=(e=s[r]).getAttribute(\"data-secret\"))||(t=Math.random().toString(36).substring(2,12),e.src+=\"#?secret=\"+t,e.setAttribute(\"data-secret\",t)),e.contentWindow.postMessage({message:\"ready\",secret:t},\"*\")},!1)))}(window,document);\n\/* ]]> *\/\n<\/script>\n","thumbnail_url":"https:\/\/www.justiceinfo.net\/wp-content\/uploads\/c2dd144ddba53ec8f816f105b5bacb16.jpg","thumbnail_width":1200,"thumbnail_height":799,"description":"Le programme global de r\u00e9paration et de r\u00e9habilitation a \u00e9t\u00e9 con\u00e7u sur la base d\u2019une consultation engag\u00e9e au cours de l\u2019ann\u00e9e 2017 par l\u2019Instance v\u00e9rit\u00e9 et dignit\u00e9. Mais \u00e0 six semaines de la fin des travaux de l\u2019IVD, des victimes protestent contre l\u2019exclusion des \u00e9tudiants dissidents de la liste des b\u00e9n\u00e9ficiaires des r\u00e9parations."}