{"version":"1.0","provider_name":"JusticeInfo.net","provider_url":"https:\/\/www.justiceinfo.net\/fr","title":"Crimes internationaux : la force de frappe fran\u00e7aise","type":"rich","width":600,"height":338,"html":"<blockquote class=\"wp-embedded-content\" data-secret=\"Ufl3AxNHBx\"><a href=\"https:\/\/www.justiceinfo.net\/fr\/39790-crimes-internationaux-la-force-de-frappe-francaise.html\">Crimes internationaux : la force de frappe fran\u00e7aise<\/a><\/blockquote><iframe sandbox=\"allow-scripts\" security=\"restricted\" src=\"https:\/\/www.justiceinfo.net\/fr\/39790-crimes-internationaux-la-force-de-frappe-francaise.html\/embed#?secret=Ufl3AxNHBx\" width=\"600\" height=\"338\" title=\"\u00ab\u00a0Crimes internationaux : la force de frappe fran\u00e7aise\u00a0\u00bb &#8212; JusticeInfo.net\" data-secret=\"Ufl3AxNHBx\" frameborder=\"0\" marginwidth=\"0\" marginheight=\"0\" scrolling=\"no\" class=\"wp-embedded-content\"><\/iframe><script type=\"text\/javascript\">\n\/* <![CDATA[ *\/\n\/*! This file is auto-generated *\/\n!function(d,l){\"use strict\";l.querySelector&&d.addEventListener&&\"undefined\"!=typeof URL&&(d.wp=d.wp||{},d.wp.receiveEmbedMessage||(d.wp.receiveEmbedMessage=function(e){var t=e.data;if((t||t.secret||t.message||t.value)&&!\/[^a-zA-Z0-9]\/.test(t.secret)){for(var s,r,n,a=l.querySelectorAll('iframe[data-secret=\"'+t.secret+'\"]'),o=l.querySelectorAll('blockquote[data-secret=\"'+t.secret+'\"]'),c=new RegExp(\"^https?:$\",\"i\"),i=0;i<o.length;i++)o[i].style.display=\"none\";for(i=0;i<a.length;i++)s=a[i],e.source===s.contentWindow&&(s.removeAttribute(\"style\"),\"height\"===t.message?(1e3<(r=parseInt(t.value,10))?r=1e3:~~r<200&&(r=200),s.height=r):\"link\"===t.message&&(r=new URL(s.getAttribute(\"src\")),n=new URL(t.value),c.test(n.protocol))&&n.host===r.host&&l.activeElement===s&&(d.top.location.href=t.value))}},d.addEventListener(\"message\",d.wp.receiveEmbedMessage,!1),l.addEventListener(\"DOMContentLoaded\",function(){for(var e,t,s=l.querySelectorAll(\"iframe.wp-embedded-content\"),r=0;r<s.length;r++)(t=(e=s[r]).getAttribute(\"data-secret\"))||(t=Math.random().toString(36).substring(2,12),e.src+=\"#?secret=\"+t,e.setAttribute(\"data-secret\",t)),e.contentWindow.postMessage({message:\"ready\",secret:t},\"*\")},!1)))}(window,document);\n\/* ]]> *\/\n<\/script>\n","thumbnail_url":"https:\/\/www.justiceinfo.net\/wp-content\/uploads\/997490f353efa31d85324eab6684cd87.jpg","thumbnail_width":1122,"thumbnail_height":610,"description":"L\u2019usage de la comp\u00e9tence universelle, qui permet \u00e0 une justice nationale de juger toute personne pour des crimes graves commis n\u2019importe o\u00f9 dans le monde, est en premi\u00e8re ligne dans certaines strat\u00e9gies de poursuites actuelles. Notamment pour juger les crimes perp\u00e9tr\u00e9s en Syrie. Visite au c\u0153ur de l\u2019Office central de lutte contre les crimes contre [&hellip;]"}