{"version":"1.0","provider_name":"JusticeInfo.net","provider_url":"https:\/\/www.justiceinfo.net\/fr","title":"Gbagbo, l\u2019acquittement qu\u2019on pouvait pr\u00e9dire","type":"rich","width":600,"height":338,"html":"<blockquote class=\"wp-embedded-content\" data-secret=\"Y9MIkDxUz2\"><a href=\"https:\/\/www.justiceinfo.net\/fr\/40159-gbagbo-l-acquittement-qu-on-pouvait-predire.html\">Gbagbo, l\u2019acquittement qu\u2019on pouvait pr\u00e9dire<\/a><\/blockquote><iframe sandbox=\"allow-scripts\" security=\"restricted\" src=\"https:\/\/www.justiceinfo.net\/fr\/40159-gbagbo-l-acquittement-qu-on-pouvait-predire.html\/embed#?secret=Y9MIkDxUz2\" width=\"600\" height=\"338\" title=\"\u00ab\u00a0Gbagbo, l\u2019acquittement qu\u2019on pouvait pr\u00e9dire\u00a0\u00bb &#8212; JusticeInfo.net\" data-secret=\"Y9MIkDxUz2\" frameborder=\"0\" marginwidth=\"0\" marginheight=\"0\" scrolling=\"no\" class=\"wp-embedded-content\"><\/iframe><script type=\"text\/javascript\">\n\/* <![CDATA[ *\/\n\/*! This file is auto-generated *\/\n!function(d,l){\"use strict\";l.querySelector&&d.addEventListener&&\"undefined\"!=typeof URL&&(d.wp=d.wp||{},d.wp.receiveEmbedMessage||(d.wp.receiveEmbedMessage=function(e){var t=e.data;if((t||t.secret||t.message||t.value)&&!\/[^a-zA-Z0-9]\/.test(t.secret)){for(var s,r,n,a=l.querySelectorAll('iframe[data-secret=\"'+t.secret+'\"]'),o=l.querySelectorAll('blockquote[data-secret=\"'+t.secret+'\"]'),c=new RegExp(\"^https?:$\",\"i\"),i=0;i<o.length;i++)o[i].style.display=\"none\";for(i=0;i<a.length;i++)s=a[i],e.source===s.contentWindow&&(s.removeAttribute(\"style\"),\"height\"===t.message?(1e3<(r=parseInt(t.value,10))?r=1e3:~~r<200&&(r=200),s.height=r):\"link\"===t.message&&(r=new URL(s.getAttribute(\"src\")),n=new URL(t.value),c.test(n.protocol))&&n.host===r.host&&l.activeElement===s&&(d.top.location.href=t.value))}},d.addEventListener(\"message\",d.wp.receiveEmbedMessage,!1),l.addEventListener(\"DOMContentLoaded\",function(){for(var e,t,s=l.querySelectorAll(\"iframe.wp-embedded-content\"),r=0;r<s.length;r++)(t=(e=s[r]).getAttribute(\"data-secret\"))||(t=Math.random().toString(36).substring(2,12),e.src+=\"#?secret=\"+t,e.setAttribute(\"data-secret\",t)),e.contentWindow.postMessage({message:\"ready\",secret:t},\"*\")},!1)))}(window,document);\n\/* ]]> *\/\n<\/script>\n","thumbnail_url":"https:\/\/www.justiceinfo.net\/wp-content\/uploads\/0fe20fefafdeb4f690e80f0654ebadb4.jpg","thumbnail_width":1200,"thumbnail_height":800,"description":"Le 1er f\u00e9vrier, la chambre d\u2019appel de la Cour p\u00e9nale internationale d\u00e9cidera si elle confirme la remise en libert\u00e9 de Laurent Gbagbo et de Charles Bl\u00e9 Goud\u00e9, acquitt\u00e9s le 15 janvier par une chambre de premi\u00e8re instance. L\u2019universitaire Thijs Bouwknegt revient sur cette affaire qui a \u00e9branl\u00e9 la CPI et gravement mis en cause le [&hellip;]"}