{"version":"1.0","provider_name":"JusticeInfo.net","provider_url":"https:\/\/www.justiceinfo.net\/fr","title":"Gambie : La Commission v\u00e9rit\u00e9 montre les dents","type":"rich","width":600,"height":338,"html":"<blockquote class=\"wp-embedded-content\" data-secret=\"AVisPChZTM\"><a href=\"https:\/\/www.justiceinfo.net\/fr\/40496-gambie-la-commission-verite-montre-les-dents.html\">Gambie : La Commission v\u00e9rit\u00e9 montre les dents<\/a><\/blockquote><iframe sandbox=\"allow-scripts\" security=\"restricted\" src=\"https:\/\/www.justiceinfo.net\/fr\/40496-gambie-la-commission-verite-montre-les-dents.html\/embed#?secret=AVisPChZTM\" width=\"600\" height=\"338\" title=\"\u00ab\u00a0Gambie : La Commission v\u00e9rit\u00e9 montre les dents\u00a0\u00bb &#8212; JusticeInfo.net\" data-secret=\"AVisPChZTM\" frameborder=\"0\" marginwidth=\"0\" marginheight=\"0\" scrolling=\"no\" class=\"wp-embedded-content\"><\/iframe><script type=\"text\/javascript\">\n\/* <![CDATA[ *\/\n\/*! This file is auto-generated *\/\n!function(d,l){\"use strict\";l.querySelector&&d.addEventListener&&\"undefined\"!=typeof URL&&(d.wp=d.wp||{},d.wp.receiveEmbedMessage||(d.wp.receiveEmbedMessage=function(e){var t=e.data;if((t||t.secret||t.message||t.value)&&!\/[^a-zA-Z0-9]\/.test(t.secret)){for(var s,r,n,a=l.querySelectorAll('iframe[data-secret=\"'+t.secret+'\"]'),o=l.querySelectorAll('blockquote[data-secret=\"'+t.secret+'\"]'),c=new RegExp(\"^https?:$\",\"i\"),i=0;i<o.length;i++)o[i].style.display=\"none\";for(i=0;i<a.length;i++)s=a[i],e.source===s.contentWindow&&(s.removeAttribute(\"style\"),\"height\"===t.message?(1e3<(r=parseInt(t.value,10))?r=1e3:~~r<200&&(r=200),s.height=r):\"link\"===t.message&&(r=new URL(s.getAttribute(\"src\")),n=new URL(t.value),c.test(n.protocol))&&n.host===r.host&&l.activeElement===s&&(d.top.location.href=t.value))}},d.addEventListener(\"message\",d.wp.receiveEmbedMessage,!1),l.addEventListener(\"DOMContentLoaded\",function(){for(var e,t,s=l.querySelectorAll(\"iframe.wp-embedded-content\"),r=0;r<s.length;r++)(t=(e=s[r]).getAttribute(\"data-secret\"))||(t=Math.random().toString(36).substring(2,12),e.src+=\"#?secret=\"+t,e.setAttribute(\"data-secret\",t)),e.contentWindow.postMessage({message:\"ready\",secret:t},\"*\")},!1)))}(window,document);\n\/* ]]> *\/\n<\/script>\n","thumbnail_url":"https:\/\/www.justiceinfo.net\/wp-content\/uploads\/cbe9b78c07c2e055cb13a7be77ef8b39-1.jpg","thumbnail_width":1200,"thumbnail_height":660,"description":"Deux anciens hauts responsables sous le r\u00e9gime militaire ont \u00e9t\u00e9 inculp\u00e9s, soup\u00e7onn\u00e9s d\u2019avoir voulu influencer un t\u00e9moin devant la Commission V\u00e9rit\u00e9, r\u00e9conciliation et r\u00e9paration. Apr\u00e8s deux mois d'audiences publiques \u00e0 forte charge et les premiers aveux d\u2019auteurs de crimes, la Commission envoie un message fort \u00e0 ceux qui seraient tent\u00e9s d'interf\u00e9rer avec le processus."}