{"version":"1.0","provider_name":"JusticeInfo.net","provider_url":"https:\/\/www.justiceinfo.net\/fr","title":"Tunisie : un an de proc\u00e8s sous pression","type":"rich","width":600,"height":338,"html":"<blockquote class=\"wp-embedded-content\" data-secret=\"17nrK8isCn\"><a href=\"https:\/\/www.justiceinfo.net\/fr\/41610-tunisie-un-an-de-proces-sous-pression.html\">Tunisie : un an de proc\u00e8s sous pression<\/a><\/blockquote><iframe sandbox=\"allow-scripts\" security=\"restricted\" src=\"https:\/\/www.justiceinfo.net\/fr\/41610-tunisie-un-an-de-proces-sous-pression.html\/embed#?secret=17nrK8isCn\" width=\"600\" height=\"338\" title=\"\u00ab\u00a0Tunisie : un an de proc\u00e8s sous pression\u00a0\u00bb &#8212; JusticeInfo.net\" data-secret=\"17nrK8isCn\" frameborder=\"0\" marginwidth=\"0\" marginheight=\"0\" scrolling=\"no\" class=\"wp-embedded-content\"><\/iframe><script type=\"text\/javascript\">\n\/* <![CDATA[ *\/\n\/*! This file is auto-generated *\/\n!function(d,l){\"use strict\";l.querySelector&&d.addEventListener&&\"undefined\"!=typeof URL&&(d.wp=d.wp||{},d.wp.receiveEmbedMessage||(d.wp.receiveEmbedMessage=function(e){var t=e.data;if((t||t.secret||t.message||t.value)&&!\/[^a-zA-Z0-9]\/.test(t.secret)){for(var s,r,n,a=l.querySelectorAll('iframe[data-secret=\"'+t.secret+'\"]'),o=l.querySelectorAll('blockquote[data-secret=\"'+t.secret+'\"]'),c=new RegExp(\"^https?:$\",\"i\"),i=0;i<o.length;i++)o[i].style.display=\"none\";for(i=0;i<a.length;i++)s=a[i],e.source===s.contentWindow&&(s.removeAttribute(\"style\"),\"height\"===t.message?(1e3<(r=parseInt(t.value,10))?r=1e3:~~r<200&&(r=200),s.height=r):\"link\"===t.message&&(r=new URL(s.getAttribute(\"src\")),n=new URL(t.value),c.test(n.protocol))&&n.host===r.host&&l.activeElement===s&&(d.top.location.href=t.value))}},d.addEventListener(\"message\",d.wp.receiveEmbedMessage,!1),l.addEventListener(\"DOMContentLoaded\",function(){for(var e,t,s=l.querySelectorAll(\"iframe.wp-embedded-content\"),r=0;r<s.length;r++)(t=(e=s[r]).getAttribute(\"data-secret\"))||(t=Math.random().toString(36).substring(2,12),e.src+=\"#?secret=\"+t,e.setAttribute(\"data-secret\",t)),e.contentWindow.postMessage({message:\"ready\",secret:t},\"*\")},!1)))}(window,document);\n\/* ]]> *\/\n<\/script>\n","thumbnail_url":"https:\/\/www.justiceinfo.net\/wp-content\/uploads\/02c58c5147218fd2d7f566b6cdbce1c0.jpg","thumbnail_width":960,"thumbnail_height":640,"description":"29 mai 2018-29 mai 2019\u00a0: les chambres p\u00e9nales sp\u00e9cialis\u00e9es en justice transitionnelle viennent d\u2019achever une ann\u00e9e de travaux en Tunisie. Environ 20 % des affaires pr\u00e9vues ont \u00e9t\u00e9 ouvertes. Mais le contexte dans lequel elles \u00e9voluent est marqu\u00e9 par une forte hostilit\u00e9 au minist\u00e8re de l\u2019Int\u00e9rieur et \u00e0 la t\u00eate de l\u2019Etat. Alors que quelques [&hellip;]"}