{"version":"1.0","provider_name":"JusticeInfo.net","provider_url":"https:\/\/www.justiceinfo.net\/fr","title":"Liban : nouvel acte d'accusation, vieux probl\u00e8mes","type":"rich","width":600,"height":338,"html":"<blockquote class=\"wp-embedded-content\" data-secret=\"smQWlUcazD\"><a href=\"https:\/\/www.justiceinfo.net\/fr\/42418-liban-nouvel-acte-accusation-vieux-problemes.html\">Liban : nouvel acte d'accusation, vieux probl\u00e8mes<\/a><\/blockquote><iframe sandbox=\"allow-scripts\" security=\"restricted\" src=\"https:\/\/www.justiceinfo.net\/fr\/42418-liban-nouvel-acte-accusation-vieux-problemes.html\/embed#?secret=smQWlUcazD\" width=\"600\" height=\"338\" title=\"\u00ab\u00a0Liban : nouvel acte d&#039;accusation, vieux probl\u00e8mes\u00a0\u00bb &#8212; JusticeInfo.net\" data-secret=\"smQWlUcazD\" frameborder=\"0\" marginwidth=\"0\" marginheight=\"0\" scrolling=\"no\" class=\"wp-embedded-content\"><\/iframe><script type=\"text\/javascript\">\n\/* <![CDATA[ *\/\n\/*! This file is auto-generated *\/\n!function(d,l){\"use strict\";l.querySelector&&d.addEventListener&&\"undefined\"!=typeof URL&&(d.wp=d.wp||{},d.wp.receiveEmbedMessage||(d.wp.receiveEmbedMessage=function(e){var t=e.data;if((t||t.secret||t.message||t.value)&&!\/[^a-zA-Z0-9]\/.test(t.secret)){for(var s,r,n,a=l.querySelectorAll('iframe[data-secret=\"'+t.secret+'\"]'),o=l.querySelectorAll('blockquote[data-secret=\"'+t.secret+'\"]'),c=new RegExp(\"^https?:$\",\"i\"),i=0;i<o.length;i++)o[i].style.display=\"none\";for(i=0;i<a.length;i++)s=a[i],e.source===s.contentWindow&&(s.removeAttribute(\"style\"),\"height\"===t.message?(1e3<(r=parseInt(t.value,10))?r=1e3:~~r<200&&(r=200),s.height=r):\"link\"===t.message&&(r=new URL(s.getAttribute(\"src\")),n=new URL(t.value),c.test(n.protocol))&&n.host===r.host&&l.activeElement===s&&(d.top.location.href=t.value))}},d.addEventListener(\"message\",d.wp.receiveEmbedMessage,!1),l.addEventListener(\"DOMContentLoaded\",function(){for(var e,t,s=l.querySelectorAll(\"iframe.wp-embedded-content\"),r=0;r<s.length;r++)(t=(e=s[r]).getAttribute(\"data-secret\"))||(t=Math.random().toString(36).substring(2,12),e.src+=\"#?secret=\"+t,e.setAttribute(\"data-secret\",t)),e.contentWindow.postMessage({message:\"ready\",secret:t},\"*\")},!1)))}(window,document);\n\/* ]]> *\/\n<\/script>\n","thumbnail_url":"https:\/\/www.justiceinfo.net\/wp-content\/uploads\/129f12b8c633be52a31c9d43bd357cd8.jpg","thumbnail_width":1200,"thumbnail_height":788,"description":"Le 16 septembre, le Tribunal sp\u00e9cial pour le Liban a annonc\u00e9 un deuxi\u00e8me acte d'accusation, huit ans apr\u00e8s le premier pour le meurtre de l'ancien Premier ministre libanais Rafiq Hariri et 21 autres personnes. Le nouvel acte d'accusation concerne trois autres attentats contre des responsables politiques libanais. Cela jette un \u00e9clairage nouveau sur la responsabilit\u00e9 [&hellip;]"}