{"version":"1.0","provider_name":"JusticeInfo.net","provider_url":"https:\/\/www.justiceinfo.net\/fr","title":"Les enfants vol\u00e9s du Timor oriental","type":"rich","width":600,"height":338,"html":"<blockquote class=\"wp-embedded-content\" data-secret=\"VN7wb22GLq\"><a href=\"https:\/\/www.justiceinfo.net\/fr\/43463-enfants-voles-timor-oriental.html\">Les enfants vol\u00e9s du Timor oriental<\/a><\/blockquote><iframe sandbox=\"allow-scripts\" security=\"restricted\" src=\"https:\/\/www.justiceinfo.net\/fr\/43463-enfants-voles-timor-oriental.html\/embed#?secret=VN7wb22GLq\" width=\"600\" height=\"338\" title=\"\u00ab\u00a0Les enfants vol\u00e9s du Timor oriental\u00a0\u00bb &#8212; JusticeInfo.net\" data-secret=\"VN7wb22GLq\" frameborder=\"0\" marginwidth=\"0\" marginheight=\"0\" scrolling=\"no\" class=\"wp-embedded-content\"><\/iframe><script type=\"text\/javascript\">\n\/* <![CDATA[ *\/\n\/*! This file is auto-generated *\/\n!function(d,l){\"use strict\";l.querySelector&&d.addEventListener&&\"undefined\"!=typeof URL&&(d.wp=d.wp||{},d.wp.receiveEmbedMessage||(d.wp.receiveEmbedMessage=function(e){var t=e.data;if((t||t.secret||t.message||t.value)&&!\/[^a-zA-Z0-9]\/.test(t.secret)){for(var s,r,n,a=l.querySelectorAll('iframe[data-secret=\"'+t.secret+'\"]'),o=l.querySelectorAll('blockquote[data-secret=\"'+t.secret+'\"]'),c=new RegExp(\"^https?:$\",\"i\"),i=0;i<o.length;i++)o[i].style.display=\"none\";for(i=0;i<a.length;i++)s=a[i],e.source===s.contentWindow&&(s.removeAttribute(\"style\"),\"height\"===t.message?(1e3<(r=parseInt(t.value,10))?r=1e3:~~r<200&&(r=200),s.height=r):\"link\"===t.message&&(r=new URL(s.getAttribute(\"src\")),n=new URL(t.value),c.test(n.protocol))&&n.host===r.host&&l.activeElement===s&&(d.top.location.href=t.value))}},d.addEventListener(\"message\",d.wp.receiveEmbedMessage,!1),l.addEventListener(\"DOMContentLoaded\",function(){for(var e,t,s=l.querySelectorAll(\"iframe.wp-embedded-content\"),r=0;r<s.length;r++)(t=(e=s[r]).getAttribute(\"data-secret\"))||(t=Math.random().toString(36).substring(2,12),e.src+=\"#?secret=\"+t,e.setAttribute(\"data-secret\",t)),e.contentWindow.postMessage({message:\"ready\",secret:t},\"*\")},!1)))}(window,document);\n\/* ]]> *\/\n<\/script>\n","thumbnail_url":"https:\/\/www.justiceinfo.net\/wp-content\/uploads\/0ba708cbd9dce25d2fc99da6e858329f.jpg","thumbnail_width":1200,"thumbnail_height":822,"description":"Apr\u00e8s 41 ans de s\u00e9paration, Arsica a \u00e9t\u00e9 r\u00e9unie avec ses parents. Selon la Commission v\u00e9rit\u00e9 du Timor oriental, plus de 4 000 enfants y ont \u00e9t\u00e9, comme Arsica, enlev\u00e9s de force \u00e0 leur famille et emmen\u00e9s ill\u00e9galement en Indon\u00e9sie pendant l'occupation par ce pays, entre 1975 et 1999. Environ 80 de ces enfants ont [&hellip;]"}