{"version":"1.0","provider_name":"JusticeInfo.net","provider_url":"https:\/\/www.justiceinfo.net\/fr","title":"Justice transitionnelle : le grand d\u00e9fi colombien","type":"rich","width":600,"height":338,"html":"<blockquote class=\"wp-embedded-content\" data-secret=\"RqYPzmTYcg\"><a href=\"https:\/\/www.justiceinfo.net\/fr\/44099-justice-transitionnelle-le-fascinant-defi-colombien.html\">Justice transitionnelle : le grand d\u00e9fi colombien<\/a><\/blockquote><iframe sandbox=\"allow-scripts\" security=\"restricted\" src=\"https:\/\/www.justiceinfo.net\/fr\/44099-justice-transitionnelle-le-fascinant-defi-colombien.html\/embed#?secret=RqYPzmTYcg\" width=\"600\" height=\"338\" title=\"\u00ab\u00a0Justice transitionnelle : le grand d\u00e9fi colombien\u00a0\u00bb &#8212; JusticeInfo.net\" data-secret=\"RqYPzmTYcg\" frameborder=\"0\" marginwidth=\"0\" marginheight=\"0\" scrolling=\"no\" class=\"wp-embedded-content\"><\/iframe><script type=\"text\/javascript\">\n\/* <![CDATA[ *\/\n\/*! This file is auto-generated *\/\n!function(d,l){\"use strict\";l.querySelector&&d.addEventListener&&\"undefined\"!=typeof URL&&(d.wp=d.wp||{},d.wp.receiveEmbedMessage||(d.wp.receiveEmbedMessage=function(e){var t=e.data;if((t||t.secret||t.message||t.value)&&!\/[^a-zA-Z0-9]\/.test(t.secret)){for(var s,r,n,a=l.querySelectorAll('iframe[data-secret=\"'+t.secret+'\"]'),o=l.querySelectorAll('blockquote[data-secret=\"'+t.secret+'\"]'),c=new RegExp(\"^https?:$\",\"i\"),i=0;i<o.length;i++)o[i].style.display=\"none\";for(i=0;i<a.length;i++)s=a[i],e.source===s.contentWindow&&(s.removeAttribute(\"style\"),\"height\"===t.message?(1e3<(r=parseInt(t.value,10))?r=1e3:~~r<200&&(r=200),s.height=r):\"link\"===t.message&&(r=new URL(s.getAttribute(\"src\")),n=new URL(t.value),c.test(n.protocol))&&n.host===r.host&&l.activeElement===s&&(d.top.location.href=t.value))}},d.addEventListener(\"message\",d.wp.receiveEmbedMessage,!1),l.addEventListener(\"DOMContentLoaded\",function(){for(var e,t,s=l.querySelectorAll(\"iframe.wp-embedded-content\"),r=0;r<s.length;r++)(t=(e=s[r]).getAttribute(\"data-secret\"))||(t=Math.random().toString(36).substring(2,12),e.src+=\"#?secret=\"+t,e.setAttribute(\"data-secret\",t)),e.contentWindow.postMessage({message:\"ready\",secret:t},\"*\")},!1)))}(window,document);\n\/* ]]> *\/\n<\/script>\n","thumbnail_url":"https:\/\/www.justiceinfo.net\/wp-content\/uploads\/f2574ee5ecc0e42846713c8e22f18b17.jpg","thumbnail_width":1200,"thumbnail_height":853,"description":"Dossier sp\u00e9cial sur la justice transitionnelle en Colombie. N\u00e9 des accords de paix historiques, fin 2016, entre le gouvernement et la gu\u00e9rilla des Forces arm\u00e9es r\u00e9volutionnaires de Colombie (FARC), ce projet de r\u00e9conciliation nationale extr\u00eamement ambitieux sera in\u00e9vitablement scrut\u00e9 et \u00e9tudi\u00e9 partout dans le monde. Au travers de nombreux articles et entretiens, Justice Info raconte et analyse comment le pays met en \u0153uvre ces processus (JEP, proc\u00e8s, recherche de la v\u00e9rit\u00e9, r\u00e9parations, r\u00e9formes fonci\u00e8res et autres, droits des populations indig\u00e8nes, recherche des disparus, r\u00e9int\u00e9gration des ex-combattants, initiatives de r\u00e9conciliation, travaux de m\u00e9moire, etc.) dans un contexte politique polaris\u00e9."}