{"version":"1.0","provider_name":"JusticeInfo.net","provider_url":"https:\/\/www.justiceinfo.net\/fr","title":"L'homme gr\u00e2ce \u00e0 qui Raslan est arriv\u00e9 en Allemagne","type":"rich","width":600,"height":338,"html":"<blockquote class=\"wp-embedded-content\" data-secret=\"Kv5mLANzwp\"><a href=\"https:\/\/www.justiceinfo.net\/fr\/45214-homme-grace-a-qui-raslan-arrive-allemagne.html\">L'homme gr\u00e2ce \u00e0 qui Raslan est arriv\u00e9 en Allemagne<\/a><\/blockquote><iframe sandbox=\"allow-scripts\" security=\"restricted\" src=\"https:\/\/www.justiceinfo.net\/fr\/45214-homme-grace-a-qui-raslan-arrive-allemagne.html\/embed#?secret=Kv5mLANzwp\" width=\"600\" height=\"338\" title=\"\u00ab\u00a0L&#039;homme gr\u00e2ce \u00e0 qui Raslan est arriv\u00e9 en Allemagne\u00a0\u00bb &#8212; JusticeInfo.net\" data-secret=\"Kv5mLANzwp\" frameborder=\"0\" marginwidth=\"0\" marginheight=\"0\" scrolling=\"no\" class=\"wp-embedded-content\"><\/iframe><script type=\"text\/javascript\">\n\/* <![CDATA[ *\/\n\/*! This file is auto-generated *\/\n!function(d,l){\"use strict\";l.querySelector&&d.addEventListener&&\"undefined\"!=typeof URL&&(d.wp=d.wp||{},d.wp.receiveEmbedMessage||(d.wp.receiveEmbedMessage=function(e){var t=e.data;if((t||t.secret||t.message||t.value)&&!\/[^a-zA-Z0-9]\/.test(t.secret)){for(var s,r,n,a=l.querySelectorAll('iframe[data-secret=\"'+t.secret+'\"]'),o=l.querySelectorAll('blockquote[data-secret=\"'+t.secret+'\"]'),c=new RegExp(\"^https?:$\",\"i\"),i=0;i<o.length;i++)o[i].style.display=\"none\";for(i=0;i<a.length;i++)s=a[i],e.source===s.contentWindow&&(s.removeAttribute(\"style\"),\"height\"===t.message?(1e3<(r=parseInt(t.value,10))?r=1e3:~~r<200&&(r=200),s.height=r):\"link\"===t.message&&(r=new URL(s.getAttribute(\"src\")),n=new URL(t.value),c.test(n.protocol))&&n.host===r.host&&l.activeElement===s&&(d.top.location.href=t.value))}},d.addEventListener(\"message\",d.wp.receiveEmbedMessage,!1),l.addEventListener(\"DOMContentLoaded\",function(){for(var e,t,s=l.querySelectorAll(\"iframe.wp-embedded-content\"),r=0;r<s.length;r++)(t=(e=s[r]).getAttribute(\"data-secret\"))||(t=Math.random().toString(36).substring(2,12),e.src+=\"#?secret=\"+t,e.setAttribute(\"data-secret\",t)),e.contentWindow.postMessage({message:\"ready\",secret:t},\"*\")},!1)))}(window,document);\n\/* ]]> *\/\n<\/script>\n","thumbnail_url":"https:\/\/www.justiceinfo.net\/wp-content\/uploads\/334dbf77c011f8c68585e0d6798adc31.jpg","thumbnail_width":1200,"thumbnail_height":796,"description":"L'ancien officier des services secrets Anouar Raslan est accus\u00e9 de crimes contre l'humanit\u00e9 devant un tribunal \u00e0 Coblence. En 2014, il \u00e9tait arriv\u00e9 en Allemagne avec l'aide de Riad Seif, l'une des plus grandes figures de l'opposition syrienne. Devant les juges, Seif a finalement r\u00e9v\u00e9l\u00e9 ce qui l'avait pouss\u00e9 \u00e0 aider l'accus\u00e9 et pourquoi il [&hellip;]"}