{"version":"1.0","provider_name":"JusticeInfo.net","provider_url":"https:\/\/www.justiceinfo.net\/fr","title":"Centrafrique : l\u2019\u00e9trange secret des d\u00e9tentions de la Cour sp\u00e9ciale","type":"rich","width":600,"height":338,"html":"<blockquote class=\"wp-embedded-content\" data-secret=\"omD7ZGnsyH\"><a href=\"https:\/\/www.justiceinfo.net\/fr\/45662-centrafrique-etrange-secret-detentions-cour-speciale.html\">Centrafrique : l\u2019\u00e9trange secret des d\u00e9tentions de la Cour sp\u00e9ciale<\/a><\/blockquote><iframe sandbox=\"allow-scripts\" security=\"restricted\" src=\"https:\/\/www.justiceinfo.net\/fr\/45662-centrafrique-etrange-secret-detentions-cour-speciale.html\/embed#?secret=omD7ZGnsyH\" width=\"600\" height=\"338\" title=\"\u00ab\u00a0Centrafrique : l\u2019\u00e9trange secret des d\u00e9tentions de la Cour sp\u00e9ciale\u00a0\u00bb &#8212; JusticeInfo.net\" data-secret=\"omD7ZGnsyH\" frameborder=\"0\" marginwidth=\"0\" marginheight=\"0\" scrolling=\"no\" class=\"wp-embedded-content\"><\/iframe><script type=\"text\/javascript\">\n\/* <![CDATA[ *\/\n\/*! This file is auto-generated *\/\n!function(d,l){\"use strict\";l.querySelector&&d.addEventListener&&\"undefined\"!=typeof URL&&(d.wp=d.wp||{},d.wp.receiveEmbedMessage||(d.wp.receiveEmbedMessage=function(e){var t=e.data;if((t||t.secret||t.message||t.value)&&!\/[^a-zA-Z0-9]\/.test(t.secret)){for(var s,r,n,a=l.querySelectorAll('iframe[data-secret=\"'+t.secret+'\"]'),o=l.querySelectorAll('blockquote[data-secret=\"'+t.secret+'\"]'),c=new RegExp(\"^https?:$\",\"i\"),i=0;i<o.length;i++)o[i].style.display=\"none\";for(i=0;i<a.length;i++)s=a[i],e.source===s.contentWindow&&(s.removeAttribute(\"style\"),\"height\"===t.message?(1e3<(r=parseInt(t.value,10))?r=1e3:~~r<200&&(r=200),s.height=r):\"link\"===t.message&&(r=new URL(s.getAttribute(\"src\")),n=new URL(t.value),c.test(n.protocol))&&n.host===r.host&&l.activeElement===s&&(d.top.location.href=t.value))}},d.addEventListener(\"message\",d.wp.receiveEmbedMessage,!1),l.addEventListener(\"DOMContentLoaded\",function(){for(var e,t,s=l.querySelectorAll(\"iframe.wp-embedded-content\"),r=0;r<s.length;r++)(t=(e=s[r]).getAttribute(\"data-secret\"))||(t=Math.random().toString(36).substring(2,12),e.src+=\"#?secret=\"+t,e.setAttribute(\"data-secret\",t)),e.contentWindow.postMessage({message:\"ready\",secret:t},\"*\")},!1)))}(window,document);\n\/* ]]> *\/\n<\/script>\n","thumbnail_url":"https:\/\/www.justiceinfo.net\/wp-content\/uploads\/5557722871d7f6fb32dde7f1e2b1249e.jpg","thumbnail_width":1200,"thumbnail_height":800,"description":"C\u2019est une situation in\u00e9dite en justice internationale. Officiellement, une quinzaine de suspects sont en d\u00e9tention provisoire \u00e0 la Cour p\u00e9nale sp\u00e9ciale de Centrafrique. Mais ce tribunal mixte, employant des magistrats nationaux et internationaux, garde secr\u00e8te l\u2019identit\u00e9 de ces personnes. Un choix critiqu\u00e9 \u00e0 l\u2019int\u00e9rieur du pays comme \u00e0 l\u2019\u00e9tranger."}