{"version":"1.0","provider_name":"JusticeInfo.net","provider_url":"https:\/\/www.justiceinfo.net\/fr","title":"Centrafrique : l\u2019avertissement de la CPI","type":"rich","width":600,"height":338,"html":"<blockquote class=\"wp-embedded-content\" data-secret=\"jdRWWJttoN\"><a href=\"https:\/\/www.justiceinfo.net\/fr\/68763-centrafrique-avertissement-cpi.html\">Centrafrique : l\u2019avertissement de la CPI<\/a><\/blockquote><iframe sandbox=\"allow-scripts\" security=\"restricted\" src=\"https:\/\/www.justiceinfo.net\/fr\/68763-centrafrique-avertissement-cpi.html\/embed#?secret=jdRWWJttoN\" width=\"600\" height=\"338\" title=\"\u00ab\u00a0Centrafrique : l\u2019avertissement de la CPI\u00a0\u00bb &#8212; JusticeInfo.net\" data-secret=\"jdRWWJttoN\" frameborder=\"0\" marginwidth=\"0\" marginheight=\"0\" scrolling=\"no\" class=\"wp-embedded-content\"><\/iframe><script type=\"text\/javascript\">\n\/* <![CDATA[ *\/\n\/*! This file is auto-generated *\/\n!function(d,l){\"use strict\";l.querySelector&&d.addEventListener&&\"undefined\"!=typeof URL&&(d.wp=d.wp||{},d.wp.receiveEmbedMessage||(d.wp.receiveEmbedMessage=function(e){var t=e.data;if((t||t.secret||t.message||t.value)&&!\/[^a-zA-Z0-9]\/.test(t.secret)){for(var s,r,n,a=l.querySelectorAll('iframe[data-secret=\"'+t.secret+'\"]'),o=l.querySelectorAll('blockquote[data-secret=\"'+t.secret+'\"]'),c=new RegExp(\"^https?:$\",\"i\"),i=0;i<o.length;i++)o[i].style.display=\"none\";for(i=0;i<a.length;i++)s=a[i],e.source===s.contentWindow&&(s.removeAttribute(\"style\"),\"height\"===t.message?(1e3<(r=parseInt(t.value,10))?r=1e3:~~r<200&&(r=200),s.height=r):\"link\"===t.message&&(r=new URL(s.getAttribute(\"src\")),n=new URL(t.value),c.test(n.protocol))&&n.host===r.host&&l.activeElement===s&&(d.top.location.href=t.value))}},d.addEventListener(\"message\",d.wp.receiveEmbedMessage,!1),l.addEventListener(\"DOMContentLoaded\",function(){for(var e,t,s=l.querySelectorAll(\"iframe.wp-embedded-content\"),r=0;r<s.length;r++)(t=(e=s[r]).getAttribute(\"data-secret\"))||(t=Math.random().toString(36).substring(2,12),e.src+=\"#?secret=\"+t,e.setAttribute(\"data-secret\",t)),e.contentWindow.postMessage({message:\"ready\",secret:t},\"*\")},!1)))}(window,document);\n\/* ]]> *\/\n<\/script>\n","thumbnail_url":"https:\/\/www.justiceinfo.net\/wp-content\/uploads\/Mahamat-Said.jpg","thumbnail_width":1200,"thumbnail_height":800,"description":"Arr\u00eat\u00e9 en Centrafrique le 20 janvier, Mahamat Sa\u00efd a \u00e9t\u00e9 transf\u00e9r\u00e9 hier soir au si\u00e8ge de la Cour p\u00e9nale internationale, \u00e0 La Haye. Le parcours de ce vieux routier de la r\u00e9bellion centrafricaine embrasse plus d\u2019une d\u00e9cennie de r\u00e9bellions et de violences. Avec son interpellation, la CPI \u00ab&nbsp;r\u00e9\u00e9quilibre&nbsp;\u00bb ses dossiers centrafricains et tente de peser [&hellip;]"}