{"version":"1.0","provider_name":"JusticeInfo.net","provider_url":"https:\/\/www.justiceinfo.net\/fr","title":"Mali : \u00ab Les victimes parlent, la Commission v\u00e9rit\u00e9 doit agir \u00bb","type":"rich","width":600,"height":338,"html":"<blockquote class=\"wp-embedded-content\" data-secret=\"wjzD5BsFR3\"><a href=\"https:\/\/www.justiceinfo.net\/fr\/75694-victimes-parlent-commission-verite-doit-agir.html\">Mali : \u00ab Les victimes parlent, la Commission v\u00e9rit\u00e9 doit agir \u00bb<\/a><\/blockquote><iframe sandbox=\"allow-scripts\" security=\"restricted\" src=\"https:\/\/www.justiceinfo.net\/fr\/75694-victimes-parlent-commission-verite-doit-agir.html\/embed#?secret=wjzD5BsFR3\" width=\"600\" height=\"338\" title=\"\u00ab\u00a0Mali : \u00ab Les victimes parlent, la Commission v\u00e9rit\u00e9 doit agir \u00bb\u00a0\u00bb &#8212; JusticeInfo.net\" data-secret=\"wjzD5BsFR3\" frameborder=\"0\" marginwidth=\"0\" marginheight=\"0\" scrolling=\"no\" class=\"wp-embedded-content\"><\/iframe><script type=\"text\/javascript\">\n\/* <![CDATA[ *\/\n\/*! This file is auto-generated *\/\n!function(d,l){\"use strict\";l.querySelector&&d.addEventListener&&\"undefined\"!=typeof URL&&(d.wp=d.wp||{},d.wp.receiveEmbedMessage||(d.wp.receiveEmbedMessage=function(e){var t=e.data;if((t||t.secret||t.message||t.value)&&!\/[^a-zA-Z0-9]\/.test(t.secret)){for(var s,r,n,a=l.querySelectorAll('iframe[data-secret=\"'+t.secret+'\"]'),o=l.querySelectorAll('blockquote[data-secret=\"'+t.secret+'\"]'),c=new RegExp(\"^https?:$\",\"i\"),i=0;i<o.length;i++)o[i].style.display=\"none\";for(i=0;i<a.length;i++)s=a[i],e.source===s.contentWindow&&(s.removeAttribute(\"style\"),\"height\"===t.message?(1e3<(r=parseInt(t.value,10))?r=1e3:~~r<200&&(r=200),s.height=r):\"link\"===t.message&&(r=new URL(s.getAttribute(\"src\")),n=new URL(t.value),c.test(n.protocol))&&n.host===r.host&&l.activeElement===s&&(d.top.location.href=t.value))}},d.addEventListener(\"message\",d.wp.receiveEmbedMessage,!1),l.addEventListener(\"DOMContentLoaded\",function(){for(var e,t,s=l.querySelectorAll(\"iframe.wp-embedded-content\"),r=0;r<s.length;r++)(t=(e=s[r]).getAttribute(\"data-secret\"))||(t=Math.random().toString(36).substring(2,12),e.src+=\"#?secret=\"+t,e.setAttribute(\"data-secret\",t)),e.contentWindow.postMessage({message:\"ready\",secret:t},\"*\")},!1)))}(window,document);\n\/* ]]> *\/\n<\/script>\n","thumbnail_url":"https:\/\/www.justiceinfo.net\/wp-content\/uploads\/Mali_commission-verite-CVJR-Mamadou-Bassirou-Camara-Farouk-Camara_@CVJR-Mali.jpg","thumbnail_width":1080,"thumbnail_height":720,"description":"La Commission v\u00e9rit\u00e9 justice et r\u00e9conciliation (CVJR) a organis\u00e9 samedi 3 avril \u00e0 Bamako sa troisi\u00e8me audience publique, sur le th\u00e8me des \u00ab disparitions forc\u00e9es \u00bb. Quatorze victimes se sont exprim\u00e9es sur onze incidents, datant pour le plus ancien de 1962 et pour le plus r\u00e9cent de 2020. Mais les victimes attendent des r\u00e9ponses, et la CVJR n\u2019en apporte toujours pas."}