{"version":"1.0","provider_name":"JusticeInfo.net","provider_url":"https:\/\/www.justiceinfo.net\/fr","title":"Massaquoi : cachez ce proc\u00e8s que les Lib\u00e9riens ne sauraient voir","type":"rich","width":600,"height":338,"html":"<blockquote class=\"wp-embedded-content\" data-secret=\"X60Ahs9ow2\"><a href=\"https:\/\/www.justiceinfo.net\/fr\/76262-massaquoi-cachez-proces-liberiens-ne-sauraient-voir.html\">Massaquoi : cachez ce proc\u00e8s que les Lib\u00e9riens ne sauraient voir<\/a><\/blockquote><iframe sandbox=\"allow-scripts\" security=\"restricted\" src=\"https:\/\/www.justiceinfo.net\/fr\/76262-massaquoi-cachez-proces-liberiens-ne-sauraient-voir.html\/embed#?secret=X60Ahs9ow2\" width=\"600\" height=\"338\" title=\"\u00ab\u00a0Massaquoi : cachez ce proc\u00e8s que les Lib\u00e9riens ne sauraient voir\u00a0\u00bb &#8212; JusticeInfo.net\" data-secret=\"X60Ahs9ow2\" frameborder=\"0\" marginwidth=\"0\" marginheight=\"0\" scrolling=\"no\" class=\"wp-embedded-content\"><\/iframe><script type=\"text\/javascript\">\n\/* <![CDATA[ *\/\n\/*! This file is auto-generated *\/\n!function(d,l){\"use strict\";l.querySelector&&d.addEventListener&&\"undefined\"!=typeof URL&&(d.wp=d.wp||{},d.wp.receiveEmbedMessage||(d.wp.receiveEmbedMessage=function(e){var t=e.data;if((t||t.secret||t.message||t.value)&&!\/[^a-zA-Z0-9]\/.test(t.secret)){for(var s,r,n,a=l.querySelectorAll('iframe[data-secret=\"'+t.secret+'\"]'),o=l.querySelectorAll('blockquote[data-secret=\"'+t.secret+'\"]'),c=new RegExp(\"^https?:$\",\"i\"),i=0;i<o.length;i++)o[i].style.display=\"none\";for(i=0;i<a.length;i++)s=a[i],e.source===s.contentWindow&&(s.removeAttribute(\"style\"),\"height\"===t.message?(1e3<(r=parseInt(t.value,10))?r=1e3:~~r<200&&(r=200),s.height=r):\"link\"===t.message&&(r=new URL(s.getAttribute(\"src\")),n=new URL(t.value),c.test(n.protocol))&&n.host===r.host&&l.activeElement===s&&(d.top.location.href=t.value))}},d.addEventListener(\"message\",d.wp.receiveEmbedMessage,!1),l.addEventListener(\"DOMContentLoaded\",function(){for(var e,t,s=l.querySelectorAll(\"iframe.wp-embedded-content\"),r=0;r<s.length;r++)(t=(e=s[r]).getAttribute(\"data-secret\"))||(t=Math.random().toString(36).substring(2,12),e.src+=\"#?secret=\"+t,e.setAttribute(\"data-secret\",t)),e.contentWindow.postMessage({message:\"ready\",secret:t},\"*\")},!1)))}(window,document);\n\/* ]]> *\/\n<\/script>\n","thumbnail_url":"https:\/\/www.justiceinfo.net\/wp-content\/uploads\/Liberia_Massaquoi-trial-courtroom-computer_@Thierry-Cruvellier.jpg","thumbnail_width":1200,"thumbnail_height":800,"description":"La justice finlandaise a termin\u00e9 ses audiences au Liberia le 7 avril dans le proc\u00e8s de l\u2019ancien commandant sierra l\u00e9onais Gibril Massaquoi. Elle reprendra ses travaux le 28 avril \u00e0 Freetown, en Sierra Leone. Au Liberia, la soci\u00e9t\u00e9 civile attendait beaucoup du mod\u00e8le innovant et audacieux de cette cour se d\u00e9pla\u00e7ant sur les lieux du crime. Mais elle a d\u00fb d\u00e9chanter, face aux exigences politiques lib\u00e9riennes et au pragmatisme finlandais."}