{"version":"1.0","provider_name":"JusticeInfo.net","provider_url":"https:\/\/www.justiceinfo.net\/fr","title":"La mort du colonel Th\u00e9oneste Bagosora","type":"rich","width":600,"height":338,"html":"<blockquote class=\"wp-embedded-content\" data-secret=\"rQuagyrlcb\"><a href=\"https:\/\/www.justiceinfo.net\/fr\/82507-mort-colonel-theoneste-bagosora.html\">La mort du colonel Th\u00e9oneste Bagosora<\/a><\/blockquote><iframe sandbox=\"allow-scripts\" security=\"restricted\" src=\"https:\/\/www.justiceinfo.net\/fr\/82507-mort-colonel-theoneste-bagosora.html\/embed#?secret=rQuagyrlcb\" width=\"600\" height=\"338\" title=\"\u00ab\u00a0La mort du colonel Th\u00e9oneste Bagosora\u00a0\u00bb &#8212; JusticeInfo.net\" data-secret=\"rQuagyrlcb\" frameborder=\"0\" marginwidth=\"0\" marginheight=\"0\" scrolling=\"no\" class=\"wp-embedded-content\"><\/iframe><script type=\"text\/javascript\">\n\/* <![CDATA[ *\/\n\/*! This file is auto-generated *\/\n!function(d,l){\"use strict\";l.querySelector&&d.addEventListener&&\"undefined\"!=typeof URL&&(d.wp=d.wp||{},d.wp.receiveEmbedMessage||(d.wp.receiveEmbedMessage=function(e){var t=e.data;if((t||t.secret||t.message||t.value)&&!\/[^a-zA-Z0-9]\/.test(t.secret)){for(var s,r,n,a=l.querySelectorAll('iframe[data-secret=\"'+t.secret+'\"]'),o=l.querySelectorAll('blockquote[data-secret=\"'+t.secret+'\"]'),c=new RegExp(\"^https?:$\",\"i\"),i=0;i<o.length;i++)o[i].style.display=\"none\";for(i=0;i<a.length;i++)s=a[i],e.source===s.contentWindow&&(s.removeAttribute(\"style\"),\"height\"===t.message?(1e3<(r=parseInt(t.value,10))?r=1e3:~~r<200&&(r=200),s.height=r):\"link\"===t.message&&(r=new URL(s.getAttribute(\"src\")),n=new URL(t.value),c.test(n.protocol))&&n.host===r.host&&l.activeElement===s&&(d.top.location.href=t.value))}},d.addEventListener(\"message\",d.wp.receiveEmbedMessage,!1),l.addEventListener(\"DOMContentLoaded\",function(){for(var e,t,s=l.querySelectorAll(\"iframe.wp-embedded-content\"),r=0;r<s.length;r++)(t=(e=s[r]).getAttribute(\"data-secret\"))||(t=Math.random().toString(36).substring(2,12),e.src+=\"#?secret=\"+t,e.setAttribute(\"data-secret\",t)),e.contentWindow.postMessage({message:\"ready\",secret:t},\"*\")},!1)))}(window,document);\n\/* ]]> *\/\n<\/script>\n","thumbnail_url":"https:\/\/www.justiceinfo.net\/wp-content\/uploads\/Rwanda_Theoneste-Bagosora_@Tony-Karumba-AFP.jpg","thumbnail_width":1200,"thumbnail_height":800,"description":"Th\u00e9oneste Bagosora, l\u2019un des principaux condamn\u00e9s pour le g\u00e9nocide des Tutsis au Rwanda en 1994, est d\u00e9c\u00e9d\u00e9 le 25 septembre, \u00e0 Bamako au Mali, o\u00f9 il purgeait une peine de prison de 35 ans. Reconnu coupable de g\u00e9nocide, crimes contre l\u2019humanit\u00e9 et crimes de guerre par le Tribunal p\u00e9nal international pour le Rwanda, le responsable \u00ab\u00a0num\u00e9ro un par d\u00e9faut\u00a0\u00bb du g\u00e9nocide \u00e9tait \u00e2g\u00e9 de 80 ans."}