{"version":"1.0","provider_name":"JusticeInfo.net","provider_url":"https:\/\/www.justiceinfo.net\/fr","title":"Rwanda : Bagosora, acteur majeur d\u2019un g\u00e9nocide sans \u00ab cerveau \u00bb","type":"rich","width":600,"height":338,"html":"<blockquote class=\"wp-embedded-content\" data-secret=\"je0NED72TH\"><a href=\"https:\/\/www.justiceinfo.net\/fr\/82602-rwanda-bagosora-acteur-majeur-genocide-sans-cerveau.html\">Rwanda : Bagosora, acteur majeur d\u2019un g\u00e9nocide sans \u00ab cerveau \u00bb<\/a><\/blockquote><iframe sandbox=\"allow-scripts\" security=\"restricted\" src=\"https:\/\/www.justiceinfo.net\/fr\/82602-rwanda-bagosora-acteur-majeur-genocide-sans-cerveau.html\/embed#?secret=je0NED72TH\" width=\"600\" height=\"338\" title=\"\u00ab\u00a0Rwanda : Bagosora, acteur majeur d\u2019un g\u00e9nocide sans \u00ab cerveau \u00bb\u00a0\u00bb &#8212; JusticeInfo.net\" data-secret=\"je0NED72TH\" frameborder=\"0\" marginwidth=\"0\" marginheight=\"0\" scrolling=\"no\" class=\"wp-embedded-content\"><\/iframe><script type=\"text\/javascript\">\n\/* <![CDATA[ *\/\n\/*! This file is auto-generated *\/\n!function(d,l){\"use strict\";l.querySelector&&d.addEventListener&&\"undefined\"!=typeof URL&&(d.wp=d.wp||{},d.wp.receiveEmbedMessage||(d.wp.receiveEmbedMessage=function(e){var t=e.data;if((t||t.secret||t.message||t.value)&&!\/[^a-zA-Z0-9]\/.test(t.secret)){for(var s,r,n,a=l.querySelectorAll('iframe[data-secret=\"'+t.secret+'\"]'),o=l.querySelectorAll('blockquote[data-secret=\"'+t.secret+'\"]'),c=new RegExp(\"^https?:$\",\"i\"),i=0;i<o.length;i++)o[i].style.display=\"none\";for(i=0;i<a.length;i++)s=a[i],e.source===s.contentWindow&&(s.removeAttribute(\"style\"),\"height\"===t.message?(1e3<(r=parseInt(t.value,10))?r=1e3:~~r<200&&(r=200),s.height=r):\"link\"===t.message&&(r=new URL(s.getAttribute(\"src\")),n=new URL(t.value),c.test(n.protocol))&&n.host===r.host&&l.activeElement===s&&(d.top.location.href=t.value))}},d.addEventListener(\"message\",d.wp.receiveEmbedMessage,!1),l.addEventListener(\"DOMContentLoaded\",function(){for(var e,t,s=l.querySelectorAll(\"iframe.wp-embedded-content\"),r=0;r<s.length;r++)(t=(e=s[r]).getAttribute(\"data-secret\"))||(t=Math.random().toString(36).substring(2,12),e.src+=\"#?secret=\"+t,e.setAttribute(\"data-secret\",t)),e.contentWindow.postMessage({message:\"ready\",secret:t},\"*\")},!1)))}(window,document);\n\/* ]]> *\/\n<\/script>\n","thumbnail_url":"https:\/\/www.justiceinfo.net\/wp-content\/uploads\/Rwanda_Theoneste-Bagosora-ICTR_@Tony-Karumba-AFP.jpg","thumbnail_width":1200,"thumbnail_height":841,"description":"La mort, le 25 septembre, de celui qui a \u00e9t\u00e9 pr\u00e9sent\u00e9 comme le principal responsable du g\u00e9nocide des Tutsis au Rwanda en 1994, a suscit\u00e9 une faible attention m\u00e9diatique. Le sociologue et sp\u00e9cialiste du Rwanda Andr\u00e9 Guichaoua revient sur le trajet du colonel Th\u00e9oneste Bagosora et sur ces trois jours fatidiques d\u2019avril 1994 o\u00f9 il est entr\u00e9 dans l\u2019histoire comme l\u2019homme-orchestre du plus grand crime de la fin du XXe si\u00e8cle."}