{"version":"1.0","provider_name":"JusticeInfo.net","provider_url":"https:\/\/www.justiceinfo.net\/fr","title":"Rwanda : la justice fran\u00e7aise ouvre un troisi\u00e8me proc\u00e8s","type":"rich","width":600,"height":338,"html":"<blockquote class=\"wp-embedded-content\" data-secret=\"xw1FChwKnP\"><a href=\"https:\/\/www.justiceinfo.net\/fr\/84533-rwanda-justice-francaise-ouvre-troisieme-proces.html\">Rwanda : la justice fran\u00e7aise ouvre un troisi\u00e8me proc\u00e8s<\/a><\/blockquote><iframe sandbox=\"allow-scripts\" security=\"restricted\" src=\"https:\/\/www.justiceinfo.net\/fr\/84533-rwanda-justice-francaise-ouvre-troisieme-proces.html\/embed#?secret=xw1FChwKnP\" width=\"600\" height=\"338\" title=\"\u00ab\u00a0Rwanda : la justice fran\u00e7aise ouvre un troisi\u00e8me proc\u00e8s\u00a0\u00bb &#8212; JusticeInfo.net\" data-secret=\"xw1FChwKnP\" frameborder=\"0\" marginwidth=\"0\" marginheight=\"0\" scrolling=\"no\" class=\"wp-embedded-content\"><\/iframe><script type=\"text\/javascript\">\n\/* <![CDATA[ *\/\n\/*! This file is auto-generated *\/\n!function(d,l){\"use strict\";l.querySelector&&d.addEventListener&&\"undefined\"!=typeof URL&&(d.wp=d.wp||{},d.wp.receiveEmbedMessage||(d.wp.receiveEmbedMessage=function(e){var t=e.data;if((t||t.secret||t.message||t.value)&&!\/[^a-zA-Z0-9]\/.test(t.secret)){for(var s,r,n,a=l.querySelectorAll('iframe[data-secret=\"'+t.secret+'\"]'),o=l.querySelectorAll('blockquote[data-secret=\"'+t.secret+'\"]'),c=new RegExp(\"^https?:$\",\"i\"),i=0;i<o.length;i++)o[i].style.display=\"none\";for(i=0;i<a.length;i++)s=a[i],e.source===s.contentWindow&&(s.removeAttribute(\"style\"),\"height\"===t.message?(1e3<(r=parseInt(t.value,10))?r=1e3:~~r<200&&(r=200),s.height=r):\"link\"===t.message&&(r=new URL(s.getAttribute(\"src\")),n=new URL(t.value),c.test(n.protocol))&&n.host===r.host&&l.activeElement===s&&(d.top.location.href=t.value))}},d.addEventListener(\"message\",d.wp.receiveEmbedMessage,!1),l.addEventListener(\"DOMContentLoaded\",function(){for(var e,t,s=l.querySelectorAll(\"iframe.wp-embedded-content\"),r=0;r<s.length;r++)(t=(e=s[r]).getAttribute(\"data-secret\"))||(t=Math.random().toString(36).substring(2,12),e.src+=\"#?secret=\"+t,e.setAttribute(\"data-secret\",t)),e.contentWindow.postMessage({message:\"ready\",secret:t},\"*\")},!1)))}(window,document);\n\/* ]]> *\/\n<\/script>\n","thumbnail_url":"https:\/\/www.justiceinfo.net\/wp-content\/uploads\/Rwanda_Claude-Muhayimana_@Marion-Ruszniewski-AFP.jpg","thumbnail_width":1200,"thumbnail_height":800,"description":"Pour la troisi\u00e8me fois, un proc\u00e8s s\u2019ouvre en France contre un Rwandais accus\u00e9 d\u2019avoir particip\u00e9 au g\u00e9nocide des Tutsis, en 1994. \u00a0Le dossier de Claude Muhayimana, modeste chauffeur d\u2019h\u00f4tel, va transporter la Cour au c\u0153ur des massacres dans les collines de Bisesero, lieu douloureux de l\u2019histoire entre la France et le Rwanda."}