{"version":"1.0","provider_name":"JusticeInfo.net","provider_url":"https:\/\/www.justiceinfo.net\/fr","title":"Gambie : le rapport de la Commission v\u00e9rit\u00e9 suspendu aux \u00e9lections","type":"rich","width":600,"height":338,"html":"<blockquote class=\"wp-embedded-content\" data-secret=\"txMYEMGDPl\"><a href=\"https:\/\/www.justiceinfo.net\/fr\/84783-gambie-rapport-commission-verite-suspendu-elections.html\">Gambie : le rapport de la Commission v\u00e9rit\u00e9 suspendu aux \u00e9lections<\/a><\/blockquote><iframe sandbox=\"allow-scripts\" security=\"restricted\" src=\"https:\/\/www.justiceinfo.net\/fr\/84783-gambie-rapport-commission-verite-suspendu-elections.html\/embed#?secret=txMYEMGDPl\" width=\"600\" height=\"338\" title=\"\u00ab\u00a0Gambie : le rapport de la Commission v\u00e9rit\u00e9 suspendu aux \u00e9lections\u00a0\u00bb &#8212; JusticeInfo.net\" data-secret=\"txMYEMGDPl\" frameborder=\"0\" marginwidth=\"0\" marginheight=\"0\" scrolling=\"no\" class=\"wp-embedded-content\"><\/iframe><script type=\"text\/javascript\">\n\/* <![CDATA[ *\/\n\/*! This file is auto-generated *\/\n!function(d,l){\"use strict\";l.querySelector&&d.addEventListener&&\"undefined\"!=typeof URL&&(d.wp=d.wp||{},d.wp.receiveEmbedMessage||(d.wp.receiveEmbedMessage=function(e){var t=e.data;if((t||t.secret||t.message||t.value)&&!\/[^a-zA-Z0-9]\/.test(t.secret)){for(var s,r,n,a=l.querySelectorAll('iframe[data-secret=\"'+t.secret+'\"]'),o=l.querySelectorAll('blockquote[data-secret=\"'+t.secret+'\"]'),c=new RegExp(\"^https?:$\",\"i\"),i=0;i<o.length;i++)o[i].style.display=\"none\";for(i=0;i<a.length;i++)s=a[i],e.source===s.contentWindow&&(s.removeAttribute(\"style\"),\"height\"===t.message?(1e3<(r=parseInt(t.value,10))?r=1e3:~~r<200&&(r=200),s.height=r):\"link\"===t.message&&(r=new URL(s.getAttribute(\"src\")),n=new URL(t.value),c.test(n.protocol))&&n.host===r.host&&l.activeElement===s&&(d.top.location.href=t.value))}},d.addEventListener(\"message\",d.wp.receiveEmbedMessage,!1),l.addEventListener(\"DOMContentLoaded\",function(){for(var e,t,s=l.querySelectorAll(\"iframe.wp-embedded-content\"),r=0;r<s.length;r++)(t=(e=s[r]).getAttribute(\"data-secret\"))||(t=Math.random().toString(36).substring(2,12),e.src+=\"#?secret=\"+t,e.setAttribute(\"data-secret\",t)),e.contentWindow.postMessage({message:\"ready\",secret:t},\"*\")},!1)))}(window,document);\n\/* ]]> *\/\n<\/script>\n","thumbnail_url":"https:\/\/www.justiceinfo.net\/wp-content\/uploads\/Gambia_TRRC-final-report-Lamin-Sise-Adama-Barrow.jpg","thumbnail_width":1080,"thumbnail_height":721,"description":"Apr\u00e8s des mois de tergiversations, le pr\u00e9sident gambien Adama Barrow a re\u00e7u, jeudi 25 novembre, le rapport final de la Commission v\u00e9rit\u00e9, r\u00e9conciliation et r\u00e9parations de Gambie. La mise en \u0153uvre de ce rapport, qui doit encore \u00eatre rendu public, est prise en otage par la politique, \u00e0 deux semaines des pr\u00e9sidentielles du 4 d\u00e9cembre."}