{"version":"1.0","provider_name":"JusticeInfo.net","provider_url":"https:\/\/www.justiceinfo.net\/fr","title":"La CPI \u00e0 l\u2019heure du rationnement","type":"rich","width":600,"height":338,"html":"<blockquote class=\"wp-embedded-content\" data-secret=\"ajb1oVdJlB\"><a href=\"https:\/\/www.justiceinfo.net\/fr\/85458-cpi-heure-rationnement.html\">La CPI \u00e0 l\u2019heure du rationnement<\/a><\/blockquote><iframe sandbox=\"allow-scripts\" security=\"restricted\" src=\"https:\/\/www.justiceinfo.net\/fr\/85458-cpi-heure-rationnement.html\/embed#?secret=ajb1oVdJlB\" width=\"600\" height=\"338\" title=\"\u00ab\u00a0La CPI \u00e0 l\u2019heure du rationnement\u00a0\u00bb &#8212; JusticeInfo.net\" data-secret=\"ajb1oVdJlB\" frameborder=\"0\" marginwidth=\"0\" marginheight=\"0\" scrolling=\"no\" class=\"wp-embedded-content\"><\/iframe><script type=\"text\/javascript\">\n\/* <![CDATA[ *\/\n\/*! This file is auto-generated *\/\n!function(d,l){\"use strict\";l.querySelector&&d.addEventListener&&\"undefined\"!=typeof URL&&(d.wp=d.wp||{},d.wp.receiveEmbedMessage||(d.wp.receiveEmbedMessage=function(e){var t=e.data;if((t||t.secret||t.message||t.value)&&!\/[^a-zA-Z0-9]\/.test(t.secret)){for(var s,r,n,a=l.querySelectorAll('iframe[data-secret=\"'+t.secret+'\"]'),o=l.querySelectorAll('blockquote[data-secret=\"'+t.secret+'\"]'),c=new RegExp(\"^https?:$\",\"i\"),i=0;i<o.length;i++)o[i].style.display=\"none\";for(i=0;i<a.length;i++)s=a[i],e.source===s.contentWindow&&(s.removeAttribute(\"style\"),\"height\"===t.message?(1e3<(r=parseInt(t.value,10))?r=1e3:~~r<200&&(r=200),s.height=r):\"link\"===t.message&&(r=new URL(s.getAttribute(\"src\")),n=new URL(t.value),c.test(n.protocol))&&n.host===r.host&&l.activeElement===s&&(d.top.location.href=t.value))}},d.addEventListener(\"message\",d.wp.receiveEmbedMessage,!1),l.addEventListener(\"DOMContentLoaded\",function(){for(var e,t,s=l.querySelectorAll(\"iframe.wp-embedded-content\"),r=0;r<s.length;r++)(t=(e=s[r]).getAttribute(\"data-secret\"))||(t=Math.random().toString(36).substring(2,12),e.src+=\"#?secret=\"+t,e.setAttribute(\"data-secret\",t)),e.contentWindow.postMessage({message:\"ready\",secret:t},\"*\")},!1)))}(window,document);\n\/* ]]> *\/\n<\/script>\n","thumbnail_url":"https:\/\/www.justiceinfo.net\/wp-content\/uploads\/ICC-Assembly-States-Parties-CPI-2021_@ICC-CPI.jpg","thumbnail_width":1200,"thumbnail_height":600,"description":"Le procureur de la Cour p\u00e9nale internationale Karim Khan a \u00e9t\u00e9 rejoint par deux nouveaux procureurs adjoints, \u00e9lus la semaine derni\u00e8re lors de la r\u00e9union annuelle de la Cour. Mais les \u00c9tats n'ont pas apport\u00e9 de ressources suppl\u00e9mentaires. Le procureur sera contraint d'\u00e9laguer sa pile de dossiers et aura du mal \u00e0 g\u00e9rer les attentes des nombreux groupes d'int\u00e9r\u00eat qui font pression sur la Cour pour qu'elle fasse mieux."}