{"version":"1.0","provider_name":"JusticeInfo.net","provider_url":"https:\/\/www.justiceinfo.net\/fr","title":"Rwanda : le proc\u00e8s d\u2019un \u00ab simple chauffeur \u00bb est-il un proc\u00e8s mineur ?","type":"rich","width":600,"height":338,"html":"<blockquote class=\"wp-embedded-content\" data-secret=\"IoEzP8aFXY\"><a href=\"https:\/\/www.justiceinfo.net\/fr\/85929-rwanda-proces-simple-chauffeur-proces-mineur.html\">Rwanda : le proc\u00e8s d\u2019un \u00ab simple chauffeur \u00bb est-il un proc\u00e8s mineur ?<\/a><\/blockquote><iframe sandbox=\"allow-scripts\" security=\"restricted\" src=\"https:\/\/www.justiceinfo.net\/fr\/85929-rwanda-proces-simple-chauffeur-proces-mineur.html\/embed#?secret=IoEzP8aFXY\" width=\"600\" height=\"338\" title=\"\u00ab\u00a0Rwanda : le proc\u00e8s d\u2019un \u00ab simple chauffeur \u00bb est-il un proc\u00e8s mineur ?\u00a0\u00bb &#8212; JusticeInfo.net\" data-secret=\"IoEzP8aFXY\" frameborder=\"0\" marginwidth=\"0\" marginheight=\"0\" scrolling=\"no\" class=\"wp-embedded-content\"><\/iframe><script type=\"text\/javascript\">\n\/* <![CDATA[ *\/\n\/*! This file is auto-generated *\/\n!function(d,l){\"use strict\";l.querySelector&&d.addEventListener&&\"undefined\"!=typeof URL&&(d.wp=d.wp||{},d.wp.receiveEmbedMessage||(d.wp.receiveEmbedMessage=function(e){var t=e.data;if((t||t.secret||t.message||t.value)&&!\/[^a-zA-Z0-9]\/.test(t.secret)){for(var s,r,n,a=l.querySelectorAll('iframe[data-secret=\"'+t.secret+'\"]'),o=l.querySelectorAll('blockquote[data-secret=\"'+t.secret+'\"]'),c=new RegExp(\"^https?:$\",\"i\"),i=0;i<o.length;i++)o[i].style.display=\"none\";for(i=0;i<a.length;i++)s=a[i],e.source===s.contentWindow&&(s.removeAttribute(\"style\"),\"height\"===t.message?(1e3<(r=parseInt(t.value,10))?r=1e3:~~r<200&&(r=200),s.height=r):\"link\"===t.message&&(r=new URL(s.getAttribute(\"src\")),n=new URL(t.value),c.test(n.protocol))&&n.host===r.host&&l.activeElement===s&&(d.top.location.href=t.value))}},d.addEventListener(\"message\",d.wp.receiveEmbedMessage,!1),l.addEventListener(\"DOMContentLoaded\",function(){for(var e,t,s=l.querySelectorAll(\"iframe.wp-embedded-content\"),r=0;r<s.length;r++)(t=(e=s[r]).getAttribute(\"data-secret\"))||(t=Math.random().toString(36).substring(2,12),e.src+=\"#?secret=\"+t,e.setAttribute(\"data-secret\",t)),e.contentWindow.postMessage({message:\"ready\",secret:t},\"*\")},!1)))}(window,document);\n\/* ]]> *\/\n<\/script>\n","thumbnail_url":"https:\/\/www.justiceinfo.net\/wp-content\/uploads\/Rwanda_Bisesero_@Simon-Wohlfahrt-AFP.jpg","thumbnail_width":1200,"thumbnail_height":800,"description":"Au nom de la comp\u00e9tence universelle, la justice fran\u00e7aise a condamn\u00e9 le Rwandais Claude Muhayimana pour complicit\u00e9 de g\u00e9nocide \u00e0 14 ans de prison, le 16 d\u00e9cembre dernier. Muhayimana \u00e9tait accus\u00e9 d\u2019avoir, en 1994, convoy\u00e9 des miliciens hutus vers les collines de l\u2019ouest du Rwanda pour qu\u2019ils y massacrent les Tutsis. L\u2019histoire d\u2019un \u00ab\u00a0simple chauffeur\u00a0\u00bb, comme le dit la d\u00e9fense \u2013 qui a fait appel \u2013 ou proc\u00e8s aussi important que les autres, comme le clament les parties civiles\u00a0?"}