{"version":"1.0","provider_name":"JusticeInfo.net","provider_url":"https:\/\/www.justiceinfo.net\/fr","title":"La r\u00e9habilitation des \"sorci\u00e8res\" du Moyen \u00c2ge : un symbole pour notre \u00e9poque ?","type":"rich","width":600,"height":338,"html":"<blockquote class=\"wp-embedded-content\" data-secret=\"4czYh7jmWI\"><a href=\"https:\/\/www.justiceinfo.net\/fr\/87439-rehabilitation-sorcieres-moyen-age-symbole-epoque.html\">La r\u00e9habilitation des \"sorci\u00e8res\" du Moyen \u00c2ge : un symbole pour notre \u00e9poque ?<\/a><\/blockquote><iframe sandbox=\"allow-scripts\" security=\"restricted\" src=\"https:\/\/www.justiceinfo.net\/fr\/87439-rehabilitation-sorcieres-moyen-age-symbole-epoque.html\/embed#?secret=4czYh7jmWI\" width=\"600\" height=\"338\" title=\"\u00ab\u00a0La r\u00e9habilitation des &quot;sorci\u00e8res&quot; du Moyen \u00c2ge : un symbole pour notre \u00e9poque ?\u00a0\u00bb &#8212; JusticeInfo.net\" data-secret=\"4czYh7jmWI\" frameborder=\"0\" marginwidth=\"0\" marginheight=\"0\" scrolling=\"no\" class=\"wp-embedded-content\"><\/iframe><script type=\"text\/javascript\">\n\/* <![CDATA[ *\/\n\/*! This file is auto-generated *\/\n!function(d,l){\"use strict\";l.querySelector&&d.addEventListener&&\"undefined\"!=typeof URL&&(d.wp=d.wp||{},d.wp.receiveEmbedMessage||(d.wp.receiveEmbedMessage=function(e){var t=e.data;if((t||t.secret||t.message||t.value)&&!\/[^a-zA-Z0-9]\/.test(t.secret)){for(var s,r,n,a=l.querySelectorAll('iframe[data-secret=\"'+t.secret+'\"]'),o=l.querySelectorAll('blockquote[data-secret=\"'+t.secret+'\"]'),c=new RegExp(\"^https?:$\",\"i\"),i=0;i<o.length;i++)o[i].style.display=\"none\";for(i=0;i<a.length;i++)s=a[i],e.source===s.contentWindow&&(s.removeAttribute(\"style\"),\"height\"===t.message?(1e3<(r=parseInt(t.value,10))?r=1e3:~~r<200&&(r=200),s.height=r):\"link\"===t.message&&(r=new URL(s.getAttribute(\"src\")),n=new URL(t.value),c.test(n.protocol))&&n.host===r.host&&l.activeElement===s&&(d.top.location.href=t.value))}},d.addEventListener(\"message\",d.wp.receiveEmbedMessage,!1),l.addEventListener(\"DOMContentLoaded\",function(){for(var e,t,s=l.querySelectorAll(\"iframe.wp-embedded-content\"),r=0;r<s.length;r++)(t=(e=s[r]).getAttribute(\"data-secret\"))||(t=Math.random().toString(36).substring(2,12),e.src+=\"#?secret=\"+t,e.setAttribute(\"data-secret\",t)),e.contentWindow.postMessage({message:\"ready\",secret:t},\"*\")},!1)))}(window,document);\n\/* ]]> *\/\n<\/script>\n","thumbnail_url":"https:\/\/www.justiceinfo.net\/wp-content\/uploads\/witches-stake-bucher-sorcieres_@DNA.jpg","thumbnail_width":1370,"thumbnail_height":800,"description":"En Espagne, le parlement r\u00e9gional catalan a officiellement r\u00e9habilit\u00e9 des centaines de femmes ex\u00e9cut\u00e9es pour sorcellerie entre le 15e et le 18e si\u00e8cle. Le parlement \u00e9cossais pourrait bient\u00f4t suivre. Des mesures similaires ont \u00e9t\u00e9 prises ailleurs en Europe et aux \u00c9tats-Unis. Pour les militants, ces actions font \u00e9cho \u00e0 notre \u00e9poque de rumeurs et de fausses informations et aident \u00e0 lutter contre les accusations de sorcellerie d\u2019aujourd\u2019hui."}