{"version":"1.0","provider_name":"JusticeInfo.net","provider_url":"https:\/\/www.justiceinfo.net\/fr","title":"N\u00e9gocier les amnisties, la paix et la justice : une nouvelle voie (2\/3)","type":"rich","width":600,"height":338,"html":"<blockquote class=\"wp-embedded-content\" data-secret=\"h8u83hKFab\"><a href=\"https:\/\/www.justiceinfo.net\/fr\/88001-negocier-amnisties-paix-justice-nouvelle-voie-2.html\">N\u00e9gocier les amnisties, la paix et la justice : une nouvelle voie (2\/3)<\/a><\/blockquote><iframe sandbox=\"allow-scripts\" security=\"restricted\" src=\"https:\/\/www.justiceinfo.net\/fr\/88001-negocier-amnisties-paix-justice-nouvelle-voie-2.html\/embed#?secret=h8u83hKFab\" width=\"600\" height=\"338\" title=\"\u00ab\u00a0N\u00e9gocier les amnisties, la paix et la justice : une nouvelle voie (2\/3)\u00a0\u00bb &#8212; JusticeInfo.net\" data-secret=\"h8u83hKFab\" frameborder=\"0\" marginwidth=\"0\" marginheight=\"0\" scrolling=\"no\" class=\"wp-embedded-content\"><\/iframe><script type=\"text\/javascript\">\n\/* <![CDATA[ *\/\n\/*! This file is auto-generated *\/\n!function(d,l){\"use strict\";l.querySelector&&d.addEventListener&&\"undefined\"!=typeof URL&&(d.wp=d.wp||{},d.wp.receiveEmbedMessage||(d.wp.receiveEmbedMessage=function(e){var t=e.data;if((t||t.secret||t.message||t.value)&&!\/[^a-zA-Z0-9]\/.test(t.secret)){for(var s,r,n,a=l.querySelectorAll('iframe[data-secret=\"'+t.secret+'\"]'),o=l.querySelectorAll('blockquote[data-secret=\"'+t.secret+'\"]'),c=new RegExp(\"^https?:$\",\"i\"),i=0;i<o.length;i++)o[i].style.display=\"none\";for(i=0;i<a.length;i++)s=a[i],e.source===s.contentWindow&&(s.removeAttribute(\"style\"),\"height\"===t.message?(1e3<(r=parseInt(t.value,10))?r=1e3:~~r<200&&(r=200),s.height=r):\"link\"===t.message&&(r=new URL(s.getAttribute(\"src\")),n=new URL(t.value),c.test(n.protocol))&&n.host===r.host&&l.activeElement===s&&(d.top.location.href=t.value))}},d.addEventListener(\"message\",d.wp.receiveEmbedMessage,!1),l.addEventListener(\"DOMContentLoaded\",function(){for(var e,t,s=l.querySelectorAll(\"iframe.wp-embedded-content\"),r=0;r<s.length;r++)(t=(e=s[r]).getAttribute(\"data-secret\"))||(t=Math.random().toString(36).substring(2,12),e.src+=\"#?secret=\"+t,e.setAttribute(\"data-secret\",t)),e.contentWindow.postMessage({message:\"ready\",secret:t},\"*\")},!1)))}(window,document);\n\/* ]]> *\/\n<\/script>\n","thumbnail_url":"https:\/\/www.justiceinfo.net\/wp-content\/uploads\/Colombia_hands-peace.jpg","thumbnail_width":1200,"thumbnail_height":800,"description":"Pour n\u00e9gocier la paix, les amnisties et la justice sont souvent pr\u00e9sent\u00e9es comme des outils exclusifs l\u2019un de l\u2019autre. Dans la r\u00e9alit\u00e9 les amnisties sont pourtant, syst\u00e9matiquement, sur la table et gagneraient \u00e0 b\u00e9n\u00e9ficier d\u2019une \u00ab\u00a0pr\u00e9somption de l\u00e9galit\u00e9\u00a0\u00bb, comme le proposent les auteurs de cet article, qui lancent l'Initiative pour un Trait\u00e9 de paix."}