{"version":"1.0","provider_name":"JusticeInfo.net","provider_url":"https:\/\/www.justiceinfo.net\/fr","title":"Kosovo : deux v\u00e9t\u00e9rans de l'UCK emprisonn\u00e9s pour \"intimidation de t\u00e9moins\"","type":"rich","width":600,"height":338,"html":"<blockquote class=\"wp-embedded-content\" data-secret=\"qCStwcbGXu\"><a href=\"https:\/\/www.justiceinfo.net\/fr\/92522-kosovo-deux-veterans-uck-emprisonnes-intimidation-temoins.html\">Kosovo : deux v\u00e9t\u00e9rans de l'UCK emprisonn\u00e9s pour \"intimidation de t\u00e9moins\"<\/a><\/blockquote><iframe sandbox=\"allow-scripts\" security=\"restricted\" src=\"https:\/\/www.justiceinfo.net\/fr\/92522-kosovo-deux-veterans-uck-emprisonnes-intimidation-temoins.html\/embed#?secret=qCStwcbGXu\" width=\"600\" height=\"338\" title=\"\u00ab\u00a0Kosovo : deux v\u00e9t\u00e9rans de l&#039;UCK emprisonn\u00e9s pour &quot;intimidation de t\u00e9moins&quot;\u00a0\u00bb &#8212; JusticeInfo.net\" data-secret=\"qCStwcbGXu\" frameborder=\"0\" marginwidth=\"0\" marginheight=\"0\" scrolling=\"no\" class=\"wp-embedded-content\"><\/iframe><script type=\"text\/javascript\">\n\/* <![CDATA[ *\/\n\/*! This file is auto-generated *\/\n!function(d,l){\"use strict\";l.querySelector&&d.addEventListener&&\"undefined\"!=typeof URL&&(d.wp=d.wp||{},d.wp.receiveEmbedMessage||(d.wp.receiveEmbedMessage=function(e){var t=e.data;if((t||t.secret||t.message||t.value)&&!\/[^a-zA-Z0-9]\/.test(t.secret)){for(var s,r,n,a=l.querySelectorAll('iframe[data-secret=\"'+t.secret+'\"]'),o=l.querySelectorAll('blockquote[data-secret=\"'+t.secret+'\"]'),c=new RegExp(\"^https?:$\",\"i\"),i=0;i<o.length;i++)o[i].style.display=\"none\";for(i=0;i<a.length;i++)s=a[i],e.source===s.contentWindow&&(s.removeAttribute(\"style\"),\"height\"===t.message?(1e3<(r=parseInt(t.value,10))?r=1e3:~~r<200&&(r=200),s.height=r):\"link\"===t.message&&(r=new URL(s.getAttribute(\"src\")),n=new URL(t.value),c.test(n.protocol))&&n.host===r.host&&l.activeElement===s&&(d.top.location.href=t.value))}},d.addEventListener(\"message\",d.wp.receiveEmbedMessage,!1),l.addEventListener(\"DOMContentLoaded\",function(){for(var e,t,s=l.querySelectorAll(\"iframe.wp-embedded-content\"),r=0;r<s.length;r++)(t=(e=s[r]).getAttribute(\"data-secret\"))||(t=Math.random().toString(36).substring(2,12),e.src+=\"#?secret=\"+t,e.setAttribute(\"data-secret\",t)),e.contentWindow.postMessage({message:\"ready\",secret:t},\"*\")},!1)))}(window,document);\n\/* ]]> *\/\n<\/script>\n","thumbnail_url":"https:\/\/www.justiceinfo.net\/wp-content\/uploads\/Kosovo_special-court-Hysni-Gucati-Nasim-Haradinaj_@Piroschka-van-de-Wouw-ANP-AFP.jpg","thumbnail_width":1200,"thumbnail_height":800,"description":"Mercredi 18 mai, les Chambres sp\u00e9cialis\u00e9es du Kosovo bas\u00e9e \u00e0 La Haye ont d\u00e9cid\u00e9 de sanctionner s\u00e9v\u00e8rement deux anciens membres de l'Arm\u00e9e de lib\u00e9ration du Kosovo (UCK) pour \"obstruction \u00e0 la justice\" et \"intimidation de t\u00e9moins\". \u00c0 l'origine de cette affaire, une importante fuite du tribunal lui-m\u00eame, alors que celui-ci a \u00e9t\u00e9 dot\u00e9 d'un personnel international pour pr\u00e9venir de tels incidents."}