{"version":"1.0","provider_name":"JusticeInfo.net","provider_url":"https:\/\/www.justiceinfo.net\/fr","title":"Une fille disparue, 20 ans d'attente et, enfin, la v\u00e9rit\u00e9","type":"rich","width":600,"height":338,"html":"<blockquote class=\"wp-embedded-content\" data-secret=\"Zbx9u4A3SY\"><a href=\"https:\/\/www.justiceinfo.net\/fr\/93318-fille-disparue-20-ans-attente-enfin-verite.html\">Une fille disparue, 20 ans d'attente et, enfin, la v\u00e9rit\u00e9<\/a><\/blockquote><iframe sandbox=\"allow-scripts\" security=\"restricted\" src=\"https:\/\/www.justiceinfo.net\/fr\/93318-fille-disparue-20-ans-attente-enfin-verite.html\/embed#?secret=Zbx9u4A3SY\" width=\"600\" height=\"338\" title=\"\u00ab\u00a0Une fille disparue, 20 ans d&#039;attente et, enfin, la v\u00e9rit\u00e9\u00a0\u00bb &#8212; JusticeInfo.net\" data-secret=\"Zbx9u4A3SY\" frameborder=\"0\" marginwidth=\"0\" marginheight=\"0\" scrolling=\"no\" class=\"wp-embedded-content\"><\/iframe><script type=\"text\/javascript\">\n\/* <![CDATA[ *\/\n\/*! This file is auto-generated *\/\n!function(d,l){\"use strict\";l.querySelector&&d.addEventListener&&\"undefined\"!=typeof URL&&(d.wp=d.wp||{},d.wp.receiveEmbedMessage||(d.wp.receiveEmbedMessage=function(e){var t=e.data;if((t||t.secret||t.message||t.value)&&!\/[^a-zA-Z0-9]\/.test(t.secret)){for(var s,r,n,a=l.querySelectorAll('iframe[data-secret=\"'+t.secret+'\"]'),o=l.querySelectorAll('blockquote[data-secret=\"'+t.secret+'\"]'),c=new RegExp(\"^https?:$\",\"i\"),i=0;i<o.length;i++)o[i].style.display=\"none\";for(i=0;i<a.length;i++)s=a[i],e.source===s.contentWindow&&(s.removeAttribute(\"style\"),\"height\"===t.message?(1e3<(r=parseInt(t.value,10))?r=1e3:~~r<200&&(r=200),s.height=r):\"link\"===t.message&&(r=new URL(s.getAttribute(\"src\")),n=new URL(t.value),c.test(n.protocol))&&n.host===r.host&&l.activeElement===s&&(d.top.location.href=t.value))}},d.addEventListener(\"message\",d.wp.receiveEmbedMessage,!1),l.addEventListener(\"DOMContentLoaded\",function(){for(var e,t,s=l.querySelectorAll(\"iframe.wp-embedded-content\"),r=0;r<s.length;r++)(t=(e=s[r]).getAttribute(\"data-secret\"))||(t=Math.random().toString(36).substring(2,12),e.src+=\"#?secret=\"+t,e.setAttribute(\"data-secret\",t)),e.contentWindow.postMessage({message:\"ready\",secret:t},\"*\")},!1)))}(window,document);\n\/* ]]> *\/\n<\/script>\n","thumbnail_url":"https:\/\/www.justiceinfo.net\/wp-content\/uploads\/Colombia_Santo-Domingo-cemetery-unidentified-person_@Andres-Bermudez-Lievano-1.jpg","thumbnail_width":1200,"thumbnail_height":800,"description":"Disparue il y a 20 ans apr\u00e8s avoir \u00e9t\u00e9 recrut\u00e9e, enfant, par la gu\u00e9rilla de l'ELN, \u00e0 Medell\u00edn, les restes de Natalia ont \u00e9t\u00e9 retrouv\u00e9s et exhum\u00e9s par l'Unit\u00e9 colombienne de recherche des personnes disparues, en octobre dernier. La qu\u00eate de sa m\u00e8re, Arnobia Guti\u00e9rrez, va prendre fin en recevant bient\u00f4t, lors d'une c\u00e9r\u00e9monie solennelle, la d\u00e9pouille de sa fille. Son histoire est un exemple de ce \u00e0 quoi peut servir la justice transitionnelle."}