{"id":55680,"date":"2020-11-19T21:19:04","date_gmt":"2020-11-19T20:19:04","guid":{"rendered":"https:\/\/www.justiceinfo.net\/?page_id=55680"},"modified":"2026-09-02T15:53:48","modified_gmt":"2026-09-02T13:53:48","slug":"page-daccueil-avec-visual-composer","status":"publish","type":"page","link":"https:\/\/www.justiceinfo.net\/fr","title":{"rendered":"Le site d'information et d'actualit\u00e9s sur la justice internationale et le droit international"},"content":{"rendered":"<p>[vc_row el_class=\"container-fluid container-xl p-0\"][vc_column][vc_row_inner disable_element=\"yes\"][vc_column_inner][vc_message style=\"square\" message_box_color=\"black\" css=\".vc_custom_1786022769679{background-color: #000000 !important;}\"]<span data-olk-copy-source=\"MessageBody\">Justice Info prend une pause estivale. Retour des publications le 24 ao\u00fbt<\/span>[\/vc_message][\/vc_column_inner][\/vc_row_inner][vc_row_inner disable_element=\"yes\"][vc_column_inner]<a href=\"https:\/\/www.justiceinfo.net\/fr\/164558-plaintes-de-la-flottille-pour-gaza-un-schema-de-violence-systematique.html\" class=\"articleLink articleLink--featured articleLink--textInImage articleLink--withImage articleLink--textTop\" style=\"background-image:url(https:\/\/www.justiceinfo.net\/wp-content\/uploads\/Spain-Israel_Palestinian-Conflict-Aid-Flotilla_@Josep-Lago-AFP-730x482.jpg)\">\r\n\t\t\t\t\t\r\n\t\t\t<ul class=\"postTags\"><li class=\"postTagItem\"><span href=\"https:\/\/www.justiceinfo.net\/fr\/regions\/international\" class=\"postTagItem-link postTag--location\">International<\/span><\/li><\/ul>\r\n\t\t\t<span href=\"https:\/\/www.justiceinfo.net\/fr\/164558-plaintes-de-la-flottille-pour-gaza-un-schema-de-violence-systematique.html\" class=\"articleLinkTitle articleLinkTitle--default\">\r\n\t\t\tPlaintes de la flottille pour Gaza : \u00ab Un sch\u00e9ma de violence syst\u00e9matique \u00bb\r\n\t\t<\/span>\r\n\t\t\t<div class=\"articleLinkAuthors\">Par Margherita Capacci<\/div>\r\n\t\t\t<div class=\"articleLinkContent\">\r\n\t\t\t\t<span class=\"articleLinkExcerpt\" href=\"https:\/\/www.justiceinfo.net\/fr\/164558-plaintes-de-la-flottille-pour-gaza-un-schema-de-violence-systematique.html\">Pour les avocats de Global Sumud Flotilla, les enqu\u00eates nationales ouvertes en Europe et la communication \u00e0 la CPI envoy\u00e9e suite aux arrestations d\u2019activistes faisant route vers Gaza \u00ab s\u2019inscrivent dans le cadre d\u2019une d\u00e9marche plus vaste visant \u00e0 \u00e9tablir les responsabilit\u00e9s concernant les crimes commis par Isra\u00ebl \u00bb. Justice Info fait le tour des proc\u00e9dures en cours.<\/span>\r\n\t\t\t\t\r\n\t\t\t<\/div>\r\n\t\t\t\r\n\t\t\r\n\t\t\t\t<\/a>[\/vc_column_inner][\/vc_row_inner][vc_row_inner][vc_column_inner width=\"2\/3\"][\/vc_column_inner][vc_column_inner width=\"1\/3\"]<div class=\"articleLink articleLink--default articleLink--textInImage articleLink--withImage articleLink--textBottom\" style=\"\">\r\n\t\t\t\t\t\r\n\t\t\t<a href=\"https:\/\/www.justiceinfo.net\/fr\/164486-comment-les-juges-sud-africains-ont-envoye-shell-au-diable-avec-panache.html\" class=\"articleLinkImageContainer \"><img loading=\"lazy\" decoding=\"async\" width=\"540\" height=\"360\" src=\"https:\/\/www.justiceinfo.net\/wp-content\/uploads\/AFP-9U23G7_South-Africa_shell-environment-protest_@Rodger-Bosch-AFP-540x360.jpg\" class=\"articleLinkImage backgroundImageTag w-100 wp-post-image\" alt=\"\" srcset=\"https:\/\/www.justiceinfo.net\/wp-content\/uploads\/AFP-9U23G7_South-Africa_shell-environment-protest_@Rodger-Bosch-AFP-540x360.jpg 540w, https:\/\/www.justiceinfo.net\/wp-content\/uploads\/AFP-9U23G7_South-Africa_shell-environment-protest_@Rodger-Bosch-AFP-1000x667.jpg 1000w, https:\/\/www.justiceinfo.net\/wp-content\/uploads\/AFP-9U23G7_South-Africa_shell-environment-protest_@Rodger-Bosch-AFP-1110x740.jpg 1110w, https:\/\/www.justiceinfo.net\/wp-content\/uploads\/AFP-9U23G7_South-Africa_shell-environment-protest_@Rodger-Bosch-AFP.jpg 1200w\" sizes=\"auto, (max-width: 540px) 100vw, 540px\" \/><\/a>\r\n\t\t\t<ul class=\"postTags\"><li class=\"postTagItem\"><a href=\"https:\/\/www.justiceinfo.net\/fr\/regions\/afrique-du-sud\" class=\"postTagItem-link postTag--location\">Afrique du Sud<\/a><\/li><li class=\"postTagItem\"><a href=\"https:\/\/www.justiceinfo.net\/fr\/les-debats-justiceinfo\/opinions\" class=\"postTagItem-link postTag--type\">Opinion<\/a><\/li><\/ul>\r\n\t\t\t<a href=\"https:\/\/www.justiceinfo.net\/fr\/164486-comment-les-juges-sud-africains-ont-envoye-shell-au-diable-avec-panache.html\" class=\"articleLinkTitle articleLinkTitle--default\">\r\n\t\t\tComment les juges sud-africains ont envoy\u00e9 Shell au diable, avec panache\r\n\t\t<\/a>\r\n\t\t\t<div class=\"articleLinkAuthors\">Par Angela van der Berg<\/div>\r\n\t\t\t<a class=\"articleLinkExcerpt\" href=\"https:\/\/www.justiceinfo.net\/fr\/164486-comment-les-juges-sud-africains-ont-envoye-shell-au-diable-avec-panache.html\">Mi-ao\u00fbt, les juges sud-africains ont rendu une le\u00e7on magistrale de justice environnementale et ont mis fin aux projets p\u00e9troliers de Shell sur la C\u00f4te Sauvage. Pour l\u2019auteure, leur jugement constitue une \u00e9tape d\u00e9cisive mettant le changement climatique \u00ab au c\u0153ur de la responsabilit\u00e9 juridique \u00bb.<\/a>\r\n\t\t\t\r\n\t\t\r\n\t\t\t\t<\/div>[\/vc_column_inner][\/vc_row_inner][vc_row_inner][vc_column_inner width=\"1\/3\"]<div class=\"articleLink articleLink--default articleLink--withImage articleLink--textTop\" style=\"\">\r\n\t\t\t\t\t\r\n\t\t\t<a href=\"https:\/\/www.justiceinfo.net\/fr\/164317-reparations-pour-les-ukrainiens-un-processus-lent-mais-en-cours.html\" class=\"articleLinkImageContainer \"><img loading=\"lazy\" decoding=\"async\" width=\"540\" height=\"360\" src=\"https:\/\/www.justiceinfo.net\/wp-content\/uploads\/Ukraine_building-destruction-victims_@Yuriy-Dyachyshyn-AFP-540x360.jpg\" class=\"articleLinkImage backgroundImageTag w-100 wp-post-image\" alt=\"Dommages li\u00e9s \u00e0 la guerre en Ukraine : quelles r\u00e9parations pour les victimes ? Photo : deux personnes enlac\u00e9es regardent en l&#039;air, au pied d&#039;un immeuble d&#039;habitation d\u00e9truit par un missile russe.\" srcset=\"https:\/\/www.justiceinfo.net\/wp-content\/uploads\/Ukraine_building-destruction-victims_@Yuriy-Dyachyshyn-AFP-540x360.jpg 540w, https:\/\/www.justiceinfo.net\/wp-content\/uploads\/Ukraine_building-destruction-victims_@Yuriy-Dyachyshyn-AFP-1000x667.jpg 1000w, https:\/\/www.justiceinfo.net\/wp-content\/uploads\/Ukraine_building-destruction-victims_@Yuriy-Dyachyshyn-AFP-1110x740.jpg 1110w, https:\/\/www.justiceinfo.net\/wp-content\/uploads\/Ukraine_building-destruction-victims_@Yuriy-Dyachyshyn-AFP.jpg 1200w\" sizes=\"auto, (max-width: 540px) 100vw, 540px\" \/><\/a>\r\n\t\t\t<ul class=\"postTags\"><li class=\"postTagItem\"><a href=\"https:\/\/www.justiceinfo.net\/fr\/regions\/ukraine\" class=\"postTagItem-link postTag--location\">Ukraine<\/a><\/li><\/ul>\r\n\t\t\t<a href=\"https:\/\/www.justiceinfo.net\/fr\/164317-reparations-pour-les-ukrainiens-un-processus-lent-mais-en-cours.html\" class=\"articleLinkTitle articleLinkTitle--default\">\r\n\t\t\tR\u00e9parations pour les Ukrainiens : un processus lent mais en cours\r\n\t\t<\/a>\r\n\t\t\t<div class=\"articleLinkAuthors\">Par Natalia Naiduk<\/div>\r\n\t\t\t<a class=\"articleLinkExcerpt\" href=\"https:\/\/www.justiceinfo.net\/fr\/164317-reparations-pour-les-ukrainiens-un-processus-lent-mais-en-cours.html\">Apr\u00e8s plus de quatre ans de guerre, les Ukrainiens touch\u00e9s par la guerre n\u2019ont toujours pas re\u00e7u d\u2019indemnisation. Cependant, un m\u00e9canisme de r\u00e9paration se met lentement en place gr\u00e2ce au Registre des dommages, tandis que certaines victimes intentent des actions civiles.<\/a>\r\n\t\t\t\r\n\t\t\r\n\t\t\t\t<\/div>[\/vc_column_inner][vc_column_inner width=\"1\/3\"]<div class=\"articleLink articleLink--default articleLink--withImage articleLink--textTop\" style=\"\">\r\n\t\t\t\t\t\r\n\t\t\t<a href=\"https:\/\/www.justiceinfo.net\/fr\/163773-cps-le-proces-guen-reprend-avec-les-plaidoiries-finales.html\" class=\"articleLinkImageContainer \"><img loading=\"lazy\" decoding=\"async\" width=\"540\" height=\"360\" src=\"https:\/\/www.justiceinfo.net\/wp-content\/uploads\/Centrafrique_proces-Guen-1_@Cour-Penale-Speciale-540x360.jpg\" class=\"articleLinkImage backgroundImageTag w-100 wp-post-image\" alt=\"4 accus\u00e9s sont jug\u00e9s pour crimes de guerre et crimes contre l\u2019humanit\u00e9 en R\u00e9publique Centrafricaine. Ils comparaissent devant la Cour p\u00e9nale sp\u00e9ciale (CPS) de Centrafrique.\" srcset=\"\" sizes=\"auto, (max-width: 540px) 100vw, 540px\" \/><\/a>\r\n\t\t\t<ul class=\"postTags\"><li class=\"postTagItem\"><a href=\"https:\/\/www.justiceinfo.net\/fr\/regions\/republique-centrafricaine\" class=\"postTagItem-link postTag--location\">R\u00e9publique Centrafricaine<\/a><\/li><\/ul>\r\n\t\t\t<a href=\"https:\/\/www.justiceinfo.net\/fr\/163773-cps-le-proces-guen-reprend-avec-les-plaidoiries-finales.html\" class=\"articleLinkTitle articleLinkTitle--default\">\r\n\t\t\tCPS\u00a0: le proc\u00e8s Guen reprend, avec les plaidoiries finales\r\n\t\t<\/a>\r\n\t\t\t<div class=\"articleLinkAuthors\">Par Andy Avila Bissayo<\/div>\r\n\t\t\t<a class=\"articleLinkExcerpt\" href=\"https:\/\/www.justiceinfo.net\/fr\/163773-cps-le-proces-guen-reprend-avec-les-plaidoiries-finales.html\">Le quatri\u00e8me proc\u00e8s de la Cour p\u00e9nale sp\u00e9ciale entame les plaidoiries finales, ce lundi 31 ao\u00fbt. Avant la cl\u00f4ture des d\u00e9bats, le 11 juin, Edmond Beina et Dieudonn\u00e9 Gomitoua se sont renvoy\u00e9 la balle concernant le massacre d\u2019une quarantaine de musulmans.<\/a>\r\n\t\t\t\r\n\t\t\r\n\t\t\t\t<\/div>[\/vc_column_inner][vc_column_inner width=\"1\/3\"]<div class=\"articleLink articleLink--default articleLink--withImage articleLink--textTop\" style=\"\">\r\n\t\t\t\t\t\r\n\t\t\t<a href=\"https:\/\/www.justiceinfo.net\/fr\/164149-quand-les-migrants-deviennent-des-armes-que-peut-le-droit-international.html\" class=\"articleLinkImageContainer \"><img loading=\"lazy\" decoding=\"async\" width=\"540\" height=\"360\" src=\"https:\/\/www.justiceinfo.net\/wp-content\/uploads\/Lithuania-Poland-Belarus_border_@Petras-Malukas-AFP-540x360.jpg\" class=\"articleLinkImage backgroundImageTag w-100 wp-post-image\" alt=\"\" srcset=\"\" sizes=\"auto, (max-width: 540px) 100vw, 540px\" \/><\/a>\r\n\t\t\t<ul class=\"postTags\"><li class=\"postTagItem\"><a href=\"https:\/\/www.justiceinfo.net\/fr\/regions\/bielorussie\" class=\"postTagItem-link postTag--location\">Bi\u00e9lorussie<\/a><\/li><li class=\"postTagItem\"><a href=\"https:\/\/www.justiceinfo.net\/fr\/les-debats-justiceinfo\/opinions\" class=\"postTagItem-link postTag--type\">Opinion<\/a><\/li><\/ul>\r\n\t\t\t<a href=\"https:\/\/www.justiceinfo.net\/fr\/164149-quand-les-migrants-deviennent-des-armes-que-peut-le-droit-international.html\" class=\"articleLinkTitle articleLinkTitle--default\">\r\n\t\t\tQuand les migrants deviennent des armes, que peut le droit international ?\r\n\t\t<\/a>\r\n\t\t\t<div class=\"articleLinkAuthors\">Par Aleh Baradzin<\/div>\r\n\t\t\t<a class=\"articleLinkExcerpt\" href=\"https:\/\/www.justiceinfo.net\/fr\/164149-quand-les-migrants-deviennent-des-armes-que-peut-le-droit-international.html\">Selon la Lituanie, le r\u00e9gime de Loukachenko facilite un trafic de migrants depuis la Bi\u00e9lorussie. La Cour internationale de justice ne s\u2019est pas encore prononc\u00e9e sur ces all\u00e9gations, mais cette affaire met en lumi\u00e8re plusieurs autres points de tension aux fronti\u00e8res de l\u2019Europe, explique l\u2019auteur.<\/a>\r\n\t\t\t\r\n\t\t\r\n\t\t\t\t<\/div>[\/vc_column_inner][\/vc_row_inner][vc_row_inner][vc_column_inner][vc_empty_space height=\"30px\"][\/vc_column_inner][\/vc_row_inner][vc_row_inner][vc_column_inner width=\"2\/3\"]<div class=\"articleLink articleLink--inline articleLink--withImage articleLink--textTop\" style=\"\">\r\n\t\t\t\t\t\r\n\t\t\t<a class=\"articleLinkImageLink\" href=\"https:\/\/www.justiceinfo.net\/fr\/justice-guerre-ukraine\"><div class=\"articleLinkImageContainer \"><img decoding=\"async\" alt=\"Guerre en Ukraine\" loading=\"lazy\" class=\"articleLinkImage lazyload backgroundImageTag\" src=\"https:\/\/www.justiceinfo.net\/wp-content\/uploads\/Ukraine_lawfare_1200x800px_@JusticeInfo-1-540x360.jpg\" data-src=\"https:\/\/www.justiceinfo.net\/wp-content\/uploads\/Ukraine_lawfare_1200x800px_@JusticeInfo-1-540x360.jpg\" \/><\/div><\/a>\r\n\t\t\t<div class=\"articleLinkContent\">\r\n\t\t\t\t<a href=\"https:\/\/www.justiceinfo.net\/fr\/justice-guerre-ukraine\" class=\"articleLinkTitle articleLinkTitle--default\">\r\n\t\t\tGuerre en Ukraine\r\n\t\t<\/a>\r\n\t\t\t\t<div class=\"articleLinkSubTitle\">Comment la justice se mobilise<\/div>\r\n\t\t\t\t<a class=\"articleLinkExcerpt\" href=\"https:\/\/www.justiceinfo.net\/fr\/justice-guerre-ukraine\">Tous nos articles<\/a>\r\n\t\t\t<\/div>\r\n\t\t\r\n\t\t\t\t<\/div><div class=\"articleLink articleLink--inline articleLink--withImage articleLink--textTop\" style=\"\">\r\n\t\t\t\t\t\r\n\t\t\t<a class=\"articleLinkImageLink\" href=\"https:\/\/www.justiceinfo.net\/fr\/141623-poutine-netanyahu-et-autres-dix-chefs-etat-recherches-justice.html\"><div class=\"articleLinkImageContainer \"><img decoding=\"async\" alt=\"Dix chefs d\u2019\u00c9tat recherch\u00e9s pour crimes internationaux\" loading=\"lazy\" class=\"articleLinkImage lazyload backgroundImageTag\" src=\"https:\/\/www.justiceinfo.net\/wp-content\/uploads\/Wanted_chefs-etat-recherches_fr_@Justice-Info-540x360.jpg\" data-src=\"https:\/\/www.justiceinfo.net\/wp-content\/uploads\/Wanted_chefs-etat-recherches_fr_@Justice-Info-540x360.jpg\" \/><\/div><\/a>\r\n\t\t\t<div class=\"articleLinkContent\">\r\n\t\t\t\t<a href=\"https:\/\/www.justiceinfo.net\/fr\/141623-poutine-netanyahu-et-autres-dix-chefs-etat-recherches-justice.html\" class=\"articleLinkTitle articleLinkTitle--default\">\r\n\t\t\tDix chefs d\u2019\u00c9tat recherch\u00e9s pour crimes internationaux\r\n\t\t<\/a>\r\n\t\t\t\t<div class=\"articleLinkSubTitle\">Poutine, Netanyahu et les autres<\/div>\r\n\t\t\t\t<a class=\"articleLinkExcerpt\" href=\"https:\/\/www.justiceinfo.net\/fr\/141623-poutine-netanyahu-et-autres-dix-chefs-etat-recherches-justice.html\">Notre carte du Monde<\/a>\r\n\t\t\t<\/div>\r\n\t\t\r\n\t\t\t\t<\/div><div class=\"articleLink articleLink--inline articleLink--withImage articleLink--textTop\" style=\"\">\r\n\t\t\t\t\t\r\n\t\t\t<a class=\"articleLinkImageLink\" href=\"https:\/\/www.justiceinfo.net\/fr\/justice-transitionnelle\"><div class=\"articleLinkImageContainer \"><img decoding=\"async\" alt=\"Justice Transitionnelle\" loading=\"lazy\" class=\"articleLinkImage lazyload backgroundImageTag\" src=\"https:\/\/www.justiceinfo.net\/wp-content\/uploads\/South-Africa_nelson-mandela-desmond-tutu-truth-reconciliation-540x360.jpg\" data-src=\"https:\/\/www.justiceinfo.net\/wp-content\/uploads\/South-Africa_nelson-mandela-desmond-tutu-truth-reconciliation-540x360.jpg\" \/><\/div><\/a>\r\n\t\t\t<div class=\"articleLinkContent\">\r\n\t\t\t\t<a href=\"https:\/\/www.justiceinfo.net\/fr\/justice-transitionnelle\" class=\"articleLinkTitle articleLinkTitle--default\">\r\n\t\t\tJustice Transitionnelle\r\n\t\t<\/a>\r\n\t\t\t\t<div class=\"articleLinkSubTitle\">Comprendre son fonctionnement et analyser son impact<\/div>\r\n\t\t\t\t<a class=\"articleLinkExcerpt\" href=\"https:\/\/www.justiceinfo.net\/fr\/justice-transitionnelle\">Nos explications<\/a>\r\n\t\t\t<\/div>\r\n\t\t\r\n\t\t\t\t<\/div>[\/vc_column_inner][vc_column_inner width=\"1\/3\"]<div class=\"articleLink articleLink--title articleLink--textTop\" style=\"\">\r\n\t\t\t\t\t<ul class=\"postTags\"><li class=\"postTagItem\"><a href=\"https:\/\/www.justiceinfo.net\/fr\/les-debats-justiceinfo\/grands-entretiens\" class=\"postTagItem-link postTag--type\">Grand entretien<\/a><\/li><\/ul><a href=\"https:\/\/www.justiceinfo.net\/fr\/161950-20-ans-de-la-cour-africaine-le-soutien-des-etats-se-fait-attendre.html\" class=\"articleLinkTitle articleLinkTitle--default\">\r\n\t\t\t20 ans de la Cour africaine\u00a0: \u00ab\u00a0Le soutien des \u00c9tats se fait attendre \u00bb\r\n\t\t<\/a>\r\n\t\t\t\t<\/div><div class=\"articleLink articleLink--title articleLink--textTop\" style=\"\">\r\n\t\t\t\t\t<ul class=\"postTags\"><li class=\"postTagItem\"><a href=\"https:\/\/www.justiceinfo.net\/fr\/les-debats-justiceinfo\/opinions\" class=\"postTagItem-link postTag--type\">Opinion<\/a><\/li><\/ul><a href=\"https:\/\/www.justiceinfo.net\/fr\/162146-quest-ce-qui-cloche-avec-les-procureurs-de-la-cpi.html\" class=\"articleLinkTitle articleLinkTitle--default\">\r\n\t\t\tQu'est-ce qui cloche avec les procureurs de la CPI ?\r\n\t\t<\/a>\r\n\t\t\t\t<\/div><div class=\"articleLink articleLink--title articleLink--textTop\" style=\"\">\r\n\t\t\t\t\t<ul class=\"postTags\"><li class=\"postTagItem\"><a href=\"https:\/\/www.justiceinfo.net\/fr\/infographies\" class=\"postTagItem-link postTag--type\">Infographie<\/a><\/li><\/ul><a href=\"https:\/\/www.justiceinfo.net\/fr\/153339-justice-pour-la-syrie-qui-fait-quoi.html\" class=\"articleLinkTitle articleLinkTitle--default\">\r\n\t\t\tJustice pour la Syrie : qui fait quoi ?\r\n\t\t<\/a>\r\n\t\t\t\t<\/div><div class=\"articleLink articleLink--title articleLink--textTop\" style=\"\">\r\n\t\t\t\t\t<ul class=\"postTags\"><li class=\"postTagItem\"><a href=\"https:\/\/www.justiceinfo.net\/fr\/reportages\" class=\"postTagItem-link postTag--type\">Reportage<\/a><\/li><\/ul><a href=\"https:\/\/www.justiceinfo.net\/fr\/163849-kasai-le-fonarev-sous-le-feu-des-critiques.html\" class=\"articleLinkTitle articleLinkTitle--default\">\r\n\t\t\tKasa\u00ef\u00a0: le Fonarev sous le feu des critiques\r\n\t\t<\/a>\r\n\t\t\t\t<\/div>[\/vc_column_inner][\/vc_row_inner][vc_row_inner][vc_column_inner][vc_empty_space height=\"30px\"][\/vc_column_inner][\/vc_row_inner][\/vc_column][\/vc_row][vc_row el_class=\"container-fluid\"][vc_column]<div id=\"newsletterBanner\" class=\"\">\r\n\t\t\t<div class=\"newsletterBannerTitle\">Newsletter<\/div>\r\n\t\t\t<div class=\"newsletterBannerText\">Toutes les publications de Justice Info, chaque semaine dans votre bo\u00eete e-mail<\/div>\r\n\t\t\t<a href=\"\/fr\/newsletter\" class=\"newsletterBannerButton\">Je m'inscris gratuitement<\/a>\r\n\t\t<\/div>[\/vc_column][\/vc_row][vc_row el_class=\"container-fluid container-xl p-0 mt-5\"][vc_column]<div class=\"seriesOfArticles\">\r\n\t\t\t<div class=\"seriesOfArticles-top\">\r\n\t\t\t\t<div class=\"seriesOfArticles-titleContainer\">\r\n\t\t\t\t\t<a href=\"https:\/\/www.justiceinfo.net\/fr\/163954-le-scandale-des-fonds-pour-les-victimes-en-rdc.html\" class=\"seriesOfArticles-title\">Le scandale des fonds pour les victimes en RDC<\/a>\r\n\t\t\t\t\t<span class=\"seriesOfArticles-tag\">Dossier sp\u00e9cial<\/span>\r\n\t\t\t\t\t<span class=\"seriesOfArticles-publicationNumber\">10 publications<\/span>\r\n\t\t\t\t<\/div>\r\n\t\t\t\t<a href=\"https:\/\/www.justiceinfo.net\/fr\/163954-le-scandale-des-fonds-pour-les-victimes-en-rdc.html\" class=\"seriesOfArticles-linkPlus plus-picto\">+<\/a>\r\n\t\t\t<\/div>\r\n\t\t\t<div class=\"seriesOfArticles-content\" style=\"background-color:#f8f9fa\">\r\n\t\t\t\t<a href=\"https:\/\/www.justiceinfo.net\/fr\/163954-le-scandale-des-fonds-pour-les-victimes-en-rdc.html\" class=\"seriesOfArticles-imageContainer backgroundImageTagContainer\"><img decoding=\"async\" src=\"https:\/\/www.justiceinfo.net\/wp-content\/uploads\/RDCongo_scandale-fonds-victimes_dossier-special_@Edizon-Musavuli-Justice-Info-540x360.jpg\" class=\"seriesOfArticles-image backgroundImageTag\" alt=\"\" \/><\/a>\r\n\t\t\t\t<div class=\"seriesOfArticles-items\">\r\n\t\t\t\t\t<div class=\"seriesOfArticles-item\"><div class=\"seriesOfArticles-itemImageContainer backgroundImageTagContainer\">\r\n\t\t\t\t\t\t<img decoding=\"async\" alt=\"\" loading=\"lazy\" class=\"seriesOfArticles-itemImage lazyload backgroundImageTag\" src=\"https:\/\/www.justiceinfo.net\/wp-content\/uploads\/RDCongo_Kinshasa-rue-Genocost_@Caleb-Kazadi-540x360.jpg\" data-src=\"https:\/\/www.justiceinfo.net\/wp-content\/uploads\/RDCongo_Kinshasa-rue-Genocost_@Caleb-Kazadi-540x360.jpg\" \/>\r\n\t\t\t\t\t<\/div>\r\n\t\t\t\t<div class=\"seriesOfArticles-itemContent\">\r\n\t\t\t\t\t<a class=\"seriesOfArticles-itemTitle\" href=\"https:\/\/www.justiceinfo.net\/fr\/163849-kasai-le-fonarev-sous-le-feu-des-critiques.html\">Kasa\u00ef\u00a0: le Fonarev sous le feu des critiques<\/a>\r\n\t\t\t\t\t<a class=\"seriesOfArticles-itemText\" href=\"https:\/\/www.justiceinfo.net\/fr\/163849-kasai-le-fonarev-sous-le-feu-des-critiques.html\">Le conflit arm\u00e9 Kamuina Nsapu, en R\u00e9publique d\u00e9mocratique du Congo, a eu lieu il y a dix ans. Mais au Kasa\u00ef, le Fonarev, \u00e9tablissement public charg\u00e9 des r\u00e9parations aux victimes, est de plus en plus d\u00e9cri\u00e9.<\/a>\r\n\t\t\t\t<\/div><\/div><div class=\"seriesOfArticles-item\"><a class=\"seriesOfArticles-itemTitle\" href=\"https:\/\/www.justiceinfo.net\/fr\/162505-frivao-indemnisation-collective-service-des-detournements.html\">Frivao\u00a0: l\u2019indemnisation collective au service des d\u00e9tournements\u00a0?<\/a><\/div><div class=\"seriesOfArticles-item\"><a class=\"seriesOfArticles-itemTitle\" href=\"https:\/\/www.justiceinfo.net\/fr\/162472-cacophonie-et-corruption-piste-fonds-frivao-kisangani.html\">Cacophonie et corruption\u00a0: sur la piste du Fonds Frivao \u00e0 Kisangani<\/a><\/div>\r\n\t\t\t\t<\/div>\r\n\t\t\t<\/div>\r\n\t\t<\/div><div class=\"articleList-titleContainer\"><div class=\"articleListTitle\">Tous nos dossiers sp\u00e9ciaux<\/div><a href=\"\/fr\/dossiers-speciaux\" class=\"seriesOfArticles-linkPlus plus-picto\">+<\/a><\/div><div class=\"articleList articleList--carousel js-articleList-carousel\" data-slidestoshow=\"5\" id=\"articlelisthorizontal6a9b7f723fba9\"><div class=\"col-sm-6 col-md-12\"><div class=\"articleLink articleLink--condensed articleLink--textInImage articleLink--textTop\" style=\"\">\r\n\t\t\t\t\t\r\n\t\t\t<a href=\"https:\/\/www.justiceinfo.net\/fr\/156590-la-vie-sous-sanctions.html\" class=\"articleLinkImageContainer backgroundImageTagContainer\"><img loading=\"lazy\" decoding=\"async\" width=\"540\" height=\"360\" src=\"https:\/\/www.justiceinfo.net\/wp-content\/uploads\/ICC-sanctions_special-focus-dossier-special_@Matthieu-Ossona-de-Mendez-Justice-Info-540x360.jpg\" class=\"articleLinkImage backgroundImageTag w-100 wp-post-image\" alt=\"Dossier sp\u00e9cial &quot;La vie sous sanctions&quot; (am\u00e9ricaines) des salari\u00e9s de la Cour p\u00e9nale internationale et des Ong travaillant avec la CPI. Illustration : dessin multicolore montrant un juge nageant sous l&#039;eau en entour\u00e9 de m\u00e9duses. Des papiers affichant le logo de la CPI sont \u00e9galement immerg\u00e9s.\" srcset=\"\" sizes=\"auto, (max-width: 540px) 100vw, 540px\" \/><\/a>\r\n\t\t\t<a href=\"https:\/\/www.justiceinfo.net\/fr\/156590-la-vie-sous-sanctions.html\" class=\"articleLinkTitle articleLinkTitle--default\">\r\n\t\t\tLa vie sous sanctions\r\n\t\t<\/a>\r\n\t\t\t<div class=\"articleLinkPublicationNumber\">6 publications<\/div>\r\n\t\t\r\n\t\t\t\t<\/div><\/div><div class=\"col-sm-6 col-md-12\"><div class=\"articleLink articleLink--condensed articleLink--textInImage articleLink--textTop\" style=\"\">\r\n\t\t\t\t\t\r\n\t\t\t<a href=\"https:\/\/www.justiceinfo.net\/fr\/151447-guerre-et-affaires-lafarge-banc-des-accuses.html\" class=\"articleLinkImageContainer backgroundImageTagContainer\"><img loading=\"lazy\" decoding=\"async\" width=\"540\" height=\"360\" src=\"https:\/\/www.justiceinfo.net\/wp-content\/uploads\/Syrie-France_proces-Lafarge_dossier-special_@Al-Mata-Justice-Info-540x360.jpg\" class=\"articleLinkImage backgroundImageTag w-100 wp-post-image\" alt=\"Illustration montrant un camion-b\u00e9tonni\u00e8re (avec le logo Lafarge imprim\u00e9 dessus) arr\u00eat\u00e9 \u00e0 un &quot;checkpoint&quot; tenu par plusieurs personnages habill\u00e9s en noir, arm\u00e9s et cagoul\u00e9s. Un long bras sort du camion tenant une valise remplie de billets \u00e0 l&#039;effigie de Bachar el-Assad. Sur le c\u00f4t\u00e9 un drapeau de Daech.\" srcset=\"https:\/\/www.justiceinfo.net\/wp-content\/uploads\/Syrie-France_proces-Lafarge_dossier-special_@Al-Mata-Justice-Info-540x360.jpg 540w, https:\/\/www.justiceinfo.net\/wp-content\/uploads\/Syrie-France_proces-Lafarge_dossier-special_@Al-Mata-Justice-Info-1000x667.jpg 1000w, https:\/\/www.justiceinfo.net\/wp-content\/uploads\/Syrie-France_proces-Lafarge_dossier-special_@Al-Mata-Justice-Info-1110x740.jpg 1110w, https:\/\/www.justiceinfo.net\/wp-content\/uploads\/Syrie-France_proces-Lafarge_dossier-special_@Al-Mata-Justice-Info.jpg 1500w\" sizes=\"auto, (max-width: 540px) 100vw, 540px\" \/><\/a>\r\n\t\t\t<a href=\"https:\/\/www.justiceinfo.net\/fr\/151447-guerre-et-affaires-lafarge-banc-des-accuses.html\" class=\"articleLinkTitle articleLinkTitle--default\">\r\n\t\t\tGuerre et affaires : Lafarge sur le banc des accus\u00e9s\r\n\t\t<\/a>\r\n\t\t\t<div class=\"articleLinkPublicationNumber\">15 publications<\/div>\r\n\t\t\r\n\t\t\t\t<\/div><\/div><div class=\"col-sm-6 col-md-12\"><div class=\"articleLink articleLink--condensed articleLink--textInImage articleLink--textTop\" style=\"\">\r\n\t\t\t\t\t\r\n\t\t\t<a href=\"https:\/\/www.justiceinfo.net\/fr\/145159-guerre-et-petrole-lundin-sur-le-banc-des-accuses.html\" class=\"articleLinkImageContainer backgroundImageTagContainer\"><img loading=\"lazy\" decoding=\"async\" width=\"540\" height=\"360\" src=\"https:\/\/www.justiceinfo.net\/wp-content\/uploads\/Sudan-Sweden_Lundin-trial-special-focus_@Gaspard-Njock-540x360.jpg\" class=\"articleLinkImage backgroundImageTag w-100 wp-post-image\" alt=\"Au proc\u00e8s Lundin qui a lieu en Su\u00e8de, deux anciens dirigeants de cette compagnie p\u00e9troli\u00e8re sont jug\u00e9s pour des all\u00e9gations de complicit\u00e9 dans des crimes de guerre commis au Soudan. Illustration : Ian Lundin et Alex Schneiter sont noy\u00e9s dans une marre de p\u00e9trole. En arri\u00e8re-plan, des conflits font rage.\" srcset=\"https:\/\/www.justiceinfo.net\/wp-content\/uploads\/Sudan-Sweden_Lundin-trial-special-focus_@Gaspard-Njock-540x360.jpg 540w, https:\/\/www.justiceinfo.net\/wp-content\/uploads\/Sudan-Sweden_Lundin-trial-special-focus_@Gaspard-Njock-1000x667.jpg 1000w, https:\/\/www.justiceinfo.net\/wp-content\/uploads\/Sudan-Sweden_Lundin-trial-special-focus_@Gaspard-Njock-1110x740.jpg 1110w, https:\/\/www.justiceinfo.net\/wp-content\/uploads\/Sudan-Sweden_Lundin-trial-special-focus_@Gaspard-Njock.jpg 1500w\" sizes=\"auto, (max-width: 540px) 100vw, 540px\" \/><\/a>\r\n\t\t\t<a href=\"https:\/\/www.justiceinfo.net\/fr\/145159-guerre-et-petrole-lundin-sur-le-banc-des-accuses.html\" class=\"articleLinkTitle articleLinkTitle--default\">\r\n\t\t\tGuerre et p\u00e9trole : Lundin sur le banc des accus\u00e9s\r\n\t\t<\/a>\r\n\t\t\t<div class=\"articleLinkPublicationNumber\">23 publications<\/div>\r\n\t\t\r\n\t\t\t\t<\/div><\/div><div class=\"col-sm-6 col-md-12\"><div class=\"articleLink articleLink--condensed articleLink--textInImage articleLink--textTop\" style=\"\">\r\n\t\t\t\t\t\r\n\t\t\t<a href=\"https:\/\/www.justiceinfo.net\/fr\/135972-combat-contre-crimes-de-genre.html\" class=\"articleLinkImageContainer backgroundImageTagContainer\"><img loading=\"lazy\" decoding=\"async\" width=\"540\" height=\"360\" src=\"https:\/\/www.justiceinfo.net\/wp-content\/uploads\/gender-crimes-genre_gay-lgbtq-flag_@Maran-Hrachyan-540x360.jpg\" class=\"articleLinkImage backgroundImageTag w-100 wp-post-image\" alt=\"Le combat contre les crimes de genre - Illustration : une sc\u00e8ne de crime (banni\u00e8re de police et pi\u00e8ces \u00e0 conviction num\u00e9rot\u00e9es) o\u00f9 la silhouette d&#039;un personnage marqu\u00e9e au sol est remplie par les couleurs du drapeau arc-en-ciel de la communaut\u00e9 LGBTQ+.\" srcset=\"https:\/\/www.justiceinfo.net\/wp-content\/uploads\/gender-crimes-genre_gay-lgbtq-flag_@Maran-Hrachyan-540x360.jpg 540w, https:\/\/www.justiceinfo.net\/wp-content\/uploads\/gender-crimes-genre_gay-lgbtq-flag_@Maran-Hrachyan-1000x667.jpg 1000w, https:\/\/www.justiceinfo.net\/wp-content\/uploads\/gender-crimes-genre_gay-lgbtq-flag_@Maran-Hrachyan-1110x740.jpg 1110w, https:\/\/www.justiceinfo.net\/wp-content\/uploads\/gender-crimes-genre_gay-lgbtq-flag_@Maran-Hrachyan.jpg 1500w\" sizes=\"auto, (max-width: 540px) 100vw, 540px\" \/><\/a>\r\n\t\t\t<a href=\"https:\/\/www.justiceinfo.net\/fr\/135972-combat-contre-crimes-de-genre.html\" class=\"articleLinkTitle articleLinkTitle--default\">\r\n\t\t\tLe combat contre les crimes de genre\r\n\t\t<\/a>\r\n\t\t\t<div class=\"articleLinkPublicationNumber\">7 publications<\/div>\r\n\t\t\r\n\t\t\t\t<\/div><\/div><div class=\"col-sm-6 col-md-12\"><div class=\"articleLink articleLink--condensed articleLink--textInImage articleLink--textTop\" style=\"\">\r\n\t\t\t\t\t\r\n\t\t\t<a href=\"https:\/\/www.justiceinfo.net\/fr\/121411-les-disparus-qui-ne-soublient-pas.html\" class=\"articleLinkImageContainer backgroundImageTagContainer\"><img loading=\"lazy\" decoding=\"async\" width=\"540\" height=\"360\" src=\"https:\/\/www.justiceinfo.net\/wp-content\/uploads\/enforced-disappearances_special-focus_@Marina-Margarina-Justice-Info-540x360.jpg\" class=\"articleLinkImage backgroundImageTag w-100 wp-post-image\" alt=\"Quelle justice pour les disparitions forc\u00e9es dans le Monde ? \u00a9 Marina Margarina \/ Justice Info\" srcset=\"\" sizes=\"auto, (max-width: 540px) 100vw, 540px\" \/><\/a>\r\n\t\t\t<a href=\"https:\/\/www.justiceinfo.net\/fr\/121411-les-disparus-qui-ne-soublient-pas.html\" class=\"articleLinkTitle articleLinkTitle--default\">\r\n\t\t\tLes disparus qui ne s\u2019oublient pas\r\n\t\t<\/a>\r\n\t\t\t<div class=\"articleLinkPublicationNumber\">23 publications<\/div>\r\n\t\t\r\n\t\t\t\t<\/div><\/div><div class=\"col-sm-6 col-md-12\"><div class=\"articleLink articleLink--condensed articleLink--textInImage articleLink--textTop\" style=\"\">\r\n\t\t\t\t\t\r\n\t\t\t<a href=\"https:\/\/www.justiceinfo.net\/fr\/109504-felicien-kabuga-le-jugement-dernier.html\" class=\"articleLinkImageContainer backgroundImageTagContainer\"><img loading=\"lazy\" decoding=\"async\" width=\"540\" height=\"360\" src=\"https:\/\/www.justiceinfo.net\/wp-content\/uploads\/Rwanda_Felicien-Kabuga_dossier-special_@JusticeInfo-540x360.jpg\" class=\"articleLinkImage backgroundImageTag w-100 wp-post-image\" alt=\"F\u00e9licien Kabuga, dans un fauteuil roulant, semble fuir un \u00e9norme poste de radio rouge sang, de marque RTLM, cal\u00e9 sur la station 1994. Ce poste est enfonc\u00e9 dans le sol et cr\u00e9e une fissure qui s&#039;\u00e9tend jusqu&#039;\u00e0 Kabuga. Des cr\u00e2nes remplissent un trou au plus profond de cette fissure et des billets de banque volent un peu partout.\" srcset=\"https:\/\/www.justiceinfo.net\/wp-content\/uploads\/Rwanda_Felicien-Kabuga_dossier-special_@JusticeInfo-540x360.jpg 540w, https:\/\/www.justiceinfo.net\/wp-content\/uploads\/Rwanda_Felicien-Kabuga_dossier-special_@JusticeInfo-730x487.jpg 730w, https:\/\/www.justiceinfo.net\/wp-content\/uploads\/Rwanda_Felicien-Kabuga_dossier-special_@JusticeInfo-1110x740.jpg 1110w, https:\/\/www.justiceinfo.net\/wp-content\/uploads\/Rwanda_Felicien-Kabuga_dossier-special_@JusticeInfo.jpg 1500w\" sizes=\"auto, (max-width: 540px) 100vw, 540px\" \/><\/a>\r\n\t\t\t<a href=\"https:\/\/www.justiceinfo.net\/fr\/109504-felicien-kabuga-le-jugement-dernier.html\" class=\"articleLinkTitle articleLinkTitle--default\">\r\n\t\t\tF\u00e9licien Kabuga, le jugement dernier\r\n\t\t<\/a>\r\n\t\t\t<div class=\"articleLinkPublicationNumber\">15 publications<\/div>\r\n\t\t\r\n\t\t\t\t<\/div><\/div><div class=\"col-sm-6 col-md-12\"><div class=\"articleLink articleLink--condensed articleLink--textInImage articleLink--textTop\" style=\"\">\r\n\t\t\t\t\t\r\n\t\t\t<a href=\"https:\/\/www.justiceinfo.net\/fr\/102084-entreprises-face-maree-montante-justice.html\" class=\"articleLinkImageContainer backgroundImageTagContainer\"><img loading=\"lazy\" decoding=\"async\" width=\"540\" height=\"360\" src=\"https:\/\/www.justiceinfo.net\/wp-content\/uploads\/corporate-responsibility_business-ocean-justice_@Claire-Braud-JusticeInfo-540x360.jpg\" class=\"articleLinkImage backgroundImageTag w-100 wp-post-image\" alt=\"Illustration mettant en sc\u00e8ne des hommes et femmes d&#039;affaire flottant sur un oc\u00e9an d\u00e9cha\u00een\u00e9. Certains semblent confiants et d&#039;autres paniquent. Au fond, un radeau flotte transportant un magistrat en robe (mat symolisant la balance de la justice).\" srcset=\"https:\/\/www.justiceinfo.net\/wp-content\/uploads\/corporate-responsibility_business-ocean-justice_@Claire-Braud-JusticeInfo-540x360.jpg 540w, https:\/\/www.justiceinfo.net\/wp-content\/uploads\/corporate-responsibility_business-ocean-justice_@Claire-Braud-JusticeInfo-730x487.jpg 730w, https:\/\/www.justiceinfo.net\/wp-content\/uploads\/corporate-responsibility_business-ocean-justice_@Claire-Braud-JusticeInfo-1110x740.jpg 1110w, https:\/\/www.justiceinfo.net\/wp-content\/uploads\/corporate-responsibility_business-ocean-justice_@Claire-Braud-JusticeInfo.jpg 1200w\" sizes=\"auto, (max-width: 540px) 100vw, 540px\" \/><\/a>\r\n\t\t\t<a href=\"https:\/\/www.justiceinfo.net\/fr\/102084-entreprises-face-maree-montante-justice.html\" class=\"articleLinkTitle articleLinkTitle--default\">\r\n\t\t\tLes entreprises face \u00e0 la mar\u00e9e montante de la justice\r\n\t\t<\/a>\r\n\t\t\t<div class=\"articleLinkPublicationNumber\">50 publications<\/div>\r\n\t\t\r\n\t\t\t\t<\/div><\/div><div class=\"col-sm-6 col-md-12\"><div class=\"articleLink articleLink--condensed articleLink--textInImage articleLink--textTop\" style=\"\">\r\n\t\t\t\t\t\r\n\t\t\t<a href=\"https:\/\/www.justiceinfo.net\/fr\/82785-eglise-face-crimes-sexuels.html\" class=\"articleLinkImageContainer backgroundImageTagContainer\"><img loading=\"lazy\" decoding=\"async\" width=\"540\" height=\"360\" src=\"https:\/\/www.justiceinfo.net\/wp-content\/uploads\/church-eglise_justice-sexual-crimes-crimes-sexuels_@Thomas-Azuelos-Justice-Info-540x360.jpg\" class=\"articleLinkImage backgroundImageTag w-100 wp-post-image\" alt=\"Des religieux (en petit format) sont align\u00e9s pour se confesser tout \u00e0 tour \u00e0 l&#039;oreille d&#039;un membre de l&#039;Eglise (en grand format) qui se cache un oeil tandis qu&#039;il \u00e9coute d&#039;une oreille.\" srcset=\"https:\/\/www.justiceinfo.net\/wp-content\/uploads\/church-eglise_justice-sexual-crimes-crimes-sexuels_@Thomas-Azuelos-Justice-Info-540x360.jpg 540w, https:\/\/www.justiceinfo.net\/wp-content\/uploads\/church-eglise_justice-sexual-crimes-crimes-sexuels_@Thomas-Azuelos-Justice-Info-730x487.jpg 730w, https:\/\/www.justiceinfo.net\/wp-content\/uploads\/church-eglise_justice-sexual-crimes-crimes-sexuels_@Thomas-Azuelos-Justice-Info-1110x740.jpg 1110w, https:\/\/www.justiceinfo.net\/wp-content\/uploads\/church-eglise_justice-sexual-crimes-crimes-sexuels_@Thomas-Azuelos-Justice-Info.jpg 1500w\" sizes=\"auto, (max-width: 540px) 100vw, 540px\" \/><\/a>\r\n\t\t\t<a href=\"https:\/\/www.justiceinfo.net\/fr\/82785-eglise-face-crimes-sexuels.html\" class=\"articleLinkTitle articleLinkTitle--default\">\r\n\t\t\tL\u2019\u00c9glise face \u00e0 ses crimes sexuels\r\n\t\t<\/a>\r\n\t\t\t<div class=\"articleLinkPublicationNumber\">18 publications<\/div>\r\n\t\t\r\n\t\t\t\t<\/div><\/div><div class=\"col-sm-6 col-md-12\"><div class=\"articleLink articleLink--condensed articleLink--textInImage articleLink--textTop\" style=\"\">\r\n\t\t\t\t\t\r\n\t\t\t<a href=\"https:\/\/www.justiceinfo.net\/fr\/78723-humanite-heure-du-crime-colonial.html\" class=\"articleLinkImageContainer backgroundImageTagContainer\"><img loading=\"lazy\" decoding=\"async\" width=\"540\" height=\"360\" src=\"https:\/\/www.justiceinfo.net\/wp-content\/uploads\/Colonial-crimes-crimes-coloniaux_special-focus-dossier-special_@Lea-Djeziri-JusticeInfo-540x360.jpg\" class=\"articleLinkImage backgroundImageTag w-100 wp-post-image\" alt=\"Crimes coloniaux : une partie d&#039;\u00e9checs pour n\u00e9gocier les r\u00e9parations, les restitutions, la v\u00e9rit\u00e9 et le devoir de m\u00e9moire\" srcset=\"\" sizes=\"auto, (max-width: 540px) 100vw, 540px\" \/><\/a>\r\n\t\t\t<a href=\"https:\/\/www.justiceinfo.net\/fr\/78723-humanite-heure-du-crime-colonial.html\" class=\"articleLinkTitle articleLinkTitle--default\">\r\n\t\t\tL'humanit\u00e9 \u00e0 l'heure du crime colonial\r\n\t\t<\/a>\r\n\t\t\t<div class=\"articleLinkPublicationNumber\">49 publications<\/div>\r\n\t\t\r\n\t\t\t\t<\/div><\/div><div class=\"col-sm-6 col-md-12\"><div class=\"articleLink articleLink--condensed articleLink--textInImage articleLink--textTop\" style=\"\">\r\n\t\t\t\t\t\r\n\t\t\t<a href=\"https:\/\/www.justiceinfo.net\/fr\/76178-affaire-massaquoi-modele-finlandais-epreuve.html\" class=\"articleLinkImageContainer backgroundImageTagContainer\"><img loading=\"lazy\" decoding=\"async\" width=\"540\" height=\"360\" src=\"https:\/\/www.justiceinfo.net\/wp-content\/uploads\/Liberia_Gibril-Massaquoi-trial_special-focus_@Leslie-Lummeh-540x360.jpg\" class=\"articleLinkImage backgroundImageTag w-100 wp-post-image\" alt=\"Proc\u00e8s Massaquoi au Liberia\" srcset=\"\" sizes=\"auto, (max-width: 540px) 100vw, 540px\" \/><\/a>\r\n\t\t\t<a href=\"https:\/\/www.justiceinfo.net\/fr\/76178-affaire-massaquoi-modele-finlandais-epreuve.html\" class=\"articleLinkTitle articleLinkTitle--default\">\r\n\t\t\tL\u2019affaire Massaquoi : le mod\u00e8le finlandais \u00e0 l\u2019\u00e9preuve\r\n\t\t<\/a>\r\n\t\t\t<div class=\"articleLinkPublicationNumber\">20 publications<\/div>\r\n\t\t\r\n\t\t\t\t<\/div><\/div><div class=\"col-sm-6 col-md-12\"><div class=\"articleLink articleLink--condensed articleLink--textInImage articleLink--textTop\" style=\"\">\r\n\t\t\t\t\t\r\n\t\t\t<a href=\"https:\/\/www.justiceinfo.net\/fr\/68613-echec-fonds-victimes-cpi.html\" class=\"articleLinkImageContainer backgroundImageTagContainer\"><img loading=\"lazy\" decoding=\"async\" width=\"540\" height=\"360\" src=\"https:\/\/www.justiceinfo.net\/wp-content\/uploads\/ICC-CPI_Trust-Fund-Victims-TFV_@Pascal-Bruandet-540x360.jpg\" class=\"articleLinkImage backgroundImageTag w-100 wp-post-image\" alt=\"ICC&#039;s Trust Fund for Victims (TFV): a failure\" srcset=\"https:\/\/www.justiceinfo.net\/wp-content\/uploads\/ICC-CPI_Trust-Fund-Victims-TFV_@Pascal-Bruandet-540x360.jpg 540w, https:\/\/www.justiceinfo.net\/wp-content\/uploads\/ICC-CPI_Trust-Fund-Victims-TFV_@Pascal-Bruandet-730x487.jpg 730w, https:\/\/www.justiceinfo.net\/wp-content\/uploads\/ICC-CPI_Trust-Fund-Victims-TFV_@Pascal-Bruandet-1110x740.jpg 1110w, https:\/\/www.justiceinfo.net\/wp-content\/uploads\/ICC-CPI_Trust-Fund-Victims-TFV_@Pascal-Bruandet.jpg 1500w\" sizes=\"auto, (max-width: 540px) 100vw, 540px\" \/><\/a>\r\n\t\t\t<a href=\"https:\/\/www.justiceinfo.net\/fr\/68613-echec-fonds-victimes-cpi.html\" class=\"articleLinkTitle articleLinkTitle--default\">\r\n\t\t\tL\u2019\u00e9chec du Fonds pour les victimes de la CPI\r\n\t\t<\/a>\r\n\t\t\t<div class=\"articleLinkPublicationNumber\">7 publications<\/div>\r\n\t\t\r\n\t\t\t\t<\/div><\/div><div class=\"col-sm-6 col-md-12\"><div class=\"articleLink articleLink--condensed articleLink--textInImage articleLink--textTop\" style=\"\">\r\n\t\t\t\t\t\r\n\t\t\t<a href=\"https:\/\/www.justiceinfo.net\/fr\/46158-cpi-cherche-procureur-desesperement.html\" class=\"articleLinkImageContainer backgroundImageTagContainer\"><img loading=\"lazy\" decoding=\"async\" width=\"540\" height=\"360\" src=\"https:\/\/www.justiceinfo.net\/wp-content\/uploads\/34863fbaca4b56f97efb95eabcd26c39-540x360.jpg\" class=\"articleLinkImage backgroundImageTag w-100 wp-post-image\" alt=\"\" srcset=\"\" sizes=\"auto, (max-width: 540px) 100vw, 540px\" \/><\/a>\r\n\t\t\t<a href=\"https:\/\/www.justiceinfo.net\/fr\/46158-cpi-cherche-procureur-desesperement.html\" class=\"articleLinkTitle articleLinkTitle--default\">\r\n\t\t\tCPI cherche procureur d\u00e9sesp\u00e9r\u00e9ment\r\n\t\t<\/a>\r\n\t\t\t<div class=\"articleLinkPublicationNumber\">7 publications<\/div>\r\n\t\t\r\n\t\t\t\t<\/div><\/div><div class=\"col-sm-6 col-md-12\"><div class=\"articleLink articleLink--condensed articleLink--textInImage articleLink--textTop\" style=\"\">\r\n\t\t\t\t\t\r\n\t\t\t<a href=\"https:\/\/www.justiceinfo.net\/fr\/44099-justice-transitionnelle-le-fascinant-defi-colombien.html\" class=\"articleLinkImageContainer backgroundImageTagContainer\"><img loading=\"lazy\" decoding=\"async\" width=\"540\" height=\"360\" src=\"https:\/\/www.justiceinfo.net\/wp-content\/uploads\/f2574ee5ecc0e42846713c8e22f18b17-540x360.jpg\" class=\"articleLinkImage backgroundImageTag w-100 wp-post-image\" alt=\"\" srcset=\"\" sizes=\"auto, (max-width: 540px) 100vw, 540px\" \/><\/a>\r\n\t\t\t<a href=\"https:\/\/www.justiceinfo.net\/fr\/44099-justice-transitionnelle-le-fascinant-defi-colombien.html\" class=\"articleLinkTitle articleLinkTitle--default\">\r\n\t\t\tJustice transitionnelle : le grand d\u00e9fi colombien\r\n\t\t<\/a>\r\n\t\t\t<div class=\"articleLinkPublicationNumber\">80 publications<\/div>\r\n\t\t\r\n\t\t\t\t<\/div><\/div><div class=\"col-sm-6 col-md-12\"><div class=\"articleLink articleLink--condensed articleLink--textInImage articleLink--textTop\" style=\"\">\r\n\t\t\t\t\t\r\n\t\t\t<a href=\"https:\/\/www.justiceinfo.net\/fr\/41592-heure-verite-gambie.html\" class=\"articleLinkImageContainer backgroundImageTagContainer\"><img loading=\"lazy\" decoding=\"async\" width=\"540\" height=\"360\" src=\"https:\/\/www.justiceinfo.net\/wp-content\/uploads\/264d995fe7b69f61abb9f0fdba89d766-540x360.jpg\" class=\"articleLinkImage backgroundImageTag w-100 wp-post-image\" alt=\"\" srcset=\"\" sizes=\"auto, (max-width: 540px) 100vw, 540px\" \/><\/a>\r\n\t\t\t<a href=\"https:\/\/www.justiceinfo.net\/fr\/41592-heure-verite-gambie.html\" class=\"articleLinkTitle articleLinkTitle--default\">\r\n\t\t\tL\u2019heure de la v\u00e9rit\u00e9 en Gambie\r\n\t\t<\/a>\r\n\t\t\t<div class=\"articleLinkPublicationNumber\">77 publications<\/div>\r\n\t\t\r\n\t\t\t\t<\/div><\/div><div class=\"col-sm-6 col-md-12\"><div class=\"articleLink articleLink--condensed articleLink--textInImage articleLink--textTop\" style=\"\">\r\n\t\t\t\t\t\r\n\t\t\t<a href=\"https:\/\/www.justiceinfo.net\/fr\/40606-rwanda-25-ans-apres-le-genocide.html\" class=\"articleLinkImageContainer backgroundImageTagContainer\"><img loading=\"lazy\" decoding=\"async\" width=\"540\" height=\"360\" src=\"https:\/\/www.justiceinfo.net\/wp-content\/uploads\/bdca7441c235c805c703a49489b7835d-540x360.jpg\" class=\"articleLinkImage backgroundImageTag w-100 wp-post-image\" alt=\"\" srcset=\"\" sizes=\"auto, (max-width: 540px) 100vw, 540px\" \/><\/a>\r\n\t\t\t<a href=\"https:\/\/www.justiceinfo.net\/fr\/40606-rwanda-25-ans-apres-le-genocide.html\" class=\"articleLinkTitle articleLinkTitle--default\">\r\n\t\t\tRwanda, 25 ans apr\u00e8s le g\u00e9nocide\r\n\t\t<\/a>\r\n\t\t\t<div class=\"articleLinkPublicationNumber\">8 publications<\/div>\r\n\t\t\r\n\t\t\t\t<\/div><\/div><\/div><div class=\"articleLink articleLink--focusImageRight articleLink--textInImage articleLink--textTop articleLink--focusImage\" style=\"\">\r\n\t\t\t\t\t\r\n\t\t\t<a href=\"https:\/\/www.justiceinfo.net\/fr\/156545-ce-qui-a-change-cest-qui-les-etats-unis-considerent-comme-amis-ou-ennemis.html\" class=\"articleLinkImageContainer backgroundImageTagContainer\"><img loading=\"lazy\" decoding=\"async\" width=\"540\" height=\"360\" src=\"https:\/\/www.justiceinfo.net\/wp-content\/uploads\/Richard-Rogers_in-depth-interview_@Benoit-Peyrucq-Justice-Info-540x360.jpg\" class=\"articleLinkImage backgroundImageTag w-100 wp-post-image\" alt=\"Richard Rogers, avocat des droits humains, r\u00e9pond aux questions de Thierry Cruvellier (Justice Info) au sujet des sanctions inflig\u00e9es par le gouvernement am\u00e9ricain \u00e0 la Cour p\u00e9nale internationale (CPI) et \u00e0 des Ong. Illustration : portrait de Richard Rogers (aquarelle).\" srcset=\"https:\/\/www.justiceinfo.net\/wp-content\/uploads\/Richard-Rogers_in-depth-interview_@Benoit-Peyrucq-Justice-Info-540x360.jpg 540w, https:\/\/www.justiceinfo.net\/wp-content\/uploads\/Richard-Rogers_in-depth-interview_@Benoit-Peyrucq-Justice-Info-1000x667.jpg 1000w, https:\/\/www.justiceinfo.net\/wp-content\/uploads\/Richard-Rogers_in-depth-interview_@Benoit-Peyrucq-Justice-Info-1110x740.jpg 1110w, https:\/\/www.justiceinfo.net\/wp-content\/uploads\/Richard-Rogers_in-depth-interview_@Benoit-Peyrucq-Justice-Info.jpg 1200w\" sizes=\"auto, (max-width: 540px) 100vw, 540px\" \/><\/a>\r\n\t\t\t<div class=\"articleLinkContent\">\r\n\t\t\t\t<ul class=\"postTags\"><li class=\"postTagItem\"><a href=\"https:\/\/www.justiceinfo.net\/fr\/regions\/etats-unis-d-amer\" class=\"postTagItem-link postTag--location\">\u00c9tats-Unis<\/a><\/li><li class=\"postTagItem\"><a href=\"https:\/\/www.justiceinfo.net\/fr\/les-debats-justiceinfo\/grands-entretiens\" class=\"postTagItem-link postTag--type\">Grand entretien<\/a><\/li><\/ul>\r\n\t\t\t\t<a href=\"https:\/\/www.justiceinfo.net\/fr\/156545-ce-qui-a-change-cest-qui-les-etats-unis-considerent-comme-amis-ou-ennemis.html\" class=\"articleLinkTitle articleLinkTitle--default\">\r\n\t\t\t\u00ab\u00a0Ce qui a chang\u00e9, c'est qui les \u00c9tats-Unis consid\u00e8rent comme amis ou ennemis\u00a0\u00bb\r\n\t\t<\/a>\r\n\t\t\t\t<div class=\"articleLinkMetas\">\r\n\t\t\t\t\t<span class=\"articleLinkDate\">17 mars 2026<\/span>\r\n\t\t\t\t\t<span class=\"articleLinkAuthors\">par Thierry Cruvellier<\/span>\r\n\t\t\t\t<\/div>\r\n\t\t\t\t<a class=\"articleLinkExcerpt\" href=\"https:\/\/www.justiceinfo.net\/fr\/156545-ce-qui-a-change-cest-qui-les-etats-unis-considerent-comme-amis-ou-ennemis.html\">La Cour p\u00e9nale internationale est min\u00e9e par ses dysfonctionnements, ses crises et ses contradictions internes. Elle est parfois fragilis\u00e9e par ses propres \u00c9tats membres. Mais l'arme fatale qui semble menacer son existence m\u00eame est celle des sanctions prises par le gouvernement am\u00e9ricain. De quoi s'agit-il ? Quelles cons\u00e9quences ont-elles d\u00e9j\u00e0 eu sur l'institution, sur ses juges et procureurs, et sur les ONG qui ont travaill\u00e9 avec elle ? Comment un outil des militants des droits de l'homme s'est-il retourn\u00e9 contre eux ? Pour lancer ce dossier sp\u00e9cial, l'avocat britannique Richard Rogers explique l'origine et le fonctionnement du principal r\u00e9gime de sanctions dans le domaine des droits humains.<\/a>\r\n\t\t\t\t\r\n\t\t\t<\/div>\r\n\t\t\r\n\t\t\t\t<\/div><div class=\"articleLink articleLink--focusImageLeft articleLink--textInImage articleLink--textTop articleLink--focusImage\" style=\"\">\r\n\t\t\t\t\t\r\n\t\t\t<a href=\"https:\/\/www.justiceinfo.net\/fr\/153339-justice-pour-la-syrie-qui-fait-quoi.html\" class=\"articleLinkImageContainer backgroundImageTagContainer\"><img loading=\"lazy\" decoding=\"async\" width=\"540\" height=\"360\" src=\"https:\/\/www.justiceinfo.net\/wp-content\/uploads\/Justice-for-Syria_1920x1280_@AFP-Justice-Info-540x360.jpg\" class=\"articleLinkImage backgroundImageTag w-100 wp-post-image\" alt=\"Justice pour la Syrie : quelles sont les diff\u00e9rentes initiatives de justice pour la Syrie dans le monde, sur le plan national (en Syrie ou ailleurs, dans le cadre de la comp\u00e9tence universelle) ou \u00e0 l&#039;\u00e9chelle internationale (via la CIJ et les organes de l&#039;ONU). Image : carte du monde dans laquelle est incrust\u00e9e une photo de la prison de Sednaya (Syrie), vue du ciel ainsi qu&#039;un portrait de Bachar al-Assad.\" srcset=\"https:\/\/www.justiceinfo.net\/wp-content\/uploads\/Justice-for-Syria_1920x1280_@AFP-Justice-Info-540x360.jpg 540w, https:\/\/www.justiceinfo.net\/wp-content\/uploads\/Justice-for-Syria_1920x1280_@AFP-Justice-Info-1536x1024.jpg 1536w, https:\/\/www.justiceinfo.net\/wp-content\/uploads\/Justice-for-Syria_1920x1280_@AFP-Justice-Info-1000x667.jpg 1000w, https:\/\/www.justiceinfo.net\/wp-content\/uploads\/Justice-for-Syria_1920x1280_@AFP-Justice-Info-1110x740.jpg 1110w, https:\/\/www.justiceinfo.net\/wp-content\/uploads\/Justice-for-Syria_1920x1280_@AFP-Justice-Info.jpg 1920w\" sizes=\"auto, (max-width: 540px) 100vw, 540px\" \/><\/a>\r\n\t\t\t<div class=\"articleLinkContent\">\r\n\t\t\t\t<ul class=\"postTags\"><li class=\"postTagItem\"><a href=\"https:\/\/www.justiceinfo.net\/fr\/regions\/syrie\" class=\"postTagItem-link postTag--location\">Syrie<\/a><\/li><li class=\"postTagItem\"><a href=\"https:\/\/www.justiceinfo.net\/fr\/infographies\" class=\"postTagItem-link postTag--type\">Infographie<\/a><\/li><\/ul>\r\n\t\t\t\t<a href=\"https:\/\/www.justiceinfo.net\/fr\/153339-justice-pour-la-syrie-qui-fait-quoi.html\" class=\"articleLinkTitle articleLinkTitle--default\">\r\n\t\t\tJustice pour la Syrie : qui fait quoi ?\r\n\t\t<\/a>\r\n\t\t\t\t<div class=\"articleLinkMetas\">\r\n\t\t\t\t\t<span class=\"articleLinkDate\">8 d\u00e9cembre 2025<\/span>\r\n\t\t\t\t\t<span class=\"articleLinkAuthors\">par Hannah El-Hitami<\/span>\r\n\t\t\t\t<\/div>\r\n\t\t\t\t<a class=\"articleLinkExcerpt\" href=\"https:\/\/www.justiceinfo.net\/fr\/153339-justice-pour-la-syrie-qui-fait-quoi.html\">Un an apr\u00e8s la chute de Bachar al-Assad, le 7 d\u00e9cembre 2024, le paysage de la justice pour les violations graves du droit international en Syrie s\u2019est transform\u00e9. Des m\u00e9canismes de justice transitionnelle ont \u00e9t\u00e9 mis en place dans le pays. Et hors de Syrie, jamais l\u2019activit\u00e9 des dossiers de comp\u00e9tence universelle n\u2019a \u00e9t\u00e9 aussi intense.<\/a>\r\n\t\t\t\t\r\n\t\t\t<\/div>\r\n\t\t\r\n\t\t\t\t<\/div><div class=\"articleLink articleLink--focusImageRight articleLink--textInImage articleLink--textTop articleLink--focusImage\" style=\"\">\r\n\t\t\t\t\t\r\n\t\t\t<a href=\"https:\/\/www.justiceinfo.net\/fr\/151717-justice-pour-gaza-qui-fait-quoi.html\" class=\"articleLinkImageContainer backgroundImageTagContainer\"><img loading=\"lazy\" decoding=\"async\" width=\"540\" height=\"360\" src=\"https:\/\/www.justiceinfo.net\/wp-content\/uploads\/Palestine_Justice-for-Gaza_1920x1280_@AFP-Justice-Info-540x360.jpg\" class=\"articleLinkImage backgroundImageTag w-100 wp-post-image\" alt=\"Justice pour Gaza : quelles sont les diff\u00e9rentes initiatives de justice pour Gaza dans le monde, sur le plan national ou \u00e0 l&#039;\u00e9chelle internationale (via la CPI, la CIJ et l&#039;ONU). Image : carte du monde dans laquelle est incrust\u00e9e une photo d&#039;une rue de Gaza enti\u00e8rement d\u00e9truite, vue du ciel.\" srcset=\"https:\/\/www.justiceinfo.net\/wp-content\/uploads\/Palestine_Justice-for-Gaza_1920x1280_@AFP-Justice-Info-540x360.jpg 540w, https:\/\/www.justiceinfo.net\/wp-content\/uploads\/Palestine_Justice-for-Gaza_1920x1280_@AFP-Justice-Info-1536x1024.jpg 1536w, https:\/\/www.justiceinfo.net\/wp-content\/uploads\/Palestine_Justice-for-Gaza_1920x1280_@AFP-Justice-Info-1000x667.jpg 1000w, https:\/\/www.justiceinfo.net\/wp-content\/uploads\/Palestine_Justice-for-Gaza_1920x1280_@AFP-Justice-Info-1110x740.jpg 1110w, https:\/\/www.justiceinfo.net\/wp-content\/uploads\/Palestine_Justice-for-Gaza_1920x1280_@AFP-Justice-Info.jpg 1920w\" sizes=\"auto, (max-width: 540px) 100vw, 540px\" \/><\/a>\r\n\t\t\t<div class=\"articleLinkContent\">\r\n\t\t\t\t<ul class=\"postTags\"><li class=\"postTagItem\"><a href=\"https:\/\/www.justiceinfo.net\/fr\/regions\/palestine\" class=\"postTagItem-link postTag--location\">Palestine<\/a><\/li><li class=\"postTagItem\"><a href=\"https:\/\/www.justiceinfo.net\/fr\/infographies\" class=\"postTagItem-link postTag--type\">Infographie<\/a><\/li><\/ul>\r\n\t\t\t\t<a href=\"https:\/\/www.justiceinfo.net\/fr\/151717-justice-pour-gaza-qui-fait-quoi.html\" class=\"articleLinkTitle articleLinkTitle--default\">\r\n\t\t\tJustice pour Gaza\u00a0: qui fait quoi\u00a0?\r\n\t\t<\/a>\r\n\t\t\t\t<div class=\"articleLinkMetas\">\r\n\t\t\t\t\t<span class=\"articleLinkDate\">4 novembre 2025<\/span>\r\n\t\t\t\t\t<span class=\"articleLinkAuthors\">par Golnouche K. Barzegar<\/span>\r\n\t\t\t\t<\/div>\r\n\t\t\t\t<a class=\"articleLinkExcerpt\" href=\"https:\/\/www.justiceinfo.net\/fr\/151717-justice-pour-gaza-qui-fait-quoi.html\">C\u2019est une bataille hors du champ de bataille, qui inqui\u00e8te l\u2019\u00c9tat d\u2019Isra\u00ebl&nbsp;: en janvier 2025, l\u2019arm\u00e9e isra\u00e9lienne a mis en garde ses soldats au sujet d\u2019\u00e9ventuelles arrestations en cas de d\u00e9placement \u00e0 l\u2019\u00e9tranger. Depuis le d\u00e9but de l\u2019offensive \u00e0 Gaza lanc\u00e9e apr\u00e8s l\u2019attaque du 7 octobre 2023, deux juridictions internationales sont saisies&nbsp;: la Cour p\u00e9nale internationale, qui a \u00e9mis des mandats d\u2019arr\u00eat, et la Cour internationale de justice, dont les d\u00e9cisions ont \u00e9t\u00e9 appuy\u00e9es par des r\u00e9solutions de l\u2019Assembl\u00e9e g\u00e9n\u00e9rale de l\u2019Onu. Parall\u00e8lement, le Conseil des droits de l\u2019homme a cr\u00e9\u00e9 une commission, qui a conclu \u00e0 l\u2019existence d\u2019un \u00ab&nbsp;g\u00e9nocide&nbsp;\u00bb. Enfin, des plaintes ont \u00e9t\u00e9 d\u00e9pos\u00e9es devant de nombreuses juridictions nationales&nbsp;; et des proc\u00e9dures de comp\u00e9tence universelle ont \u00e9t\u00e9 ouvertes aux quatre coins du monde.<\/a>\r\n\t\t\t\t\r\n\t\t\t<\/div>\r\n\t\t\r\n\t\t\t\t<\/div><div class=\"articleLink articleLink--focusImageLeft articleLink--textInImage articleLink--textTop articleLink--focusImage\" style=\"\">\r\n\t\t\t\t\t\r\n\t\t\t<a href=\"https:\/\/www.justiceinfo.net\/fr\/160768-a-linterieur-de-tchernobyl-apres-une-attaque-de-drone-que-peut-faire-le-droit-international.html\" class=\"articleLinkImageContainer backgroundImageTagContainer\"><img loading=\"lazy\" decoding=\"async\" width=\"540\" height=\"360\" src=\"https:\/\/www.justiceinfo.net\/wp-content\/uploads\/Ukraine_Chernobyl-drone-attack-V2_@Oksana-Rekun-540x360.jpg\" class=\"articleLinkImage backgroundImageTag w-100 wp-post-image\" alt=\"En Ukraine, la centrale nucl\u00e9aire de Tchernobyl a \u00e9t\u00e9 attaqu\u00e9e et endommag\u00e9e par une attaque de drone russe. \u00c9tat des lieux et focus sur le droit international en pareilles circonstances. Photo : notre correspondante en Ukraine pose, en habits de s\u00e9curit\u00e9, sous l&#039;arche de b\u00e9ton.\" srcset=\"\" sizes=\"auto, (max-width: 540px) 100vw, 540px\" \/><\/a>\r\n\t\t\t<div class=\"articleLinkContent\">\r\n\t\t\t\t<ul class=\"postTags\"><li class=\"postTagItem\"><a href=\"https:\/\/www.justiceinfo.net\/fr\/regions\/ukraine\" class=\"postTagItem-link postTag--location\">Ukraine<\/a><\/li><li class=\"postTagItem\"><a href=\"https:\/\/www.justiceinfo.net\/fr\/reportages\" class=\"postTagItem-link postTag--type\">Reportage<\/a><\/li><\/ul>\r\n\t\t\t\t<a href=\"https:\/\/www.justiceinfo.net\/fr\/160768-a-linterieur-de-tchernobyl-apres-une-attaque-de-drone-que-peut-faire-le-droit-international.html\" class=\"articleLinkTitle articleLinkTitle--default\">\r\n\t\t\t\u00c0 l'int\u00e9rieur de Tchernobyl apr\u00e8s une attaque de drone : que peut faire le droit international ?\r\n\t\t<\/a>\r\n\t\t\t\t<div class=\"articleLinkMetas\">\r\n\t\t\t\t\t<span class=\"articleLinkDate\">26 juin 2026<\/span>\r\n\t\t\t\t\t<span class=\"articleLinkAuthors\">par Oksana Rekun<\/span>\r\n\t\t\t\t<\/div>\r\n\t\t\t\t<a class=\"articleLinkExcerpt\" href=\"https:\/\/www.justiceinfo.net\/fr\/160768-a-linterieur-de-tchernobyl-apres-une-attaque-de-drone-que-peut-faire-le-droit-international.html\">Le 14 f\u00e9vrier 2025, un drone russe a frapp\u00e9 la centrale nucl\u00e9aire ukrainienne de Tchernobyl, pr\u00e8s du r\u00e9acteur d\u00e9truit en 1986. Quelle s\u00fbret\u00e9 nucl\u00e9aire en temps de guerre ? Oksana Rekun s\u2019est rendue \u00e0 Tchernobyl pour poser la question.<\/a>\r\n\t\t\t\t\r\n\t\t\t<\/div>\r\n\t\t\r\n\t\t\t\t<\/div>[\/vc_column][\/vc_row][vc_row equal_height=\"yes\" el_class=\"container-fluid container-xl p-0 focusList\"][vc_column width=\"1\/2\"]<div class=\"articleLink articleLink--focusCountry articleLink--textInImage articleLink--textTop\" style=\"\">\r\n\t\t\t\t\t\r\n\t\t\t<div class=\"articleLinkLocationAndDate\">\r\n\t\t\t\t<a href=\"https:\/\/www.justiceinfo.net\/fr\/regions\/syrie\" class=\"articleLinkLocation\">Syrie<\/a>\r\n\t\t\t\t<div class=\"articleLinkDate\">6 juillet 2026<\/div>\r\n\t\t\t<\/div>\r\n\t\t\t<a href=\"https:\/\/www.justiceinfo.net\/fr\/161438-un-ancien-general-du-renseignement-syrien-condamne-a-vienne.html\" class=\"articleLinkTitle articleLinkTitle--default\">\r\n\t\t\tUn ancien g\u00e9n\u00e9ral du renseignement syrien condamn\u00e9 \u00e0 Vienne\r\n\t\t<\/a>\r\n\t\t\r\n\t\t\t\t<\/div>[\/vc_column][vc_column width=\"1\/2\"]<div class=\"articleLink articleLink--focusCountry articleLink--textInImage articleLink--textTop\" style=\"\">\r\n\t\t\t\t\t\r\n\t\t\t<div class=\"articleLinkLocationAndDate\">\r\n\t\t\t\t<a href=\"https:\/\/www.justiceinfo.net\/fr\/regions\/palestine\" class=\"articleLinkLocation\">Palestine<\/a>\r\n\t\t\t\t<div class=\"articleLinkDate\">7 juillet 2026<\/div>\r\n\t\t\t<\/div>\r\n\t\t\t<a href=\"https:\/\/www.justiceinfo.net\/fr\/161474-face-a-la-menace-de-la-colonisation-en-palestine.html\" class=\"articleLinkTitle articleLinkTitle--default\">\r\n\t\t\tFace \u00e0 la menace de la colonisation en Palestine\r\n\t\t<\/a>\r\n\t\t\r\n\t\t\t\t<\/div>[\/vc_column][\/vc_row][vc_row equal_height=\"yes\" el_class=\"container-fluid container-xl p-0 focusList\"][vc_column width=\"1\/2\"]<div class=\"articleLink articleLink--focusCountry articleLink--textInImage articleLink--textTop\" style=\"\">\r\n\t\t\t\t\t\r\n\t\t\t<div class=\"articleLinkLocationAndDate\">\r\n\t\t\t\t<a href=\"https:\/\/www.justiceinfo.net\/fr\/regions\/philippines\" class=\"articleLinkLocation\">Philippines<\/a>\r\n\t\t\t\t<div class=\"articleLinkDate\">18 mai 2026<\/div>\r\n\t\t\t<\/div>\r\n\t\t\t<a href=\"https:\/\/www.justiceinfo.net\/fr\/159336-la-cpi-met-a-nu-les-failles-democratiques-des-philippines.html\" class=\"articleLinkTitle articleLinkTitle--default\">\r\n\t\t\tLa CPI met \u00e0 nu les failles d\u00e9mocratiques des Philippines\r\n\t\t<\/a>\r\n\t\t\r\n\t\t\t\t<\/div>[\/vc_column][vc_column width=\"1\/2\"]<div class=\"articleLink articleLink--focusCountry articleLink--textInImage articleLink--textTop\" style=\"\">\r\n\t\t\t\t\t\r\n\t\t\t<div class=\"articleLinkLocationAndDate\">\r\n\t\t\t\t<a href=\"https:\/\/www.justiceinfo.net\/fr\/regions\/republique-democratique-du-congo\" class=\"articleLinkLocation\">R\u00e9p. D\u00e9m. Du Congo<\/a>\r\n\t\t\t\t<div class=\"articleLinkDate\">24 ao\u00fbt 2026<\/div>\r\n\t\t\t<\/div>\r\n\t\t\t<a href=\"https:\/\/www.justiceinfo.net\/fr\/163782-kasai-central-etat-oublie-commission-verite-reconciliation.html\" class=\"articleLinkTitle articleLinkTitle--default\">\r\n\t\t\tKasa\u00ef Central\u00a0: quand l\u2019\u00c9tat oublie la Commission v\u00e9rit\u00e9 et r\u00e9conciliation\r\n\t\t<\/a>\r\n\t\t\r\n\t\t\t\t<\/div>[\/vc_column][\/vc_row][vc_row equal_height=\"yes\" el_class=\"container-fluid container-xl p-0 focusList\"][vc_column width=\"1\/2\"]<div class=\"articleLink articleLink--focusCountry articleLink--textInImage articleLink--textTop\" style=\"\">\r\n\t\t\t\t\t\r\n\t\t\t<div class=\"articleLinkLocationAndDate\">\r\n\t\t\t\t<a href=\"https:\/\/www.justiceinfo.net\/fr\/regions\/colombie\" class=\"articleLinkLocation\">Colombie<\/a>\r\n\t\t\t\t<div class=\"articleLinkDate\">31 juillet 2026<\/div>\r\n\t\t\t<\/div>\r\n\t\t\t<a href=\"https:\/\/www.justiceinfo.net\/fr\/162584-revirement-radical-nouveau-president-colombien-justice-transitionnelle.html\" class=\"articleLinkTitle articleLinkTitle--default\">\r\n\t\t\tLe revirement radical du nouveau pr\u00e9sident colombien sur la justice transitionnelle\r\n\t\t<\/a>\r\n\t\t\r\n\t\t\t\t<\/div>[\/vc_column][vc_column width=\"1\/2\"]<div class=\"articleLink articleLink--focusCountry articleLink--textInImage articleLink--textTop\" style=\"\">\r\n\t\t\t\t\t\r\n\t\t\t<div class=\"articleLinkLocationAndDate\">\r\n\t\t\t\t<a href=\"https:\/\/www.justiceinfo.net\/fr\/regions\/republique-centrafricaine\" class=\"articleLinkLocation\">R\u00e9publique Centrafricaine<\/a>\r\n\t\t\t\t<div class=\"articleLinkDate\">17 avril 2026<\/div>\r\n\t\t\t<\/div>\r\n\t\t\t<a href=\"https:\/\/www.justiceinfo.net\/fr\/158070-cps-autre-tribunal-sans-tete.html\" class=\"articleLinkTitle articleLinkTitle--default\">\r\n\t\t\tLa CPS, l\u2019autre tribunal \u00ab\u00a0sans t\u00eate\u00a0\u00bb\r\n\t\t<\/a>\r\n\t\t\r\n\t\t\t\t<\/div>[\/vc_column][\/vc_row][vc_row el_class=\"container-fluid container-xl p-0\"][vc_column][vc_raw_html el_id=\"allJiBar\" el_class=\"mb-md-5 mt-md-4\"]JTNDYSUyMGhyZWYlM0QlMjJodHRwcyUzQSUyRiUyRnd3dy5qdXN0aWNlaW5mby5uZXQlMkZmciUyRmFjdHVhbGl0ZXMlMjIlMjBjbGFzcyUzRCUyMmFsbEppQmFyLWxpbmslMjBkLWZsZXglMjBwLTMlMjBiZy1saWdodCUyMGp1c3RpZnktY29udGVudC1iZXR3ZWVuJTIwYWxpZ24taXRlbXMtY2VudGVyJTIwZmxleC13cmFwJTIwZmxleC1tZC1ub3dyYXAlMjIlM0UlM0NoMiUyMGNsYXNzJTNEJTIyYWxsSmlCYXItdGl0bGUlMjBmbGV4LWdyb3ctMSUyMG0tMCUyMiUzRVRvdXQlMjBKdXN0aWNlJTIwSW5mbyUzQyUyRmgyJTNFJTNDc3BhbiUyMGNsYXNzJTNEJTIyb3JkZXItMyUyMG9yZGVyLW1kLTIlMjBtdC0yJTIwbXQtbWQtMCUyMiUzRVRvdXRlcyUyMG5vcyUyMHB1YmxpY2F0aW9ucyUyMG9yaWdpbmFsZXMlMkMlMjBjbGFzcyVDMyVBOWVzJTIwcGFyJTIwb3JkcmUlMjBjaHJvbm9sb2dpcXVlJTNDJTJGc3BhbiUzRSUzQ3NwYW4lMjBjbGFzcyUzRCUyMmFsbEppQmFyLXBsdXMlMjBwbHVzLXBpY3RvJTIwb3JkZXItMiUyMG9yZGVyLW1kLTMlMjBtcy1tZC00JTIyJTNFJTJCJTNDJTJGc3BhbiUzRSUzQyUyRmElM0U=[\/vc_raw_html][\/vc_column][\/vc_row][vc_row equal_height=\"yes\" el_class=\"container-fluid container-xl p-0\"][vc_column width=\"2\/3\"]<div class=\"articleList articleList--afp\">\r\n\t\t\t\t\t\t<h2 class=\"articleListTitle\">Les actualit\u00e9s de la justice internationale, selon l'AFP<\/h2>\r\n\t\t\t\t\t\t<div class=\"articleList-items\"><a href=\"https:\/\/www.justiceinfo.net\/fr\/117371-le-sort-des-principaux-protagonistes-des-guerres-en-ex-yougoslavie.html\" class=\"articleLink articleLink--news articleLink--textInImage articleLink--textTop\" style=\"\">\r\n\t\t\t\t\t\r\n\t\t\t<span class=\"articleLinkDate\">4 septembre 2026<\/span>\r\n\t\t\t<span class=\"articleLinkTitle\">Le sort des principaux protagonistes des guerres en ex-Yougoslavie<\/span>\r\n\t\t\r\n\t\t\t\t<\/a><a href=\"https:\/\/www.justiceinfo.net\/fr\/164618-bosnie-mladic-le-boucher-de-bosnie-enterre-lundi-a-belgrade.html\" class=\"articleLink articleLink--news articleLink--textInImage articleLink--textTop\" style=\"\">\r\n\t\t\t\t\t\r\n\t\t\t<span class=\"articleLinkDate\">4 septembre 2026<\/span>\r\n\t\t\t<span class=\"articleLinkTitle\">Bosnie : Mladic, \"le boucher de Bosnie\", enterr\u00e9 lundi \u00e0 Belgrade<\/span>\r\n\t\t\r\n\t\t\t\t<\/a><a href=\"https:\/\/www.justiceinfo.net\/fr\/164606-ukraine-une-prix-nobel-de-la-paix-denonce-loubli-des-civils-dans-la-mediation-americaine.html\" class=\"articleLink articleLink--news articleLink--textInImage articleLink--textTop\" style=\"\">\r\n\t\t\t\t\t\r\n\t\t\t<span class=\"articleLinkDate\">4 septembre 2026<\/span>\r\n\t\t\t<span class=\"articleLinkTitle\">Ukraine: une Prix Nobel de la paix d\u00e9nonce l'oubli des civils dans la m\u00e9diation am\u00e9ricaine<\/span>\r\n\t\t\r\n\t\t\t\t<\/a><a href=\"https:\/\/www.justiceinfo.net\/fr\/164603-serbie-mladic-sera-inhume-lundi-a-belgrade-bruxelles-ulcere-par-sa-glorification.html\" class=\"articleLink articleLink--news articleLink--textInImage articleLink--textTop\" style=\"\">\r\n\t\t\t\t\t\r\n\t\t\t<span class=\"articleLinkDate\">4 septembre 2026<\/span>\r\n\t\t\t<span class=\"articleLinkTitle\">Serbie : Mladic sera inhum\u00e9 lundi \u00e0 Belgrade, Bruxelles ulc\u00e9r\u00e9 par sa \"glorification\"<\/span>\r\n\t\t\r\n\t\t\t\t<\/a><a href=\"https:\/\/www.justiceinfo.net\/fr\/164598-les-americains-globalement-epargnes-par-le-chomage-pas-par-les-hausses-de-prix.html\" class=\"articleLink articleLink--news articleLink--textInImage articleLink--textTop\" style=\"\">\r\n\t\t\t\t\t\r\n\t\t\t<span class=\"articleLinkDate\">4 septembre 2026<\/span>\r\n\t\t\t<span class=\"articleLinkTitle\">Les Am\u00e9ricains globalement \u00e9pargn\u00e9s par le ch\u00f4mage, pas par les hausses de prix<\/span>\r\n\t\t\r\n\t\t\t\t<\/a><a href=\"https:\/\/www.justiceinfo.net\/fr\/164593-cisjordanie-lonu-evoque-crime-contre-lhumanite-et-nettoyage-ethnique.html\" class=\"articleLink articleLink--news articleLink--textInImage articleLink--textTop\" style=\"\">\r\n\t\t\t\t\t\r\n\t\t\t<span class=\"articleLinkDate\">4 septembre 2026<\/span>\r\n\t\t\t<span class=\"articleLinkTitle\">Cisjordanie : l'ONU \u00e9voque crime contre l'humanit\u00e9 et nettoyage ethnique<\/span>\r\n\t\t\r\n\t\t\t\t<\/a><a href=\"https:\/\/www.justiceinfo.net\/fr\/164591-gaza-le-hamas-appelle-a-sopposer-aux-declarations-israeliennes-dangereuses-sur-un-transfert-de-la-population.html\" class=\"articleLink articleLink--news articleLink--textInImage articleLink--textTop\" style=\"\">\r\n\t\t\t\t\t\r\n\t\t\t<span class=\"articleLinkDate\">4 septembre 2026<\/span>\r\n\t\t\t<span class=\"articleLinkTitle\">Gaza: le Hamas appelle \u00e0 s'opposer aux d\u00e9clarations isra\u00e9liennes \"dangereuses\" sur un transfert de la population<\/span>\r\n\t\t\r\n\t\t\t\t<\/a><a href=\"https:\/\/www.justiceinfo.net\/fr\/164583-glorification-de-mladic-une-commissaire-europeenne-annule-sa-visite-en-serbie.html\" class=\"articleLink articleLink--news articleLink--textInImage articleLink--textTop\" style=\"\">\r\n\t\t\t\t\t\r\n\t\t\t<span class=\"articleLinkDate\">4 septembre 2026<\/span>\r\n\t\t\t<span class=\"articleLinkTitle\">\"Glorification\" de Mladic: une commissaire europ\u00e9enne annule sa visite en Serbie<\/span>\r\n\t\t\r\n\t\t\t\t<\/a><a href=\"https:\/\/www.justiceinfo.net\/fr\/164582-la-glorification-de-mladic-est-un-crime-pour-le-conseil-de-leurope.html\" class=\"articleLink articleLink--news articleLink--textInImage articleLink--textTop\" style=\"\">\r\n\t\t\t\t\t\r\n\t\t\t<span class=\"articleLinkDate\">4 septembre 2026<\/span>\r\n\t\t\t<span class=\"articleLinkTitle\">La \"glorification\" de Mladic est un crime, pour le Conseil de l'Europe<\/span>\r\n\t\t\r\n\t\t\t\t<\/a><a href=\"https:\/\/www.justiceinfo.net\/fr\/164561-le-dirigeant-birman-au-vietnam-dans-sa-quete-de-reconnaissance-diplomatique.html\" class=\"articleLink articleLink--news articleLink--textInImage articleLink--textTop\" style=\"\">\r\n\t\t\t\t\t\r\n\t\t\t<span class=\"articleLinkDate\">4 septembre 2026<\/span>\r\n\t\t\t<span class=\"articleLinkTitle\">Le dirigeant birman au Vietnam dans sa qu\u00eate de reconnaissance diplomatique<\/span>\r\n\t\t\r\n\t\t\t\t<\/a><\/div>\r\n\t\t\t\t\t\t<a href=\"\/fr\/fil-d-actualite\" class=\"articleList-footer\">\r\n\t\t\t\t\t\t\t<span class=\"articleList-footerPlus plus-picto\">+<\/span>\r\n\t\t\t\t\t\t\tToutes les d\u00e9p\u00eaches de l'AFP\r\n\t\t\t\t\t\t<\/a>\r\n\t\t\t\t\t<\/div>[\/vc_column][vc_column width=\"1\/3\" el_class=\"fullHeight\"][vc_single_image image=\"143198\" img_size=\"full\" onclick=\"custom_link\" el_class=\"fullwidthYellowImage mt-4 mt-md-0\" link=\"\/fr\/nous-soutenir\"][\/vc_column][\/vc_row]<\/p>\n","protected":false},"excerpt":{"rendered":"<p>[vc_row el_class=\"container-fluid container-xl p-0\"][vc_column][vc_row_inner disable_element=\"yes\"][vc_column_inner][vc_message style=\"square\" message_box_color=\"black\" css=\".vc_custom_1786022769679{background-color: #000000 !important;}\"]Justice Info prend une pause estivale. Retour des publications le 24 ao\u00fbt[\/vc_message][\/vc_column_inner][\/vc_row_inner][vc_row_inner disable_element=\"yes\"][vc_column_inner][\/vc_column_inner][\/vc_row_inner][vc_row_inner][vc_column_inner width=\"2\/3\"][\/vc_column_inner][vc_column_inner width=\"1\/3\"][\/vc_column_inner][\/vc_row_inner][vc_row_inner][vc_column_inner width=\"1\/3\"][\/vc_column_inner][vc_column_inner width=\"1\/3\"][\/vc_column_inner][vc_column_inner width=\"1\/3\"][\/vc_column_inner][\/vc_row_inner][vc_row_inner][vc_column_inner][vc_empty_space height=\"30px\"][\/vc_column_inner][\/vc_row_inner][vc_row_inner][vc_column_inner width=\"2\/3\"][\/vc_column_inner][vc_column_inner width=\"1\/3\"][\/vc_column_inner][\/vc_row_inner][vc_row_inner][vc_column_inner][vc_empty_space height=\"30px\"][\/vc_column_inner][\/vc_row_inner][\/vc_column][\/vc_row][vc_row el_class=\"container-fluid\"][vc_column][\/vc_column][\/vc_row][vc_row el_class=\"container-fluid container-xl p-0 mt-5\"][vc_column][\/vc_column][\/vc_row][vc_row equal_height=\"yes\" el_class=\"container-fluid container-xl p-0 focusList\"][vc_column width=\"1\/2\"][\/vc_column][vc_column width=\"1\/2\"][\/vc_column][\/vc_row][vc_row equal_height=\"yes\" el_class=\"container-fluid container-xl p-0 focusList\"][vc_column width=\"1\/2\"][\/vc_column][vc_column width=\"1\/2\"][\/vc_column][\/vc_row][vc_row equal_height=\"yes\" el_class=\"container-fluid container-xl p-0 focusList\"][vc_column [&hellip;]<\/p>\n","protected":false},"author":166,"featured_media":113677,"parent":0,"menu_order":0,"comment_status":"closed","ping_status":"closed","template":"","meta":{"_acf_changed":false,"footnotes":""},"class_list":["post-55680","page","type-page","status-publish","has-post-thumbnail","hentry"],"acf":[],"yoast_head":"<!-- This site is optimized with the Yoast SEO Premium plugin v25.3.1 (Yoast SEO v25.3.1) - https:\/\/yoast.com\/wordpress\/plugins\/seo\/ -->\n<title>Justice internationale et droit international : toute l&#039;actualit\u00e9<\/title>\n<meta name=\"description\" content=\"Justice Info est le site d&#039;information de r\u00e9f\u00e9rence sur la justice internationale et le droit international. Actualit\u00e9s, analyses d\u2019experts, articles d&#039;opinion et podcasts.\" \/>\n<meta name=\"robots\" content=\"index, follow, max-snippet:-1, max-image-preview:large, max-video-preview:-1\" \/>\n<link rel=\"canonical\" href=\"https:\/\/www.justiceinfo.net\/fr\" \/>\n<meta property=\"og:locale\" content=\"fr_FR\" \/>\n<meta property=\"og:type\" content=\"article\" \/>\n<meta property=\"og:title\" content=\"Justice internationale et droit international : toute l&#039;actualit\u00e9\" \/>\n<meta property=\"og:description\" content=\"Justice Info est le site d&#039;information de r\u00e9f\u00e9rence sur la justice internationale et le droit international. Actualit\u00e9s, analyses d\u2019experts, articles d&#039;opinion et podcasts.\" \/>\n<meta property=\"og:url\" content=\"https:\/\/www.justiceinfo.net\/fr\" \/>\n<meta property=\"og:site_name\" content=\"JusticeInfo.net\" \/>\n<meta property=\"article:publisher\" content=\"https:\/\/www.facebook.com\/JusticeInfo\/\" \/>\n<meta property=\"article:modified_time\" content=\"2026-09-02T13:53:48+00:00\" \/>\n<meta property=\"og:image\" content=\"https:\/\/www.justiceinfo.net\/wp-content\/uploads\/Justice-Info_justice-internationale.jpg\" \/>\n\t<meta property=\"og:image:width\" content=\"628\" \/>\n\t<meta property=\"og:image:height\" content=\"628\" \/>\n\t<meta property=\"og:image:type\" content=\"image\/jpeg\" \/>\n<meta name=\"twitter:card\" content=\"summary_large_image\" \/>\n<meta name=\"twitter:title\" content=\"Le site d&#039;information et d&#039;actualit\u00e9s sur la justice internationale et le droit international\" \/>\n<meta name=\"twitter:image\" content=\"https:\/\/www.justiceinfo.net\/wp-content\/uploads\/Justice-Info_justice-internationale.jpg\" \/>\n<meta name=\"twitter:site\" content=\"@justiceinfonet\" \/>\n<meta name=\"twitter:label1\" content=\"Dur\u00e9e de lecture estim\u00e9e\" \/>\n\t<meta name=\"twitter:data1\" content=\"4 minutes\" \/>\n<script type=\"application\/ld+json\" class=\"yoast-schema-graph\">{\"@context\":\"https:\/\/schema.org\",\"@graph\":[{\"@type\":\"WebPage\",\"@id\":\"https:\/\/www.justiceinfo.net\/fr\",\"url\":\"https:\/\/www.justiceinfo.net\/fr\",\"name\":\"Justice internationale et droit international : toute l'actualit\u00e9\",\"isPartOf\":{\"@id\":\"https:\/\/www.justiceinfo.net\/fr#website\"},\"primaryImageOfPage\":{\"@id\":\"https:\/\/www.justiceinfo.net\/fr#primaryimage\"},\"image\":{\"@id\":\"https:\/\/www.justiceinfo.net\/fr#primaryimage\"},\"thumbnailUrl\":\"https:\/\/www.justiceinfo.net\/wp-content\/uploads\/Justice-Info_justice-internationale.jpg\",\"datePublished\":\"2020-11-19T20:19:04+00:00\",\"dateModified\":\"2026-09-02T13:53:48+00:00\",\"description\":\"Justice Info est le site d'information de r\u00e9f\u00e9rence sur la justice internationale et le droit international. Actualit\u00e9s, analyses d\u2019experts, articles d'opinion et podcasts.\",\"breadcrumb\":{\"@id\":\"https:\/\/www.justiceinfo.net\/fr#breadcrumb\"},\"inLanguage\":\"fr-FR\",\"potentialAction\":[{\"@type\":\"ReadAction\",\"target\":[\"https:\/\/www.justiceinfo.net\/fr\"]}]},{\"@type\":\"ImageObject\",\"inLanguage\":\"fr-FR\",\"@id\":\"https:\/\/www.justiceinfo.net\/fr#primaryimage\",\"url\":\"https:\/\/www.justiceinfo.net\/wp-content\/uploads\/Justice-Info_justice-internationale.jpg\",\"contentUrl\":\"https:\/\/www.justiceinfo.net\/wp-content\/uploads\/Justice-Info_justice-internationale.jpg\",\"width\":628,\"height\":628,\"caption\":\"Justice internationale et droit international : toute l'actualit\u00e9 est sur Justice Info\"},{\"@type\":\"BreadcrumbList\",\"@id\":\"https:\/\/www.justiceinfo.net\/fr#breadcrumb\",\"itemListElement\":[{\"@type\":\"ListItem\",\"position\":1,\"name\":\"Home\",\"item\":\"https:\/\/www.justiceinfo.net\/fr\"},{\"@type\":\"ListItem\",\"position\":2,\"name\":\"Le site d'information et d'actualit\u00e9s sur la justice internationale et le droit international\"}]},{\"@type\":\"WebSite\",\"@id\":\"https:\/\/www.justiceinfo.net\/fr#website\",\"url\":\"https:\/\/www.justiceinfo.net\/fr\",\"name\":\"JusticeInfo.net\",\"description\":\"La justice doit \u00eatre vue pour \u00eatre rendue\",\"publisher\":{\"@id\":\"https:\/\/www.justiceinfo.net\/fr#organization\"},\"potentialAction\":[{\"@type\":\"SearchAction\",\"target\":{\"@type\":\"EntryPoint\",\"urlTemplate\":\"https:\/\/www.justiceinfo.net\/fr?s={search_term_string}\"},\"query-input\":{\"@type\":\"PropertyValueSpecification\",\"valueRequired\":true,\"valueName\":\"search_term_string\"}}],\"inLanguage\":\"fr-FR\"},{\"@type\":\"Organization\",\"@id\":\"https:\/\/www.justiceinfo.net\/fr#organization\",\"name\":\"Justice Info\",\"url\":\"https:\/\/www.justiceinfo.net\/fr\",\"logo\":{\"@type\":\"ImageObject\",\"inLanguage\":\"fr-FR\",\"@id\":\"https:\/\/www.justiceinfo.net\/fr#\/schema\/logo\/image\/\",\"url\":\"https:\/\/www.justiceinfo.net\/wp-content\/uploads\/justiceinfo_logo-trans_1200x1200px.png\",\"contentUrl\":\"https:\/\/www.justiceinfo.net\/wp-content\/uploads\/justiceinfo_logo-trans_1200x1200px.png\",\"width\":1199,\"height\":1200,\"caption\":\"Justice Info\"},\"image\":{\"@id\":\"https:\/\/www.justiceinfo.net\/fr#\/schema\/logo\/image\/\"},\"sameAs\":[\"https:\/\/www.facebook.com\/JusticeInfo\/\",\"https:\/\/x.com\/justiceinfonet\",\"https:\/\/www.linkedin.com\/company\/justice-info\",\"https:\/\/www.youtube.com\/channel\/UCyCEsARodyuWtkWyhn-e7pA\"]}]}<\/script>\n<!-- \/ Yoast SEO Premium plugin. -->","yoast_head_json":{"title":"Justice internationale et droit international : toute l'actualit\u00e9","description":"Justice Info est le site d'information de r\u00e9f\u00e9rence sur la justice internationale et le droit international. Actualit\u00e9s, analyses d\u2019experts, articles d'opinion et podcasts.","robots":{"index":"index","follow":"follow","max-snippet":"max-snippet:-1","max-image-preview":"max-image-preview:large","max-video-preview":"max-video-preview:-1"},"canonical":"https:\/\/www.justiceinfo.net\/fr","og_locale":"fr_FR","og_type":"article","og_title":"Justice internationale et droit international : toute l'actualit\u00e9","og_description":"Justice Info est le site d'information de r\u00e9f\u00e9rence sur la justice internationale et le droit international. Actualit\u00e9s, analyses d\u2019experts, articles d'opinion et podcasts.","og_url":"https:\/\/www.justiceinfo.net\/fr","og_site_name":"JusticeInfo.net","article_publisher":"https:\/\/www.facebook.com\/JusticeInfo\/","article_modified_time":"2026-09-02T13:53:48+00:00","og_image":[{"width":628,"height":628,"url":"https:\/\/www.justiceinfo.net\/wp-content\/uploads\/Justice-Info_justice-internationale.jpg","type":"image\/jpeg"}],"twitter_card":"summary_large_image","twitter_title":"Le site d'information et d'actualit\u00e9s sur la justice internationale et le droit international","twitter_image":"https:\/\/www.justiceinfo.net\/wp-content\/uploads\/Justice-Info_justice-internationale.jpg","twitter_site":"@justiceinfonet","twitter_misc":{"Dur\u00e9e de lecture estim\u00e9e":"4 minutes"},"schema":{"@context":"https:\/\/schema.org","@graph":[{"@type":"WebPage","@id":"https:\/\/www.justiceinfo.net\/fr","url":"https:\/\/www.justiceinfo.net\/fr","name":"Justice internationale et droit international : toute l'actualit\u00e9","isPartOf":{"@id":"https:\/\/www.justiceinfo.net\/fr#website"},"primaryImageOfPage":{"@id":"https:\/\/www.justiceinfo.net\/fr#primaryimage"},"image":{"@id":"https:\/\/www.justiceinfo.net\/fr#primaryimage"},"thumbnailUrl":"https:\/\/www.justiceinfo.net\/wp-content\/uploads\/Justice-Info_justice-internationale.jpg","datePublished":"2020-11-19T20:19:04+00:00","dateModified":"2026-09-02T13:53:48+00:00","description":"Justice Info est le site d'information de r\u00e9f\u00e9rence sur la justice internationale et le droit international. Actualit\u00e9s, analyses d\u2019experts, articles d'opinion et podcasts.","breadcrumb":{"@id":"https:\/\/www.justiceinfo.net\/fr#breadcrumb"},"inLanguage":"fr-FR","potentialAction":[{"@type":"ReadAction","target":["https:\/\/www.justiceinfo.net\/fr"]}]},{"@type":"ImageObject","inLanguage":"fr-FR","@id":"https:\/\/www.justiceinfo.net\/fr#primaryimage","url":"https:\/\/www.justiceinfo.net\/wp-content\/uploads\/Justice-Info_justice-internationale.jpg","contentUrl":"https:\/\/www.justiceinfo.net\/wp-content\/uploads\/Justice-Info_justice-internationale.jpg","width":628,"height":628,"caption":"Justice internationale et droit international : toute l'actualit\u00e9 est sur Justice Info"},{"@type":"BreadcrumbList","@id":"https:\/\/www.justiceinfo.net\/fr#breadcrumb","itemListElement":[{"@type":"ListItem","position":1,"name":"Home","item":"https:\/\/www.justiceinfo.net\/fr"},{"@type":"ListItem","position":2,"name":"Le site d'information et d'actualit\u00e9s sur la justice internationale et le droit international"}]},{"@type":"WebSite","@id":"https:\/\/www.justiceinfo.net\/fr#website","url":"https:\/\/www.justiceinfo.net\/fr","name":"JusticeInfo.net","description":"La justice doit \u00eatre vue pour \u00eatre rendue","publisher":{"@id":"https:\/\/www.justiceinfo.net\/fr#organization"},"potentialAction":[{"@type":"SearchAction","target":{"@type":"EntryPoint","urlTemplate":"https:\/\/www.justiceinfo.net\/fr?s={search_term_string}"},"query-input":{"@type":"PropertyValueSpecification","valueRequired":true,"valueName":"search_term_string"}}],"inLanguage":"fr-FR"},{"@type":"Organization","@id":"https:\/\/www.justiceinfo.net\/fr#organization","name":"Justice Info","url":"https:\/\/www.justiceinfo.net\/fr","logo":{"@type":"ImageObject","inLanguage":"fr-FR","@id":"https:\/\/www.justiceinfo.net\/fr#\/schema\/logo\/image\/","url":"https:\/\/www.justiceinfo.net\/wp-content\/uploads\/justiceinfo_logo-trans_1200x1200px.png","contentUrl":"https:\/\/www.justiceinfo.net\/wp-content\/uploads\/justiceinfo_logo-trans_1200x1200px.png","width":1199,"height":1200,"caption":"Justice Info"},"image":{"@id":"https:\/\/www.justiceinfo.net\/fr#\/schema\/logo\/image\/"},"sameAs":["https:\/\/www.facebook.com\/JusticeInfo\/","https:\/\/x.com\/justiceinfonet","https:\/\/www.linkedin.com\/company\/justice-info","https:\/\/www.youtube.com\/channel\/UCyCEsARodyuWtkWyhn-e7pA"]}]}},"_links":{"self":[{"href":"https:\/\/www.justiceinfo.net\/fr\/wp-json\/wp\/v2\/pages\/55680","targetHints":{"allow":["GET"]}}],"collection":[{"href":"https:\/\/www.justiceinfo.net\/fr\/wp-json\/wp\/v2\/pages"}],"about":[{"href":"https:\/\/www.justiceinfo.net\/fr\/wp-json\/wp\/v2\/types\/page"}],"author":[{"embeddable":true,"href":"https:\/\/www.justiceinfo.net\/fr\/wp-json\/wp\/v2\/users\/166"}],"replies":[{"embeddable":true,"href":"https:\/\/www.justiceinfo.net\/fr\/wp-json\/wp\/v2\/comments?post=55680"}],"version-history":[{"count":447,"href":"https:\/\/www.justiceinfo.net\/fr\/wp-json\/wp\/v2\/pages\/55680\/revisions"}],"predecessor-version":[{"id":164424,"href":"https:\/\/www.justiceinfo.net\/fr\/wp-json\/wp\/v2\/pages\/55680\/revisions\/164424"}],"wp:featuredmedia":[{"embeddable":true,"href":"https:\/\/www.justiceinfo.net\/fr\/wp-json\/wp\/v2\/media\/113677"}],"wp:attachment":[{"href":"https:\/\/www.justiceinfo.net\/fr\/wp-json\/wp\/v2\/media?parent=55680"}],"curies":[{"name":"wp","href":"https:\/\/api.w.org\/{rel}","templated":true}]}}